{"id":2605,"date":"2025-09-30T14:20:39","date_gmt":"2025-09-30T12:20:39","guid":{"rendered":"https:\/\/www.kirchleitn.com\/mountain-event-location-in-carinthia\/"},"modified":"2025-11-06T10:49:40","modified_gmt":"2025-11-06T09:49:40","slug":"mountain-event-location-in-carinthia","status":"publish","type":"page","link":"https:\/\/www.kirchleitn.com\/en\/mountain-event-location-in-carinthia\/","title":{"rendered":"Mountain Event Location in Carinthia"},"content":{"rendered":"<p><div class=\"fusion-fullwidth fullwidth-box fusion-builder-row-1 fusion-flex-container has-pattern-background has-mask-background hundred-percent-fullwidth non-hundred-percent-height-scrolling fusion-no-small-visibility\" style=\"--awb-border-radius-top-left:0px;--awb-border-radius-top-right:0px;--awb-border-radius-bottom-right:0px;--awb-border-radius-bottom-left:0px;--awb-padding-top:10em;--awb-padding-right:8em;--awb-padding-bottom:2em;--awb-padding-left:8em;--awb-min-height:700px;--awb-background-color:rgba(79,74,74,0.56);--awb-background-image:linear-gradient(180deg, rgba(79,74,74,0.38) 0%,rgba(79,74,74,0.22) 100%);--awb-flex-wrap:wrap;--awb-filter:brightness(99%) contrast(111%);--awb-filter-transition:filter 0.3s ease;--awb-filter-hover:brightness(100%) contrast(118%);\" ><div class=\"awb-background-slider\" data-type=\"container\" data-loop=\"yes\" data-animation=\"fade\" data-slideshow-speed=\"5900\" data-animation-speed=\"800\" data-direction=\"down\" style=\"--awb-image-position:50% 57%;mix-blend-mode:overlay;\"><div class=\"swiper-wrapper\"><div class=\"swiper-slide\"><img decoding=\"async\" width=\"1920\" height=\"1280\" src=\"https:\/\/www.kirchleitn.com\/wp-content\/uploads\/2025\/09\/hochzeitssaal.webp\" class=\"awb-background-slider__image\" alt=\"Mit Blumen geschm\u00fcckte St\u00fchle und festliche Dekoration f\u00fcr eine Hochzeit im Slow Travel Resort Kirchleitn in Bad Kleinkirchheim.\" srcset=\"https:\/\/www.kirchleitn.com\/wp-content\/uploads\/2025\/09\/hochzeitssaal-200x133.webp 200w, https:\/\/www.kirchleitn.com\/wp-content\/uploads\/2025\/09\/hochzeitssaal-300x200.webp 300w, https:\/\/www.kirchleitn.com\/wp-content\/uploads\/2025\/09\/hochzeitssaal-400x267.webp 400w, https:\/\/www.kirchleitn.com\/wp-content\/uploads\/2025\/09\/hochzeitssaal-600x400.webp 600w, https:\/\/www.kirchleitn.com\/wp-content\/uploads\/2025\/09\/hochzeitssaal-768x512.webp 768w, https:\/\/www.kirchleitn.com\/wp-content\/uploads\/2025\/09\/hochzeitssaal-800x533.webp 800w, https:\/\/www.kirchleitn.com\/wp-content\/uploads\/2025\/09\/hochzeitssaal-1024x683.webp 1024w, https:\/\/www.kirchleitn.com\/wp-content\/uploads\/2025\/09\/hochzeitssaal-1200x800.webp 1200w, https:\/\/www.kirchleitn.com\/wp-content\/uploads\/2025\/09\/hochzeitssaal-1536x1024.webp 1536w, https:\/\/www.kirchleitn.com\/wp-content\/uploads\/2025\/09\/hochzeitssaal.webp 1920w\" sizes=\"(max-width: 1920px) 100vw, 1920px\" \/><\/div><div class=\"swiper-slide\"><img decoding=\"async\" width=\"1200\" height=\"800\" src=\"https:\/\/www.kirchleitn.com\/wp-content\/uploads\/2025\/09\/Hochzeit-Slow-Travel-Resort-Kirchleitn-3.jpg\" class=\"awb-background-slider__image\" alt=\"Romantisch dekorierte Location f\u00fcr Hochzeiten und besondere Anl\u00e4sse im Slow Travel Resort Kirchleitn in K\u00e4rnten.\" srcset=\"https:\/\/www.kirchleitn.com\/wp-content\/uploads\/2025\/09\/Hochzeit-Slow-Travel-Resort-Kirchleitn-3-200x133.jpg 200w, https:\/\/www.kirchleitn.com\/wp-content\/uploads\/2025\/09\/Hochzeit-Slow-Travel-Resort-Kirchleitn-3-300x200.jpg 300w, https:\/\/www.kirchleitn.com\/wp-content\/uploads\/2025\/09\/Hochzeit-Slow-Travel-Resort-Kirchleitn-3-400x267.jpg 400w, https:\/\/www.kirchleitn.com\/wp-content\/uploads\/2025\/09\/Hochzeit-Slow-Travel-Resort-Kirchleitn-3-600x400.jpg 600w, https:\/\/www.kirchleitn.com\/wp-content\/uploads\/2025\/09\/Hochzeit-Slow-Travel-Resort-Kirchleitn-3-768x512.jpg 768w, https:\/\/www.kirchleitn.com\/wp-content\/uploads\/2025\/09\/Hochzeit-Slow-Travel-Resort-Kirchleitn-3-800x533.jpg 800w, https:\/\/www.kirchleitn.com\/wp-content\/uploads\/2025\/09\/Hochzeit-Slow-Travel-Resort-Kirchleitn-3-1024x683.jpg 1024w, https:\/\/www.kirchleitn.com\/wp-content\/uploads\/2025\/09\/Hochzeit-Slow-Travel-Resort-Kirchleitn-3.jpg 1200w\" sizes=\"(max-width: 1200px) 100vw, 1200px\" \/><\/div><div class=\"swiper-slide\"><img decoding=\"async\" width=\"1920\" height=\"1280\" src=\"https:\/\/www.kirchleitn.com\/wp-content\/uploads\/2025\/09\/events.webp\" class=\"awb-background-slider__image\" alt=\"Brautpaar l\u00e4uft \u00fcber die Bad Kleinkirchheimer Alm \u2013 unvergessliche Hochzeitsmomente inmitten der K\u00e4rntner Berglandschaft.\" srcset=\"https:\/\/www.kirchleitn.com\/wp-content\/uploads\/2025\/09\/events-200x133.webp 200w, https:\/\/www.kirchleitn.com\/wp-content\/uploads\/2025\/09\/events-300x200.webp 300w, https:\/\/www.kirchleitn.com\/wp-content\/uploads\/2025\/09\/events-400x267.webp 400w, https:\/\/www.kirchleitn.com\/wp-content\/uploads\/2025\/09\/events-600x400.webp 600w, https:\/\/www.kirchleitn.com\/wp-content\/uploads\/2025\/09\/events-768x512.webp 768w, https:\/\/www.kirchleitn.com\/wp-content\/uploads\/2025\/09\/events-800x533.webp 800w, https:\/\/www.kirchleitn.com\/wp-content\/uploads\/2025\/09\/events-1024x683.webp 1024w, https:\/\/www.kirchleitn.com\/wp-content\/uploads\/2025\/09\/events-1200x800.webp 1200w, https:\/\/www.kirchleitn.com\/wp-content\/uploads\/2025\/09\/events-1536x1024.webp 1536w, https:\/\/www.kirchleitn.com\/wp-content\/uploads\/2025\/09\/events.webp 1920w\" sizes=\"(max-width: 1920px) 100vw, 1920px\" \/><\/div><div class=\"swiper-slide\"><img decoding=\"async\" width=\"1000\" height=\"667\" src=\"https:\/\/www.kirchleitn.com\/wp-content\/uploads\/2025\/10\/al-elmes-ULHxWq8reao-unsplash-1-scaled-e1632477762264-Kopie.webp\" class=\"awb-background-slider__image\" alt=\"Eventlocation am Berg in K\u00e4rnten, G\u00e4ste am Feiern ausgelassen im Slow Travel Resort Kirchleitn in Bad Kleinkirchheim\" srcset=\"https:\/\/www.kirchleitn.com\/wp-content\/uploads\/2025\/10\/al-elmes-ULHxWq8reao-unsplash-1-scaled-e1632477762264-Kopie-200x133.webp 200w, https:\/\/www.kirchleitn.com\/wp-content\/uploads\/2025\/10\/al-elmes-ULHxWq8reao-unsplash-1-scaled-e1632477762264-Kopie-300x200.webp 300w, https:\/\/www.kirchleitn.com\/wp-content\/uploads\/2025\/10\/al-elmes-ULHxWq8reao-unsplash-1-scaled-e1632477762264-Kopie-400x267.webp 400w, https:\/\/www.kirchleitn.com\/wp-content\/uploads\/2025\/10\/al-elmes-ULHxWq8reao-unsplash-1-scaled-e1632477762264-Kopie-600x400.webp 600w, https:\/\/www.kirchleitn.com\/wp-content\/uploads\/2025\/10\/al-elmes-ULHxWq8reao-unsplash-1-scaled-e1632477762264-Kopie-768x512.webp 768w, https:\/\/www.kirchleitn.com\/wp-content\/uploads\/2025\/10\/al-elmes-ULHxWq8reao-unsplash-1-scaled-e1632477762264-Kopie-800x534.webp 800w, https:\/\/www.kirchleitn.com\/wp-content\/uploads\/2025\/10\/al-elmes-ULHxWq8reao-unsplash-1-scaled-e1632477762264-Kopie.webp 1000w\" sizes=\"(max-width: 1000px) 100vw, 1000px\" \/><\/div><div class=\"swiper-slide\"><img decoding=\"async\" width=\"1920\" height=\"1280\" src=\"https:\/\/www.kirchleitn.com\/wp-content\/uploads\/2025\/09\/firmentagung.webp\" class=\"awb-background-slider__image\" alt=\"Seminarraum im Slow Travel Resort Kirchleitn \u2013 ideale Location f\u00fcr Tagungen, Workshops und Firmenveranstaltungen in K\u00e4rnten.\" srcset=\"https:\/\/www.kirchleitn.com\/wp-content\/uploads\/2025\/09\/firmentagung-200x133.webp 200w, https:\/\/www.kirchleitn.com\/wp-content\/uploads\/2025\/09\/firmentagung-300x200.webp 300w, https:\/\/www.kirchleitn.com\/wp-content\/uploads\/2025\/09\/firmentagung-400x267.webp 400w, https:\/\/www.kirchleitn.com\/wp-content\/uploads\/2025\/09\/firmentagung-600x400.webp 600w, https:\/\/www.kirchleitn.com\/wp-content\/uploads\/2025\/09\/firmentagung-768x512.webp 768w, https:\/\/www.kirchleitn.com\/wp-content\/uploads\/2025\/09\/firmentagung-800x533.webp 800w, https:\/\/www.kirchleitn.com\/wp-content\/uploads\/2025\/09\/firmentagung-1024x683.webp 1024w, https:\/\/www.kirchleitn.com\/wp-content\/uploads\/2025\/09\/firmentagung-1200x800.webp 1200w, https:\/\/www.kirchleitn.com\/wp-content\/uploads\/2025\/09\/firmentagung-1536x1024.webp 1536w, https:\/\/www.kirchleitn.com\/wp-content\/uploads\/2025\/09\/firmentagung.webp 1920w\" sizes=\"(max-width: 1920px) 100vw, 1920px\" \/><\/div><\/div><\/div><div class=\"fusion-builder-row fusion-row fusion-flex-align-items-flex-start fusion-flex-content-wrap\" style=\"width:104% !important;max-width:104% !important;margin-left: calc(-4% \/ 2 );margin-right: calc(-4% \/ 2 );\"><div class=\"fusion-layout-column fusion_builder_column fusion-builder-column-0 fusion_builder_column_1_1 1_1 fusion-flex-column fusion-flex-align-self-stretch\" style=\"--awb-bg-size:cover;--awb-width-large:100%;--awb-margin-top-large:0px;--awb-spacing-right-large:1.92%;--awb-margin-bottom-large:20px;--awb-spacing-left-large:1.92%;--awb-width-medium:100%;--awb-order-medium:0;--awb-spacing-right-medium:1.92%;--awb-spacing-left-medium:1.92%;--awb-width-small:100%;--awb-order-small:0;--awb-spacing-right-small:1.92%;--awb-spacing-left-small:1.92%;\"><div class=\"fusion-column-wrapper fusion-column-has-shadow fusion-flex-justify-content-center fusion-content-layout-column\"><div class=\"fusion-text fusion-text-1\" style=\"--awb-text-color:var(--awb-color1);--awb-text-font-family:&quot;Outfit&quot;;--awb-text-font-style:normal;--awb-text-font-weight:600;\"><p style=\"text-align: center;\">Celebrate life&#8217;s moments as they come!<\/p>\n<\/div><div class=\"fusion-title title fusion-title-1 fusion-sep-none fusion-title-center fusion-title-highlight fusion-animate-once fusion-highlight-underline fusion-title-size-one\" style=\"--awb-text-color:var(--awb-color2);--awb-highlight-color:var(--awb-color5);--awb-margin-top-small:10px;--awb-margin-right-small:0px;--awb-margin-bottom-small:10px;--awb-margin-left-small:0px;--awb-font-size:60px;\" data-highlight=\"underline\"><h1 class=\"fusion-title-heading title-heading-center\" style=\"font-family:&quot;HarlowSerifplane&quot;;font-style:normal;font-weight:400;margin:0;font-size:1em;text-shadow:4px 4px 5px var(--awb-color8);\"><span class=\"fusion-highlighted-text-prefix\"><\/span> <span class=\"fusion-highlighted-text-wrapper\"><span class=\"fusion-highlighted-text\">Mountain Event Location <\/span><svg xmlns=\"http:\/\/www.w3.org\/2000\/svg\" viewBox=\"0 0 500 150\" preserveAspectRatio=\"none\"><path d=\"M8.1,146.2c0,0,240.6-55.6,479-13.8\"><\/path><\/svg><\/span> <span class=\"fusion-highlighted-text-postfix\">in Carinthia | Bad Kleinkirchheim<\/span><\/h1><\/div><\/div><\/div><\/div><\/div><div class=\"fusion-fullwidth fullwidth-box fusion-builder-row-2 fusion-flex-container has-pattern-background has-mask-background hundred-percent-fullwidth non-hundred-percent-height-scrolling fusion-no-medium-visibility fusion-no-large-visibility\" style=\"--awb-border-radius-top-left:0px;--awb-border-radius-top-right:0px;--awb-border-radius-bottom-right:0px;--awb-border-radius-bottom-left:0px;--awb-padding-top:10em;--awb-padding-right:8em;--awb-padding-bottom:2em;--awb-padding-left:8em;--awb-padding-top-small:2em;--awb-padding-right-small:2em;--awb-padding-bottom-small:2em;--awb-padding-left-small:2em;--awb-min-height:700px;--awb-min-height-small:400px;--awb-background-color:rgba(79,74,74,0.66);--awb-background-image:linear-gradient(180deg, rgba(79,74,74,0.47) 0%,rgba(79,74,74,0.42) 100%);--awb-flex-wrap:wrap;--awb-filter:brightness(99%) contrast(111%);--awb-filter-transition:filter 0.3s ease;--awb-filter-hover:brightness(100%) contrast(118%);\" ><div class=\"awb-background-slider\" data-type=\"container\" data-loop=\"yes\" data-animation=\"fade\" data-slideshow-speed=\"5900\" data-animation-speed=\"800\" data-direction=\"down\" style=\"--awb-image-position:50% 57%;mix-blend-mode:overlay;\"><div class=\"swiper-wrapper\"><div class=\"swiper-slide\"><img decoding=\"async\" width=\"1920\" height=\"1280\" src=\"https:\/\/www.kirchleitn.com\/wp-content\/uploads\/2025\/09\/hochzeitssaal.webp\" class=\"awb-background-slider__image\" alt=\"Mit Blumen geschm\u00fcckte St\u00fchle und festliche Dekoration f\u00fcr eine Hochzeit im Slow Travel Resort Kirchleitn in Bad Kleinkirchheim.\" srcset=\"https:\/\/www.kirchleitn.com\/wp-content\/uploads\/2025\/09\/hochzeitssaal-200x133.webp 200w, https:\/\/www.kirchleitn.com\/wp-content\/uploads\/2025\/09\/hochzeitssaal-300x200.webp 300w, https:\/\/www.kirchleitn.com\/wp-content\/uploads\/2025\/09\/hochzeitssaal-400x267.webp 400w, https:\/\/www.kirchleitn.com\/wp-content\/uploads\/2025\/09\/hochzeitssaal-600x400.webp 600w, https:\/\/www.kirchleitn.com\/wp-content\/uploads\/2025\/09\/hochzeitssaal-768x512.webp 768w, https:\/\/www.kirchleitn.com\/wp-content\/uploads\/2025\/09\/hochzeitssaal-800x533.webp 800w, https:\/\/www.kirchleitn.com\/wp-content\/uploads\/2025\/09\/hochzeitssaal-1024x683.webp 1024w, https:\/\/www.kirchleitn.com\/wp-content\/uploads\/2025\/09\/hochzeitssaal-1200x800.webp 1200w, https:\/\/www.kirchleitn.com\/wp-content\/uploads\/2025\/09\/hochzeitssaal-1536x1024.webp 1536w, https:\/\/www.kirchleitn.com\/wp-content\/uploads\/2025\/09\/hochzeitssaal.webp 1920w\" sizes=\"(max-width: 1920px) 100vw, 1920px\" \/><\/div><div class=\"swiper-slide\"><img decoding=\"async\" width=\"1200\" height=\"800\" src=\"https:\/\/www.kirchleitn.com\/wp-content\/uploads\/2025\/09\/Hochzeit-Slow-Travel-Resort-Kirchleitn-3.jpg\" class=\"awb-background-slider__image\" alt=\"Romantisch dekorierte Location f\u00fcr Hochzeiten und besondere Anl\u00e4sse im Slow Travel Resort Kirchleitn in K\u00e4rnten.\" srcset=\"https:\/\/www.kirchleitn.com\/wp-content\/uploads\/2025\/09\/Hochzeit-Slow-Travel-Resort-Kirchleitn-3-200x133.jpg 200w, https:\/\/www.kirchleitn.com\/wp-content\/uploads\/2025\/09\/Hochzeit-Slow-Travel-Resort-Kirchleitn-3-300x200.jpg 300w, https:\/\/www.kirchleitn.com\/wp-content\/uploads\/2025\/09\/Hochzeit-Slow-Travel-Resort-Kirchleitn-3-400x267.jpg 400w, https:\/\/www.kirchleitn.com\/wp-content\/uploads\/2025\/09\/Hochzeit-Slow-Travel-Resort-Kirchleitn-3-600x400.jpg 600w, https:\/\/www.kirchleitn.com\/wp-content\/uploads\/2025\/09\/Hochzeit-Slow-Travel-Resort-Kirchleitn-3-768x512.jpg 768w, https:\/\/www.kirchleitn.com\/wp-content\/uploads\/2025\/09\/Hochzeit-Slow-Travel-Resort-Kirchleitn-3-800x533.jpg 800w, https:\/\/www.kirchleitn.com\/wp-content\/uploads\/2025\/09\/Hochzeit-Slow-Travel-Resort-Kirchleitn-3-1024x683.jpg 1024w, https:\/\/www.kirchleitn.com\/wp-content\/uploads\/2025\/09\/Hochzeit-Slow-Travel-Resort-Kirchleitn-3.jpg 1200w\" sizes=\"(max-width: 1200px) 100vw, 1200px\" \/><\/div><div class=\"swiper-slide\"><img decoding=\"async\" width=\"1000\" height=\"667\" src=\"https:\/\/www.kirchleitn.com\/wp-content\/uploads\/2025\/10\/al-elmes-ULHxWq8reao-unsplash-1-scaled-e1632477762264-Kopie.webp\" class=\"awb-background-slider__image\" alt=\"Eventlocation am Berg in K\u00e4rnten, G\u00e4ste am Feiern ausgelassen im Slow Travel Resort Kirchleitn in Bad Kleinkirchheim\" srcset=\"https:\/\/www.kirchleitn.com\/wp-content\/uploads\/2025\/10\/al-elmes-ULHxWq8reao-unsplash-1-scaled-e1632477762264-Kopie-200x133.webp 200w, https:\/\/www.kirchleitn.com\/wp-content\/uploads\/2025\/10\/al-elmes-ULHxWq8reao-unsplash-1-scaled-e1632477762264-Kopie-300x200.webp 300w, https:\/\/www.kirchleitn.com\/wp-content\/uploads\/2025\/10\/al-elmes-ULHxWq8reao-unsplash-1-scaled-e1632477762264-Kopie-400x267.webp 400w, https:\/\/www.kirchleitn.com\/wp-content\/uploads\/2025\/10\/al-elmes-ULHxWq8reao-unsplash-1-scaled-e1632477762264-Kopie-600x400.webp 600w, https:\/\/www.kirchleitn.com\/wp-content\/uploads\/2025\/10\/al-elmes-ULHxWq8reao-unsplash-1-scaled-e1632477762264-Kopie-768x512.webp 768w, https:\/\/www.kirchleitn.com\/wp-content\/uploads\/2025\/10\/al-elmes-ULHxWq8reao-unsplash-1-scaled-e1632477762264-Kopie-800x534.webp 800w, https:\/\/www.kirchleitn.com\/wp-content\/uploads\/2025\/10\/al-elmes-ULHxWq8reao-unsplash-1-scaled-e1632477762264-Kopie.webp 1000w\" sizes=\"(max-width: 1000px) 100vw, 1000px\" \/><\/div><div class=\"swiper-slide\"><img decoding=\"async\" width=\"1200\" height=\"800\" src=\"https:\/\/www.kirchleitn.com\/wp-content\/uploads\/2025\/10\/Hochzeit_6.webp\" class=\"awb-background-slider__image\" alt=\"Berghochzeit in den Nockbergen. Detailaufnahme eines Brautstrau\u00dfes in festlicher Umgebung \u2013 Hochzeitsfeier in der Eventlocation Tenne im Slow Travel Resort Kirchleitn in K\u00e4rnten.\" srcset=\"https:\/\/www.kirchleitn.com\/wp-content\/uploads\/2025\/10\/Hochzeit_6-200x133.webp 200w, https:\/\/www.kirchleitn.com\/wp-content\/uploads\/2025\/10\/Hochzeit_6-300x200.webp 300w, https:\/\/www.kirchleitn.com\/wp-content\/uploads\/2025\/10\/Hochzeit_6-400x267.webp 400w, https:\/\/www.kirchleitn.com\/wp-content\/uploads\/2025\/10\/Hochzeit_6-600x400.webp 600w, https:\/\/www.kirchleitn.com\/wp-content\/uploads\/2025\/10\/Hochzeit_6-768x512.webp 768w, https:\/\/www.kirchleitn.com\/wp-content\/uploads\/2025\/10\/Hochzeit_6-800x533.webp 800w, https:\/\/www.kirchleitn.com\/wp-content\/uploads\/2025\/10\/Hochzeit_6-1024x683.webp 1024w, https:\/\/www.kirchleitn.com\/wp-content\/uploads\/2025\/10\/Hochzeit_6.webp 1200w\" sizes=\"(max-width: 1200px) 100vw, 1200px\" \/><\/div><div class=\"swiper-slide\"><img decoding=\"async\" width=\"1200\" height=\"800\" src=\"https:\/\/www.kirchleitn.com\/wp-content\/uploads\/2025\/09\/Hochzeit-Slow-Travel-Resort-Kirchleitn-2.jpg\" class=\"awb-background-slider__image\" alt=\"Sektgl\u00e4ser und Blumenarrangement auf Stehtischen im Freien \u2013 Feier im Au\u00dfenbereich des Slow Travel Resorts Kirchleitn in Bad Kleinkirchheim.\" srcset=\"https:\/\/www.kirchleitn.com\/wp-content\/uploads\/2025\/09\/Hochzeit-Slow-Travel-Resort-Kirchleitn-2-200x133.jpg 200w, https:\/\/www.kirchleitn.com\/wp-content\/uploads\/2025\/09\/Hochzeit-Slow-Travel-Resort-Kirchleitn-2-300x200.jpg 300w, https:\/\/www.kirchleitn.com\/wp-content\/uploads\/2025\/09\/Hochzeit-Slow-Travel-Resort-Kirchleitn-2-400x267.jpg 400w, https:\/\/www.kirchleitn.com\/wp-content\/uploads\/2025\/09\/Hochzeit-Slow-Travel-Resort-Kirchleitn-2-600x400.jpg 600w, https:\/\/www.kirchleitn.com\/wp-content\/uploads\/2025\/09\/Hochzeit-Slow-Travel-Resort-Kirchleitn-2-768x512.jpg 768w, https:\/\/www.kirchleitn.com\/wp-content\/uploads\/2025\/09\/Hochzeit-Slow-Travel-Resort-Kirchleitn-2-800x533.jpg 800w, https:\/\/www.kirchleitn.com\/wp-content\/uploads\/2025\/09\/Hochzeit-Slow-Travel-Resort-Kirchleitn-2-1024x683.jpg 1024w, https:\/\/www.kirchleitn.com\/wp-content\/uploads\/2025\/09\/Hochzeit-Slow-Travel-Resort-Kirchleitn-2.jpg 1200w\" sizes=\"(max-width: 1200px) 100vw, 1200px\" \/><\/div><div class=\"swiper-slide\"><img decoding=\"async\" width=\"1920\" height=\"1280\" src=\"https:\/\/www.kirchleitn.com\/wp-content\/uploads\/2025\/09\/firmentagung.webp\" class=\"awb-background-slider__image\" alt=\"Seminarraum im Slow Travel Resort Kirchleitn \u2013 ideale Location f\u00fcr Tagungen, Workshops und Firmenveranstaltungen in K\u00e4rnten.\" srcset=\"https:\/\/www.kirchleitn.com\/wp-content\/uploads\/2025\/09\/firmentagung-200x133.webp 200w, https:\/\/www.kirchleitn.com\/wp-content\/uploads\/2025\/09\/firmentagung-300x200.webp 300w, https:\/\/www.kirchleitn.com\/wp-content\/uploads\/2025\/09\/firmentagung-400x267.webp 400w, https:\/\/www.kirchleitn.com\/wp-content\/uploads\/2025\/09\/firmentagung-600x400.webp 600w, https:\/\/www.kirchleitn.com\/wp-content\/uploads\/2025\/09\/firmentagung-768x512.webp 768w, https:\/\/www.kirchleitn.com\/wp-content\/uploads\/2025\/09\/firmentagung-800x533.webp 800w, https:\/\/www.kirchleitn.com\/wp-content\/uploads\/2025\/09\/firmentagung-1024x683.webp 1024w, https:\/\/www.kirchleitn.com\/wp-content\/uploads\/2025\/09\/firmentagung-1200x800.webp 1200w, https:\/\/www.kirchleitn.com\/wp-content\/uploads\/2025\/09\/firmentagung-1536x1024.webp 1536w, https:\/\/www.kirchleitn.com\/wp-content\/uploads\/2025\/09\/firmentagung.webp 1920w\" sizes=\"(max-width: 1920px) 100vw, 1920px\" \/><\/div><\/div><\/div><div class=\"fusion-builder-row fusion-row fusion-flex-align-items-flex-start fusion-flex-content-wrap\" style=\"width:104% !important;max-width:104% !important;margin-left: calc(-4% \/ 2 );margin-right: calc(-4% \/ 2 );\"><div class=\"fusion-layout-column fusion_builder_column fusion-builder-column-1 fusion_builder_column_1_1 1_1 fusion-flex-column fusion-flex-align-self-stretch\" style=\"--awb-bg-size:cover;--awb-width-large:100%;--awb-margin-top-large:0px;--awb-spacing-right-large:1.92%;--awb-margin-bottom-large:20px;--awb-spacing-left-large:1.92%;--awb-width-medium:100%;--awb-order-medium:0;--awb-spacing-right-medium:1.92%;--awb-spacing-left-medium:1.92%;--awb-width-small:100%;--awb-order-small:0;--awb-spacing-right-small:1.92%;--awb-spacing-left-small:1.92%;\"><div class=\"fusion-column-wrapper fusion-column-has-shadow fusion-flex-justify-content-center fusion-content-layout-column\"><div class=\"fusion-title title fusion-title-2 fusion-sep-none fusion-title-center fusion-title-highlight fusion-animate-once fusion-highlight-underline fusion-title-size-paragraph\" style=\"--awb-text-color:var(--awb-color2);--awb-highlight-color:var(--awb-color5);--awb-margin-top-small:2em;--awb-margin-right-small:0px;--awb-margin-bottom-small:10px;--awb-margin-left-small:0px;--awb-font-size:40px;\" data-highlight=\"underline\"><p class=\"fusion-title-heading title-heading-center title-heading-tag\" style=\"font-family:&quot;HarlowSerifplane&quot;;font-style:normal;font-weight:400;margin:0;font-size:1em;text-shadow:4px 4px 5px var(--awb-color8);\"><span class=\"fusion-highlighted-text-prefix\"><\/span> <span class=\"fusion-highlighted-text-wrapper\"><span class=\"fusion-highlighted-text\">Event Location<\/span><svg xmlns=\"http:\/\/www.w3.org\/2000\/svg\" viewBox=\"0 0 500 150\" preserveAspectRatio=\"none\"><path d=\"M8.1,146.2c0,0,240.6-55.6,479-13.8\"><\/path><\/svg><\/span> <span class=\"fusion-highlighted-text-postfix\"> in the Carinthian Mountains | Bad Kleinkirchheim<\/span><\/p><\/div><\/div><\/div><\/div><\/div><div class=\"fusion-fullwidth fullwidth-box fusion-builder-row-3 fusion-flex-container has-pattern-background has-mask-background hundred-percent-fullwidth non-hundred-percent-height-scrolling\" style=\"--awb-border-radius-top-left:0px;--awb-border-radius-top-right:0px;--awb-border-radius-bottom-right:0px;--awb-border-radius-bottom-left:0px;--awb-padding-left:0px;--awb-padding-right-small:0px;--awb-flex-wrap:wrap;\" ><div class=\"fusion-builder-row fusion-row fusion-flex-align-items-stretch fusion-flex-justify-content-space-between fusion-flex-content-wrap\" style=\"width:104% !important;max-width:104% !important;margin-left: calc(-4% \/ 2 );margin-right: calc(-4% \/ 2 );\"><div class=\"fusion-layout-column fusion_builder_column fusion-builder-column-2 fusion_builder_column_1_1 1_1 fusion-flex-column fusion-flex-align-self-stretch\" style=\"--awb-padding-top:2em;--awb-padding-right:6em;--awb-padding-bottom:2em;--awb-padding-left:6em;--awb-padding-top-small:2em;--awb-padding-right-small:1em;--awb-padding-bottom-small:2em;--awb-padding-left-small:1em;--awb-bg-color:var(--awb-color2);--awb-bg-color-hover:var(--awb-color2);--awb-bg-size:cover;--awb-width-large:100%;--awb-margin-top-large:0px;--awb-spacing-right-large:0%;--awb-margin-bottom-large:0px;--awb-spacing-left-large:0%;--awb-width-medium:100%;--awb-order-medium:0;--awb-spacing-right-medium:0%;--awb-spacing-left-medium:0%;--awb-width-small:100%;--awb-order-small:0;--awb-spacing-right-small:1.92%;--awb-spacing-left-small:1.92%;\"><div class=\"fusion-column-wrapper fusion-column-has-shadow fusion-flex-justify-content-space-between fusion-content-layout-column\"><div class=\"fusion-title title fusion-title-3 fusion-sep-none fusion-title-text fusion-title-size-two\" style=\"--awb-text-color:var(--awb-color6);--awb-margin-top-small:10px;--awb-margin-right-small:0px;--awb-margin-bottom-small:10px;--awb-margin-left-small:0px;--awb-font-size:40px;\"><h2 class=\"fusion-title-heading title-heading-left\" style=\"font-family:&quot;HarlowSerifRegluar&quot;;font-style:normal;font-weight:400;margin:0;font-size:1em;\">Unique Mountain Event Location in Carinthia \u2013 celebrate amidst the Nockberge mountains<\/h2><\/div><div class=\"fusion-title title fusion-title-4 fusion-sep-none fusion-title-text fusion-title-size-three\" style=\"--awb-text-color:var(--awb-color6);--awb-margin-top-small:10px;--awb-margin-right-small:0px;--awb-margin-bottom-small:10px;--awb-margin-left-small:0px;--awb-font-size:20px;\"><h3 class=\"fusion-title-heading title-heading-left\" style=\"font-family:&quot;Outfit&quot;;font-style:normal;font-weight:600;margin:0;font-size:1em;\"><span style=\"font-size: 1em; letter-spacing: 0px;\">Nestled in the UNESCO Nockberge Biosphere Park, we offer you the perfect venue for your event or celebration.<\/span><\/h3><\/div><div class=\"fusion-text fusion-text-2\"><p><span style=\"letter-spacing: 0.3px;\"><b>Professional planning and personal support, combined with Austrian hospitality, guarantee unforgettable moments at our mountain event location.<\/b><\/span><\/p>\n<p>Whether fairytale weddings with goosebump moments, milestone birthdays with up to 500 guests, anniversaries, a family baptism celebration, or a team event\u2026<\/p>\n<p><i>At Slow Travel Resort Kirchleitn, moments are created that you&#8217;ll fondly remember \u2013 honest, heartfelt, and authentic.<\/i><\/p>\n<\/div><\/div><\/div><\/div><\/div><div class=\"fusion-fullwidth fullwidth-box fusion-builder-row-4 fusion-flex-container has-pattern-background has-mask-background fusion-parallax-none hundred-percent-fullwidth non-hundred-percent-height-scrolling\" style=\"--awb-border-radius-top-left:0px;--awb-border-radius-top-right:0px;--awb-border-radius-bottom-right:0px;--awb-border-radius-bottom-left:0px;--awb-padding-top:4em;--awb-padding-right:6em;--awb-padding-bottom:4em;--awb-padding-left:6em;--awb-padding-top-small:2em;--awb-padding-right-small:1em;--awb-padding-bottom-small:2em;--awb-padding-left-small:1em;--awb-min-height:600px;--awb-background-image:linear-gradient(180deg, rgba(79,74,74,0.65) 0%,rgba(111,149,113,0.76) 100%),url(https:\/\/www.kirchleitn.com\/wp-content\/uploads\/2025\/09\/hochzeitssaal.webp);;--awb-background-size:cover;--awb-flex-wrap:wrap;\" ><div class=\"fusion-builder-row fusion-row fusion-flex-align-items-flex-start fusion-flex-align-content-space-evenly fusion-flex-content-wrap\" style=\"width:104% !important;max-width:104% !important;margin-left: calc(-4% \/ 2 );margin-right: calc(-4% \/ 2 );\"><div class=\"fusion-layout-column fusion_builder_column fusion-builder-column-3 fusion_builder_column_1_1 1_1 fusion-flex-column fusion-flex-align-self-flex-start\" style=\"--awb-bg-size:cover;--awb-width-large:100%;--awb-margin-top-large:0px;--awb-spacing-right-large:1.92%;--awb-margin-bottom-large:0px;--awb-spacing-left-large:1.92%;--awb-width-medium:100%;--awb-order-medium:0;--awb-spacing-right-medium:1.92%;--awb-spacing-left-medium:1.92%;--awb-width-small:100%;--awb-order-small:0;--awb-spacing-right-small:1.92%;--awb-spacing-left-small:1.92%;\"><div class=\"fusion-column-wrapper fusion-column-has-shadow fusion-flex-justify-content-center fusion-content-layout-column\"><div class=\"fusion-title title fusion-title-5 fusion-sep-none fusion-title-text fusion-title-size-two\" style=\"--awb-text-color:var(--awb-color1);--awb-margin-top-small:10px;--awb-margin-right-small:0px;--awb-margin-bottom-small:10px;--awb-margin-left-small:0px;--awb-font-size:40px;\"><h2 class=\"fusion-title-heading title-heading-left\" style=\"font-family:&quot;HarlowSerifRegluar&quot;;font-style:normal;font-weight:400;margin:0;font-size:1em;\">Our charming event locations for weddings, family celebrations, and corporate events in Carinthia:<\/h2><\/div><\/div><\/div><div class=\"fusion-layout-column fusion_builder_column fusion-builder-column-4 fusion_builder_column_1_4 1_4 fusion-flex-column\" style=\"--awb-bg-size:cover;--awb-width-large:25%;--awb-margin-top-large:0px;--awb-spacing-right-large:1em;--awb-margin-bottom-large:0px;--awb-spacing-left-large:1em;--awb-width-medium:25%;--awb-order-medium:0;--awb-spacing-right-medium:1em;--awb-spacing-left-medium:1em;--awb-width-small:100%;--awb-order-small:0;--awb-spacing-right-small:1.92%;--awb-spacing-left-small:1.92%;\"><div class=\"fusion-column-wrapper fusion-column-has-shadow fusion-flex-justify-content-flex-start fusion-content-layout-column\"><div style=\"--awb-popover-heading-background-color:var(--awb-color2);--awb-popover-content-background-color:rgba(111,149,113,0.3);--awb-popover-text-color:var(--awb-color7);--awb-popover-border-color:var(--awb-color1);\" class=\"awb-image-hotspots awb-image-hotspots-1\"><div class=\"awb-image-hotspots-wrapper\"><img decoding=\"async\" src=\"https:\/\/www.kirchleitn.com\/wp-content\/uploads\/2025\/09\/Hochzeit-Slow-Travel-Resort-Kirchleitn-3.jpg\" alt=\"Romantically decorated location for weddings and special occasions at Slow Travel Resort Kirchleitn in Carinthia.\" width=\"1200\" height=\"800\" title=\"Celebrate your Wedding at Event Location Kirchleitn\" class=\"awb-image-hotspots-image wp-image-2608\" srcset=\"https:\/\/www.kirchleitn.com\/wp-content\/uploads\/2025\/09\/Hochzeit-Slow-Travel-Resort-Kirchleitn-3-200x133.jpg 200w, https:\/\/www.kirchleitn.com\/wp-content\/uploads\/2025\/09\/Hochzeit-Slow-Travel-Resort-Kirchleitn-3-300x200.jpg 300w, https:\/\/www.kirchleitn.com\/wp-content\/uploads\/2025\/09\/Hochzeit-Slow-Travel-Resort-Kirchleitn-3-400x267.jpg 400w, https:\/\/www.kirchleitn.com\/wp-content\/uploads\/2025\/09\/Hochzeit-Slow-Travel-Resort-Kirchleitn-3-600x400.jpg 600w, https:\/\/www.kirchleitn.com\/wp-content\/uploads\/2025\/09\/Hochzeit-Slow-Travel-Resort-Kirchleitn-3-768x512.jpg 768w, https:\/\/www.kirchleitn.com\/wp-content\/uploads\/2025\/09\/Hochzeit-Slow-Travel-Resort-Kirchleitn-3-800x533.jpg 800w, https:\/\/www.kirchleitn.com\/wp-content\/uploads\/2025\/09\/Hochzeit-Slow-Travel-Resort-Kirchleitn-3-1024x683.jpg 1024w, https:\/\/www.kirchleitn.com\/wp-content\/uploads\/2025\/09\/Hochzeit-Slow-Travel-Resort-Kirchleitn-3.jpg 1200w\" sizes=\"(max-width: 1200px) 100vw, 1200px\"\/><a style=\"--awb-hotspot-text-color:var(--awb-color2);--awb-hotspot-background-color:var(--awb-color6);--awb-pos-x:25.0%;--awb-pos-y:0.0%;\" class=\"awb-image-hotspots-hotspot awb-image-hotspots-hotspot-1\" role=\"button\" tabindex=\"0\" data-awb-toggle-image-hotspot-popover=\"true\" data-title=\"Tenne\" data-content=\"Mit 288 m\u00b2 Fl\u00e4che und Platz f\u00fcr bis zu 500 Personen stehend oder 250 Personen sitzend ist die Tenne die ideale Location f\u00fcr gr\u00f6\u00dfere Events wie Hochzeiten, Weihnachtsfeiern oder Seminare.\" data-trigger=\"hover focus\" data-placement=\"auto bottom\"><i class=\"fa-glass-cheers fas\"><\/i> 150-500 people<\/a><\/div><\/div><\/div><\/div><div class=\"fusion-layout-column fusion_builder_column fusion-builder-column-5 fusion_builder_column_1_4 1_4 fusion-flex-column\" style=\"--awb-bg-size:cover;--awb-width-large:25%;--awb-margin-top-large:0px;--awb-spacing-right-large:1em;--awb-margin-bottom-large:0px;--awb-spacing-left-large:1em;--awb-width-medium:25%;--awb-order-medium:0;--awb-spacing-right-medium:1em;--awb-spacing-left-medium:1em;--awb-width-small:100%;--awb-order-small:0;--awb-margin-top-small:1em;--awb-spacing-right-small:1.92%;--awb-spacing-left-small:1.92%;\"><div class=\"fusion-column-wrapper fusion-column-has-shadow fusion-flex-justify-content-flex-start fusion-content-layout-column\"><div style=\"--awb-popover-heading-background-color:var(--awb-color2);--awb-popover-content-background-color:rgba(111,149,113,0.3);--awb-popover-text-color:var(--awb-color7);--awb-popover-border-color:var(--awb-color1);\" class=\"awb-image-hotspots awb-image-hotspots-2\"><div class=\"awb-image-hotspots-wrapper\"><img decoding=\"async\" src=\"https:\/\/www.kirchleitn.com\/wp-content\/uploads\/2025\/10\/Gastraum-Bauernwirt.jpg\" alt=\"Skisportwoche in K\u00e4rnten, t\u00e4glich frische Verpflegung im Restaurant Bauernwirt\" width=\"1200\" height=\"800\" title=\"Restaurant Bauernwirt\" class=\"awb-image-hotspots-image wp-image-1425\" srcset=\"https:\/\/www.kirchleitn.com\/wp-content\/uploads\/2025\/10\/Gastraum-Bauernwirt-200x133.jpg 200w, https:\/\/www.kirchleitn.com\/wp-content\/uploads\/2025\/10\/Gastraum-Bauernwirt-300x200.jpg 300w, https:\/\/www.kirchleitn.com\/wp-content\/uploads\/2025\/10\/Gastraum-Bauernwirt-400x267.jpg 400w, https:\/\/www.kirchleitn.com\/wp-content\/uploads\/2025\/10\/Gastraum-Bauernwirt-600x400.jpg 600w, https:\/\/www.kirchleitn.com\/wp-content\/uploads\/2025\/10\/Gastraum-Bauernwirt-768x512.jpg 768w, https:\/\/www.kirchleitn.com\/wp-content\/uploads\/2025\/10\/Gastraum-Bauernwirt-800x533.jpg 800w, https:\/\/www.kirchleitn.com\/wp-content\/uploads\/2025\/10\/Gastraum-Bauernwirt-1024x683.jpg 1024w, https:\/\/www.kirchleitn.com\/wp-content\/uploads\/2025\/10\/Gastraum-Bauernwirt.jpg 1200w\" sizes=\"(max-width: 1200px) 100vw, 1200px\"\/><a style=\"--awb-hotspot-text-color:var(--awb-color2);--awb-hotspot-background-color:var(--awb-color6);--awb-pos-x:25.0%;--awb-pos-y:0.0%;\" class=\"awb-image-hotspots-hotspot awb-image-hotspots-hotspot-2\" role=\"button\" tabindex=\"0\" data-awb-toggle-image-hotspot-popover=\"true\" data-title=\"Bauernwirt\" data-content=\"Der Bauernwirt bietet charmante Atmosph\u00e4re auf 120 m\u00b2. Hier finden bis zu 80 Personen Platz, um an einem Event teilzunehmen.\" data-trigger=\"hover focus\" data-placement=\"auto bottom\"><i class=\"fa-glass-cheers fas\"><\/i> 80 people<\/a><\/div><\/div><\/div><\/div><div class=\"fusion-layout-column fusion_builder_column fusion-builder-column-6 fusion_builder_column_1_4 1_4 fusion-flex-column\" style=\"--awb-bg-size:cover;--awb-width-large:25%;--awb-margin-top-large:0px;--awb-spacing-right-large:1em;--awb-margin-bottom-large:2px;--awb-spacing-left-large:1em;--awb-width-medium:25%;--awb-order-medium:0;--awb-spacing-right-medium:1em;--awb-spacing-left-medium:1em;--awb-width-small:100%;--awb-order-small:0;--awb-margin-top-small:1em;--awb-spacing-right-small:1.92%;--awb-spacing-left-small:1.92%;\"><div class=\"fusion-column-wrapper fusion-column-has-shadow fusion-flex-justify-content-flex-start fusion-content-layout-column\"><div style=\"--awb-popover-heading-background-color:var(--awb-color2);--awb-popover-content-background-color:rgba(111,149,113,0.3);--awb-popover-text-color:var(--awb-color7);--awb-popover-border-color:var(--awb-color1);\" class=\"awb-image-hotspots awb-image-hotspots-3\"><div class=\"awb-image-hotspots-wrapper\"><img decoding=\"async\" src=\"https:\/\/www.kirchleitn.com\/wp-content\/uploads\/2025\/10\/al-elmes-ULHxWq8reao-unsplash-1-scaled-e1632477762264-Kopie.webp\" alt=\"Eventlocation am Berg in K\u00e4rnten, G\u00e4ste am Feiern ausgelassen im Slow Travel Resort Kirchleitn in Bad Kleinkirchheim\" width=\"1000\" height=\"667\" title=\"Eventlocation am Berg\" class=\"awb-image-hotspots-image wp-image-476\" srcset=\"https:\/\/www.kirchleitn.com\/wp-content\/uploads\/2025\/10\/al-elmes-ULHxWq8reao-unsplash-1-scaled-e1632477762264-Kopie-200x133.webp 200w, https:\/\/www.kirchleitn.com\/wp-content\/uploads\/2025\/10\/al-elmes-ULHxWq8reao-unsplash-1-scaled-e1632477762264-Kopie-300x200.webp 300w, https:\/\/www.kirchleitn.com\/wp-content\/uploads\/2025\/10\/al-elmes-ULHxWq8reao-unsplash-1-scaled-e1632477762264-Kopie-400x267.webp 400w, https:\/\/www.kirchleitn.com\/wp-content\/uploads\/2025\/10\/al-elmes-ULHxWq8reao-unsplash-1-scaled-e1632477762264-Kopie-600x400.webp 600w, https:\/\/www.kirchleitn.com\/wp-content\/uploads\/2025\/10\/al-elmes-ULHxWq8reao-unsplash-1-scaled-e1632477762264-Kopie-768x512.webp 768w, https:\/\/www.kirchleitn.com\/wp-content\/uploads\/2025\/10\/al-elmes-ULHxWq8reao-unsplash-1-scaled-e1632477762264-Kopie-800x534.webp 800w, https:\/\/www.kirchleitn.com\/wp-content\/uploads\/2025\/10\/al-elmes-ULHxWq8reao-unsplash-1-scaled-e1632477762264-Kopie.webp 1000w\" sizes=\"(max-width: 1000px) 100vw, 1000px\"\/><a style=\"--awb-hotspot-text-color:var(--awb-color2);--awb-hotspot-background-color:var(--awb-color6);--awb-pos-x:25.0%;--awb-pos-y:0.0%;\" class=\"awb-image-hotspots-hotspot awb-image-hotspots-hotspot-3\" role=\"button\" tabindex=\"0\" data-awb-toggle-image-hotspot-popover=\"true\" data-title=\"Wild\u00adf\u00fctterung\" data-content=\"Tagen in charmanter Atmosph\u00e4re k\u00f6nnen in unseren Raum \u201eWildf\u00fctterung\u201c bis zu 100 Personen.\" data-trigger=\"hover focus\" data-placement=\"auto bottom\"><i class=\"fa-glass-cheers fas\"><\/i> 100 people<\/a><\/div><\/div><\/div><\/div><div class=\"fusion-layout-column fusion_builder_column fusion-builder-column-7 fusion_builder_column_1_4 1_4 fusion-flex-column\" style=\"--awb-bg-size:cover;--awb-width-large:25%;--awb-margin-top-large:0px;--awb-spacing-right-large:1em;--awb-margin-bottom-large:0px;--awb-spacing-left-large:1em;--awb-width-medium:25%;--awb-order-medium:0;--awb-spacing-right-medium:1em;--awb-spacing-left-medium:1em;--awb-width-small:100%;--awb-order-small:0;--awb-margin-top-small:1em;--awb-spacing-right-small:1.92%;--awb-spacing-left-small:1.92%;\"><div class=\"fusion-column-wrapper fusion-column-has-shadow fusion-flex-justify-content-flex-start fusion-content-layout-column\"><div style=\"--awb-popover-heading-background-color:var(--awb-color2);--awb-popover-content-background-color:rgba(111,149,113,0.3);--awb-popover-text-color:var(--awb-color7);--awb-popover-border-color:var(--awb-color1);\" class=\"awb-image-hotspots awb-image-hotspots-4\"><div class=\"awb-image-hotspots-wrapper\"><img decoding=\"async\" src=\"https:\/\/www.kirchleitn.com\/wp-content\/uploads\/2025\/10\/muhle-e1632477782856-Kopie.webp\" alt=\"Veranstaltungsraum mit ausgew\u00e4hlten Weinen f\u00fcr Hochzeiten, Firmenfeiern und private Anl\u00e4sse \u2013 Eventlocation mitten in St. Oswald, K\u00e4rnten.\" width=\"1000\" height=\"666\" title=\"Feste feiern im Slow Travel Resort Kirchleitn\" class=\"awb-image-hotspots-image wp-image-472\" srcset=\"https:\/\/www.kirchleitn.com\/wp-content\/uploads\/2025\/10\/muhle-e1632477782856-Kopie-200x133.webp 200w, https:\/\/www.kirchleitn.com\/wp-content\/uploads\/2025\/10\/muhle-e1632477782856-Kopie-300x200.webp 300w, https:\/\/www.kirchleitn.com\/wp-content\/uploads\/2025\/10\/muhle-e1632477782856-Kopie-400x266.webp 400w, https:\/\/www.kirchleitn.com\/wp-content\/uploads\/2025\/10\/muhle-e1632477782856-Kopie-600x400.webp 600w, https:\/\/www.kirchleitn.com\/wp-content\/uploads\/2025\/10\/muhle-e1632477782856-Kopie-768x511.webp 768w, https:\/\/www.kirchleitn.com\/wp-content\/uploads\/2025\/10\/muhle-e1632477782856-Kopie-800x533.webp 800w, https:\/\/www.kirchleitn.com\/wp-content\/uploads\/2025\/10\/muhle-e1632477782856-Kopie.webp 1000w\" sizes=\"(max-width: 1000px) 100vw, 1000px\"\/><a style=\"--awb-hotspot-text-color:var(--awb-color2);--awb-hotspot-background-color:var(--awb-color6);--awb-pos-x:25.0%;--awb-pos-y:0.0%;\" class=\"awb-image-hotspots-hotspot awb-image-hotspots-hotspot-4\" role=\"button\" tabindex=\"0\" data-awb-toggle-image-hotspot-popover=\"true\" data-title=\"Alte M\u00fchle\" data-content=\"Kleine Details wie die rustikale Holzbr\u00fccke inmitten des Raums und einzigartige Dekoration verschaffen diesem Ort Besonderheit.\" data-trigger=\"hover focus\" data-placement=\"auto bottom\"><i class=\"fa-glass-cheers fas\"><\/i> 60-70 people<\/a><\/div><\/div><\/div><\/div><\/div><\/div><div class=\"fusion-fullwidth fullwidth-box fusion-builder-row-5 fusion-flex-container has-pattern-background has-mask-background hundred-percent-fullwidth non-hundred-percent-height-scrolling\" style=\"--awb-border-radius-top-left:0px;--awb-border-radius-top-right:0px;--awb-border-radius-bottom-right:0px;--awb-border-radius-bottom-left:0px;--awb-padding-left:0px;--awb-padding-right-small:0px;--awb-flex-wrap:wrap;\" ><div class=\"fusion-builder-row fusion-row fusion-flex-align-items-stretch fusion-flex-justify-content-space-between fusion-flex-content-wrap\" style=\"width:104% !important;max-width:104% !important;margin-left: calc(-4% \/ 2 );margin-right: calc(-4% \/ 2 );\"><div class=\"fusion-layout-column fusion_builder_column fusion-builder-column-8 fusion_builder_column_1_2 1_2 fusion-flex-column fusion-flex-align-self-stretch\" style=\"--awb-padding-top:2em;--awb-padding-right:6em;--awb-padding-bottom:2em;--awb-padding-left:6.5em;--awb-padding-top-small:2em;--awb-padding-right-small:1em;--awb-padding-bottom-small:2em;--awb-padding-left-small:1em;--awb-bg-color:var(--awb-color2);--awb-bg-color-hover:var(--awb-color2);--awb-bg-size:cover;--awb-width-large:50%;--awb-margin-top-large:0px;--awb-spacing-right-large:0%;--awb-margin-bottom-large:0px;--awb-spacing-left-large:3.84%;--awb-width-medium:50%;--awb-order-medium:0;--awb-spacing-right-medium:0%;--awb-spacing-left-medium:3.84%;--awb-width-small:100%;--awb-order-small:1;--awb-spacing-right-small:1.92%;--awb-spacing-left-small:1.92%;\"><div class=\"fusion-column-wrapper fusion-column-has-shadow fusion-flex-justify-content-space-between fusion-content-layout-column\"><div class=\"fusion-title title fusion-title-6 fusion-sep-none fusion-title-text fusion-title-size-two\" style=\"--awb-text-color:var(--awb-color6);--awb-margin-top-small:10px;--awb-margin-right-small:0px;--awb-margin-bottom-small:10px;--awb-margin-left-small:0px;--awb-font-size:40px;\"><h2 class=\"fusion-title-heading title-heading-left\" style=\"font-family:&quot;HarlowSerifRegluar&quot;;font-style:normal;font-weight:400;margin:0;font-size:1em;\"><p class=\"p1\">Celebrate your special day in the mountains<\/p><\/h2><\/div><div class=\"fusion-title title fusion-title-7 fusion-sep-none fusion-title-text fusion-title-size-three\" style=\"--awb-text-color:var(--awb-color5);--awb-margin-top-small:10px;--awb-margin-right-small:0px;--awb-margin-bottom-small:10px;--awb-margin-left-small:0px;--awb-font-size:20px;\"><h3 class=\"fusion-title-heading title-heading-left\" style=\"font-family:&quot;Outfit&quot;;font-style:normal;font-weight:600;margin:0;font-size:1em;line-height:1.2;\">Whether it&#8217;s a family celebration, company anniversary, communion, bachelor\/bachelorette party, or birthday party \u2013 you can celebrate every occasion in style with us!<\/h3><\/div><div class=\"fusion-text fusion-text-3\"><p>Enjoy not only a unique atmosphere and warm hospitality, but also professional all-round service amidst the Carinthian Nockberge mountains.<\/p>\n<p><i>Surrounded by a stylish ambiance and a backdrop that makes every celebration special, celebrate carefree with your loved ones.<\/i><\/p>\n<\/div><div ><a class=\"fusion-button button-flat fusion-button-default-size button-custom fusion-button-default button-1 fusion-button-span-yes fusion-button-default-type\" style=\"--awb-margin-top:1em;--button_accent_color:var(--awb-color1);--button_accent_hover_color:var(--awb-color1);--button_border_hover_color:var(--awb-color1);--button-border-radius-top-left:0;--button-border-radius-top-right:0;--button-border-radius-bottom-right:0;--button-border-radius-bottom-left:0;--button_gradient_top_color:var(--awb-custom_color_1);--button_gradient_bottom_color:var(--awb-custom_color_1);--button_gradient_top_color_hover:var(--awb-color5);--button_gradient_bottom_color_hover:var(--awb-color5);\" target=\"_self\" data-hover=\"bg_slide_right\" href=\"tel:+4342408244\"><span class=\"fusion-button-text awb-button__text awb-button__text--default\">Request your desired event date now (non-binding)<\/span><i class=\"fa-phone-alt fas awb-button__icon awb-button__icon--default button-icon-right\" aria-hidden=\"true\"><\/i><\/a><\/div><\/div><\/div><div class=\"fusion-layout-column fusion_builder_column fusion-builder-column-9 fusion_builder_column_1_2 1_2 fusion-flex-column fusion-flex-align-self-stretch\" style=\"--awb-padding-top:20em;--awb-padding-right:8em;--awb-padding-bottom:1em;--awb-padding-left:8em;--awb-bg-image:url(&#039;https:\/\/www.kirchleitn.com\/wp-content\/uploads\/2025\/10\/al-elmes-ULHxWq8reao-unsplash-1-scaled-e1632477762264-Kopie.webp&#039;);--awb-bg-position:center center;--awb-bg-size:cover;--awb-width-large:50%;--awb-margin-top-large:0px;--awb-spacing-right-large:0%;--awb-margin-bottom-large:0px;--awb-spacing-left-large:0%;--awb-width-medium:50%;--awb-order-medium:0;--awb-spacing-right-medium:0%;--awb-spacing-left-medium:0%;--awb-width-small:100%;--awb-order-small:0;--awb-spacing-right-small:1.92%;--awb-spacing-left-small:1.92%;\" data-scroll-devices=\"small-visibility,medium-visibility,large-visibility\"><div class=\"fusion-column-wrapper fusion-column-has-shadow fusion-flex-justify-content-space-between fusion-content-layout-block fusion-empty-column-bg-image fusion-column-has-bg-image\" data-bg-url=\"https:\/\/www.kirchleitn.com\/wp-content\/uploads\/2025\/10\/al-elmes-ULHxWq8reao-unsplash-1-scaled-e1632477762264-Kopie.webp\"><img decoding=\"async\" class=\"fusion-empty-dims-img-placeholder fusion-no-large-visibility fusion-no-medium-visibility\" alt=\"Eventlocation am Berg in K\u00e4rnten, G\u00e4ste am Feiern ausgelassen im Slow Travel Resort Kirchleitn in Bad Kleinkirchheim\" aria-label=\"Eventlocation am Berg\" src=\"data:image\/svg+xml,%3Csvg%20xmlns%3D%27http%3A%2F%2Fwww.w3.org%2F2000%2Fsvg%27%20width%3D%271000%27%20height%3D%27667%27%20viewBox%3D%270%200%201000%20667%27%3E%3Crect%20width%3D%271000%27%20height%3D%27667%27%20fill-opacity%3D%220%22%2F%3E%3C%2Fsvg%3E\"><\/div><\/div><\/div><\/div><div class=\"fusion-fullwidth fullwidth-box fusion-builder-row-6 fusion-flex-container has-pattern-background has-mask-background fusion-parallax-fixed hundred-percent-fullwidth non-hundred-percent-height-scrolling\" style=\"--awb-border-radius-top-left:0px;--awb-border-radius-top-right:0px;--awb-border-radius-bottom-right:0px;--awb-border-radius-bottom-left:0px;--awb-padding-right:6em;--awb-padding-left:6em;--awb-padding-top-small:2em;--awb-padding-right-small:1em;--awb-padding-bottom-small:0px;--awb-padding-left-small:1em;--awb-min-height:600px;--awb-background-image:linear-gradient(180deg, rgba(79,74,74,0.65) 0%,rgba(79,74,74,0.56) 100%),url(https:\/\/www.kirchleitn.com\/wp-content\/uploads\/2025\/09\/hg_essen.webp);;--awb-background-size:cover;--awb-flex-wrap:wrap;background-attachment:fixed;\" ><div class=\"fusion-builder-row fusion-row fusion-flex-align-items-flex-start fusion-flex-content-wrap\" style=\"width:104% !important;max-width:104% !important;margin-left: calc(-4% \/ 2 );margin-right: calc(-4% \/ 2 );\"><div class=\"fusion-layout-column fusion_builder_column fusion-builder-column-10 fusion_builder_column_1_1 1_1 fusion-flex-column fusion-flex-align-self-stretch\" style=\"--awb-bg-size:cover;--awb-width-large:100%;--awb-margin-top-large:0px;--awb-spacing-right-large:1.92%;--awb-margin-bottom-large:0px;--awb-spacing-left-large:1.92%;--awb-width-medium:100%;--awb-order-medium:0;--awb-spacing-right-medium:1.92%;--awb-spacing-left-medium:1.92%;--awb-width-small:100%;--awb-order-small:0;--awb-spacing-right-small:1.92%;--awb-spacing-left-small:1.92%;\"><div class=\"fusion-column-wrapper fusion-column-has-shadow fusion-flex-justify-content-center fusion-content-layout-column\"><div class=\"fusion-title title fusion-title-8 fusion-sep-none fusion-title-text fusion-title-size-three\" style=\"--awb-text-color:var(--awb-color1);--awb-margin-top-small:10px;--awb-margin-right-small:0px;--awb-margin-bottom-small:10px;--awb-margin-left-small:0px;--awb-font-size:40px;\"><h3 class=\"fusion-title-heading title-heading-left\" style=\"font-family:&quot;HarlowSerifplane&quot;;font-style:normal;font-weight:400;margin:0;font-size:1em;\">Enjoy Sustainably \u2013 Celebrate Consciously<\/h3><\/div><div class=\"fusion-title title fusion-title-9 fusion-sep-none fusion-title-text fusion-title-size-four\" style=\"--awb-text-color:var(--awb-color1);--awb-margin-top-small:10px;--awb-margin-right-small:0px;--awb-margin-bottom-small:10px;--awb-margin-left-small:0px;--awb-font-size:22px;\"><h4 class=\"fusion-title-heading title-heading-left\" style=\"font-family:&quot;Outfit&quot;;font-style:normal;font-weight:600;margin:0;font-size:1em;\">Sustainability is particularly important to us, even for events<\/h4><\/div><div class=\"fusion-text fusion-text-4\" style=\"--awb-text-color:var(--awb-color1);--awb-text-font-family:&quot;Outfit&quot;;--awb-text-font-style:normal;--awb-text-font-weight:500;\"><p>For coffee breaks, menus, or buffets, we exclusively use high-quality ingredients, preferably from the region. Together with our kitchen team, we will create an offer that matches your taste and is individually tailored to your wishes. <\/p>\n<p>With us, special ideas, creative moments, and genuine encounters emerge amidst nature.<\/p>\n<\/div><\/div><\/div><\/div><\/div><div class=\"fusion-fullwidth fullwidth-box fusion-builder-row-7 fusion-flex-container has-pattern-background has-mask-background hundred-percent-fullwidth non-hundred-percent-height-scrolling\" style=\"--awb-border-radius-top-left:0px;--awb-border-radius-top-right:0px;--awb-border-radius-bottom-right:0px;--awb-border-radius-bottom-left:0px;--awb-padding-left:0px;--awb-padding-right-small:0px;--awb-flex-wrap:wrap;\" ><div class=\"fusion-builder-row fusion-row fusion-flex-align-items-stretch fusion-flex-justify-content-space-between fusion-flex-content-wrap\" style=\"width:104% !important;max-width:104% !important;margin-left: calc(-4% \/ 2 );margin-right: calc(-4% \/ 2 );\"><div class=\"fusion-layout-column fusion_builder_column fusion-builder-column-11 fusion_builder_column_1_2 1_2 fusion-flex-column fusion-flex-align-self-stretch\" style=\"--awb-padding-top:2em;--awb-padding-right:6em;--awb-padding-bottom:2em;--awb-padding-left:6.5em;--awb-padding-top-small:2em;--awb-padding-right-small:1em;--awb-padding-bottom-small:2em;--awb-padding-left-small:1em;--awb-bg-color:var(--awb-color2);--awb-bg-color-hover:var(--awb-color2);--awb-bg-size:cover;--awb-width-large:50%;--awb-margin-top-large:0px;--awb-spacing-right-large:0%;--awb-margin-bottom-large:0px;--awb-spacing-left-large:3.84%;--awb-width-medium:50%;--awb-order-medium:0;--awb-spacing-right-medium:0%;--awb-spacing-left-medium:3.84%;--awb-width-small:100%;--awb-order-small:1;--awb-spacing-right-small:1.92%;--awb-spacing-left-small:1.92%;\"><div class=\"fusion-column-wrapper fusion-column-has-shadow fusion-flex-justify-content-space-between fusion-content-layout-column\"><div class=\"fusion-title title fusion-title-10 fusion-sep-none fusion-title-text fusion-title-size-three\" style=\"--awb-text-color:var(--awb-color6);--awb-margin-top-small:10px;--awb-margin-right-small:0px;--awb-margin-bottom-small:10px;--awb-margin-left-small:0px;--awb-font-size:40px;\"><h3 class=\"fusion-title-heading title-heading-left\" style=\"font-family:&quot;HarlowSerifRegluar&quot;;font-style:normal;font-weight:400;margin:0;font-size:1em;\">Mountain Wedding in Carinthia<\/h3><\/div><div class=\"fusion-title title fusion-title-11 fusion-sep-none fusion-title-text fusion-title-size-four\" style=\"--awb-text-color:var(--awb-color5);--awb-margin-top-small:10px;--awb-margin-right-small:0px;--awb-margin-bottom-small:10px;--awb-margin-left-small:0px;--awb-font-size:20px;\"><h4 class=\"fusion-title-heading title-heading-left\" style=\"font-family:&quot;Outfit&quot;;font-style:normal;font-weight:600;margin:0;font-size:1em;line-height:1.2;\">SAY &#8220;YES&#8221; \u2013 amidst the Nockberge mountains at 1,300 meters<\/h4><\/div><div class=\"fusion-text fusion-text-5\"><p><b>Every bridal couple has individual wishes and their own ideas for the most beautiful day of their lives. We want to give you the space to realize your ideas together with us. <\/b><\/p>\n<p>Getting married on a blooming meadow, amidst breathtaking nature, celebrating exuberantly until the early morning hours \u2013 and letting yourself be pampered with delicious food and refreshing drinks: All of this is possible with us.<\/p>\n<p>Experience your personal dream wedding in the Carinthian mountains, surrounded by the UNESCO Nockberge Biosphere Park.<\/p>\n<\/div><div ><a class=\"fusion-button button-flat fusion-button-default-size button-custom fusion-button-default button-2 fusion-button-default-span fusion-button-default-type\" style=\"--button_accent_color:var(--awb-color1);--button_accent_hover_color:var(--awb-color1);--button_border_hover_color:var(--awb-color1);--button-border-radius-top-left:0;--button-border-radius-top-right:0;--button-border-radius-bottom-right:0;--button-border-radius-bottom-left:0;--button_gradient_top_color:var(--awb-custom_color_1);--button_gradient_bottom_color:var(--awb-custom_color_1);--button_gradient_top_color_hover:var(--awb-color5);--button_gradient_bottom_color_hover:var(--awb-color5);\" target=\"_blank\" rel=\"noopener noreferrer\" data-hover=\"bg_slide_right\" role=\"button\" href=\"https:\/\/www.kirchleitn.com\/schnellanfrage\/\"><span class=\"fusion-button-text awb-button__text awb-button__text--default fusion-button-text-right\">Arrange a non-binding viewing of the wedding location now<\/span><span class=\"fusion-button-icon-divider button-icon-divider-right\"><i class=\"fa-heart fas awb-button__icon awb-button__icon--default\" aria-hidden=\"true\"><\/i><\/span><\/a><\/div><\/div><\/div><div class=\"fusion-layout-column fusion_builder_column fusion-builder-column-12 fusion_builder_column_1_2 1_2 fusion-flex-column fusion-flex-align-self-stretch\" style=\"--awb-padding-top:20em;--awb-padding-right:8em;--awb-padding-bottom:1em;--awb-padding-left:8em;--awb-bg-image:url(&#039;https:\/\/www.kirchleitn.com\/wp-content\/uploads\/2025\/10\/Hochzeit_9.webp&#039;);--awb-bg-position:center center;--awb-bg-size:cover;--awb-width-large:50%;--awb-margin-top-large:0px;--awb-spacing-right-large:0%;--awb-margin-bottom-large:0px;--awb-spacing-left-large:0%;--awb-width-medium:50%;--awb-order-medium:0;--awb-spacing-right-medium:0%;--awb-spacing-left-medium:0%;--awb-width-small:100%;--awb-order-small:0;--awb-spacing-right-small:1.92%;--awb-spacing-left-small:1.92%;\"><div class=\"fusion-column-wrapper fusion-column-has-shadow fusion-flex-justify-content-space-between fusion-content-layout-block fusion-empty-column-bg-image fusion-column-has-bg-image\" data-bg-url=\"https:\/\/www.kirchleitn.com\/wp-content\/uploads\/2025\/10\/Hochzeit_9.webp\"><img decoding=\"async\" class=\"fusion-empty-dims-img-placeholder fusion-no-large-visibility fusion-no-medium-visibility\" alt=\"Brautpaar mit Strau\u00df vor uriger Holzkulisse \u2013 romantische Hochzeitslocation im Slow Travel Resort Kirchleitn in St. Oswald bei Bad Kleinkirchheim.\" aria-label=\"Hochzeit in K\u00e4rnten \u2013 Brautpaar\" src=\"data:image\/svg+xml,%3Csvg%20xmlns%3D%27http%3A%2F%2Fwww.w3.org%2F2000%2Fsvg%27%20width%3D%271200%27%20height%3D%27801%27%20viewBox%3D%270%200%201200%20801%27%3E%3Crect%20width%3D%271200%27%20height%3D%27801%27%20fill-opacity%3D%220%22%2F%3E%3C%2Fsvg%3E\"><\/div><\/div><\/div><\/div><div class=\"fusion-fullwidth fullwidth-box fusion-builder-row-8 fusion-flex-container has-pattern-background has-mask-background hundred-percent-fullwidth non-hundred-percent-height-scrolling\" style=\"--awb-border-radius-top-left:0px;--awb-border-radius-top-right:0px;--awb-border-radius-bottom-right:0px;--awb-border-radius-bottom-left:0px;--awb-padding-left:0px;--awb-padding-right-small:0px;--awb-flex-wrap:wrap;\" ><div class=\"fusion-builder-row fusion-row fusion-flex-align-items-stretch fusion-flex-justify-content-space-between fusion-flex-content-wrap\" style=\"width:104% !important;max-width:104% !important;margin-left: calc(-4% \/ 2 );margin-right: calc(-4% \/ 2 );\"><div class=\"fusion-layout-column fusion_builder_column fusion-builder-column-13 fusion_builder_column_1_1 1_1 fusion-flex-column fusion-flex-align-self-stretch\" style=\"--awb-padding-top:2em;--awb-padding-right:6em;--awb-padding-bottom:2em;--awb-padding-left:6em;--awb-padding-top-small:2em;--awb-padding-right-small:1em;--awb-padding-bottom-small:2em;--awb-padding-left-small:1em;--awb-bg-color:var(--awb-color2);--awb-bg-color-hover:var(--awb-color2);--awb-bg-size:cover;--awb-width-large:100%;--awb-margin-top-large:0px;--awb-spacing-right-large:0%;--awb-margin-bottom-large:0px;--awb-spacing-left-large:0%;--awb-width-medium:100%;--awb-order-medium:0;--awb-spacing-right-medium:0%;--awb-spacing-left-medium:0%;--awb-width-small:100%;--awb-order-small:0;--awb-spacing-right-small:1.92%;--awb-spacing-left-small:1.92%;\"><div class=\"fusion-column-wrapper fusion-column-has-shadow fusion-flex-justify-content-space-between fusion-content-layout-column\"><div class=\"awb-gallery-wrapper awb-gallery-wrapper-1 button-span-no\" style=\"--more-btn-alignment:center;\"><div style=\"margin:-5px;--awb-bordersize:0px;\" class=\"fusion-gallery fusion-gallery-container fusion-grid-3 fusion-columns-total-6 fusion-gallery-layout-grid fusion-gallery-1\"><div style=\"padding:5px;\" class=\"fusion-grid-column fusion-gallery-column fusion-gallery-column-3 hover-type-none\"><div class=\"fusion-gallery-image\"><a href=\"https:\/\/www.kirchleitn.com\/wp-content\/uploads\/2025\/09\/Hochzeit-Slow-Travel-Resort-Kirchleitn-7.jpg\" rel=\"noreferrer\" data-rel=\"iLightbox[gallery_image_1]\" class=\"fusion-lightbox\" target=\"_self\"><img decoding=\"async\" src=\"https:\/\/www.kirchleitn.com\/wp-content\/uploads\/2025\/09\/Hochzeit-Slow-Travel-Resort-Kirchleitn-7.jpg\" width=\"1200\" height=\"800\" alt=\"Wedding cake with subtle flowers and natural decoration \u2013 Stylish celebration at Slow Travel Resort Kirchleitn in Bad Kleinkirchheim.\" title=\"Wedding Cake\" aria-label=\"Wedding Cake\" class=\"img-responsive wp-image-2611\" srcset=\"https:\/\/www.kirchleitn.com\/wp-content\/uploads\/2025\/09\/Hochzeit-Slow-Travel-Resort-Kirchleitn-7-200x133.jpg 200w, https:\/\/www.kirchleitn.com\/wp-content\/uploads\/2025\/09\/Hochzeit-Slow-Travel-Resort-Kirchleitn-7-400x267.jpg 400w, https:\/\/www.kirchleitn.com\/wp-content\/uploads\/2025\/09\/Hochzeit-Slow-Travel-Resort-Kirchleitn-7-600x400.jpg 600w, https:\/\/www.kirchleitn.com\/wp-content\/uploads\/2025\/09\/Hochzeit-Slow-Travel-Resort-Kirchleitn-7-800x533.jpg 800w, https:\/\/www.kirchleitn.com\/wp-content\/uploads\/2025\/09\/Hochzeit-Slow-Travel-Resort-Kirchleitn-7.jpg 1200w\" sizes=\"(min-width: 2200px) 100vw, (min-width: 784px) 397px, (min-width: 712px) 595px, (min-width: 640px) 712px, \" \/><\/a><\/div><\/div><div style=\"padding:5px;\" class=\"fusion-grid-column fusion-gallery-column fusion-gallery-column-3 hover-type-none\"><div class=\"fusion-gallery-image\"><a href=\"https:\/\/www.kirchleitn.com\/wp-content\/uploads\/2025\/09\/Hochzeit-Slow-Travel-Resort-Kirchleitn-4.jpg\" rel=\"noreferrer\" data-rel=\"iLightbox[gallery_image_1]\" class=\"fusion-lightbox\" target=\"_self\"><img decoding=\"async\" src=\"https:\/\/www.kirchleitn.com\/wp-content\/uploads\/2025\/09\/Hochzeit-Slow-Travel-Resort-Kirchleitn-4.jpg\" width=\"1200\" height=\"800\" alt=\"Festively decorated tables in the Tenne event location \u2013 stylish wedding celebration amidst the mountains at Slow Travel Resort Kirchleitn in St. Oswald.\" title=\"Festively Set Tables in the Tenne Event Location\" aria-label=\"Festively Set Tables in the Tenne Event Location\" class=\"img-responsive wp-image-2606\" srcset=\"https:\/\/www.kirchleitn.com\/wp-content\/uploads\/2025\/09\/Hochzeit-Slow-Travel-Resort-Kirchleitn-4-200x133.jpg 200w, https:\/\/www.kirchleitn.com\/wp-content\/uploads\/2025\/09\/Hochzeit-Slow-Travel-Resort-Kirchleitn-4-400x267.jpg 400w, https:\/\/www.kirchleitn.com\/wp-content\/uploads\/2025\/09\/Hochzeit-Slow-Travel-Resort-Kirchleitn-4-600x400.jpg 600w, https:\/\/www.kirchleitn.com\/wp-content\/uploads\/2025\/09\/Hochzeit-Slow-Travel-Resort-Kirchleitn-4-800x533.jpg 800w, https:\/\/www.kirchleitn.com\/wp-content\/uploads\/2025\/09\/Hochzeit-Slow-Travel-Resort-Kirchleitn-4.jpg 1200w\" sizes=\"(min-width: 2200px) 100vw, (min-width: 784px) 397px, (min-width: 712px) 595px, (min-width: 640px) 712px, \" \/><\/a><\/div><\/div><div style=\"padding:5px;\" class=\"fusion-grid-column fusion-gallery-column fusion-gallery-column-3 hover-type-none\"><div class=\"fusion-gallery-image\"><a href=\"https:\/\/www.kirchleitn.com\/wp-content\/uploads\/2025\/09\/Hochzeit-Slow-Travel-Resort-Kirchleitn-2.jpg\" rel=\"noreferrer\" data-rel=\"iLightbox[gallery_image_1]\" class=\"fusion-lightbox\" target=\"_self\"><img decoding=\"async\" src=\"https:\/\/www.kirchleitn.com\/wp-content\/uploads\/2025\/09\/Hochzeit-Slow-Travel-Resort-Kirchleitn-2.jpg\" width=\"1200\" height=\"800\" alt=\"Champagne glasses and flower arrangement on high tables outdoors \u2013 Celebration in the outdoor area of Slow Travel Resort Kirchleitn in Bad Kleinkirchheim.\" title=\"Open-Air Celebrations in the Holiday Village\" aria-label=\"Open-Air Celebrations in the Holiday Village\" class=\"img-responsive wp-image-2607\" srcset=\"https:\/\/www.kirchleitn.com\/wp-content\/uploads\/2025\/09\/Hochzeit-Slow-Travel-Resort-Kirchleitn-2-200x133.jpg 200w, https:\/\/www.kirchleitn.com\/wp-content\/uploads\/2025\/09\/Hochzeit-Slow-Travel-Resort-Kirchleitn-2-400x267.jpg 400w, https:\/\/www.kirchleitn.com\/wp-content\/uploads\/2025\/09\/Hochzeit-Slow-Travel-Resort-Kirchleitn-2-600x400.jpg 600w, https:\/\/www.kirchleitn.com\/wp-content\/uploads\/2025\/09\/Hochzeit-Slow-Travel-Resort-Kirchleitn-2-800x533.jpg 800w, https:\/\/www.kirchleitn.com\/wp-content\/uploads\/2025\/09\/Hochzeit-Slow-Travel-Resort-Kirchleitn-2.jpg 1200w\" sizes=\"(min-width: 2200px) 100vw, (min-width: 784px) 397px, (min-width: 712px) 595px, (min-width: 640px) 712px, \" \/><\/a><\/div><\/div><div class=\"clearfix\"><\/div><div style=\"padding:5px;\" class=\"fusion-grid-column fusion-gallery-column fusion-gallery-column-3 hover-type-none\"><div class=\"fusion-gallery-image\"><a href=\"https:\/\/www.kirchleitn.com\/wp-content\/uploads\/2025\/09\/Hochzeit-Slow-Travel-Resort-Kirchleitn-3.jpg\" rel=\"noreferrer\" data-rel=\"iLightbox[gallery_image_1]\" class=\"fusion-lightbox\" target=\"_self\"><img decoding=\"async\" src=\"https:\/\/www.kirchleitn.com\/wp-content\/uploads\/2025\/09\/Hochzeit-Slow-Travel-Resort-Kirchleitn-3.jpg\" width=\"1200\" height=\"800\" alt=\"Romantically decorated location for weddings and special occasions at Slow Travel Resort Kirchleitn in Carinthia.\" title=\"Celebrate your Wedding at Event Location Kirchleitn\" aria-label=\"Celebrate your Wedding at Event Location Kirchleitn\" class=\"img-responsive wp-image-2608\" srcset=\"https:\/\/www.kirchleitn.com\/wp-content\/uploads\/2025\/09\/Hochzeit-Slow-Travel-Resort-Kirchleitn-3-200x133.jpg 200w, https:\/\/www.kirchleitn.com\/wp-content\/uploads\/2025\/09\/Hochzeit-Slow-Travel-Resort-Kirchleitn-3-400x267.jpg 400w, https:\/\/www.kirchleitn.com\/wp-content\/uploads\/2025\/09\/Hochzeit-Slow-Travel-Resort-Kirchleitn-3-600x400.jpg 600w, https:\/\/www.kirchleitn.com\/wp-content\/uploads\/2025\/09\/Hochzeit-Slow-Travel-Resort-Kirchleitn-3-800x533.jpg 800w, https:\/\/www.kirchleitn.com\/wp-content\/uploads\/2025\/09\/Hochzeit-Slow-Travel-Resort-Kirchleitn-3.jpg 1200w\" sizes=\"(min-width: 2200px) 100vw, (min-width: 784px) 397px, (min-width: 712px) 595px, (min-width: 640px) 712px, \" \/><\/a><\/div><\/div><div style=\"padding:5px;\" class=\"fusion-grid-column fusion-gallery-column fusion-gallery-column-3 hover-type-none\"><div class=\"fusion-gallery-image\"><a href=\"https:\/\/www.kirchleitn.com\/wp-content\/uploads\/2025\/09\/Hochzeit-Slow-Travel-Resort-Kirchleitn-5.jpg\" rel=\"noreferrer\" data-rel=\"iLightbox[gallery_image_1]\" class=\"fusion-lightbox\" target=\"_self\"><img decoding=\"async\" src=\"https:\/\/www.kirchleitn.com\/wp-content\/uploads\/2025\/09\/Hochzeit-Slow-Travel-Resort-Kirchleitn-5.jpg\" width=\"1200\" height=\"800\" alt=\"Bridal couple forms a heart with their hands \u2013 symbolic scene of a wedding at Slow Travel Resort Kirchleitn in Carinthia.\" title=\"Wedding Moments Full of Love\" aria-label=\"Wedding Moments Full of Love\" class=\"img-responsive wp-image-2609\" srcset=\"https:\/\/www.kirchleitn.com\/wp-content\/uploads\/2025\/09\/Hochzeit-Slow-Travel-Resort-Kirchleitn-5-200x133.jpg 200w, https:\/\/www.kirchleitn.com\/wp-content\/uploads\/2025\/09\/Hochzeit-Slow-Travel-Resort-Kirchleitn-5-400x267.jpg 400w, https:\/\/www.kirchleitn.com\/wp-content\/uploads\/2025\/09\/Hochzeit-Slow-Travel-Resort-Kirchleitn-5-600x400.jpg 600w, https:\/\/www.kirchleitn.com\/wp-content\/uploads\/2025\/09\/Hochzeit-Slow-Travel-Resort-Kirchleitn-5-800x533.jpg 800w, https:\/\/www.kirchleitn.com\/wp-content\/uploads\/2025\/09\/Hochzeit-Slow-Travel-Resort-Kirchleitn-5.jpg 1200w\" sizes=\"(min-width: 2200px) 100vw, (min-width: 784px) 397px, (min-width: 712px) 595px, (min-width: 640px) 712px, \" \/><\/a><\/div><\/div><div style=\"padding:5px;\" class=\"fusion-grid-column fusion-gallery-column fusion-gallery-column-3 hover-type-none\"><div class=\"fusion-gallery-image\"><a href=\"https:\/\/www.kirchleitn.com\/wp-content\/uploads\/2025\/09\/events.webp\" rel=\"noreferrer\" data-rel=\"iLightbox[gallery_image_1]\" class=\"fusion-lightbox\" target=\"_self\"><img decoding=\"async\" src=\"https:\/\/www.kirchleitn.com\/wp-content\/uploads\/2025\/09\/events.webp\" width=\"1920\" height=\"1280\" alt=\"Bridal couple walks across the Bad Kleinkirchheim alpine pasture \u2013 unforgettable wedding moments amidst the Carinthian mountain landscape.\" title=\"Bridal Couple on the Alpine Pasture\" aria-label=\"Bridal Couple on the Alpine Pasture\" class=\"img-responsive wp-image-2610\" srcset=\"https:\/\/www.kirchleitn.com\/wp-content\/uploads\/2025\/09\/events-200x133.webp 200w, https:\/\/www.kirchleitn.com\/wp-content\/uploads\/2025\/09\/events-400x267.webp 400w, https:\/\/www.kirchleitn.com\/wp-content\/uploads\/2025\/09\/events-600x400.webp 600w, https:\/\/www.kirchleitn.com\/wp-content\/uploads\/2025\/09\/events-800x533.webp 800w, https:\/\/www.kirchleitn.com\/wp-content\/uploads\/2025\/09\/events-1200x800.webp 1200w, https:\/\/www.kirchleitn.com\/wp-content\/uploads\/2025\/09\/events.webp 1920w\" sizes=\"(min-width: 2200px) 100vw, (min-width: 784px) 397px, (min-width: 712px) 595px, (min-width: 640px) 712px, \" \/><\/a><\/div><\/div><div class=\"clearfix\"><\/div><\/div><\/div><\/div><\/div><\/div><\/div><div class=\"fusion-fullwidth fullwidth-box fusion-builder-row-9 fusion-flex-container has-pattern-background has-mask-background fusion-parallax-none hundred-percent-fullwidth non-hundred-percent-height-scrolling\" style=\"--awb-background-position:center bottom;--awb-border-radius-top-left:0px;--awb-border-radius-top-right:0px;--awb-border-radius-bottom-right:0px;--awb-border-radius-bottom-left:0px;--awb-padding-top:4em;--awb-padding-right:6em;--awb-padding-bottom:4em;--awb-padding-left:6em;--awb-padding-top-small:2em;--awb-padding-right-small:1em;--awb-padding-bottom-small:2em;--awb-padding-left-small:1em;--awb-background-image:linear-gradient(180deg, rgba(89,120,90,0.88) 0%,rgba(111,149,113,0.62) 100%),url(https:\/\/www.kirchleitn.com\/wp-content\/uploads\/2025\/10\/Hochzeit_8.webp);;--awb-background-size:cover;--awb-flex-wrap:wrap;\" ><div class=\"fusion-builder-row fusion-row fusion-flex-align-items-stretch fusion-flex-content-wrap\" style=\"width:104% !important;max-width:104% !important;margin-left: calc(-4% \/ 2 );margin-right: calc(-4% \/ 2 );\"><div class=\"fusion-layout-column fusion_builder_column fusion-builder-column-14 fusion_builder_column_1_1 1_1 fusion-flex-column\" style=\"--awb-bg-size:cover;--awb-width-large:100%;--awb-margin-top-large:0px;--awb-spacing-right-large:1.92%;--awb-margin-bottom-large:20px;--awb-spacing-left-large:1.92%;--awb-width-medium:100%;--awb-order-medium:0;--awb-spacing-right-medium:1.92%;--awb-spacing-left-medium:1.92%;--awb-width-small:100%;--awb-order-small:0;--awb-spacing-right-small:1.92%;--awb-spacing-left-small:1.92%;\"><div class=\"fusion-column-wrapper fusion-column-has-shadow fusion-flex-justify-content-flex-start fusion-content-layout-column\"><div class=\"fusion-title title fusion-title-12 fusion-sep-none fusion-title-text fusion-title-size-four\" style=\"--awb-text-color:var(--awb-color1);--awb-margin-top-small:10px;--awb-margin-right-small:0px;--awb-margin-bottom-small:10px;--awb-margin-left-small:0px;--awb-font-size:40px;\"><h4 class=\"fusion-title-heading title-heading-left\" style=\"font-family:&quot;HarlowSerifRegluar&quot;;font-style:normal;font-weight:400;margin:0;font-size:1em;\">Your Wedding \u2013 as unique as you<\/h4><\/div><div class=\"fusion-title title fusion-title-13 fusion-sep-none fusion-title-text fusion-title-size-four\" style=\"--awb-text-color:var(--awb-color1);--awb-margin-top-small:10px;--awb-margin-right-small:0px;--awb-margin-bottom-small:10px;--awb-margin-left-small:0px;--awb-font-size:20px;\"><h4 class=\"fusion-title-heading title-heading-left\" style=\"font-family:&quot;Outfit&quot;;font-style:normal;font-weight:600;margin:0;font-size:1em;line-height:1.2;\">Whether Boho, Vintage, Rustic, or Fine Art, at our wedding location in the Carinthian mountains, you celebrate love, happiness, and special moments that will last forever with your loved ones.<\/h4><\/div><div class=\"fusion-text fusion-text-6\" style=\"--awb-line-height:1.4;--awb-text-color:var(--awb-color1);--awb-text-font-family:&quot;Outfit&quot;;--awb-text-font-style:normal;--awb-text-font-weight:400;\"><p>It is important to us that you feel completely comfortable with us and can realize your own style. With a lot of experience, heart, and intuition, we will accompany you from the first idea to the big day. <\/p>\n<p>We look forward to bringing your wishes to life together.<\/p>\n<\/div><div ><a class=\"fusion-button button-flat fusion-button-default-size button-custom fusion-button-default button-3 fusion-button-default-span fusion-button-default-type\" style=\"--awb-margin-top:2em;--button_accent_color:var(--awb-color1);--button_accent_hover_color:var(--awb-color1);--button_border_hover_color:var(--awb-color1);--button-border-radius-top-left:0;--button-border-radius-top-right:0;--button-border-radius-bottom-right:0;--button-border-radius-bottom-left:0;--button_gradient_top_color:var(--awb-custom_color_1);--button_gradient_bottom_color:var(--awb-custom_color_1);--button_gradient_top_color_hover:var(--awb-color5);--button_gradient_bottom_color_hover:var(--awb-color5);\" target=\"_blank\" rel=\"noopener noreferrer\" data-hover=\"bg_slide_right\" role=\"button\" href=\"mailto:booknow@slowtravelling.com\"><span class=\"fusion-button-text awb-button__text awb-button__text--default fusion-button-text-right\">Send a non-binding inquiry now<\/span><span class=\"fusion-button-icon-divider button-icon-divider-right\"><i class=\"fa-envelope fas awb-button__icon awb-button__icon--default\" aria-hidden=\"true\"><\/i><\/span><\/a><\/div><\/div><\/div><\/div><\/div><div class=\"fusion-fullwidth fullwidth-box fusion-builder-row-10 fusion-flex-container has-pattern-background has-mask-background hundred-percent-fullwidth non-hundred-percent-height-scrolling\" style=\"--awb-border-radius-top-left:0px;--awb-border-radius-top-right:0px;--awb-border-radius-bottom-right:0px;--awb-border-radius-bottom-left:0px;--awb-padding-left:0px;--awb-padding-right-small:0px;--awb-flex-wrap:wrap;\" ><div class=\"fusion-builder-row fusion-row fusion-flex-align-items-stretch fusion-flex-justify-content-space-between fusion-flex-content-wrap\" style=\"width:104% !important;max-width:104% !important;margin-left: calc(-4% \/ 2 );margin-right: calc(-4% \/ 2 );\"><div class=\"fusion-layout-column fusion_builder_column fusion-builder-column-15 fusion_builder_column_1_2 1_2 fusion-flex-column fusion-flex-align-self-stretch\" style=\"--awb-padding-top:2em;--awb-padding-right:6em;--awb-padding-bottom:2em;--awb-padding-left:6em;--awb-padding-top-small:2em;--awb-padding-right-small:1em;--awb-padding-bottom-small:2em;--awb-padding-left-small:1em;--awb-bg-color:var(--awb-color2);--awb-bg-color-hover:var(--awb-color2);--awb-bg-size:cover;--awb-width-large:50%;--awb-margin-top-large:0px;--awb-spacing-right-large:0%;--awb-margin-bottom-large:0px;--awb-spacing-left-large:0%;--awb-width-medium:50%;--awb-order-medium:0;--awb-spacing-right-medium:0%;--awb-spacing-left-medium:0%;--awb-width-small:100%;--awb-order-small:0;--awb-spacing-right-small:1.92%;--awb-spacing-left-small:1.92%;\"><div class=\"fusion-column-wrapper fusion-column-has-shadow fusion-flex-justify-content-space-between fusion-content-layout-column\"><div class=\"fusion-title title fusion-title-14 fusion-sep-none fusion-title-text fusion-title-size-three\" style=\"--awb-text-color:var(--awb-color7);--awb-margin-top-small:10px;--awb-margin-right-small:0px;--awb-margin-bottom-small:10px;--awb-margin-left-small:0px;--awb-font-size:40px;\"><h3 class=\"fusion-title-heading title-heading-left\" style=\"font-family:&quot;HarlowSerifRegluar&quot;;font-style:normal;font-weight:400;margin:0;font-size:1em;\"><p class=\"p1\">Corporate Meetings<br \/>&amp; Team Events in Carinthia<\/p><\/h3><\/div><div class=\"fusion-text fusion-text-7\" style=\"--awb-text-color:var(--awb-color7);\"><p><b>Kirchleitn creates an atmosphere full of inspiration and relaxation. Here, creative, idea-rich meetings can be wonderfully combined with calming and invigorating hikes in the Nockberge mountains. <\/b><\/p>\n<p>Whether it&#8217;s team building, company outings, or Christmas parties \u2013 our resort offers countless possibilities for every type of corporate event.<\/p>\n<p>We are happy to take care of your supporting program, for example, guided tours through the Biosphere Park, joint cooking classes, or special dinner evenings. We leave no wish unfulfilled and will plan your perfect event together. <\/p>\n<\/div><div ><a class=\"fusion-button button-flat fusion-button-default-size button-custom fusion-button-default button-4 fusion-button-default-span fusion-button-default-type\" style=\"--awb-margin-top:2em;--button_accent_color:var(--awb-color1);--button_accent_hover_color:var(--awb-color1);--button_border_hover_color:var(--awb-color1);--button-border-radius-top-left:0;--button-border-radius-top-right:0;--button-border-radius-bottom-right:0;--button-border-radius-bottom-left:0;--button_gradient_top_color:var(--awb-custom_color_1);--button_gradient_bottom_color:var(--awb-custom_color_1);--button_gradient_top_color_hover:var(--awb-color5);--button_gradient_bottom_color_hover:var(--awb-color5);\" target=\"_blank\" rel=\"noopener noreferrer\" data-hover=\"bg_slide_right\" role=\"button\" href=\"mailto:booknow@slowtravelling.com\"><span class=\"fusion-button-text awb-button__text awb-button__text--default fusion-button-text-right\">Request an offer for your corporate event now<\/span><span class=\"fusion-button-icon-divider button-icon-divider-right\"><i class=\"fa-angle-double-right fas awb-button__icon awb-button__icon--default\" aria-hidden=\"true\"><\/i><\/span><\/a><\/div><\/div><\/div><div class=\"fusion-layout-column fusion_builder_column fusion-builder-column-16 fusion_builder_column_1_2 1_2 fusion-flex-column fusion-flex-align-self-stretch\" style=\"--awb-bg-image:url(&#039;https:\/\/www.kirchleitn.com\/wp-content\/uploads\/2025\/09\/firmentagung.webp&#039;);--awb-bg-position:right top;--awb-bg-size:cover;--awb-width-large:50%;--awb-margin-top-large:0px;--awb-spacing-right-large:0%;--awb-margin-bottom-large:0px;--awb-spacing-left-large:0%;--awb-width-medium:50%;--awb-order-medium:0;--awb-spacing-right-medium:0%;--awb-spacing-left-medium:0%;--awb-width-small:100%;--awb-order-small:0;--awb-spacing-right-small:1.92%;--awb-spacing-left-small:1.92%;\"><div class=\"fusion-column-wrapper fusion-column-has-shadow fusion-flex-justify-content-space-between fusion-content-layout-block fusion-empty-column-bg-image fusion-column-has-bg-image\" data-bg-url=\"https:\/\/www.kirchleitn.com\/wp-content\/uploads\/2025\/09\/firmentagung.webp\"><img decoding=\"async\" class=\"fusion-empty-dims-img-placeholder fusion-no-large-visibility fusion-no-medium-visibility\" alt=\"Seminarraum im Slow Travel Resort Kirchleitn \u2013 ideale Location f\u00fcr Tagungen, Workshops und Firmenveranstaltungen in K\u00e4rnten.\" aria-label=\"Seminare und Tagungen im Feriendorf\" src=\"data:image\/svg+xml,%3Csvg%20xmlns%3D%27http%3A%2F%2Fwww.w3.org%2F2000%2Fsvg%27%20width%3D%271920%27%20height%3D%271280%27%20viewBox%3D%270%200%201920%201280%27%3E%3Crect%20width%3D%271920%27%20height%3D%271280%27%20fill-opacity%3D%220%22%2F%3E%3C%2Fsvg%3E\"><\/div><\/div><\/div><\/div><div class=\"fusion-fullwidth fullwidth-box fusion-builder-row-11 fusion-flex-container has-pattern-background has-mask-background hundred-percent-fullwidth non-hundred-percent-height-scrolling\" style=\"--awb-border-radius-top-left:0px;--awb-border-radius-top-right:0px;--awb-border-radius-bottom-right:0px;--awb-border-radius-bottom-left:0px;--awb-padding-top:2em;--awb-padding-right:6em;--awb-padding-bottom:4em;--awb-padding-left:6em;--awb-padding-top-small:1em;--awb-padding-right-small:1em;--awb-padding-bottom-small:1em;--awb-padding-left-small:1em;--awb-background-color:rgba(1,76,60,0);--awb-background-image:linear-gradient(180deg, var(--awb-custom_color_2) 0%,var(--awb-custom_color_2) 100%);--awb-flex-wrap:wrap;\" ><div class=\"fusion-builder-row fusion-row fusion-flex-align-items-flex-start fusion-flex-content-wrap\" style=\"width:104% !important;max-width:104% !important;margin-left: calc(-4% \/ 2 );margin-right: calc(-4% \/ 2 );\"><div class=\"fusion-layout-column fusion_builder_column fusion-builder-column-17 fusion_builder_column_1_1 1_1 fusion-flex-column fusion-flex-align-self-stretch\" style=\"--awb-bg-size:cover;--awb-width-large:100%;--awb-margin-top-large:0px;--awb-spacing-right-large:1.92%;--awb-margin-bottom-large:0px;--awb-spacing-left-large:1.92%;--awb-width-medium:100%;--awb-order-medium:0;--awb-spacing-right-medium:1.92%;--awb-spacing-left-medium:1.92%;--awb-width-small:100%;--awb-order-small:0;--awb-spacing-right-small:1.92%;--awb-spacing-left-small:1.92%;\"><div class=\"fusion-column-wrapper fusion-column-has-shadow fusion-flex-justify-content-center fusion-content-layout-column\"><div class=\"fusion-title title fusion-title-15 fusion-sep-none fusion-title-text fusion-title-size-four\" style=\"--awb-text-color:var(--awb-color1);--awb-margin-top-small:10px;--awb-margin-right-small:0px;--awb-margin-bottom-small:10px;--awb-margin-left-small:0px;--awb-font-size:40px;\"><h4 class=\"fusion-title-heading title-heading-left\" style=\"font-family:&quot;HarlowSerifplane&quot;;font-style:normal;font-weight:400;margin:0;font-size:1em;\">Growing Together in the Nockberge Mountains<br \/>\u2013 Tips for Varied Team-Building Activities<\/h4><\/div><div class=\"fusion-text fusion-text-8\" style=\"--awb-font-size:24px;--awb-text-color:var(--awb-color1);--awb-text-font-family:&quot;Outfit&quot;;--awb-text-font-style:normal;--awb-text-font-weight:500;\"><p>Whether during a shared outdoor adventure, a herb hike, or a joint cooking class: At Kirchleitn, employees get to know each other away from the daily office routine.<\/p>\n<\/div><div class=\"fusion-text fusion-text-9\" style=\"--awb-text-color:var(--awb-color1);--awb-text-font-family:&quot;Outfit&quot;;--awb-text-font-style:normal;--awb-text-font-weight:400;\"><p>Shared outdoor experiences strengthen team spirit, foster cohesion, and create valuable memories \u2013 an opportunity to laugh together as a team, build trust, and strengthen collaboration.<\/p>\n<\/div><\/div><\/div><div class=\"fusion-layout-column fusion_builder_column fusion-builder-column-18 fusion_builder_column_1_4 1_4 fusion-flex-column fusion-flex-align-self-stretch\" style=\"--awb-bg-image:url(&#039;https:\/\/www.kirchleitn.com\/wp-content\/uploads\/2025\/10\/248_0045_LR_Kirchleitn\u00a9gert_perauer-e1636639811770-Kopie.webp&#039;);--awb-bg-position:center center;--awb-bg-size:cover;--awb-width-large:25%;--awb-margin-top-large:0px;--awb-spacing-right-large:0%;--awb-margin-bottom-large:0px;--awb-spacing-left-large:7.68%;--awb-width-medium:25%;--awb-order-medium:0;--awb-spacing-right-medium:0%;--awb-spacing-left-medium:7.68%;--awb-width-small:100%;--awb-order-small:2;--awb-margin-top-small:1em;--awb-spacing-right-small:1.92%;--awb-margin-bottom-small:1em;--awb-spacing-left-small:1.92%;\"><div class=\"fusion-column-wrapper fusion-column-has-shadow fusion-flex-justify-content-flex-end fusion-content-layout-column fusion-column-has-bg-image\" data-bg-url=\"https:\/\/www.kirchleitn.com\/wp-content\/uploads\/2025\/10\/248_0045_LR_Kirchleitn\u00a9gert_perauer-e1636639811770-Kopie.webp\"><div class=\"fusion-builder-row fusion-builder-row-inner fusion-row fusion-flex-align-items-flex-start fusion-flex-content-wrap\" style=\"--awb-flex-grow:0;--awb-flex-grow-medium:0;--awb-flex-grow-small:0;--awb-flex-shrink:0;--awb-flex-shrink-medium:0;--awb-flex-shrink-small:0;width:104% !important;max-width:104% !important;margin-left: calc(-4% \/ 2 );margin-right: calc(-4% \/ 2 );\"><div class=\"fusion-layout-column fusion_builder_column_inner fusion-builder-nested-column-0 fusion_builder_column_inner_1_1 1_1 fusion-flex-column fusion-flex-align-self-flex-end\" style=\"--awb-padding-top:1em;--awb-padding-right:1em;--awb-padding-left:1em;--awb-bg-color:rgba(243,242,239,0.62);--awb-bg-color-hover:rgba(243,242,239,0.62);--awb-bg-size:cover;--awb-width-large:100%;--awb-margin-top-large:2em;--awb-spacing-right-large:1em;--awb-margin-bottom-large:0px;--awb-spacing-left-large:1em;--awb-width-medium:100%;--awb-order-medium:0;--awb-spacing-right-medium:1em;--awb-spacing-left-medium:1em;--awb-width-small:100%;--awb-order-small:0;--awb-spacing-right-small:1.92%;--awb-spacing-left-small:1.92%;\"><div class=\"fusion-column-wrapper fusion-column-has-shadow fusion-flex-justify-content-flex-end fusion-content-layout-column\"><div class=\"fusion-title title fusion-title-16 fusion-sep-none fusion-title-text fusion-title-size-five\" style=\"--awb-margin-top:0px;--awb-margin-right:1em;--awb-margin-bottom:0px;--awb-margin-top-small:10px;--awb-margin-right-small:0px;--awb-margin-bottom-small:10px;--awb-margin-left-small:0px;--awb-font-size:25px;\"><h5 class=\"fusion-title-heading title-heading-left\" style=\"margin:0;font-size:1em;\">Carinthian Specialties<br \/>Cooking Class<\/h5><\/div><div class=\"fusion-text fusion-text-10\" style=\"--awb-font-size:13px;--awb-margin-top:1em;--awb-text-font-family:&quot;Outfit&quot;;--awb-text-font-style:normal;--awb-text-font-weight:600;\"><p>Price on request<\/p>\n<\/div><\/div><\/div><\/div><\/div><\/div><div class=\"fusion-layout-column fusion_builder_column fusion-builder-column-19 fusion_builder_column_1_4 1_4 fusion-flex-column fusion-flex-align-self-stretch\" style=\"--awb-bg-image:url(&#039;https:\/\/www.kirchleitn.com\/wp-content\/uploads\/2025\/10\/ivan-torres-MQUqbmszGGM-unsplash-1-scaled-e1632478141192-Kopie.webp&#039;);--awb-bg-size:cover;--awb-width-large:25%;--awb-margin-top-large:0px;--awb-spacing-right-large:0%;--awb-margin-bottom-large:0px;--awb-spacing-left-large:7.68%;--awb-width-medium:25%;--awb-order-medium:0;--awb-spacing-right-medium:0%;--awb-spacing-left-medium:7.68%;--awb-width-small:100%;--awb-order-small:1;--awb-margin-top-small:1em;--awb-spacing-right-small:1.92%;--awb-spacing-left-small:1.92%;\"><div class=\"fusion-column-wrapper fusion-column-has-shadow fusion-flex-justify-content-flex-end fusion-content-layout-column fusion-column-has-bg-image\" data-bg-url=\"https:\/\/www.kirchleitn.com\/wp-content\/uploads\/2025\/10\/ivan-torres-MQUqbmszGGM-unsplash-1-scaled-e1632478141192-Kopie.webp\"><div class=\"fusion-builder-row fusion-builder-row-inner fusion-row fusion-flex-align-items-flex-start fusion-flex-content-wrap\" style=\"--awb-flex-grow:0;--awb-flex-grow-medium:0;--awb-flex-grow-small:0;--awb-flex-shrink:0;--awb-flex-shrink-medium:0;--awb-flex-shrink-small:0;width:104% !important;max-width:104% !important;margin-left: calc(-4% \/ 2 );margin-right: calc(-4% \/ 2 );\"><div class=\"fusion-layout-column fusion_builder_column_inner fusion-builder-nested-column-1 fusion_builder_column_inner_1_1 1_1 fusion-flex-column fusion-flex-align-self-flex-end\" style=\"--awb-padding-top:1em;--awb-padding-right:1em;--awb-padding-left:1em;--awb-bg-color:rgba(243,242,239,0.62);--awb-bg-color-hover:rgba(243,242,239,0.62);--awb-bg-size:cover;--awb-width-large:100%;--awb-margin-top-large:2em;--awb-spacing-right-large:1em;--awb-margin-bottom-large:0px;--awb-spacing-left-large:1em;--awb-width-medium:100%;--awb-order-medium:0;--awb-spacing-right-medium:1em;--awb-spacing-left-medium:1em;--awb-width-small:100%;--awb-order-small:0;--awb-spacing-right-small:1.92%;--awb-spacing-left-small:1.92%;\"><div class=\"fusion-column-wrapper fusion-column-has-shadow fusion-flex-justify-content-flex-end fusion-content-layout-column\"><div class=\"fusion-title title fusion-title-17 fusion-sep-none fusion-title-text fusion-title-size-five\" style=\"--awb-margin-top:0px;--awb-margin-right:1em;--awb-margin-bottom:0px;--awb-margin-top-small:10px;--awb-margin-right-small:0px;--awb-margin-bottom-small:10px;--awb-margin-left-small:0px;--awb-font-size:25px;\"><h5 class=\"fusion-title-heading title-heading-left\" style=\"margin:0;font-size:1em;\">Make Your Own Pizza<br \/>Cooking Class<\/h5><\/div><div class=\"fusion-text fusion-text-11\" style=\"--awb-font-size:13px;--awb-margin-top:1em;--awb-text-font-family:&quot;Outfit&quot;;--awb-text-font-style:normal;--awb-text-font-weight:600;\"><p>Price on request<\/p>\n<\/div><\/div><\/div><\/div><\/div><\/div><div class=\"fusion-layout-column fusion_builder_column fusion-builder-column-20 fusion_builder_column_1_4 1_4 fusion-flex-column fusion-flex-align-self-stretch\" style=\"--awb-bg-image:url(&#039;https:\/\/www.kirchleitn.com\/wp-content\/uploads\/2025\/10\/artur-rutkowski-h2CPeqTzaaY-unsplash-1-scaled-e1632478163495-Kopie.webp&#039;);--awb-bg-size:cover;--awb-width-large:25%;--awb-margin-top-large:0px;--awb-spacing-right-large:0%;--awb-margin-bottom-large:0px;--awb-spacing-left-large:7.68%;--awb-width-medium:25%;--awb-order-medium:0;--awb-spacing-right-medium:0%;--awb-spacing-left-medium:7.68%;--awb-width-small:100%;--awb-order-small:3;--awb-spacing-right-small:1.92%;--awb-margin-bottom-small:1em;--awb-spacing-left-small:1.92%;\"><div class=\"fusion-column-wrapper fusion-column-has-shadow fusion-flex-justify-content-flex-end fusion-content-layout-column fusion-column-has-bg-image\" data-bg-url=\"https:\/\/www.kirchleitn.com\/wp-content\/uploads\/2025\/10\/artur-rutkowski-h2CPeqTzaaY-unsplash-1-scaled-e1632478163495-Kopie.webp\"><div class=\"fusion-builder-row fusion-builder-row-inner fusion-row fusion-flex-align-items-flex-start fusion-flex-content-wrap\" style=\"--awb-flex-grow:0;--awb-flex-grow-medium:0;--awb-flex-grow-small:0;--awb-flex-shrink:0;--awb-flex-shrink-medium:0;--awb-flex-shrink-small:0;width:104% !important;max-width:104% !important;margin-left: calc(-4% \/ 2 );margin-right: calc(-4% \/ 2 );\"><div class=\"fusion-layout-column fusion_builder_column_inner fusion-builder-nested-column-2 fusion_builder_column_inner_1_1 1_1 fusion-flex-column fusion-flex-align-self-flex-end\" style=\"--awb-padding-top:1em;--awb-padding-right:1em;--awb-padding-left:1em;--awb-bg-color:rgba(243,242,239,0.62);--awb-bg-color-hover:rgba(243,242,239,0.62);--awb-bg-size:cover;--awb-width-large:100%;--awb-margin-top-large:2em;--awb-spacing-right-large:1em;--awb-margin-bottom-large:0px;--awb-spacing-left-large:1em;--awb-width-medium:100%;--awb-order-medium:0;--awb-spacing-right-medium:1em;--awb-spacing-left-medium:1em;--awb-width-small:100%;--awb-order-small:0;--awb-spacing-right-small:1.92%;--awb-spacing-left-small:1.92%;\"><div class=\"fusion-column-wrapper fusion-column-has-shadow fusion-flex-justify-content-flex-end fusion-content-layout-column\"><div class=\"fusion-title title fusion-title-18 fusion-sep-none fusion-title-text fusion-title-size-five\" style=\"--awb-margin-top:0px;--awb-margin-right:1em;--awb-margin-bottom:0px;--awb-margin-top-small:10px;--awb-margin-right-small:0px;--awb-margin-bottom-small:10px;--awb-margin-left-small:0px;--awb-font-size:25px;\"><h5 class=\"fusion-title-heading title-heading-left\" style=\"margin:0;font-size:1em;\">Visit Our<br \/>Suppliers<\/h5><\/div><div class=\"fusion-text fusion-text-12\" style=\"--awb-font-size:13px;--awb-margin-top:1em;--awb-text-font-family:&quot;Outfit&quot;;--awb-text-font-style:normal;--awb-text-font-weight:600;\"><p>Price on request<\/p>\n<\/div><\/div><\/div><\/div><\/div><\/div><div class=\"fusion-layout-column fusion_builder_column fusion-builder-column-21 fusion_builder_column_1_4 1_4 fusion-flex-column fusion-flex-align-self-stretch\" style=\"--awb-bg-image:url(&#039;https:\/\/www.kirchleitn.com\/wp-content\/uploads\/2025\/10\/pexels-pixabay-48137-1-scaled-e1632477986841-Kopie.webp&#039;);--awb-bg-size:cover;--awb-width-large:25%;--awb-margin-top-large:0px;--awb-spacing-right-large:0%;--awb-margin-bottom-large:0px;--awb-spacing-left-large:7.68%;--awb-width-medium:25%;--awb-order-medium:0;--awb-spacing-right-medium:0%;--awb-spacing-left-medium:7.68%;--awb-width-small:100%;--awb-order-small:4;--awb-spacing-right-small:1.92%;--awb-spacing-left-small:1.92%;\"><div class=\"fusion-column-wrapper fusion-column-has-shadow fusion-flex-justify-content-flex-end fusion-content-layout-column fusion-column-has-bg-image\" data-bg-url=\"https:\/\/www.kirchleitn.com\/wp-content\/uploads\/2025\/10\/pexels-pixabay-48137-1-scaled-e1632477986841-Kopie.webp\"><div class=\"fusion-builder-row fusion-builder-row-inner fusion-row fusion-flex-align-items-flex-start fusion-flex-content-wrap\" style=\"--awb-flex-grow:0;--awb-flex-grow-medium:0;--awb-flex-grow-small:0;--awb-flex-shrink:0;--awb-flex-shrink-medium:0;--awb-flex-shrink-small:0;width:104% !important;max-width:104% !important;margin-left: calc(-4% \/ 2 );margin-right: calc(-4% \/ 2 );\"><div class=\"fusion-layout-column fusion_builder_column_inner fusion-builder-nested-column-3 fusion_builder_column_inner_1_1 1_1 fusion-flex-column fusion-flex-align-self-flex-end\" style=\"--awb-padding-top:1em;--awb-padding-right:1em;--awb-padding-left:1em;--awb-bg-color:rgba(243,242,239,0.62);--awb-bg-color-hover:rgba(243,242,239,0.62);--awb-bg-size:cover;--awb-width-large:100%;--awb-margin-top-large:2em;--awb-spacing-right-large:1em;--awb-margin-bottom-large:0px;--awb-spacing-left-large:1em;--awb-width-medium:100%;--awb-order-medium:0;--awb-spacing-right-medium:1em;--awb-spacing-left-medium:1em;--awb-width-small:100%;--awb-order-small:0;--awb-spacing-right-small:1.92%;--awb-spacing-left-small:1.92%;\"><div class=\"fusion-column-wrapper fusion-column-has-shadow fusion-flex-justify-content-flex-end fusion-content-layout-column\"><div class=\"fusion-title title fusion-title-19 fusion-sep-none fusion-title-text fusion-title-size-five\" style=\"--awb-margin-top:0px;--awb-margin-right:1em;--awb-margin-bottom:0px;--awb-margin-top-small:10px;--awb-margin-right-small:0px;--awb-margin-bottom-small:10px;--awb-margin-left-small:0px;--awb-font-size:25px;\"><h5 class=\"fusion-title-heading title-heading-left\" style=\"margin:0;font-size:1em;\">Guided Tour in the Biosphere Park<\/h5><\/div><div class=\"fusion-text fusion-text-13\" style=\"--awb-font-size:13px;--awb-margin-top:1em;--awb-text-font-family:&quot;Outfit&quot;;--awb-text-font-style:normal;--awb-text-font-weight:600;\"><p>Price on request<\/p>\n<\/div><\/div><\/div><\/div><\/div><\/div><\/div><\/div><div class=\"fusion-fullwidth fullwidth-box fusion-builder-row-12 fusion-flex-container has-pattern-background has-mask-background hundred-percent-fullwidth non-hundred-percent-height-scrolling\" style=\"--awb-border-radius-top-left:0px;--awb-border-radius-top-right:0px;--awb-border-radius-bottom-right:0px;--awb-border-radius-bottom-left:0px;--awb-padding-left:0px;--awb-padding-right-small:0px;--awb-flex-wrap:wrap;\" ><div class=\"fusion-builder-row fusion-row fusion-flex-align-items-stretch fusion-flex-justify-content-space-between fusion-flex-content-wrap\" style=\"width:104% !important;max-width:104% !important;margin-left: calc(-4% \/ 2 );margin-right: calc(-4% \/ 2 );\"><div class=\"fusion-layout-column fusion_builder_column fusion-builder-column-22 fusion_builder_column_1_2 1_2 fusion-flex-column fusion-flex-align-self-stretch\" style=\"--awb-padding-top:20em;--awb-padding-right:8em;--awb-padding-bottom:1em;--awb-padding-left:8em;--awb-bg-image:url(&#039;https:\/\/www.kirchleitn.com\/wp-content\/uploads\/2025\/10\/herbstkind1.webp&#039;);--awb-bg-position:center center;--awb-bg-size:cover;--awb-width-large:50%;--awb-margin-top-large:0px;--awb-spacing-right-large:0%;--awb-margin-bottom-large:0px;--awb-spacing-left-large:0%;--awb-width-medium:50%;--awb-order-medium:0;--awb-spacing-right-medium:0%;--awb-spacing-left-medium:0%;--awb-width-small:100%;--awb-order-small:0;--awb-spacing-right-small:1.92%;--awb-spacing-left-small:1.92%;\"><div class=\"fusion-column-wrapper fusion-column-has-shadow fusion-flex-justify-content-space-between fusion-content-layout-block fusion-empty-column-bg-image fusion-column-has-bg-image\" data-bg-url=\"https:\/\/www.kirchleitn.com\/wp-content\/uploads\/2025\/10\/herbstkind1.webp\"><img decoding=\"async\" class=\"fusion-empty-dims-img-placeholder fusion-no-large-visibility fusion-no-medium-visibility\" alt=\"Kind spielt mit bunten Herbstbl\u00e4ttern beim Familienurlaub in Bad Kleinkirchheim \u2013 goldene Herbsttage in K\u00e4rnten genie\u00dfen.\" aria-label=\"Kind mit Herbstlaub in Bad Kleinkirchheim\" src=\"data:image\/svg+xml,%3Csvg%20xmlns%3D%27http%3A%2F%2Fwww.w3.org%2F2000%2Fsvg%27%20width%3D%271200%27%20height%3D%27801%27%20viewBox%3D%270%200%201200%20801%27%3E%3Crect%20width%3D%271200%27%20height%3D%27801%27%20fill-opacity%3D%220%22%2F%3E%3C%2Fsvg%3E\"><\/div><\/div><div class=\"fusion-layout-column fusion_builder_column fusion-builder-column-23 fusion_builder_column_1_2 1_2 fusion-flex-column fusion-flex-align-self-stretch\" style=\"--awb-padding-top:2em;--awb-padding-right:6em;--awb-padding-bottom:2em;--awb-padding-left:6em;--awb-padding-top-small:2em;--awb-padding-right-small:1em;--awb-padding-bottom-small:2em;--awb-padding-left-small:1em;--awb-bg-color:var(--awb-color2);--awb-bg-color-hover:var(--awb-color2);--awb-bg-size:cover;--awb-width-large:50%;--awb-margin-top-large:0px;--awb-spacing-right-large:0%;--awb-margin-bottom-large:0px;--awb-spacing-left-large:0%;--awb-width-medium:50%;--awb-order-medium:0;--awb-spacing-right-medium:0%;--awb-spacing-left-medium:0%;--awb-width-small:100%;--awb-order-small:0;--awb-spacing-right-small:1.92%;--awb-spacing-left-small:1.92%;\"><div class=\"fusion-column-wrapper fusion-column-has-shadow fusion-flex-justify-content-space-between fusion-content-layout-column\"><div class=\"fusion-title title fusion-title-20 fusion-sep-none fusion-title-text fusion-title-size-four\" style=\"--awb-text-color:var(--awb-color6);--awb-margin-top-small:10px;--awb-margin-right-small:0px;--awb-margin-bottom-small:10px;--awb-margin-left-small:0px;--awb-font-size:40px;\"><h4 class=\"fusion-title-heading title-heading-left\" style=\"font-family:&quot;HarlowSerifRegluar&quot;;font-style:normal;font-weight:400;margin:0;font-size:1em;\">Family-Friendly Meetings<\/h4><\/div><div class=\"fusion-title title fusion-title-21 fusion-sep-none fusion-title-text fusion-title-size-five\" style=\"--awb-text-color:var(--awb-color5);--awb-margin-top-small:10px;--awb-margin-right-small:0px;--awb-margin-bottom-small:10px;--awb-margin-left-small:0px;--awb-font-size:20px;\"><h5 class=\"fusion-title-heading title-heading-left\" style=\"font-family:&quot;Outfit&quot;;font-style:normal;font-weight:600;margin:0;font-size:1em;line-height:1.2;\">Professionally equipped event rooms in Carinthia make your conference, seminar, or celebration a successful experience.<\/h5><\/div><div class=\"fusion-text fusion-text-14\"><p>Your family should also feel comfortable with us. In the middle of the holiday village, you and your children can expect dedicated <a href=\"https:\/\/www.kirchleitn.com\/kinderbereich\/\">children&#8217;s areas<\/a>, as well as \u2013 thanks to the included K\u00e4rnten Card \u2013 numerous exciting excursion destinations in the vicinity of the UNESCO Nockberge Biosphere Park. <\/p>\n<p>Take advantage of our attractive offers for extended nights and turn your conference into a relaxing short break in the Carinthian mountains.<\/p>\n<\/div><\/div><\/div><\/div><\/div><div class=\"fusion-fullwidth fullwidth-box fusion-builder-row-13 fusion-flex-container has-pattern-background has-mask-background hundred-percent-fullwidth non-hundred-percent-height-scrolling\" style=\"--awb-border-radius-top-left:0px;--awb-border-radius-top-right:0px;--awb-border-radius-bottom-right:0px;--awb-border-radius-bottom-left:0px;--awb-padding-left:0px;--awb-padding-right-small:0px;--awb-flex-wrap:wrap;\" ><div class=\"fusion-builder-row fusion-row fusion-flex-align-items-stretch fusion-flex-justify-content-space-between fusion-flex-content-wrap\" style=\"width:104% !important;max-width:104% !important;margin-left: calc(-4% \/ 2 );margin-right: calc(-4% \/ 2 );\"><div class=\"fusion-layout-column fusion_builder_column fusion-builder-column-24 fusion_builder_column_1_2 1_2 fusion-flex-column fusion-flex-align-self-stretch\" style=\"--awb-padding-top:2em;--awb-padding-right:6em;--awb-padding-bottom:2em;--awb-padding-left:6em;--awb-padding-top-small:2em;--awb-padding-right-small:1em;--awb-padding-bottom-small:2em;--awb-padding-left-small:1em;--awb-bg-color:var(--awb-color2);--awb-bg-color-hover:var(--awb-color2);--awb-bg-size:cover;--awb-width-large:50%;--awb-margin-top-large:0px;--awb-spacing-right-large:0%;--awb-margin-bottom-large:0px;--awb-spacing-left-large:0%;--awb-width-medium:50%;--awb-order-medium:0;--awb-spacing-right-medium:0%;--awb-spacing-left-medium:0%;--awb-width-small:100%;--awb-order-small:1;--awb-spacing-right-small:1.92%;--awb-spacing-left-small:1.92%;\"><div class=\"fusion-column-wrapper fusion-column-has-shadow fusion-flex-justify-content-space-between fusion-content-layout-column\"><div class=\"fusion-title title fusion-title-22 fusion-sep-none fusion-title-text fusion-title-size-two\" style=\"--awb-text-color:var(--awb-color6);--awb-margin-top-small:10px;--awb-margin-right-small:0px;--awb-margin-bottom-small:10px;--awb-margin-left-small:0px;--awb-font-size:30px;\"><h2 class=\"fusion-title-heading title-heading-left\" style=\"font-family:&quot;HarlowSerifRegluar&quot;;font-style:normal;font-weight:400;margin:0;font-size:1em;\">Accommodation Directly at the Event Venue<br \/>\u2013 Stay Relaxed Instead of Driving Home<\/h2><\/div><div class=\"fusion-text fusion-text-15\"><p data-start=\"186\" data-end=\"431\">After a day full of emotions, laughter, and special moments, you don&#8217;t have to make your way home. Directly in the Kirchleitn holiday village, you and your guests can comfortably stay overnight, cozy and right in the middle of the action. <\/p>\n<p data-start=\"433\" data-end=\"719\">Thus, your celebration seamlessly transitions into a relaxed break. In the evening, you can review the experiences, enjoy a glass of wine or a cozy chat by the tiled stove, and the next morning, you start refreshed into new adventures. <\/p>\n<\/div><div ><a class=\"fusion-button button-flat fusion-button-default-size button-custom fusion-button-default button-5 fusion-button-default-span fusion-button-default-type\" style=\"--awb-margin-top:2em;--button_accent_color:var(--awb-color1);--button_accent_hover_color:var(--awb-color1);--button_border_hover_color:var(--awb-color1);--button-border-radius-top-left:0;--button-border-radius-top-right:0;--button-border-radius-bottom-right:0;--button-border-radius-bottom-left:0;--button_gradient_top_color:var(--awb-custom_color_1);--button_gradient_bottom_color:var(--awb-custom_color_1);--button_gradient_top_color_hover:var(--awb-color5);--button_gradient_bottom_color_hover:var(--awb-color5);\" target=\"_blank\" rel=\"noopener noreferrer\" data-hover=\"bg_slide_right\" role=\"button\" href=\"https:\/\/www.kirchleitn.com\/unsere-appartements\/\"><span class=\"fusion-button-text awb-button__text awb-button__text--default fusion-button-text-right\">More about the apartments in Kirchleitn<\/span><span class=\"fusion-button-icon-divider button-icon-divider-right\"><i class=\"fa-angle-double-right fas awb-button__icon awb-button__icon--default\" aria-hidden=\"true\"><\/i><\/span><\/a><\/div><\/div><\/div><div class=\"fusion-layout-column fusion_builder_column fusion-builder-column-25 fusion_builder_column_1_2 1_2 fusion-flex-column fusion-flex-align-self-stretch\" style=\"--awb-padding-top:20em;--awb-padding-right:8em;--awb-padding-bottom:1em;--awb-padding-left:8em;--awb-bg-image:url(&#039;https:\/\/www.kirchleitn.com\/wp-content\/uploads\/2025\/09\/Aussenansicht\u00a9Slow-Travel-Resort_10-Kopie.webp&#039;);--awb-bg-position:center center;--awb-bg-size:cover;--awb-width-large:50%;--awb-margin-top-large:0px;--awb-spacing-right-large:0%;--awb-margin-bottom-large:0px;--awb-spacing-left-large:0%;--awb-width-medium:50%;--awb-order-medium:0;--awb-spacing-right-medium:0%;--awb-spacing-left-medium:0%;--awb-width-small:100%;--awb-order-small:0;--awb-spacing-right-small:1.92%;--awb-spacing-left-small:1.92%;\" data-scroll-devices=\"small-visibility,medium-visibility,large-visibility\"><div class=\"fusion-column-wrapper fusion-column-has-shadow fusion-flex-justify-content-space-between fusion-content-layout-block fusion-empty-column-bg-image fusion-column-has-bg-image\" data-bg-url=\"https:\/\/www.kirchleitn.com\/wp-content\/uploads\/2025\/09\/Aussenansicht\u00a9Slow-Travel-Resort_10-Kopie.webp\"><img decoding=\"async\" class=\"fusion-empty-dims-img-placeholder fusion-no-large-visibility fusion-no-medium-visibility\" alt=\"Alpine holiday home in Bad Kleinkirchheim in the Slow Travel Resort Kirchleitn in Carinthia \u2013 right next to the water playground.\" aria-label=\"Holiday Home in Bad Kleinkirchheim\" src=\"data:image\/svg+xml,%3Csvg%20xmlns%3D%27http%3A%2F%2Fwww.w3.org%2F2000%2Fsvg%27%20width%3D%271920%27%20height%3D%271280%27%20viewBox%3D%270%200%201920%201280%27%3E%3Crect%20width%3D%271920%27%20height%3D%271280%27%20fill-opacity%3D%220%22%2F%3E%3C%2Fsvg%3E\"><\/div><\/div><\/div><\/div><div class=\"fusion-fullwidth fullwidth-box fusion-builder-row-14 fusion-flex-container has-pattern-background has-mask-background hundred-percent-fullwidth non-hundred-percent-height-scrolling\" style=\"--awb-border-radius-top-left:0px;--awb-border-radius-top-right:0px;--awb-border-radius-bottom-right:0px;--awb-border-radius-bottom-left:0px;--awb-padding-left:0px;--awb-padding-right-small:0px;--awb-flex-wrap:wrap;\" ><div class=\"fusion-builder-row fusion-row fusion-flex-align-items-stretch fusion-flex-justify-content-space-between fusion-flex-content-wrap\" style=\"width:104% !important;max-width:104% !important;margin-left: calc(-4% \/ 2 );margin-right: calc(-4% \/ 2 );\"><div class=\"fusion-layout-column fusion_builder_column fusion-builder-column-26 fusion_builder_column_1_2 1_2 fusion-flex-column fusion-flex-align-self-stretch\" style=\"--awb-bg-image:url(&#039;https:\/\/www.kirchleitn.com\/wp-content\/uploads\/2025\/10\/feiern.webp&#039;);--awb-bg-position:right top;--awb-bg-size:cover;--awb-width-large:50%;--awb-margin-top-large:0px;--awb-spacing-right-large:0%;--awb-margin-bottom-large:0px;--awb-spacing-left-large:0%;--awb-width-medium:50%;--awb-order-medium:0;--awb-spacing-right-medium:0%;--awb-spacing-left-medium:0%;--awb-width-small:100%;--awb-order-small:0;--awb-spacing-right-small:1.92%;--awb-spacing-left-small:1.92%;\"><div class=\"fusion-column-wrapper fusion-column-has-shadow fusion-flex-justify-content-space-between fusion-content-layout-block fusion-empty-column-bg-image fusion-column-has-bg-image\" data-bg-url=\"https:\/\/www.kirchleitn.com\/wp-content\/uploads\/2025\/10\/feiern.webp\"><img decoding=\"async\" class=\"fusion-empty-dims-img-placeholder fusion-no-large-visibility fusion-no-medium-visibility\" alt=\"Gruppe feiert in gem\u00fctlicher Atmosph\u00e4re im Slow Travel Resort Kirchleitn \u2013 gesellige Momente in den Eventlocations direkt im Feriendorf\" aria-label=\"Gemeinsam feiern im Slow Travel Resort Kirchleitn\" src=\"data:image\/svg+xml,%3Csvg%20xmlns%3D%27http%3A%2F%2Fwww.w3.org%2F2000%2Fsvg%27%20width%3D%271920%27%20height%3D%271282%27%20viewBox%3D%270%200%201920%201282%27%3E%3Crect%20width%3D%271920%27%20height%3D%271282%27%20fill-opacity%3D%220%22%2F%3E%3C%2Fsvg%3E\"><\/div><\/div><div class=\"fusion-layout-column fusion_builder_column fusion-builder-column-27 fusion_builder_column_1_2 1_2 fusion-flex-column fusion-flex-align-self-stretch\" style=\"--awb-padding-top:2em;--awb-padding-right:6em;--awb-padding-bottom:2em;--awb-padding-left:6em;--awb-padding-top-small:2em;--awb-padding-right-small:1em;--awb-padding-bottom-small:2em;--awb-padding-left-small:1em;--awb-bg-color:rgba(204,136,0,0.11);--awb-bg-color-hover:rgba(204,136,0,0.11);--awb-bg-size:cover;--awb-width-large:50%;--awb-margin-top-large:0px;--awb-spacing-right-large:0%;--awb-margin-bottom-large:0px;--awb-spacing-left-large:0%;--awb-width-medium:50%;--awb-order-medium:0;--awb-spacing-right-medium:0%;--awb-spacing-left-medium:0%;--awb-width-small:100%;--awb-order-small:0;--awb-spacing-right-small:1.92%;--awb-spacing-left-small:1.92%;\"><div class=\"fusion-column-wrapper fusion-column-has-shadow fusion-flex-justify-content-space-between fusion-content-layout-column\"><div class=\"fusion-title title fusion-title-23 fusion-sep-none fusion-title-text fusion-title-size-three\" style=\"--awb-text-color:var(--awb-color7);--awb-margin-top-small:10px;--awb-margin-right-small:0px;--awb-margin-bottom-small:10px;--awb-margin-left-small:0px;--awb-font-size:40px;\"><h3 class=\"fusion-title-heading title-heading-left\" style=\"font-family:&quot;HarlowSerifRegluar&quot;;font-style:normal;font-weight:400;margin:0;font-size:1em;\"><p class=\"p1\">Your Event with Us<\/p><\/h3><\/div><div class=\"fusion-text fusion-text-16\" style=\"--awb-text-color:var(--awb-color7);\"><p>During a personal conversation, we are happy to take the time to discuss your ideas and all important details in peace.<\/p>\n<\/div><div ><a class=\"fusion-button button-flat fusion-button-default-size button-custom fusion-button-default button-6 fusion-button-default-span fusion-button-default-type\" style=\"--awb-margin-top:2em;--button_accent_color:var(--awb-color1);--button_accent_hover_color:var(--awb-color1);--button_border_hover_color:var(--awb-color1);--button-border-radius-top-left:0;--button-border-radius-top-right:0;--button-border-radius-bottom-right:0;--button-border-radius-bottom-left:0;--button_gradient_top_color:var(--awb-custom_color_1);--button_gradient_bottom_color:var(--awb-custom_color_1);--button_gradient_top_color_hover:var(--awb-color5);--button_gradient_bottom_color_hover:var(--awb-color5);\" target=\"_blank\" rel=\"noopener noreferrer\" data-hover=\"bg_slide_right\" role=\"button\" href=\"mailto:booknow@slowtravelling.com\"><span class=\"fusion-button-text awb-button__text awb-button__text--default fusion-button-text-right\"> Arrange a Personal Meeting<\/span><span class=\"fusion-button-icon-divider button-icon-divider-right\"><i class=\"fa-paper-plane fas awb-button__icon awb-button__icon--default\" aria-hidden=\"true\"><\/i><\/span><\/a><\/div><\/div><\/div><\/div><\/div><div class=\"fusion-fullwidth fullwidth-box fusion-builder-row-15 fusion-flex-container has-pattern-background has-mask-background hundred-percent-fullwidth non-hundred-percent-height-scrolling\" style=\"--awb-border-radius-top-left:0px;--awb-border-radius-top-right:0px;--awb-border-radius-bottom-right:0px;--awb-border-radius-bottom-left:0px;--awb-padding-left:0px;--awb-padding-right-small:0px;--awb-flex-wrap:wrap;\" ><div class=\"fusion-builder-row fusion-row fusion-flex-align-items-stretch fusion-flex-justify-content-space-between fusion-flex-content-wrap\" style=\"width:104% !important;max-width:104% !important;margin-left: calc(-4% \/ 2 );margin-right: calc(-4% \/ 2 );\"><div class=\"fusion-layout-column fusion_builder_column fusion-builder-column-28 fusion_builder_column_1_2 1_2 fusion-flex-column fusion-flex-align-self-stretch\" style=\"--awb-padding-top:4em;--awb-padding-right:8em;--awb-padding-bottom:4em;--awb-padding-left:8em;--awb-padding-top-small:2em;--awb-padding-right-small:1em;--awb-padding-bottom-small:0px;--awb-padding-left-small:1em;--awb-bg-color:var(--awb-color2);--awb-bg-color-hover:var(--awb-color2);--awb-bg-size:cover;--awb-width-large:50%;--awb-margin-top-large:0px;--awb-spacing-right-large:0%;--awb-margin-bottom-large:0px;--awb-spacing-left-large:0%;--awb-width-medium:50%;--awb-order-medium:0;--awb-spacing-right-medium:0%;--awb-spacing-left-medium:0%;--awb-width-small:100%;--awb-order-small:1;--awb-spacing-right-small:1.92%;--awb-spacing-left-small:1.92%;\"><div class=\"fusion-column-wrapper fusion-column-has-shadow fusion-flex-justify-content-space-between fusion-content-layout-column\"><div class=\"fusion-text fusion-text-17 fusion-text-no-margin\" style=\"--awb-font-size:40px;--awb-letter-spacing:0px;--awb-text-color:var(--awb-color4);--awb-margin-top:0px;--awb-margin-right:0px;--awb-margin-bottom:0px;--awb-margin-left:0px;--awb-text-font-family:&quot;HarlowSerifRegluar&quot;;--awb-text-font-style:normal;--awb-text-font-weight:400;\"><p>FAQs Mountain Event Location in Carinthia<\/p>\n<\/div><div class=\"accordian fusion-accordian\" style=\"margin-top:1em;margin-bottom:1em;--awb-margin-top:1em;--awb-margin-bottom:1em;--awb-border-size:1px;--awb-icon-size:16px;--awb-content-font-size:20px;--awb-icon-alignment:left;--awb-hover-color:var(--awb-color2);--awb-border-color:var(--awb-color3);--awb-background-color:var(--awb-color1);--awb-divider-color:rgba(242,243,245,0);--awb-divider-hover-color:rgba(242,243,245,0);--awb-icon-color:var(--awb-color1);--awb-title-color:var(--awb-color7);--awb-content-color:var(--awb-color7);--awb-icon-box-color:var(--awb-color4);--awb-toggle-hover-accent-color:var(--awb-color5);--awb-toggle-active-accent-color:var(--awb-color7);--awb-title-font-family:var(--awb-typography1-font-family);--awb-title-font-weight:var(--awb-typography1-font-weight);--awb-title-font-style:var(--awb-typography1-font-style);--awb-title-font-size:16px;--awb-content-font-family:&quot;Outfit&quot;;--awb-content-font-style:normal;--awb-content-font-weight:400;\"><div class=\"panel-group fusion-toggle-icon-boxed\" id=\"accordion-2605-1\"><div class=\"fusion-panel panel-default panel-74ea716eee3801ea5 fusion-toggle-has-divider\" style=\"--awb-content-font-size:20px;--awb-content-line-height:1.4;--awb-content-font-family:&quot;Outfit&quot;;--awb-content-font-style:normal;--awb-content-font-weight:400;--awb-title-font-size:20px;--awb-title-line-height:1.4;--awb-title-color:var(--awb-color4);--awb-content-color:var(--awb-color7);\"><div class=\"panel-heading\"><h4 class=\"panel-title toggle\" id=\"toggle_74ea716eee3801ea5\"><a aria-expanded=\"false\" aria-controls=\"74ea716eee3801ea5\" role=\"button\" data-toggle=\"collapse\" data-parent=\"#accordion-2605-1\" data-target=\"#74ea716eee3801ea5\" href=\"#74ea716eee3801ea5\"><span class=\"fusion-toggle-icon-wrapper\" aria-hidden=\"true\"><i class=\"fa-fusion-box active-icon awb-icon-minus\" aria-hidden=\"true\"><\/i><i class=\"fa-fusion-box inactive-icon awb-icon-plus\" aria-hidden=\"true\"><\/i><\/span><span class=\"fusion-toggle-heading\">Where Can I get Married in the Carinthian Mountains?<\/span><\/a><\/h4><\/div><div id=\"74ea716eee3801ea5\" class=\"panel-collapse collapse \" aria-labelledby=\"toggle_74ea716eee3801ea5\"><div class=\"panel-body toggle-content fusion-clearfix\">\n<p>At Slow Travel Resort Kirchleitn in Bad Kleinkirchheim, you can get married amidst the Carinthian Nockberge mountains at an altitude of 1,300 meters. Surrounded by nature and tranquility, you can celebrate romantic ceremonies and stylish weddings. You and your guests can comfortably stay overnight in cozy apartments directly in the holiday village.  <\/p>\n<\/div><\/div><\/div><div class=\"fusion-panel panel-default panel-a0cda00b4d6700b44 fusion-toggle-has-divider\" style=\"--awb-content-font-size:20px;--awb-content-line-height:1.4;--awb-content-font-family:&quot;Outfit&quot;;--awb-content-font-style:normal;--awb-content-font-weight:400;--awb-title-font-size:20px;--awb-title-line-height:1.4;--awb-title-color:var(--awb-color4);--awb-content-color:var(--awb-color7);\"><div class=\"panel-heading\"><h4 class=\"panel-title toggle\" id=\"toggle_a0cda00b4d6700b44\"><a aria-expanded=\"false\" aria-controls=\"a0cda00b4d6700b44\" role=\"button\" data-toggle=\"collapse\" data-parent=\"#accordion-2605-1\" data-target=\"#a0cda00b4d6700b44\" href=\"#a0cda00b4d6700b44\"><span class=\"fusion-toggle-icon-wrapper\" aria-hidden=\"true\"><i class=\"fa-fusion-box active-icon awb-icon-minus\" aria-hidden=\"true\"><\/i><i class=\"fa-fusion-box inactive-icon awb-icon-plus\" aria-hidden=\"true\"><\/i><\/span><span class=\"fusion-toggle-heading\">Which Wedding Location for over 100 People in Carinthia?<\/span><\/a><\/h4><\/div><div id=\"a0cda00b4d6700b44\" class=\"panel-collapse collapse \" aria-labelledby=\"toggle_a0cda00b4d6700b44\"><div class=\"panel-body toggle-content fusion-clearfix\">\n<p>Slow Travel Resort Kirchleitn offers space for weddings with up to 500 guests. The event rooms can be designed in various styles \u2013 from Boho to Fine Art \u2013 and the varied children&#8217;s areas in the middle of the holiday village provide entertainment for children. The alpine wooden houses and the mountain scenery lend a unique flair to your wedding.  <\/p>\n<\/div><\/div><\/div><div class=\"fusion-panel panel-default panel-00d6f038525976224 fusion-toggle-has-divider\" style=\"--awb-content-font-size:20px;--awb-content-line-height:1.4;--awb-content-font-family:&quot;Outfit&quot;;--awb-content-font-style:normal;--awb-content-font-weight:400;--awb-title-font-size:20px;--awb-title-line-height:1.4;--awb-title-color:var(--awb-color4);--awb-content-color:var(--awb-color7);\"><div class=\"panel-heading\"><h4 class=\"panel-title toggle\" id=\"toggle_00d6f038525976224\"><a aria-expanded=\"false\" aria-controls=\"00d6f038525976224\" role=\"button\" data-toggle=\"collapse\" data-parent=\"#accordion-2605-1\" data-target=\"#00d6f038525976224\" href=\"#00d6f038525976224\"><span class=\"fusion-toggle-icon-wrapper\" aria-hidden=\"true\"><i class=\"fa-fusion-box active-icon awb-icon-minus\" aria-hidden=\"true\"><\/i><i class=\"fa-fusion-box inactive-icon awb-icon-plus\" aria-hidden=\"true\"><\/i><\/span><span class=\"fusion-toggle-heading\">Where Can You Celebrate a Baptism in Carinthia?<\/span><\/a><\/h4><\/div><div id=\"00d6f038525976224\" class=\"panel-collapse collapse \" aria-labelledby=\"toggle_00d6f038525976224\"><div class=\"panel-body toggle-content fusion-clearfix\">\n<p>At Slow Travel Resort Kirchleitn, baptisms can be celebrated in a small or larger family circle. The regional cuisine pampers the guests, while children romp around in the indoor play area, on the Bobby Car race track, or in other play areas of the village. This way, adults can celebrate carefree, and even the little ones will never get bored.  <\/p>\n<\/div><\/div><\/div><div class=\"fusion-panel panel-default panel-4dc0e5d97769bb3ea fusion-toggle-has-divider\" style=\"--awb-content-font-size:20px;--awb-content-line-height:1.4;--awb-content-font-family:&quot;Outfit&quot;;--awb-content-font-style:normal;--awb-content-font-weight:400;--awb-title-font-size:20px;--awb-title-line-height:1.4;--awb-title-color:var(--awb-color4);--awb-content-color:var(--awb-color7);\"><div class=\"panel-heading\"><h4 class=\"panel-title toggle\" id=\"toggle_4dc0e5d97769bb3ea\"><a aria-expanded=\"false\" aria-controls=\"4dc0e5d97769bb3ea\" role=\"button\" data-toggle=\"collapse\" data-parent=\"#accordion-2605-1\" data-target=\"#4dc0e5d97769bb3ea\" href=\"#4dc0e5d97769bb3ea\"><span class=\"fusion-toggle-icon-wrapper\" aria-hidden=\"true\"><i class=\"fa-fusion-box active-icon awb-icon-minus\" aria-hidden=\"true\"><\/i><i class=\"fa-fusion-box inactive-icon awb-icon-plus\" aria-hidden=\"true\"><\/i><\/span><span class=\"fusion-toggle-heading\">Which Event Location in Carinthia for Corporate Events<\/span><\/a><\/h4><\/div><div id=\"4dc0e5d97769bb3ea\" class=\"panel-collapse collapse \" aria-labelledby=\"toggle_4dc0e5d97769bb3ea\"><div class=\"panel-body toggle-content fusion-clearfix\">\n<p>The Slow Travel Resort in Carinthia offers versatile premises for corporate events, seminars, and team events for up to 500 people. Combine productive meetings with outdoor activities or <a href=\"https:\/\/www.kirchleitn.com\/wandern\/\">hikes<\/a>, while participants and their families can stay overnight directly on-site in the holiday village. <\/p>\n<\/div><\/div><\/div><div class=\"fusion-panel panel-default panel-e081ee1c4c819b30c fusion-toggle-has-divider\" style=\"--awb-content-font-size:20px;--awb-content-line-height:1.4;--awb-content-font-family:&quot;Outfit&quot;;--awb-content-font-style:normal;--awb-content-font-weight:400;--awb-title-font-size:20px;--awb-title-line-height:1.4;--awb-title-color:var(--awb-color4);--awb-content-color:var(--awb-color7);\"><div class=\"panel-heading\"><h4 class=\"panel-title toggle\" id=\"toggle_e081ee1c4c819b30c\"><a aria-expanded=\"false\" aria-controls=\"e081ee1c4c819b30c\" role=\"button\" data-toggle=\"collapse\" data-parent=\"#accordion-2605-1\" data-target=\"#e081ee1c4c819b30c\" href=\"#e081ee1c4c819b30c\"><span class=\"fusion-toggle-icon-wrapper\" aria-hidden=\"true\"><i class=\"fa-fusion-box active-icon awb-icon-minus\" aria-hidden=\"true\"><\/i><i class=\"fa-fusion-box inactive-icon awb-icon-plus\" aria-hidden=\"true\"><\/i><\/span><span class=\"fusion-toggle-heading\">Where Can You Celebrate Sustainably in Carinthia?<\/span><\/a><\/h4><\/div><div id=\"e081ee1c4c819b30c\" class=\"panel-collapse collapse \" aria-labelledby=\"toggle_e081ee1c4c819b30c\"><div class=\"panel-body toggle-content fusion-clearfix\">\n<p>In line with the <a href=\"https:\/\/www.slowtravelling.com\/slow-travel-urlaub\/\" target=\"_blank\" rel=\"noopener\">Slow Travel concept<\/a>, sustainable celebrations are central at Slow Travel Resort Kirchleitn. For weddings, birthdays, or corporate events, regional ingredients and seasonal menus are used. Lovingly designed rooms and on-site accommodation combine sustainability with unforgettable moments.  <\/p>\n<\/div><\/div><\/div><div class=\"fusion-panel panel-default panel-41b299e27355b11ef fusion-toggle-has-divider\" style=\"--awb-content-font-size:20px;--awb-content-line-height:1.4;--awb-content-font-family:&quot;Outfit&quot;;--awb-content-font-style:normal;--awb-content-font-weight:400;--awb-title-font-size:20px;--awb-title-line-height:1.4;--awb-title-color:var(--awb-color4);--awb-content-color:var(--awb-color7);\"><div class=\"panel-heading\"><h4 class=\"panel-title toggle\" id=\"toggle_41b299e27355b11ef\"><a aria-expanded=\"false\" aria-controls=\"41b299e27355b11ef\" role=\"button\" data-toggle=\"collapse\" data-parent=\"#accordion-2605-1\" data-target=\"#41b299e27355b11ef\" href=\"#41b299e27355b11ef\"><span class=\"fusion-toggle-icon-wrapper\" aria-hidden=\"true\"><i class=\"fa-fusion-box active-icon awb-icon-minus\" aria-hidden=\"true\"><\/i><i class=\"fa-fusion-box inactive-icon awb-icon-plus\" aria-hidden=\"true\"><\/i><\/span><span class=\"fusion-toggle-heading\">Which Location in Carinthia for Large Family Celebrations?<\/span><\/a><\/h4><\/div><div id=\"41b299e27355b11ef\" class=\"panel-collapse collapse \" aria-labelledby=\"toggle_41b299e27355b11ef\"><div class=\"panel-body toggle-content fusion-clearfix\">\n<p>Large family celebrations are particularly uncomplicated at the Kirchleitn holiday village in Bad Kleinkirchheim. While children have fun in play areas or on the Bobby Car race track, adults can celebrate in peace, and all guests can stay overnight directly in the village. <\/p>\n<\/div><\/div><\/div><\/div><\/div><\/div><\/div><div class=\"fusion-layout-column fusion_builder_column fusion-builder-column-29 fusion_builder_column_1_2 1_2 fusion-flex-column fusion-flex-align-self-stretch\" style=\"--awb-bg-image:url(&#039;https:\/\/www.kirchleitn.com\/wp-content\/uploads\/2025\/09\/Hochzeit-Slow-Travel-Resort-Kirchleitn-4.jpg&#039;);--awb-bg-position:center center;--awb-bg-size:cover;--awb-width-large:50%;--awb-margin-top-large:0px;--awb-spacing-right-large:0%;--awb-margin-bottom-large:0px;--awb-spacing-left-large:0%;--awb-width-medium:50%;--awb-order-medium:0;--awb-spacing-right-medium:0%;--awb-spacing-left-medium:0%;--awb-width-small:100%;--awb-order-small:0;--awb-spacing-right-small:1.92%;--awb-spacing-left-small:1.92%;\" data-scroll-devices=\"small-visibility,medium-visibility,large-visibility\"><div class=\"fusion-column-wrapper fusion-column-has-shadow fusion-flex-justify-content-space-between fusion-content-layout-column fusion-empty-column-bg-image fusion-column-has-bg-image\" data-bg-url=\"https:\/\/www.kirchleitn.com\/wp-content\/uploads\/2025\/09\/Hochzeit-Slow-Travel-Resort-Kirchleitn-4.jpg\"><img decoding=\"async\" class=\"fusion-empty-dims-img-placeholder fusion-no-large-visibility fusion-no-medium-visibility\" alt=\"Festively decorated tables in the Tenne event location \u2013 stylish wedding celebration amidst the mountains at Slow Travel Resort Kirchleitn in St. Oswald.\" aria-label=\"Festively Set Tables in the Tenne Event Location\" src=\"data:image\/svg+xml,%3Csvg%20xmlns%3D%27http%3A%2F%2Fwww.w3.org%2F2000%2Fsvg%27%20width%3D%271200%27%20height%3D%27800%27%20viewBox%3D%270%200%201200%20800%27%3E%3Crect%20width%3D%271200%27%20height%3D%27800%27%20fill-opacity%3D%220%22%2F%3E%3C%2Fsvg%3E\"><\/div><\/div><\/div><\/div><\/p>\n","protected":false},"excerpt":{"rendered":"","protected":false},"author":1,"featured_media":2606,"parent":0,"menu_order":0,"comment_status":"closed","ping_status":"closed","template":"100-width.php","meta":{"footnotes":""},"class_list":["post-2605","page","type-page","status-publish","has-post-thumbnail","hentry"],"_links":{"self":[{"href":"https:\/\/www.kirchleitn.com\/en\/wp-json\/wp\/v2\/pages\/2605","targetHints":{"allow":["GET"]}}],"collection":[{"href":"https:\/\/www.kirchleitn.com\/en\/wp-json\/wp\/v2\/pages"}],"about":[{"href":"https:\/\/www.kirchleitn.com\/en\/wp-json\/wp\/v2\/types\/page"}],"author":[{"embeddable":true,"href":"https:\/\/www.kirchleitn.com\/en\/wp-json\/wp\/v2\/users\/1"}],"replies":[{"embeddable":true,"href":"https:\/\/www.kirchleitn.com\/en\/wp-json\/wp\/v2\/comments?post=2605"}],"version-history":[{"count":0,"href":"https:\/\/www.kirchleitn.com\/en\/wp-json\/wp\/v2\/pages\/2605\/revisions"}],"wp:featuredmedia":[{"embeddable":true,"href":"https:\/\/www.kirchleitn.com\/en\/wp-json\/wp\/v2\/media\/2606"}],"wp:attachment":[{"href":"https:\/\/www.kirchleitn.com\/en\/wp-json\/wp\/v2\/media?parent=2605"}],"curies":[{"name":"wp","href":"https:\/\/api.w.org\/{rel}","templated":true}]}}