{"id":2848,"date":"2025-12-18T10:12:12","date_gmt":"2025-12-18T09:12:12","guid":{"rendered":"https:\/\/www.kirchleitn.com\/winter-holiday\/"},"modified":"2026-04-20T10:48:10","modified_gmt":"2026-04-20T08:48:10","slug":"winter-holiday","status":"publish","type":"page","link":"https:\/\/www.kirchleitn.com\/en\/winter-holiday\/","title":{"rendered":"Winter Holiday"},"content":{"rendered":"<p><div class=\"fusion-fullwidth fullwidth-box fusion-builder-row-1 fusion-flex-container has-pattern-background has-mask-background hundred-percent-fullwidth non-hundred-percent-height-scrolling fusion-no-small-visibility\" style=\"--awb-border-radius-top-left:0px;--awb-border-radius-top-right:0px;--awb-border-radius-bottom-right:0px;--awb-border-radius-bottom-left:0px;--awb-padding-top:10em;--awb-padding-right:8em;--awb-padding-bottom:2em;--awb-padding-left:8em;--awb-min-height:700px;--awb-background-color:rgba(79,74,74,0);--awb-background-image:linear-gradient(180deg, rgba(20,22,23,0.19) 0%,rgba(20,22,23,0.39) 100%);--awb-flex-wrap:wrap;--awb-filter:brightness(96%) contrast(117%);--awb-filter-transition:filter 0.3s ease;--awb-filter-hover:brightness(100%) contrast(100%);\" ><div class=\"awb-background-slider\" data-type=\"container\" data-loop=\"yes\" data-animation=\"fade\" data-slideshow-speed=\"5900\" data-animation-speed=\"800\" data-direction=\"down\" style=\"--awb-image-position:50% 57%;mix-blend-mode:overlay;\"><div class=\"swiper-wrapper\"><div class=\"swiper-slide\"><img decoding=\"async\" width=\"1000\" height=\"563\" src=\"https:\/\/www.kirchleitn.com\/wp-content\/uploads\/2025\/10\/1_Euro_Skipass_Family_web-e1633422699286-Kopie.webp\" class=\"awb-background-slider__image\" alt=\"Winterurlaub mit Familie in K\u00e4rnten Kinder spielen ausgelassen im Schnee\" srcset=\"https:\/\/www.kirchleitn.com\/wp-content\/uploads\/2025\/10\/1_Euro_Skipass_Family_web-e1633422699286-Kopie-200x113.webp 200w, https:\/\/www.kirchleitn.com\/wp-content\/uploads\/2025\/10\/1_Euro_Skipass_Family_web-e1633422699286-Kopie-300x169.webp 300w, https:\/\/www.kirchleitn.com\/wp-content\/uploads\/2025\/10\/1_Euro_Skipass_Family_web-e1633422699286-Kopie-400x225.webp 400w, https:\/\/www.kirchleitn.com\/wp-content\/uploads\/2025\/10\/1_Euro_Skipass_Family_web-e1633422699286-Kopie-600x338.webp 600w, https:\/\/www.kirchleitn.com\/wp-content\/uploads\/2025\/10\/1_Euro_Skipass_Family_web-e1633422699286-Kopie-768x432.webp 768w, https:\/\/www.kirchleitn.com\/wp-content\/uploads\/2025\/10\/1_Euro_Skipass_Family_web-e1633422699286-Kopie-800x450.webp 800w, https:\/\/www.kirchleitn.com\/wp-content\/uploads\/2025\/10\/1_Euro_Skipass_Family_web-e1633422699286-Kopie.webp 1000w\" sizes=\"(max-width: 1000px) 100vw, 1000px\" \/><\/div><div class=\"swiper-slide\"><img decoding=\"async\" width=\"1920\" height=\"1280\" src=\"https:\/\/www.kirchleitn.com\/wp-content\/uploads\/2025\/10\/Winter_Kinder\u00a9Slow-Travel-Resort_36.jpg\" class=\"awb-background-slider__image\" alt=\"Urlaub mit Kindern im Feriendorf Kirchleitn im Winter, M\u00e4dchen spielen im Schnee\" srcset=\"https:\/\/www.kirchleitn.com\/wp-content\/uploads\/2025\/10\/Winter_Kinder\u00a9Slow-Travel-Resort_36-200x133.jpg 200w, https:\/\/www.kirchleitn.com\/wp-content\/uploads\/2025\/10\/Winter_Kinder\u00a9Slow-Travel-Resort_36-300x200.jpg 300w, https:\/\/www.kirchleitn.com\/wp-content\/uploads\/2025\/10\/Winter_Kinder\u00a9Slow-Travel-Resort_36-400x267.jpg 400w, https:\/\/www.kirchleitn.com\/wp-content\/uploads\/2025\/10\/Winter_Kinder\u00a9Slow-Travel-Resort_36-600x400.jpg 600w, https:\/\/www.kirchleitn.com\/wp-content\/uploads\/2025\/10\/Winter_Kinder\u00a9Slow-Travel-Resort_36-768x512.jpg 768w, https:\/\/www.kirchleitn.com\/wp-content\/uploads\/2025\/10\/Winter_Kinder\u00a9Slow-Travel-Resort_36-800x533.jpg 800w, https:\/\/www.kirchleitn.com\/wp-content\/uploads\/2025\/10\/Winter_Kinder\u00a9Slow-Travel-Resort_36-1024x683.jpg 1024w, https:\/\/www.kirchleitn.com\/wp-content\/uploads\/2025\/10\/Winter_Kinder\u00a9Slow-Travel-Resort_36-1200x800.jpg 1200w, https:\/\/www.kirchleitn.com\/wp-content\/uploads\/2025\/10\/Winter_Kinder\u00a9Slow-Travel-Resort_36-1536x1024.jpg 1536w, https:\/\/www.kirchleitn.com\/wp-content\/uploads\/2025\/10\/Winter_Kinder\u00a9Slow-Travel-Resort_36.jpg 1920w\" sizes=\"(max-width: 1920px) 100vw, 1920px\" \/><\/div><div class=\"swiper-slide\"><img decoding=\"async\" width=\"1920\" height=\"1280\" src=\"https:\/\/www.kirchleitn.com\/wp-content\/uploads\/2025\/10\/rodeln-bad-kleinkirchheim-kaernten-Kopie.webp\" class=\"awb-background-slider__image\" alt=\"Winterurlaub mit Familie in K\u00e4rnten Kinder rodeln im Feriendorf Kirchleitn in Bad Kleinkirchheim\" srcset=\"https:\/\/www.kirchleitn.com\/wp-content\/uploads\/2025\/10\/rodeln-bad-kleinkirchheim-kaernten-Kopie-200x133.webp 200w, https:\/\/www.kirchleitn.com\/wp-content\/uploads\/2025\/10\/rodeln-bad-kleinkirchheim-kaernten-Kopie-300x200.webp 300w, https:\/\/www.kirchleitn.com\/wp-content\/uploads\/2025\/10\/rodeln-bad-kleinkirchheim-kaernten-Kopie-400x267.webp 400w, https:\/\/www.kirchleitn.com\/wp-content\/uploads\/2025\/10\/rodeln-bad-kleinkirchheim-kaernten-Kopie-600x400.webp 600w, https:\/\/www.kirchleitn.com\/wp-content\/uploads\/2025\/10\/rodeln-bad-kleinkirchheim-kaernten-Kopie-768x512.webp 768w, https:\/\/www.kirchleitn.com\/wp-content\/uploads\/2025\/10\/rodeln-bad-kleinkirchheim-kaernten-Kopie-800x533.webp 800w, https:\/\/www.kirchleitn.com\/wp-content\/uploads\/2025\/10\/rodeln-bad-kleinkirchheim-kaernten-Kopie-1024x683.webp 1024w, https:\/\/www.kirchleitn.com\/wp-content\/uploads\/2025\/10\/rodeln-bad-kleinkirchheim-kaernten-Kopie-1200x800.webp 1200w, https:\/\/www.kirchleitn.com\/wp-content\/uploads\/2025\/10\/rodeln-bad-kleinkirchheim-kaernten-Kopie-1536x1024.webp 1536w, https:\/\/www.kirchleitn.com\/wp-content\/uploads\/2025\/10\/rodeln-bad-kleinkirchheim-kaernten-Kopie.webp 1920w\" sizes=\"(max-width: 1920px) 100vw, 1920px\" \/><\/div><\/div><\/div><div class=\"fusion-builder-row fusion-row fusion-flex-align-items-flex-start fusion-flex-content-wrap\" style=\"width:104% !important;max-width:104% !important;margin-left: calc(-4% \/ 2 );margin-right: calc(-4% \/ 2 );\"><div class=\"fusion-layout-column fusion_builder_column fusion-builder-column-0 fusion_builder_column_1_1 1_1 fusion-flex-column fusion-flex-align-self-stretch\" style=\"--awb-bg-size:cover;--awb-width-large:100%;--awb-margin-top-large:0px;--awb-spacing-right-large:1.92%;--awb-margin-bottom-large:20px;--awb-spacing-left-large:1.92%;--awb-width-medium:100%;--awb-order-medium:0;--awb-spacing-right-medium:1.92%;--awb-spacing-left-medium:1.92%;--awb-width-small:100%;--awb-order-small:0;--awb-spacing-right-small:1.92%;--awb-spacing-left-small:1.92%;\"><div class=\"fusion-column-wrapper fusion-column-has-shadow fusion-flex-justify-content-center fusion-content-layout-column\"><div class=\"fusion-text fusion-text-1\" style=\"--awb-text-color:var(--awb-color1);--awb-text-font-family:&quot;Outfit&quot;;--awb-text-font-style:normal;--awb-text-font-weight:600;\"><p style=\"text-align: center;\">Winter Magic in Bad Kleinkirchheim: Enjoy diverse winter days with your children in the cozy holiday village in the Nockberge mountains.<\/p>\n<\/div><div class=\"fusion-title title fusion-title-1 fusion-sep-none fusion-title-center fusion-title-highlight fusion-animate-once fusion-highlight-underline fusion-title-size-one\" style=\"--awb-text-color:var(--awb-color2);--awb-highlight-color:var(--awb-color5);--awb-margin-top-small:10px;--awb-margin-right-small:0px;--awb-margin-bottom-small:10px;--awb-margin-left-small:0px;--awb-font-size:60px;\" data-highlight=\"underline\"><h1 class=\"fusion-title-heading title-heading-center\" style=\"font-family:&quot;HarlowSerifplane&quot;;font-style:normal;font-weight:400;margin:0;font-size:1em;text-shadow:4px 4px 5px var(--awb-color8);\"><span class=\"fusion-highlighted-text-prefix\"><\/span> <span class=\"fusion-highlighted-text-wrapper\"><span class=\"fusion-highlighted-text\">Winter holidays in Carinthia<\/span><svg xmlns=\"http:\/\/www.w3.org\/2000\/svg\" viewBox=\"0 0 500 150\" preserveAspectRatio=\"none\"><path d=\"M8.1,146.2c0,0,240.6-55.6,479-13.8\"><\/path><\/svg><\/span> <span class=\"fusion-highlighted-text-postfix\">with children<\/span><\/h1><\/div><\/div><\/div><\/div><\/div><div class=\"fusion-fullwidth fullwidth-box fusion-builder-row-2 fusion-flex-container has-pattern-background has-mask-background hundred-percent-fullwidth non-hundred-percent-height-scrolling fusion-no-medium-visibility fusion-no-large-visibility\" style=\"--awb-border-radius-top-left:0px;--awb-border-radius-top-right:0px;--awb-border-radius-bottom-right:0px;--awb-border-radius-bottom-left:0px;--awb-padding-top:10em;--awb-padding-right:8em;--awb-padding-bottom:2em;--awb-padding-left:8em;--awb-padding-right-small:2em;--awb-padding-left-small:3em;--awb-min-height:700px;--awb-min-height-small:450px;--awb-background-color:var(--awb-color7);--awb-background-color-small:rgba(255,255,255,0);--awb-background-image:linear-gradient(180deg, rgba(20,22,23,0.6) 0%,rgba(79,74,74,0.44) 100%);--awb-flex-wrap:wrap;--awb-filter:brightness(96%) contrast(117%);--awb-filter-transition:filter 0.3s ease;--awb-filter-hover:brightness(100%) contrast(100%);\" ><div class=\"awb-background-slider\" data-type=\"container\" data-loop=\"yes\" data-animation=\"fade\" data-slideshow-speed=\"5900\" data-animation-speed=\"800\" data-direction=\"down\" style=\"--awb-image-position:50% 57%;mix-blend-mode:overlay;\"><div class=\"swiper-wrapper\"><div class=\"swiper-slide\"><img decoding=\"async\" width=\"1920\" height=\"1280\" src=\"https:\/\/www.kirchleitn.com\/wp-content\/uploads\/2025\/10\/rodeln-bad-kleinkirchheim-kaernten-Kopie.webp\" class=\"awb-background-slider__image\" alt=\"Winterurlaub mit Familie in K\u00e4rnten Kinder rodeln im Feriendorf Kirchleitn in Bad Kleinkirchheim\" srcset=\"https:\/\/www.kirchleitn.com\/wp-content\/uploads\/2025\/10\/rodeln-bad-kleinkirchheim-kaernten-Kopie-200x133.webp 200w, https:\/\/www.kirchleitn.com\/wp-content\/uploads\/2025\/10\/rodeln-bad-kleinkirchheim-kaernten-Kopie-300x200.webp 300w, https:\/\/www.kirchleitn.com\/wp-content\/uploads\/2025\/10\/rodeln-bad-kleinkirchheim-kaernten-Kopie-400x267.webp 400w, https:\/\/www.kirchleitn.com\/wp-content\/uploads\/2025\/10\/rodeln-bad-kleinkirchheim-kaernten-Kopie-600x400.webp 600w, https:\/\/www.kirchleitn.com\/wp-content\/uploads\/2025\/10\/rodeln-bad-kleinkirchheim-kaernten-Kopie-768x512.webp 768w, https:\/\/www.kirchleitn.com\/wp-content\/uploads\/2025\/10\/rodeln-bad-kleinkirchheim-kaernten-Kopie-800x533.webp 800w, https:\/\/www.kirchleitn.com\/wp-content\/uploads\/2025\/10\/rodeln-bad-kleinkirchheim-kaernten-Kopie-1024x683.webp 1024w, https:\/\/www.kirchleitn.com\/wp-content\/uploads\/2025\/10\/rodeln-bad-kleinkirchheim-kaernten-Kopie-1200x800.webp 1200w, https:\/\/www.kirchleitn.com\/wp-content\/uploads\/2025\/10\/rodeln-bad-kleinkirchheim-kaernten-Kopie-1536x1024.webp 1536w, https:\/\/www.kirchleitn.com\/wp-content\/uploads\/2025\/10\/rodeln-bad-kleinkirchheim-kaernten-Kopie.webp 1920w\" sizes=\"(max-width: 1920px) 100vw, 1920px\" \/><\/div><div class=\"swiper-slide\"><img decoding=\"async\" width=\"1920\" height=\"1280\" src=\"https:\/\/www.kirchleitn.com\/wp-content\/uploads\/2025\/10\/Winter_Kinder\u00a9Slow-Travel-Resort_rodeln.jpg\" class=\"awb-background-slider__image\" alt=\"Kinder mit Schlitten im Winterurlaub im autofreien Slow Travel Resort Kirchleitn in Bad Kleinkirchheim, K\u00e4rnten\" srcset=\"https:\/\/www.kirchleitn.com\/wp-content\/uploads\/2025\/10\/Winter_Kinder\u00a9Slow-Travel-Resort_rodeln-200x133.jpg 200w, https:\/\/www.kirchleitn.com\/wp-content\/uploads\/2025\/10\/Winter_Kinder\u00a9Slow-Travel-Resort_rodeln-300x200.jpg 300w, https:\/\/www.kirchleitn.com\/wp-content\/uploads\/2025\/10\/Winter_Kinder\u00a9Slow-Travel-Resort_rodeln-400x267.jpg 400w, https:\/\/www.kirchleitn.com\/wp-content\/uploads\/2025\/10\/Winter_Kinder\u00a9Slow-Travel-Resort_rodeln-600x400.jpg 600w, https:\/\/www.kirchleitn.com\/wp-content\/uploads\/2025\/10\/Winter_Kinder\u00a9Slow-Travel-Resort_rodeln-768x512.jpg 768w, https:\/\/www.kirchleitn.com\/wp-content\/uploads\/2025\/10\/Winter_Kinder\u00a9Slow-Travel-Resort_rodeln-800x533.jpg 800w, https:\/\/www.kirchleitn.com\/wp-content\/uploads\/2025\/10\/Winter_Kinder\u00a9Slow-Travel-Resort_rodeln-1024x683.jpg 1024w, https:\/\/www.kirchleitn.com\/wp-content\/uploads\/2025\/10\/Winter_Kinder\u00a9Slow-Travel-Resort_rodeln-1200x800.jpg 1200w, https:\/\/www.kirchleitn.com\/wp-content\/uploads\/2025\/10\/Winter_Kinder\u00a9Slow-Travel-Resort_rodeln-1536x1024.jpg 1536w, https:\/\/www.kirchleitn.com\/wp-content\/uploads\/2025\/10\/Winter_Kinder\u00a9Slow-Travel-Resort_rodeln.jpg 1920w\" sizes=\"(max-width: 1920px) 100vw, 1920px\" \/><\/div><div class=\"swiper-slide\"><img decoding=\"async\" width=\"1920\" height=\"1130\" src=\"https:\/\/www.kirchleitn.com\/wp-content\/uploads\/2025\/10\/winterurlaub_mit_der_ganzen_familie.webp\" class=\"awb-background-slider__image\" alt=\"Familie mit M\u00fctzen baut einen Schneemann in der N\u00e4he des Slow Travel Resorts Kirchleitn \u2013 fr\u00f6hlicher Wintertag im Familienurlaub in Bad Kleinkirchheim.\" srcset=\"https:\/\/www.kirchleitn.com\/wp-content\/uploads\/2025\/10\/winterurlaub_mit_der_ganzen_familie-200x118.webp 200w, https:\/\/www.kirchleitn.com\/wp-content\/uploads\/2025\/10\/winterurlaub_mit_der_ganzen_familie-300x177.webp 300w, https:\/\/www.kirchleitn.com\/wp-content\/uploads\/2025\/10\/winterurlaub_mit_der_ganzen_familie-400x235.webp 400w, https:\/\/www.kirchleitn.com\/wp-content\/uploads\/2025\/10\/winterurlaub_mit_der_ganzen_familie-600x353.webp 600w, https:\/\/www.kirchleitn.com\/wp-content\/uploads\/2025\/10\/winterurlaub_mit_der_ganzen_familie-768x452.webp 768w, https:\/\/www.kirchleitn.com\/wp-content\/uploads\/2025\/10\/winterurlaub_mit_der_ganzen_familie-800x471.webp 800w, https:\/\/www.kirchleitn.com\/wp-content\/uploads\/2025\/10\/winterurlaub_mit_der_ganzen_familie-1024x603.webp 1024w, https:\/\/www.kirchleitn.com\/wp-content\/uploads\/2025\/10\/winterurlaub_mit_der_ganzen_familie-1200x706.webp 1200w, https:\/\/www.kirchleitn.com\/wp-content\/uploads\/2025\/10\/winterurlaub_mit_der_ganzen_familie-1536x904.webp 1536w, https:\/\/www.kirchleitn.com\/wp-content\/uploads\/2025\/10\/winterurlaub_mit_der_ganzen_familie.webp 1920w\" sizes=\"(max-width: 1920px) 100vw, 1920px\" \/><\/div><div class=\"swiper-slide\"><img decoding=\"async\" width=\"1920\" height=\"1280\" src=\"https:\/\/www.kirchleitn.com\/wp-content\/uploads\/2025\/10\/Schneeengerl.jpg\" class=\"awb-background-slider__image\" alt=\"Skisportwoche in K\u00e4rnten, M\u00e4dchen formt einen Schneeengel\" srcset=\"https:\/\/www.kirchleitn.com\/wp-content\/uploads\/2025\/10\/Schneeengerl-200x133.jpg 200w, https:\/\/www.kirchleitn.com\/wp-content\/uploads\/2025\/10\/Schneeengerl-300x200.jpg 300w, https:\/\/www.kirchleitn.com\/wp-content\/uploads\/2025\/10\/Schneeengerl-400x267.jpg 400w, https:\/\/www.kirchleitn.com\/wp-content\/uploads\/2025\/10\/Schneeengerl-600x400.jpg 600w, https:\/\/www.kirchleitn.com\/wp-content\/uploads\/2025\/10\/Schneeengerl-768x512.jpg 768w, https:\/\/www.kirchleitn.com\/wp-content\/uploads\/2025\/10\/Schneeengerl-800x533.jpg 800w, https:\/\/www.kirchleitn.com\/wp-content\/uploads\/2025\/10\/Schneeengerl-1024x683.jpg 1024w, https:\/\/www.kirchleitn.com\/wp-content\/uploads\/2025\/10\/Schneeengerl-1200x800.jpg 1200w, https:\/\/www.kirchleitn.com\/wp-content\/uploads\/2025\/10\/Schneeengerl-1536x1024.jpg 1536w, https:\/\/www.kirchleitn.com\/wp-content\/uploads\/2025\/10\/Schneeengerl.jpg 1920w\" sizes=\"(max-width: 1920px) 100vw, 1920px\" \/><\/div><\/div><\/div><div class=\"fusion-builder-row fusion-row fusion-flex-align-items-flex-start fusion-flex-content-wrap\" style=\"width:104% !important;max-width:104% !important;margin-left: calc(-4% \/ 2 );margin-right: calc(-4% \/ 2 );\"><div class=\"fusion-layout-column fusion_builder_column fusion-builder-column-1 fusion_builder_column_1_1 1_1 fusion-flex-column fusion-flex-align-self-stretch\" style=\"--awb-bg-size:cover;--awb-width-large:100%;--awb-margin-top-large:0px;--awb-spacing-right-large:1.92%;--awb-margin-bottom-large:20px;--awb-spacing-left-large:1.92%;--awb-width-medium:100%;--awb-order-medium:0;--awb-spacing-right-medium:1.92%;--awb-spacing-left-medium:1.92%;--awb-width-small:100%;--awb-order-small:0;--awb-spacing-right-small:1.92%;--awb-spacing-left-small:1.92%;\"><div class=\"fusion-column-wrapper fusion-column-has-shadow fusion-flex-justify-content-center fusion-content-layout-column\"><div class=\"fusion-text fusion-text-2\" style=\"--awb-text-color:var(--awb-color1);--awb-text-font-family:&quot;Outfit&quot;;--awb-text-font-style:normal;--awb-text-font-weight:600;\"><p style=\"text-align: center;\">Winter magic in the Nockberge mountains: Enjoy varied winter days with your children in the cozy Kirchleitn holiday village<\/p>\n<\/div><div class=\"fusion-title title fusion-title-2 fusion-sep-none fusion-title-center fusion-title-highlight fusion-animate-once fusion-highlight-underline fusion-title-size-paragraph\" style=\"--awb-text-color:var(--awb-color2);--awb-highlight-color:var(--awb-color5);--awb-margin-top-small:10px;--awb-margin-right-small:0px;--awb-margin-bottom-small:10px;--awb-margin-left-small:0px;--awb-font-size:40px;\" data-highlight=\"underline\"><p class=\"fusion-title-heading title-heading-center title-heading-tag\" style=\"font-family:&quot;HarlowSerifplane&quot;;font-style:normal;font-weight:400;margin:0;font-size:1em;text-shadow:4px 4px 5px var(--awb-color8);\"><span class=\"fusion-highlighted-text-prefix\"><\/span> <span class=\"fusion-highlighted-text-wrapper\"><span class=\"fusion-highlighted-text\">Winter holidays in Carinthia<\/span><svg xmlns=\"http:\/\/www.w3.org\/2000\/svg\" viewBox=\"0 0 500 150\" preserveAspectRatio=\"none\"><path d=\"M8.1,146.2c0,0,240.6-55.6,479-13.8\"><\/path><\/svg><\/span> <span class=\"fusion-highlighted-text-postfix\">with children<\/span><\/p><\/div><\/div><\/div><\/div><\/div><div class=\"fusion-fullwidth fullwidth-box fusion-builder-row-3 fusion-flex-container has-pattern-background has-mask-background hundred-percent-fullwidth non-hundred-percent-height-scrolling\" style=\"--awb-border-radius-top-left:0px;--awb-border-radius-top-right:0px;--awb-border-radius-bottom-right:0px;--awb-border-radius-bottom-left:0px;--awb-padding-left:0px;--awb-padding-right-small:0px;--awb-flex-wrap:wrap;\" ><div class=\"fusion-builder-row fusion-row fusion-flex-align-items-stretch fusion-flex-justify-content-space-between fusion-flex-content-wrap\" style=\"width:104% !important;max-width:104% !important;margin-left: calc(-4% \/ 2 );margin-right: calc(-4% \/ 2 );\"><div class=\"fusion-layout-column fusion_builder_column fusion-builder-column-2 fusion_builder_column_1_2 1_2 fusion-flex-column fusion-flex-align-self-stretch\" style=\"--awb-padding-top:2em;--awb-padding-right:6em;--awb-padding-bottom:2em;--awb-padding-left:6em;--awb-padding-top-small:2em;--awb-padding-right-small:2em;--awb-padding-bottom-small:2em;--awb-padding-left-small:2em;--awb-bg-color:var(--awb-color2);--awb-bg-color-hover:var(--awb-color2);--awb-bg-size:cover;--awb-width-large:50%;--awb-margin-top-large:0px;--awb-spacing-right-large:0%;--awb-margin-bottom-large:0px;--awb-spacing-left-large:0%;--awb-width-medium:50%;--awb-order-medium:0;--awb-spacing-right-medium:0%;--awb-spacing-left-medium:0%;--awb-width-small:100%;--awb-order-small:0;--awb-spacing-right-small:1.92%;--awb-spacing-left-small:1.92%;\"><div class=\"fusion-column-wrapper fusion-column-has-shadow fusion-flex-justify-content-space-between fusion-content-layout-column\"><div class=\"fusion-title title fusion-title-3 fusion-sep-none fusion-title-text fusion-title-size-two\" style=\"--awb-text-color:var(--awb-color7);--awb-margin-top-small:10px;--awb-margin-right-small:0px;--awb-margin-bottom-small:10px;--awb-margin-left-small:0px;--awb-font-size:40px;\"><h2 class=\"fusion-title-heading title-heading-left\" style=\"font-family:&quot;HarlowSerifRegluar&quot;;font-style:normal;font-weight:400;margin:0;font-size:1em;\">Winter days full of snow, tranquility, and time together in Bad Kleinkirchheim<\/h2><\/div><div class=\"fusion-title title fusion-title-4 fusion-sep-none fusion-title-text fusion-title-size-three\" style=\"--awb-text-color:var(--awb-color6);--awb-margin-top-small:10px;--awb-margin-right-small:0px;--awb-margin-bottom-small:10px;--awb-margin-left-small:0px;--awb-font-size:25px;\"><h3 class=\"fusion-title-heading title-heading-left\" style=\"font-family:&quot;Outfit&quot;;font-style:normal;font-weight:600;margin:0;font-size:1em;\">Make a conscious choice to use your winter vacation for family time<\/h3><\/div><div class=\"fusion-text fusion-text-3\"><p><b>A winter holiday in Carinthia is the perfect opportunity to leave everyday life behind and consciously take time for one another. <\/b><\/p>\n<p>When the snow falls silently outside, <b>children with rosy cheeks<\/b> play in the white powder, and the mountains radiate a soothing calm, moments are created that families will remember for a long time.<\/p>\n<p>Around the Slow Travel Resort Kirchleitn in Bad Kleinkirchheim, you can experience winter from its quiet side: with <b>varied activities in the snow<\/b>, plenty of nature, short distances, and the flexibility to shape each day exactly as it suits your family.<\/p>\n<\/div><div ><a class=\"fusion-button button-flat fusion-button-default-size button-custom fusion-button-default button-1 fusion-button-default-span fusion-button-default-type\" style=\"--button_accent_color:var(--awb-color1);--button_accent_hover_color:var(--awb-color1);--button_border_hover_color:var(--awb-color1);--button-border-radius-top-left:0;--button-border-radius-top-right:0;--button-border-radius-bottom-right:0;--button-border-radius-bottom-left:0;--button_gradient_top_color:var(--awb-custom_color_1);--button_gradient_bottom_color:var(--awb-custom_color_1);--button_gradient_top_color_hover:var(--awb-color5);--button_gradient_bottom_color_hover:var(--awb-color5);\" target=\"_self\" data-hover=\"bg_slide_right\" href=\"https:\/\/www.kirchleitn.com\/buchen\"><span class=\"fusion-button-text awb-button__text awb-button__text--default fusion-button-text-right\">Inquire about your winter break now<\/span><span class=\"fusion-button-icon-divider button-icon-divider-right\"><i class=\"fa-paper-plane fas awb-button__icon awb-button__icon--default\" aria-hidden=\"true\"><\/i><\/span><\/a><\/div><\/div><\/div><div class=\"fusion-layout-column fusion_builder_column fusion-builder-column-3 fusion_builder_column_1_2 1_2 fusion-flex-column fusion-flex-align-self-stretch\" style=\"--awb-bg-image:url(&#039;https:\/\/www.kirchleitn.com\/wp-content\/uploads\/2025\/10\/Vogelperspektive\u00a9Slow-Travel-Resort-Kirchleitn_Winter_24.jpg&#039;);--awb-bg-position:center center;--awb-bg-size:cover;--awb-width-large:50%;--awb-margin-top-large:0px;--awb-spacing-right-large:0%;--awb-margin-bottom-large:0px;--awb-spacing-left-large:0%;--awb-width-medium:50%;--awb-order-medium:0;--awb-spacing-right-medium:0%;--awb-spacing-left-medium:0%;--awb-width-small:100%;--awb-order-small:0;--awb-spacing-right-small:1.92%;--awb-spacing-left-small:1.92%;\"><div class=\"fusion-column-wrapper fusion-column-has-shadow fusion-flex-justify-content-space-between fusion-content-layout-block fusion-empty-column-bg-image fusion-column-has-bg-image\" data-bg-url=\"https:\/\/www.kirchleitn.com\/wp-content\/uploads\/2025\/10\/Vogelperspektive\u00a9Slow-Travel-Resort-Kirchleitn_Winter_24.jpg\"><img decoding=\"async\" class=\"fusion-empty-dims-img-placeholder fusion-no-large-visibility fusion-no-medium-visibility\" alt=\"Slow Travel Resort Kirchleitn in Bad Kleinkirchheim im Winter, mit Aussicht bis zur St. Oswalder Skipiste\" aria-label=\"Slow Travel Resort Kirchleitn im Winter\" src=\"data:image\/svg+xml,%3Csvg%20xmlns%3D%27http%3A%2F%2Fwww.w3.org%2F2000%2Fsvg%27%20width%3D%271920%27%20height%3D%271279%27%20viewBox%3D%270%200%201920%201279%27%3E%3Crect%20width%3D%271920%27%20height%3D%271279%27%20fill-opacity%3D%220%22%2F%3E%3C%2Fsvg%3E\"><\/div><\/div><\/div><\/div><div class=\"fusion-fullwidth fullwidth-box fusion-builder-row-4 fusion-flex-container has-pattern-background has-mask-background fusion-parallax-fixed hundred-percent-fullwidth non-hundred-percent-height-scrolling\" style=\"--awb-background-position:center bottom;--awb-border-radius-top-left:0px;--awb-border-radius-top-right:0px;--awb-border-radius-bottom-right:0px;--awb-border-radius-bottom-left:0px;--awb-padding-top:6em;--awb-padding-right:6em;--awb-padding-bottom:6em;--awb-padding-left:6em;--awb-padding-top-small:2em;--awb-padding-right-small:2em;--awb-padding-bottom-small:2em;--awb-padding-left-small:2em;--awb-background-image:linear-gradient(180deg, rgba(74,118,130,0.46) 0%,var(--awb-custom_color_5) 100%),url(https:\/\/www.kirchleitn.com\/wp-content\/uploads\/2025\/10\/Winter_Kinder\u00a9Slow-Travel-Resort_rodeln.jpg);;--awb-background-size:cover;--awb-flex-wrap:wrap;background-attachment:fixed;\" ><div class=\"fusion-builder-row fusion-row fusion-flex-align-items-stretch fusion-flex-content-wrap\" style=\"width:104% !important;max-width:104% !important;margin-left: calc(-4% \/ 2 );margin-right: calc(-4% \/ 2 );\"><div class=\"fusion-layout-column fusion_builder_column fusion-builder-column-4 fusion_builder_column_1_1 1_1 fusion-flex-column\" style=\"--awb-bg-size:cover;--awb-width-large:100%;--awb-margin-top-large:0px;--awb-spacing-right-large:0%;--awb-margin-bottom-large:0px;--awb-spacing-left-large:0%;--awb-width-medium:100%;--awb-order-medium:0;--awb-spacing-right-medium:0%;--awb-spacing-left-medium:0%;--awb-width-small:100%;--awb-order-small:0;--awb-spacing-right-small:1.92%;--awb-spacing-left-small:1.92%;\"><div class=\"fusion-column-wrapper fusion-column-has-shadow fusion-flex-justify-content-flex-start fusion-content-layout-column\"><div class=\"fusion-title title fusion-title-5 fusion-sep-none fusion-title-text fusion-title-size-three\" style=\"--awb-text-color:var(--awb-color1);--awb-margin-top-small:10px;--awb-margin-right-small:0px;--awb-margin-bottom-small:10px;--awb-margin-left-small:0px;--awb-font-size:40px;\"><h3 class=\"fusion-title-heading title-heading-left\" style=\"font-family:&quot;HarlowSerifRegluar&quot;;font-style:normal;font-weight:400;margin:0;font-size:1em;\">Enjoying winter holidays in Carinthia \u2013 even without skiing<\/h3><\/div><div class=\"fusion-text fusion-text-4\" style=\"--awb-line-height:1.4;--awb-text-color:var(--awb-color1);--awb-text-font-family:&quot;Outfit&quot;;--awb-text-font-style:normal;--awb-text-font-weight:400;\"><p>Winter in the Nockberge Biosphere Park offers many opportunities for shared experiences in the snow and cozy hours in the warmth.<\/p>\n<p>If skiing with children, ski schools, and accommodation directly on the slopes are crucial for you, you can find the relevant information here.<\/p>\n<\/div><div ><a class=\"fusion-button button-flat fusion-button-default-size button-custom fusion-button-default button-2 fusion-button-default-span fusion-button-default-type\" style=\"--button_accent_color:var(--awb-color1);--button_accent_hover_color:var(--awb-color1);--button_border_hover_color:var(--awb-color1);--button-border-radius-top-left:0;--button-border-radius-top-right:0;--button-border-radius-bottom-right:0;--button-border-radius-bottom-left:0;--button_gradient_top_color:var(--awb-custom_color_1);--button_gradient_bottom_color:var(--awb-custom_color_1);--button_gradient_top_color_hover:var(--awb-color5);--button_gradient_bottom_color_hover:var(--awb-color5);\" target=\"_self\" data-hover=\"bg_slide_right\" href=\"https:\/\/www.kirchleitn.com\/en\/family-ski-holiday-in-bad-kleinkirchheim\/\"><span class=\"fusion-button-text awb-button__text awb-button__text--default fusion-button-text-right\">To family ski holidays in Bad Kleinkirchheim<\/span><span class=\"fusion-button-icon-divider button-icon-divider-right\"><i class=\"fa-skiing fas awb-button__icon awb-button__icon--default\" aria-hidden=\"true\"><\/i><\/span><\/a><\/div><\/div><\/div><\/div><\/div><div class=\"fusion-fullwidth fullwidth-box fusion-builder-row-5 fusion-flex-container has-pattern-background has-mask-background hundred-percent-fullwidth non-hundred-percent-height-scrolling\" style=\"--awb-border-radius-top-left:0px;--awb-border-radius-top-right:0px;--awb-border-radius-bottom-right:0px;--awb-border-radius-bottom-left:0px;--awb-padding-left:0px;--awb-padding-right-small:0px;--awb-flex-wrap:wrap;\" ><div class=\"fusion-builder-row fusion-row fusion-flex-align-items-stretch fusion-flex-justify-content-space-between fusion-flex-content-wrap\" style=\"width:104% !important;max-width:104% !important;margin-left: calc(-4% \/ 2 );margin-right: calc(-4% \/ 2 );\"><div class=\"fusion-layout-column fusion_builder_column fusion-builder-column-5 fusion_builder_column_1_2 1_2 fusion-flex-column fusion-flex-align-self-stretch\" style=\"--awb-padding-top:20em;--awb-padding-right:8em;--awb-padding-bottom:1em;--awb-padding-left:8em;--awb-bg-image:url(&#039;https:\/\/www.kirchleitn.com\/wp-content\/uploads\/2025\/10\/winterurlaub_mit_der_ganzen_familie.webp&#039;);--awb-bg-position:center center;--awb-bg-size:cover;--awb-width-large:50%;--awb-margin-top-large:0px;--awb-spacing-right-large:0%;--awb-margin-bottom-large:0px;--awb-spacing-left-large:0%;--awb-width-medium:50%;--awb-order-medium:0;--awb-spacing-right-medium:0%;--awb-spacing-left-medium:0%;--awb-width-small:100%;--awb-order-small:1;--awb-spacing-right-small:1.92%;--awb-spacing-left-small:1.92%;\" data-scroll-devices=\"small-visibility,medium-visibility,large-visibility\"><div class=\"fusion-column-wrapper fusion-column-has-shadow fusion-flex-justify-content-space-between fusion-content-layout-block fusion-empty-column-bg-image fusion-column-has-bg-image\" data-bg-url=\"https:\/\/www.kirchleitn.com\/wp-content\/uploads\/2025\/10\/winterurlaub_mit_der_ganzen_familie.webp\"><img decoding=\"async\" class=\"fusion-empty-dims-img-placeholder fusion-no-large-visibility fusion-no-medium-visibility\" alt=\"Family with hats builds a snowman near the Slow Travel Resort Kirchleitn \u2013 happy winter day on a family vacation in Bad Kleinkirchheim.\" aria-label=\"Building a Snowman During a Winter Vacation in Carinthia\" src=\"data:image\/svg+xml,%3Csvg%20xmlns%3D%27http%3A%2F%2Fwww.w3.org%2F2000%2Fsvg%27%20width%3D%271920%27%20height%3D%271130%27%20viewBox%3D%270%200%201920%201130%27%3E%3Crect%20width%3D%271920%27%20height%3D%271130%27%20fill-opacity%3D%220%22%2F%3E%3C%2Fsvg%3E\"><\/div><\/div><div class=\"fusion-layout-column fusion_builder_column fusion-builder-column-6 fusion_builder_column_1_2 1_2 fusion-flex-column fusion-flex-align-self-center\" style=\"--awb-padding-top:3em;--awb-padding-right:6em;--awb-padding-bottom:4em;--awb-padding-left:6em;--awb-padding-top-small:4em;--awb-padding-right-small:2em;--awb-padding-bottom-small:4em;--awb-padding-left-small:2em;--awb-bg-color:var(--awb-color3);--awb-bg-color-hover:var(--awb-color3);--awb-bg-size:cover;--awb-width-large:50%;--awb-margin-top-large:0px;--awb-spacing-right-large:0%;--awb-margin-bottom-large:0px;--awb-spacing-left-large:0%;--awb-width-medium:50%;--awb-order-medium:0;--awb-spacing-right-medium:0%;--awb-spacing-left-medium:0%;--awb-width-small:100%;--awb-order-small:0;--awb-spacing-right-small:1.92%;--awb-spacing-left-small:1.92%;\" data-scroll-devices=\"small-visibility,medium-visibility,large-visibility\"><div class=\"fusion-column-wrapper fusion-column-has-shadow fusion-flex-justify-content-space-between fusion-content-layout-column\"><div class=\"fusion-title title fusion-title-6 fusion-sep-none fusion-title-text fusion-title-size-three\" style=\"--awb-text-color:var(--awb-color7);--awb-margin-top-small:10px;--awb-margin-right-small:0px;--awb-margin-bottom-small:10px;--awb-margin-left-small:0px;--awb-font-size:40px;\"><h3 class=\"fusion-title-heading title-heading-left\" style=\"font-family:&quot;HarlowSerifRegluar&quot;;font-style:normal;font-weight:400;margin:0;font-size:1em;\">Why Carinthia is ideal for families in winter<\/h3><\/div><div class=\"fusion-title title fusion-title-7 fusion-sep-none fusion-title-text fusion-title-size-four\" style=\"--awb-text-color:var(--awb-color6);--awb-margin-top-small:10px;--awb-margin-right-small:0px;--awb-margin-bottom-small:10px;--awb-margin-left-small:0px;--awb-font-size:25px;\"><h4 class=\"fusion-title-heading title-heading-left\" style=\"font-family:&quot;Outfit&quot;;font-style:normal;font-weight:600;margin:0;font-size:1em;\">In winter, Carinthia offers exactly the mix that families appreciate:<\/h4><\/div><div class=\"fusion-text fusion-text-5\"><p><span style=\"letter-spacing: 0.3px;\">a safe environment and varied nature experiences that are not overwhelming&#8230; <\/span><\/p>\n<p><span style=\"letter-spacing: 0.3px;\"><b>The gentle Nockberge mountains around Bad Kleinkirchheim invite you to consciously discover winter, far away from the hustle and bustle and crowded places.<\/b><\/span><\/p>\n<p data-start=\"3656\" data-end=\"3939\">Especially with children, it becomes clear how valuable this peace is: time for conversations, shared wonder at the snowy landscape, and days that don&#8217;t have to follow a fixed schedule.<\/p>\n<p data-start=\"3656\" data-end=\"3939\"><i>A winter holiday in Carinthia means focusing on the essentials again.<\/i><\/p>\n<\/div><\/div><\/div><\/div><\/div><div class=\"fusion-fullwidth fullwidth-box fusion-builder-row-6 fusion-flex-container has-pattern-background has-mask-background hundred-percent-fullwidth non-hundred-percent-height-scrolling\" style=\"--awb-border-radius-top-left:0px;--awb-border-radius-top-right:0px;--awb-border-radius-bottom-right:0px;--awb-border-radius-bottom-left:0px;--awb-padding-top:2em;--awb-padding-right:6em;--awb-padding-bottom:2em;--awb-padding-left:6em;--awb-padding-top-small:2em;--awb-padding-right-small:2em;--awb-padding-bottom-small:2em;--awb-padding-left-small:2em;--awb-margin-bottom-small:0px;--awb-background-color:#f3f2ef;--awb-background-color-small:var(--awb-color2);--awb-flex-wrap:wrap;\" ><div class=\"fusion-builder-row fusion-row fusion-flex-align-items-flex-start fusion-flex-content-wrap\" style=\"width:104% !important;max-width:104% !important;margin-left: calc(-4% \/ 2 );margin-right: calc(-4% \/ 2 );\"><div class=\"fusion-layout-column fusion_builder_column fusion-builder-column-7 fusion_builder_column_1_1 1_1 fusion-flex-column\" style=\"--awb-bg-size:cover;--awb-width-large:100%;--awb-margin-top-large:0px;--awb-spacing-right-large:1.92%;--awb-margin-bottom-large:20px;--awb-spacing-left-large:1.92%;--awb-width-medium:100%;--awb-order-medium:0;--awb-spacing-right-medium:1.92%;--awb-spacing-left-medium:1.92%;--awb-width-small:100%;--awb-order-small:0;--awb-spacing-right-small:1.92%;--awb-spacing-left-small:1.92%;\"><div class=\"fusion-column-wrapper fusion-column-has-shadow fusion-flex-justify-content-flex-start fusion-content-layout-column\"><div class=\"fusion-title title fusion-title-8 fusion-sep-none fusion-title-text fusion-title-size-three\" style=\"--awb-text-color:var(--awb-color7);--awb-margin-top-small:10px;--awb-margin-right-small:0px;--awb-margin-bottom-small:10px;--awb-margin-left-small:0px;--awb-font-size:40px;\"><h3 class=\"fusion-title-heading title-heading-left\" style=\"font-family:&quot;HarlowSerifRegluar&quot;;font-style:normal;font-weight:400;margin:0;font-size:1em;\">Winter activities off the slopes in Bad Kleinkirchheim<\/h3><\/div><div class=\"fusion-text fusion-text-6\"><p>Winter in Bad Kleinkirchheim offers numerous ways to stay active.<\/p>\n<\/div><\/div><\/div><div class=\"fusion-layout-column fusion_builder_column fusion-builder-column-8 fusion_builder_column_1_5 1_5 fusion-flex-column fusion-flex-align-self-stretch\" style=\"--awb-padding-top:1em;--awb-bg-color:rgba(124,159,137,0.28);--awb-bg-color-hover:rgba(124,159,137,0.28);--awb-bg-size:cover;--awb-width-large:20%;--awb-margin-top-large:0px;--awb-spacing-right-large:1em;--awb-margin-bottom-large:0px;--awb-spacing-left-large:1em;--awb-width-medium:20%;--awb-order-medium:0;--awb-spacing-right-medium:1em;--awb-spacing-left-medium:1em;--awb-width-small:100%;--awb-order-small:1;--awb-spacing-right-small:1.92%;--awb-spacing-left-small:1.92%;\"><div class=\"fusion-column-wrapper fusion-column-has-shadow fusion-flex-justify-content-space-between fusion-content-layout-column\"><div class=\"fusion-title title fusion-title-9 fusion-sep-none fusion-title-text fusion-title-size-four\" style=\"--awb-text-color:var(--awb-color6);--awb-margin-right:1.2em;--awb-margin-left:1.2em;--awb-margin-top-small:10px;--awb-margin-right-small:1.2em;--awb-margin-bottom-small:10px;--awb-margin-left-small:1.2em;--awb-font-size:25px;\"><h4 class=\"fusion-title-heading title-heading-left\" style=\"font-family:&quot;Outfit&quot;;font-style:normal;font-weight:600;margin:0;font-size:1em;\">Tobogganing with children<\/h4><\/div><div class=\"fusion-text fusion-text-7\" style=\"--awb-text-color:var(--awb-color7);--awb-margin-right:1em;--awb-margin-left:1.5em;\"><p>For many families, tobogganing is one of those winter moments that immediately puts a smile on everyone&#8217;s face.<\/p>\n<p>Walking up together, sledding down, and arriving in the snow with a laugh makes winter truly tangible.<\/p>\n<\/div><\/div><\/div><div class=\"fusion-layout-column fusion_builder_column fusion-builder-column-9 fusion_builder_column_1_5 1_5 fusion-flex-column fusion-flex-align-self-stretch\" style=\"--awb-padding-top:1em;--awb-bg-color:rgba(204,136,0,0.13);--awb-bg-color-hover:rgba(204,136,0,0.13);--awb-bg-size:cover;--awb-width-large:20%;--awb-margin-top-large:0px;--awb-spacing-right-large:1em;--awb-margin-bottom-large:0px;--awb-spacing-left-large:1em;--awb-width-medium:20%;--awb-order-medium:0;--awb-spacing-right-medium:1em;--awb-spacing-left-medium:1em;--awb-width-small:100%;--awb-order-small:1;--awb-margin-top-small:2em;--awb-spacing-right-small:1.92%;--awb-spacing-left-small:1.92%;\"><div class=\"fusion-column-wrapper fusion-column-has-shadow fusion-flex-justify-content-space-between fusion-content-layout-column\"><div class=\"fusion-title title fusion-title-10 fusion-sep-none fusion-title-text fusion-title-size-four\" style=\"--awb-text-color:var(--awb-color5);--awb-margin-right:1.2em;--awb-margin-left:1.2em;--awb-margin-top-small:10px;--awb-margin-right-small:1.2em;--awb-margin-bottom-small:10px;--awb-margin-left-small:1.2em;--awb-font-size:25px;\"><h4 class=\"fusion-title-heading title-heading-left\" style=\"font-family:&quot;Outfit&quot;;font-style:normal;font-weight:600;margin:0;font-size:1em;\">Winter hiking through snowy landscapes<\/h4><\/div><div class=\"fusion-text fusion-text-8\" style=\"--awb-text-color:var(--awb-color7);--awb-margin-right:1em;--awb-margin-left:1.5em;\"><p>Cleared winter trails lead through forests and over gentle heights around Bad Kleinkirchheim.<\/p>\n<p>Step by step, you enjoy the crisp air, the silence of nature, and quality time outdoors.<\/p>\n<\/div><\/div><\/div><div class=\"fusion-layout-column fusion_builder_column fusion-builder-column-10 fusion_builder_column_1_5 1_5 fusion-flex-column fusion-flex-align-self-stretch\" style=\"--awb-padding-top:1em;--awb-bg-color:rgba(124,159,137,0.09);--awb-bg-color-hover:rgba(124,159,137,0.09);--awb-bg-size:cover;--awb-width-large:20%;--awb-margin-top-large:0px;--awb-spacing-right-large:1em;--awb-margin-bottom-large:0px;--awb-spacing-left-large:1em;--awb-width-medium:20%;--awb-order-medium:0;--awb-spacing-right-medium:1em;--awb-spacing-left-medium:1em;--awb-width-small:100%;--awb-order-small:1;--awb-margin-top-small:2em;--awb-spacing-right-small:1.92%;--awb-spacing-left-small:1.92%;\"><div class=\"fusion-column-wrapper fusion-column-has-shadow fusion-flex-justify-content-space-between fusion-content-layout-column\"><div class=\"fusion-title title fusion-title-11 fusion-sep-none fusion-title-text fusion-title-size-four\" style=\"--awb-text-color:var(--awb-color6);--awb-margin-right:1.2em;--awb-margin-left:1.2em;--awb-margin-top-small:10px;--awb-margin-right-small:1.2em;--awb-margin-bottom-small:10px;--awb-margin-left-small:1.2em;--awb-font-size:25px;\"><h4 class=\"fusion-title-heading title-heading-left\" style=\"font-family:&quot;Outfit&quot;;font-style:normal;font-weight:600;margin:0;font-size:1em;\">Snowshoeing in the Nockberge mountains<\/h4><\/div><div class=\"fusion-text fusion-text-9\" style=\"--awb-text-color:var(--awb-color7);--awb-margin-right:1em;--awb-margin-left:1.5em;\"><p>Snowshoes open up new paths through the wintry landscape of the Nockberge.<\/p>\n<p>Off the beaten track, you experience snow, nature, and vastness in a particularly impressive way.<\/p>\n<\/div><\/div><\/div><div class=\"fusion-layout-column fusion_builder_column fusion-builder-column-11 fusion_builder_column_1_5 1_5 fusion-flex-column fusion-flex-align-self-stretch\" style=\"--awb-padding-top:1em;--awb-bg-color:rgba(204,136,0,0.13);--awb-bg-color-hover:rgba(204,136,0,0.13);--awb-bg-size:cover;--awb-width-large:20%;--awb-margin-top-large:0px;--awb-spacing-right-large:1em;--awb-margin-bottom-large:0px;--awb-spacing-left-large:1em;--awb-width-medium:20%;--awb-order-medium:0;--awb-spacing-right-medium:1em;--awb-spacing-left-medium:1em;--awb-width-small:100%;--awb-order-small:1;--awb-margin-top-small:2em;--awb-spacing-right-small:1.92%;--awb-spacing-left-small:1.92%;\"><div class=\"fusion-column-wrapper fusion-column-has-shadow fusion-flex-justify-content-space-between fusion-content-layout-column\"><div class=\"fusion-title title fusion-title-12 fusion-sep-none fusion-title-text fusion-title-size-four\" style=\"--awb-text-color:var(--awb-color5);--awb-margin-right:1.2em;--awb-margin-left:1.2em;--awb-margin-top-small:10px;--awb-margin-right-small:1.2em;--awb-margin-bottom-small:10px;--awb-margin-left-small:1.2em;--awb-font-size:25px;\"><h4 class=\"fusion-title-heading title-heading-left\" style=\"font-family:&quot;Outfit&quot;;font-style:normal;font-weight:600;margin:0;font-size:1em;\">Cross-country skiing on the trail<\/h4><\/div><div class=\"fusion-text fusion-text-10\" style=\"--awb-text-color:var(--awb-color7);--awb-margin-right:1em;--awb-margin-left:1.5em;\"><p>Cross-country skiing combines a sense of lightness with the rhythm of nature.<\/p>\n<p>On the well-maintained trails around Bad Kleinkirchheim, you glide through the wintry mountain scenery.<\/p>\n<\/div><\/div><\/div><div class=\"fusion-layout-column fusion_builder_column fusion-builder-column-12 fusion_builder_column_1_5 1_5 fusion-flex-column fusion-flex-align-self-stretch\" style=\"--awb-padding-top:1em;--awb-bg-color:rgba(124,159,137,0.28);--awb-bg-color-hover:rgba(124,159,137,0.28);--awb-bg-size:cover;--awb-width-large:20%;--awb-margin-top-large:0px;--awb-spacing-right-large:1em;--awb-margin-bottom-large:0px;--awb-spacing-left-large:1em;--awb-width-medium:20%;--awb-order-medium:0;--awb-spacing-right-medium:1em;--awb-spacing-left-medium:1em;--awb-width-small:100%;--awb-order-small:1;--awb-margin-top-small:2em;--awb-spacing-right-small:1.92%;--awb-spacing-left-small:1.92%;\"><div class=\"fusion-column-wrapper fusion-column-has-shadow fusion-flex-justify-content-space-between fusion-content-layout-column\"><div class=\"fusion-title title fusion-title-13 fusion-sep-none fusion-title-text fusion-title-size-four\" style=\"--awb-text-color:var(--awb-color6);--awb-margin-right:1.2em;--awb-margin-left:1.2em;--awb-margin-top-small:10px;--awb-margin-right-small:1.2em;--awb-margin-bottom-small:10px;--awb-margin-left-small:1.2em;--awb-font-size:25px;\"><h4 class=\"fusion-title-heading title-heading-left\" style=\"font-family:&quot;Outfit&quot;;font-style:normal;font-weight:600;margin:0;font-size:1em;\">Ice skating and winter play<\/h4><\/div><div class=\"fusion-text fusion-text-11\" style=\"--awb-text-color:var(--awb-color7);--awb-margin-right:1em;--awb-margin-left:1.5em;\"><p>As soon as natural ice surfaces form, winter shows its playful side.<\/p>\n<p>Ice skating on approved lakes and frolicking in the snow ensure lively winter days in Carinthia.<\/p>\n<\/div><\/div><\/div><\/div><\/div><div class=\"fusion-fullwidth fullwidth-box fusion-builder-row-7 fusion-flex-container has-pattern-background has-mask-background fusion-parallax-fixed hundred-percent-fullwidth non-hundred-percent-height-scrolling\" style=\"--awb-background-position:center bottom;--awb-border-radius-top-left:0px;--awb-border-radius-top-right:0px;--awb-border-radius-bottom-right:0px;--awb-border-radius-bottom-left:0px;--awb-padding-top:6em;--awb-padding-right:6em;--awb-padding-bottom:6em;--awb-padding-left:6em;--awb-padding-top-small:2em;--awb-padding-right-small:2em;--awb-padding-bottom-small:2em;--awb-padding-left-small:2em;--awb-background-image:linear-gradient(180deg, rgba(204,136,0,0.15) 0%,rgba(204,136,0,0.63) 100%),url(https:\/\/www.kirchleitn.com\/wp-content\/uploads\/2025\/10\/121_9460_LR_Kirchleitn\u00a9gert_perauer-1-Kopie.webp);;--awb-background-size:cover;--awb-flex-wrap:wrap;background-attachment:fixed;\" ><div class=\"fusion-builder-row fusion-row fusion-flex-align-items-stretch fusion-flex-content-wrap\" style=\"width:104% !important;max-width:104% !important;margin-left: calc(-4% \/ 2 );margin-right: calc(-4% \/ 2 );\"><div class=\"fusion-layout-column fusion_builder_column fusion-builder-column-13 fusion_builder_column_1_1 1_1 fusion-flex-column\" style=\"--awb-bg-size:cover;--awb-width-large:100%;--awb-margin-top-large:0px;--awb-spacing-right-large:0%;--awb-margin-bottom-large:0px;--awb-spacing-left-large:0%;--awb-width-medium:100%;--awb-order-medium:0;--awb-spacing-right-medium:0%;--awb-spacing-left-medium:0%;--awb-width-small:100%;--awb-order-small:0;--awb-spacing-right-small:1.92%;--awb-spacing-left-small:1.92%;\"><div class=\"fusion-column-wrapper fusion-column-has-shadow fusion-flex-justify-content-flex-start fusion-content-layout-column\"><div class=\"fusion-title title fusion-title-14 fusion-sep-none fusion-title-text fusion-title-size-three\" style=\"--awb-text-color:var(--awb-color1);--awb-margin-top-small:10px;--awb-margin-right-small:0px;--awb-margin-bottom-small:10px;--awb-margin-left-small:0px;--awb-font-size:40px;\"><h3 class=\"fusion-title-heading title-heading-left\" style=\"font-family:&quot;HarlowSerifRegluar&quot;;font-style:normal;font-weight:400;margin:0;font-size:1em;\">Warmth, relaxation &amp; thermal bliss after an active winter day<\/h3><\/div><div class=\"fusion-title title fusion-title-15 fusion-sep-none fusion-title-text fusion-title-size-four\" style=\"--awb-text-color:var(--awb-color1);--awb-margin-top-small:10px;--awb-margin-right-small:0px;--awb-margin-bottom-small:10px;--awb-margin-left-small:0px;--awb-font-size:25px;\"><h4 class=\"fusion-title-heading title-heading-left\" style=\"font-family:&quot;Outfit&quot;;font-style:normal;font-weight:600;margin:0;font-size:1em;\">After a day in the fresh winter air, warmth feels particularly good.<\/h4><\/div><div class=\"fusion-text fusion-text-12\" style=\"--awb-line-height:1.4;--awb-text-color:var(--awb-color1);--awb-text-font-family:&quot;Outfit&quot;;--awb-text-font-style:normal;--awb-text-font-weight:400;\"><p><span style=\"letter-spacing: 0.3px; background-color: rgba(0, 0, 0, 0);\">Bad Kleinkirchheim is famous for its thermal spas: the <\/span><a style=\"letter-spacing: 0.3px; background-color: rgba(0, 0, 0, 0); color: var(--awb-color1);\" href=\"https:\/\/www.badkleinkirchheim.com\/thermal-roemerbad\/therme-bad-kleinkirchheim\/\" target=\"_blank\" rel=\"noopener\">Thermal R\u00f6merbad<\/a><span style=\"letter-spacing: 0.3px; background-color: rgba(0, 0, 0, 0); color: var(--awb-color1);\"> and the <\/span><a style=\"letter-spacing: 0.3px; background-color: rgba(0, 0, 0, 0); color: var(--awb-color1);\" href=\"https:\/\/www.therme-kathrein.at\/\" target=\"_blank\" rel=\"noopener\">St. Kathrein Thermal Spa<\/a><span style=\"letter-spacing: 0.3px; background-color: rgba(0, 0, 0, 0);\"> offer relaxation for adults and plenty of fun for children.<\/span><\/p>\n<p>At the Slow Travel Resort Kirchleitn, you can also end the day peacefully, whether in the sauna or in your cozy apartment with a tiled stove, wrapped in soothing warmth.<\/p>\n<\/div><div ><a class=\"fusion-button button-flat fusion-button-default-size button-custom fusion-button-default button-3 fusion-button-default-span fusion-button-default-type\" style=\"--button_accent_color:var(--awb-color1);--button_accent_hover_color:var(--awb-color1);--button_border_hover_color:var(--awb-color1);--button-border-radius-top-left:0;--button-border-radius-top-right:0;--button-border-radius-bottom-right:0;--button-border-radius-bottom-left:0;--button_gradient_top_color:var(--awb-custom_color_1);--button_gradient_bottom_color:var(--awb-custom_color_1);--button_gradient_top_color_hover:var(--awb-color5);--button_gradient_bottom_color_hover:var(--awb-color5);\" target=\"_self\" data-hover=\"bg_slide_right\" href=\"https:\/\/www.kirchleitn.com\/buchen\"><span class=\"fusion-button-text awb-button__text awb-button__text--default fusion-button-text-right\">Book your family winter adventure now<\/span><span class=\"fusion-button-icon-divider button-icon-divider-right\"><i class=\"fa-snowflake fas awb-button__icon awb-button__icon--default\" aria-hidden=\"true\"><\/i><\/span><\/a><\/div><\/div><\/div><\/div><\/div><div class=\"fusion-fullwidth fullwidth-box fusion-builder-row-8 fusion-flex-container has-pattern-background has-mask-background hundred-percent-fullwidth non-hundred-percent-height-scrolling\" style=\"--awb-border-radius-top-left:0px;--awb-border-radius-top-right:0px;--awb-border-radius-bottom-right:0px;--awb-border-radius-bottom-left:0px;--awb-padding-left:0px;--awb-padding-right-small:0px;--awb-flex-wrap:wrap;\" ><div class=\"fusion-builder-row fusion-row fusion-flex-align-items-stretch fusion-flex-justify-content-space-between fusion-flex-content-wrap\" style=\"width:104% !important;max-width:104% !important;margin-left: calc(-4% \/ 2 );margin-right: calc(-4% \/ 2 );\"><div class=\"fusion-layout-column fusion_builder_column fusion-builder-column-14 fusion_builder_column_1_2 1_2 fusion-flex-column fusion-flex-align-self-stretch\" style=\"--awb-bg-image:url(&#039;https:\/\/www.kirchleitn.com\/wp-content\/uploads\/2025\/10\/AdobeStock_420052381.jpg&#039;);--awb-bg-position:center center;--awb-bg-size:cover;--awb-width-large:50%;--awb-margin-top-large:0px;--awb-spacing-right-large:0%;--awb-margin-bottom-large:0px;--awb-spacing-left-large:0%;--awb-width-medium:50%;--awb-order-medium:0;--awb-spacing-right-medium:0%;--awb-spacing-left-medium:0%;--awb-width-small:100%;--awb-order-small:0;--awb-spacing-right-small:1.92%;--awb-spacing-left-small:1.92%;\"><div class=\"fusion-column-wrapper fusion-column-has-shadow fusion-flex-justify-content-space-between fusion-content-layout-block fusion-empty-column-bg-image fusion-column-has-bg-image\" data-bg-url=\"https:\/\/www.kirchleitn.com\/wp-content\/uploads\/2025\/10\/AdobeStock_420052381.jpg\"><img decoding=\"async\" class=\"fusion-empty-dims-img-placeholder fusion-no-large-visibility fusion-no-medium-visibility\" alt=\"Familie sitzt im Schnee beim Winterurlaub mit Kleinkind und Hund in K\u00e4rnten\" aria-label=\"Urlaub mit Hund in K\u00e4rnten\" src=\"data:image\/svg+xml,%3Csvg%20xmlns%3D%27http%3A%2F%2Fwww.w3.org%2F2000%2Fsvg%27%20width%3D%271000%27%20height%3D%27667%27%20viewBox%3D%270%200%201000%20667%27%3E%3Crect%20width%3D%271000%27%20height%3D%27667%27%20fill-opacity%3D%220%22%2F%3E%3C%2Fsvg%3E\"><\/div><\/div><div class=\"fusion-layout-column fusion_builder_column fusion-builder-column-15 fusion_builder_column_1_2 1_2 fusion-flex-column fusion-flex-align-self-stretch\" style=\"--awb-padding-top:2em;--awb-padding-right:6em;--awb-padding-bottom:2em;--awb-padding-left:6em;--awb-padding-top-small:2em;--awb-padding-right-small:2em;--awb-padding-bottom-small:2em;--awb-padding-left-small:2em;--awb-bg-color:var(--awb-color2);--awb-bg-color-hover:var(--awb-color2);--awb-bg-size:cover;--awb-width-large:50%;--awb-margin-top-large:0px;--awb-spacing-right-large:0%;--awb-margin-bottom-large:0px;--awb-spacing-left-large:0%;--awb-width-medium:50%;--awb-order-medium:0;--awb-spacing-right-medium:0%;--awb-spacing-left-medium:0%;--awb-width-small:100%;--awb-order-small:0;--awb-spacing-right-small:1.92%;--awb-spacing-left-small:1.92%;\"><div class=\"fusion-column-wrapper fusion-column-has-shadow fusion-flex-justify-content-space-between fusion-content-layout-column\"><div class=\"fusion-title title fusion-title-16 fusion-sep-none fusion-title-text fusion-title-size-three\" style=\"--awb-text-color:var(--awb-color7);--awb-margin-top-small:10px;--awb-margin-right-small:0px;--awb-margin-bottom-small:10px;--awb-margin-left-small:0px;--awb-font-size:40px;\"><h3 class=\"fusion-title-heading title-heading-left\" style=\"font-family:&quot;HarlowSerifRegluar&quot;;font-style:normal;font-weight:400;margin:0;font-size:1em;\">Winter holidays with children at Slow Travel Resort Kirchleitn<\/h3><\/div><div class=\"fusion-title title fusion-title-17 fusion-sep-none fusion-title-text fusion-title-size-four\" style=\"--awb-text-color:var(--awb-color6);--awb-margin-top-small:10px;--awb-margin-right-small:0px;--awb-margin-bottom-small:10px;--awb-margin-left-small:0px;--awb-font-size:25px;\"><h4 class=\"fusion-title-heading title-heading-left\" style=\"font-family:&quot;Outfit&quot;;font-style:normal;font-weight:600;margin:0;font-size:1em;\">Winter days with short distances and space to play<\/h4><\/div><div class=\"fusion-text fusion-text-13\"><p>In the car-free Slow Travel Resort Kirchleitn, everything is close by, so distances remain short and the daily routine can be organized without any rush.<\/p>\n<p><b>Children play in the snow around the houses, build snowmen, and make new friends.<\/b><\/p>\n<p>On days when the weather is a bit unsettled, families have access to the holiday village&#8217;s <a href=\"https:\/\/www.kirchleitn.com\/en\/family-vacation-in-bad-kleinkirchheim-carinthia\/\">indoor playroom<\/a>. There, children can romp and stay busy while adults find some time for themselves. <\/p>\n<p><i>This mix of being active outdoors and arriving relaxed indoors defines a winter holiday in Carinthia.<\/i><\/p>\n<\/div><div ><a class=\"fusion-button button-flat fusion-button-default-size button-custom fusion-button-default button-4 fusion-button-default-span fusion-button-default-type\" style=\"--button_accent_color:var(--awb-color1);--button_accent_hover_color:var(--awb-color1);--button_border_hover_color:var(--awb-color1);--button-border-radius-top-left:0;--button-border-radius-top-right:0;--button-border-radius-bottom-right:0;--button-border-radius-bottom-left:0;--button_gradient_top_color:var(--awb-custom_color_1);--button_gradient_bottom_color:var(--awb-custom_color_1);--button_gradient_top_color_hover:var(--awb-color5);--button_gradient_bottom_color_hover:var(--awb-color5);\" target=\"_self\" data-hover=\"bg_slide_right\" href=\"https:\/\/www.kirchleitn.com\/en\/quick-inquiry\/\"><span class=\"fusion-button-text awb-button__text awb-button__text--default fusion-button-text-right\">Request your preferred date for your winter holiday with children<\/span><span class=\"fusion-button-icon-divider button-icon-divider-right\"><i class=\"fa-paper-plane fas awb-button__icon awb-button__icon--default\" aria-hidden=\"true\"><\/i><\/span><\/a><\/div><\/div><\/div><\/div><\/div><div class=\"fusion-fullwidth fullwidth-box fusion-builder-row-9 fusion-flex-container has-pattern-background has-mask-background hundred-percent-fullwidth non-hundred-percent-height-scrolling\" style=\"--awb-border-radius-top-left:0px;--awb-border-radius-top-right:0px;--awb-border-radius-bottom-right:0px;--awb-border-radius-bottom-left:0px;--awb-padding-top:2em;--awb-padding-right:6em;--awb-padding-bottom:2em;--awb-padding-left:6em;--awb-padding-top-small:2em;--awb-padding-right-small:2em;--awb-padding-bottom-small:2em;--awb-padding-left-small:2em;--awb-margin-bottom-small:0px;--awb-background-color:#f3f2ef;--awb-background-color-small:var(--awb-color2);--awb-flex-wrap:wrap;\" ><div class=\"fusion-builder-row fusion-row fusion-flex-align-items-flex-start fusion-flex-content-wrap\" style=\"width:104% !important;max-width:104% !important;margin-left: calc(-4% \/ 2 );margin-right: calc(-4% \/ 2 );\"><div class=\"fusion-layout-column fusion_builder_column fusion-builder-column-16 fusion_builder_column_1_1 1_1 fusion-flex-column\" style=\"--awb-bg-size:cover;--awb-width-large:100%;--awb-margin-top-large:0px;--awb-spacing-right-large:1.92%;--awb-margin-bottom-large:20px;--awb-spacing-left-large:1.92%;--awb-width-medium:100%;--awb-order-medium:0;--awb-spacing-right-medium:1.92%;--awb-spacing-left-medium:1.92%;--awb-width-small:100%;--awb-order-small:0;--awb-spacing-right-small:1.92%;--awb-spacing-left-small:1.92%;\"><div class=\"fusion-column-wrapper fusion-column-has-shadow fusion-flex-justify-content-flex-start fusion-content-layout-column\"><div class=\"fusion-title title fusion-title-18 fusion-sep-none fusion-title-text fusion-title-size-two\" style=\"--awb-text-color:var(--awb-color7);--awb-margin-top-small:10px;--awb-margin-right-small:0px;--awb-margin-bottom-small:10px;--awb-margin-left-small:0px;--awb-font-size:40px;\"><h2 class=\"fusion-title-heading title-heading-left\" style=\"font-family:&quot;HarlowSerifRegluar&quot;;font-style:normal;font-weight:400;margin:0;font-size:1em;\">Apartments for your winter holiday in Carinthia<\/h2><\/div><div class=\"fusion-text fusion-text-14\"><p>After a day in the snow, the apartment becomes your sanctuary.<\/p>\n<p>The scent of pine wood, the crackling tiled stove, plenty of space in the cozy parlor, and a fully equipped kitchen create comfort and coziness for relaxed evenings.<\/p>\n<\/div><div class=\"fusion-text fusion-text-15\" style=\"--awb-font-size:24px;--awb-text-font-family:&quot;Outfit&quot;;--awb-text-font-style:normal;--awb-text-font-weight:500;\"><p><i><span style=\"color: var(--awb-color6);\">Find your personal home for restful winter days in the mountains at Slow Travel Resort Kirchleitn.<\/span><\/i><\/p>\n<\/div><\/div><\/div><div class=\"fusion-layout-column fusion_builder_column fusion-builder-column-17 fusion_builder_column_1_3 1_3 fusion-flex-column fusion-flex-align-self-stretch\" style=\"--awb-padding-top:1em;--awb-bg-color:rgba(124,159,137,0.28);--awb-bg-color-hover:rgba(124,159,137,0.28);--awb-bg-size:cover;--awb-width-large:33.3333333333%;--awb-margin-top-large:0px;--awb-spacing-right-large:1em;--awb-margin-bottom-large:0px;--awb-spacing-left-large:1em;--awb-width-medium:33.3333333333%;--awb-order-medium:0;--awb-spacing-right-medium:1em;--awb-spacing-left-medium:1em;--awb-width-small:100%;--awb-order-small:1;--awb-margin-top-small:2em;--awb-spacing-right-small:1.92%;--awb-spacing-left-small:1.92%;\"><div class=\"fusion-column-wrapper fusion-column-has-shadow fusion-flex-justify-content-space-between fusion-content-layout-column\"><div class=\"fusion-title title fusion-title-19 fusion-sep-none fusion-title-highlight fusion-animate-once fusion-highlight-underline fusion-title-size-three\" style=\"--awb-text-color:var(--awb-color7);--awb-highlight-color:var(--awb-color5);--awb-margin-top:0px;--awb-margin-right:1em;--awb-margin-bottom:0.5em;--awb-margin-left:1em;--awb-margin-top-small:10px;--awb-margin-right-small:1em;--awb-margin-bottom-small:10px;--awb-margin-left-small:1em;--awb-font-size:30px;\" data-highlight=\"underline\"><h3 class=\"fusion-title-heading title-heading-left\" style=\"font-family:&quot;HarlowSerifplane&quot;;font-style:normal;font-weight:400;margin:0;font-size:1em;line-height:1.4;\"><span class=\"fusion-highlighted-text-prefix\">Apartment<\/span> <span class=\"fusion-highlighted-text-wrapper\"><span class=\"fusion-highlighted-text\" style=\"color:var(--awb-color7);\">Rosennock<\/span><svg xmlns=\"http:\/\/www.w3.org\/2000\/svg\" viewBox=\"0 0 500 150\" preserveAspectRatio=\"none\"><path d=\"M8.1,146.2c0,0,240.6-55.6,479-13.8\"><\/path><\/svg><\/span> <span class=\"fusion-highlighted-text-postfix\">in Bad Kleinkirchheim Carinthia<\/span><\/h3><\/div><div class=\"fusion-image-element \" style=\"--awb-margin-top:0px;--awb-margin-right:0px;--awb-margin-bottom:1em;--awb-margin-left:0px;--awb-caption-title-font-family:var(--h2_typography-font-family);--awb-caption-title-font-weight:var(--h2_typography-font-weight);--awb-caption-title-font-style:var(--h2_typography-font-style);--awb-caption-title-size:var(--h2_typography-font-size);--awb-caption-title-transform:var(--h2_typography-text-transform);--awb-caption-title-line-height:var(--h2_typography-line-height);--awb-caption-title-letter-spacing:var(--h2_typography-letter-spacing);\"><span class=\" fusion-imageframe imageframe-none imageframe-1 hover-type-none\"><img decoding=\"async\" width=\"667\" height=\"445\" alt=\"Rosennock vacation apartments in Bad Kleinkirchheim with sitting area and tiled stove in the Slow Travel Resort Kirchleitn in Bad Kleinkirchheim.\" title=\"Vacation Apartment Rosennock\" src=\"https:\/\/www.kirchleitn.com\/wp-content\/uploads\/2025\/09\/Rosenock_Mallnock\u00a9Slow-Travel-Resort_31.jpg\" class=\"img-responsive wp-image-2577\" srcset=\"https:\/\/www.kirchleitn.com\/wp-content\/uploads\/2025\/09\/Rosenock_Mallnock\u00a9Slow-Travel-Resort_31-200x133.jpg 200w, https:\/\/www.kirchleitn.com\/wp-content\/uploads\/2025\/09\/Rosenock_Mallnock\u00a9Slow-Travel-Resort_31-400x267.jpg 400w, https:\/\/www.kirchleitn.com\/wp-content\/uploads\/2025\/09\/Rosenock_Mallnock\u00a9Slow-Travel-Resort_31-600x400.jpg 600w, https:\/\/www.kirchleitn.com\/wp-content\/uploads\/2025\/09\/Rosenock_Mallnock\u00a9Slow-Travel-Resort_31.jpg 667w\" sizes=\"(max-width: 640px) 100vw, 400px\" \/><\/span><\/div><div class=\"fusion-text fusion-text-16\" style=\"--awb-margin-right:1em;--awb-margin-left:1.5em;--awb-text-font-family:&quot;Outfit&quot;;--awb-text-font-style:normal;--awb-text-font-weight:600;\"><p><strong><em><span style=\"color: var(--awb-color5);\">Comfortable living in a small space<\/span><br \/><span style=\"color: #333333;\">Approx. 35 m\u00b2 | For 1\u20134 people<\/span><\/em><\/strong><\/p>\n<\/div><div class=\"fusion-text fusion-text-17\" style=\"--awb-text-color:var(--awb-color7);--awb-margin-right:1em;--awb-margin-left:1.5em;\"><p>One bedroom, a cozy living room with tiled stove and additional double bed, kitchen, bathroom and separate toilet.<\/p>\n<p>Ideal for families with a baby, schoolchild or teenager and of course also for anyone traveling with a dog.<\/p>\n<\/div><div ><a class=\"fusion-button button-flat fusion-button-default-size button-custom fusion-button-default button-5 fusion-button-span-yes fusion-button-default-type\" style=\"--awb-margin-top:1em;--awb-margin-right:1em;--awb-margin-bottom:2em;--awb-margin-left:1em;--button_accent_color:var(--awb-color1);--button_accent_hover_color:var(--awb-color1);--button_border_hover_color:var(--awb-color1);--button-border-radius-top-left:0;--button-border-radius-top-right:0;--button-border-radius-bottom-right:0;--button-border-radius-bottom-left:0;--button_gradient_top_color:var(--awb-custom_color_1);--button_gradient_bottom_color:var(--awb-custom_color_1);--button_gradient_top_color_hover:var(--awb-color5);--button_gradient_bottom_color_hover:var(--awb-color5);\" target=\"_self\" data-hover=\"bg_slide_right\" title=\"Details about the Rosennock vacation apartment\" aria-label=\"Details about the Rosennock vacation apartment\" role=\"button\" href=\"https:\/\/www.kirchleitn.com\/en\/apartment-rosennock\/\"><span class=\"fusion-button-text awb-button__text awb-button__text--default fusion-button-text-right\">Details for Apartment Rosennock<\/span><span class=\"fusion-button-icon-divider button-icon-divider-right\"><i class=\"fa-info-circle fas awb-button__icon awb-button__icon--default\" aria-hidden=\"true\"><\/i><\/span><\/a><\/div><\/div><\/div><div class=\"fusion-layout-column fusion_builder_column fusion-builder-column-18 fusion_builder_column_1_3 1_3 fusion-flex-column fusion-flex-align-self-stretch\" style=\"--awb-padding-top:1em;--awb-bg-color:rgba(124,159,137,0.18);--awb-bg-color-hover:rgba(124,159,137,0.18);--awb-bg-size:cover;--awb-width-large:33.3333333333%;--awb-margin-top-large:0px;--awb-spacing-right-large:1em;--awb-margin-bottom-large:0px;--awb-spacing-left-large:1em;--awb-width-medium:33.3333333333%;--awb-order-medium:0;--awb-spacing-right-medium:1em;--awb-spacing-left-medium:1em;--awb-width-small:100%;--awb-order-small:0;--awb-spacing-right-small:1.92%;--awb-spacing-left-small:1.92%;\"><div class=\"fusion-column-wrapper fusion-column-has-shadow fusion-flex-justify-content-space-between fusion-content-layout-column\"><div class=\"fusion-title title fusion-title-20 fusion-sep-none fusion-title-highlight fusion-animate-once fusion-highlight-underline fusion-title-size-three\" style=\"--awb-text-color:var(--awb-color7);--awb-margin-top:0px;--awb-margin-right:1em;--awb-margin-bottom:1.1em;--awb-margin-left:1em;--awb-margin-top-small:10px;--awb-margin-right-small:1em;--awb-margin-bottom-small:10px;--awb-margin-left-small:1em;--awb-font-size:30px;\" data-highlight=\"underline\"><h3 class=\"fusion-title-heading title-heading-left\" style=\"font-family:&quot;HarlowSerifplane&quot;;font-style:normal;font-weight:400;margin:0;font-size:1em;line-height:1.4;\"><span class=\"fusion-highlighted-text-prefix\">Apartment<\/span> <span class=\"fusion-highlighted-text-wrapper\"><span class=\"fusion-highlighted-text\" style=\"color:var(--awb-color7);\">Mirnock<\/span><svg xmlns=\"http:\/\/www.w3.org\/2000\/svg\" viewBox=\"0 0 500 150\" preserveAspectRatio=\"none\"><path d=\"M8.1,146.2c0,0,240.6-55.6,479-13.8\"><\/path><\/svg><\/span> <span class=\"fusion-highlighted-text-postfix\">in Bad Kleinkirchheim Carinthia<\/span><\/h3><\/div><div class=\"fusion-image-element \" style=\"--awb-margin-top:0px;--awb-margin-right:0px;--awb-margin-bottom:1em;--awb-margin-left:0px;--awb-caption-title-font-family:var(--h2_typography-font-family);--awb-caption-title-font-weight:var(--h2_typography-font-weight);--awb-caption-title-font-style:var(--h2_typography-font-style);--awb-caption-title-size:var(--h2_typography-font-size);--awb-caption-title-transform:var(--h2_typography-text-transform);--awb-caption-title-line-height:var(--h2_typography-line-height);--awb-caption-title-letter-spacing:var(--h2_typography-letter-spacing);\"><span class=\" fusion-imageframe imageframe-none imageframe-2 hover-type-none\"><img decoding=\"async\" width=\"667\" height=\"445\" alt=\"Cozy vacation apartments in Bad Kleinkirchheim &quot;Mirnock&quot; with tiled stove and dining area in the Slow Travel Resort Kirchleitn in Bad Kleinkirchheim.\" title=\"Vacation Apartment Mirnock\" src=\"https:\/\/www.kirchleitn.com\/wp-content\/uploads\/2025\/09\/Appartment_Mirnock.jpg\" class=\"img-responsive wp-image-2578\" srcset=\"https:\/\/www.kirchleitn.com\/wp-content\/uploads\/2025\/09\/Appartment_Mirnock-200x133.jpg 200w, https:\/\/www.kirchleitn.com\/wp-content\/uploads\/2025\/09\/Appartment_Mirnock-400x267.jpg 400w, https:\/\/www.kirchleitn.com\/wp-content\/uploads\/2025\/09\/Appartment_Mirnock-600x400.jpg 600w, https:\/\/www.kirchleitn.com\/wp-content\/uploads\/2025\/09\/Appartment_Mirnock.jpg 667w\" sizes=\"(max-width: 640px) 100vw, 400px\" \/><\/span><\/div><div class=\"fusion-text fusion-text-18\" style=\"--awb-margin-right:1em;--awb-margin-left:1.5em;--awb-text-font-family:&quot;Outfit&quot;;--awb-text-font-style:normal;--awb-text-font-weight:600;\"><p><strong><em><span style=\"color: var(--awb-color5);\">With balcony and view of the mountains<\/span><br \/><span style=\"color: #333333;\">Approx. 35 m\u00b2 | For 1\u20134 people<\/span><\/em><\/strong><\/p>\n<\/div><div class=\"fusion-text fusion-text-19\" style=\"--awb-margin-right:1em;--awb-margin-left:1.5em;\"><p data-start=\"0\" data-end=\"175\">Located on the first floor with a balcony, one bedroom (with a double bed), kitchen, cozy living room with a pull-out sofa bed and tiled stove, as well as a bathroom with a separate toilet. Suitable for couples with children, small families or grandparents with grandchildren who like to live in the mountains and do not want to forego comfort. <\/p>\n<\/div><div ><a class=\"fusion-button button-flat fusion-button-default-size button-custom fusion-button-default button-6 fusion-button-span-yes fusion-button-default-type\" style=\"--awb-margin-top:1em;--awb-margin-right:1em;--awb-margin-bottom:2em;--awb-margin-left:1em;--button_accent_color:var(--awb-color1);--button_accent_hover_color:var(--awb-color1);--button_border_hover_color:var(--awb-color1);--button-border-radius-top-left:0;--button-border-radius-top-right:0;--button-border-radius-bottom-right:0;--button-border-radius-bottom-left:0;--button_gradient_top_color:var(--awb-custom_color_1);--button_gradient_bottom_color:var(--awb-custom_color_1);--button_gradient_top_color_hover:var(--awb-color5);--button_gradient_bottom_color_hover:var(--awb-color5);\" target=\"_self\" data-hover=\"bg_slide_right\" title=\"Details about the Mirnock vacation apartment\" aria-label=\"Details about the Mirnock vacation apartment\" role=\"button\" href=\"https:\/\/www.kirchleitn.com\/en\/appartement-mirnock\/\"><span class=\"fusion-button-text awb-button__text awb-button__text--default fusion-button-text-right\">Details for Apartment Mirnock<\/span><span class=\"fusion-button-icon-divider button-icon-divider-right\"><i class=\"fa-info-circle fas awb-button__icon awb-button__icon--default\" aria-hidden=\"true\"><\/i><\/span><\/a><\/div><\/div><\/div><div class=\"fusion-layout-column fusion_builder_column fusion-builder-column-19 fusion_builder_column_1_3 1_3 fusion-flex-column fusion-flex-align-self-stretch\" style=\"--awb-padding-top:1em;--awb-bg-color:rgba(124,159,137,0.08);--awb-bg-color-hover:rgba(124,159,137,0.08);--awb-bg-size:cover;--awb-width-large:33.3333333333%;--awb-margin-top-large:0px;--awb-spacing-right-large:1em;--awb-margin-bottom-large:0px;--awb-spacing-left-large:1em;--awb-width-medium:33.3333333333%;--awb-order-medium:0;--awb-spacing-right-medium:1em;--awb-spacing-left-medium:1em;--awb-width-small:100%;--awb-order-small:2;--awb-margin-top-small:2em;--awb-spacing-right-small:1.92%;--awb-spacing-left-small:1.92%;\"><div class=\"fusion-column-wrapper fusion-column-has-shadow fusion-flex-justify-content-space-between fusion-content-layout-column\"><div class=\"fusion-title title fusion-title-21 fusion-sep-none fusion-title-highlight fusion-animate-once fusion-highlight-underline fusion-title-size-three\" style=\"--awb-text-color:var(--awb-color7);--awb-highlight-color:var(--awb-color5);--awb-margin-top:0px;--awb-margin-right:1em;--awb-margin-bottom:1.05em;--awb-margin-left:1em;--awb-margin-top-small:10px;--awb-margin-right-small:1em;--awb-margin-bottom-small:10px;--awb-margin-left-small:1em;--awb-font-size:30px;\" data-highlight=\"underline\"><h3 class=\"fusion-title-heading title-heading-left\" style=\"font-family:&quot;HarlowSerifplane&quot;;font-style:normal;font-weight:400;margin:0;font-size:1em;line-height:1.4;\"><span class=\"fusion-highlighted-text-prefix\">Apartment<\/span> <span class=\"fusion-highlighted-text-wrapper\"><span class=\"fusion-highlighted-text\" style=\"color:var(--awb-color7);\">Kolmnock<\/span><svg xmlns=\"http:\/\/www.w3.org\/2000\/svg\" viewBox=\"0 0 500 150\" preserveAspectRatio=\"none\"><path d=\"M8.1,146.2c0,0,240.6-55.6,479-13.8\"><\/path><\/svg><\/span> <span class=\"fusion-highlighted-text-postfix\">in Bad Kleinkirchheim Carinthia<\/span><\/h3><\/div><div class=\"fusion-image-element \" style=\"--awb-margin-top:0px;--awb-margin-right:0px;--awb-margin-bottom:0px;--awb-margin-left:1.em;--awb-caption-title-font-family:var(--h2_typography-font-family);--awb-caption-title-font-weight:var(--h2_typography-font-weight);--awb-caption-title-font-style:var(--h2_typography-font-style);--awb-caption-title-size:var(--h2_typography-font-size);--awb-caption-title-transform:var(--h2_typography-text-transform);--awb-caption-title-line-height:var(--h2_typography-line-height);--awb-caption-title-letter-spacing:var(--h2_typography-letter-spacing);\"><span class=\" fusion-imageframe imageframe-none imageframe-3 hover-type-none\"><img decoding=\"async\" width=\"667\" height=\"445\" alt=\"Vacation apartments for family vacations in Carinthia, view into the cozy parlor of the vacation apartment in the Slow Travel Resort\" title=\"Vacation Apartment Kolmnock\" src=\"https:\/\/www.kirchleitn.com\/wp-content\/uploads\/2025\/09\/Kolmnock\u00a9Slow-Travel-Resort_34.jpg\" class=\"img-responsive wp-image-2579\" srcset=\"https:\/\/www.kirchleitn.com\/wp-content\/uploads\/2025\/09\/Kolmnock\u00a9Slow-Travel-Resort_34-200x133.jpg 200w, https:\/\/www.kirchleitn.com\/wp-content\/uploads\/2025\/09\/Kolmnock\u00a9Slow-Travel-Resort_34-400x267.jpg 400w, https:\/\/www.kirchleitn.com\/wp-content\/uploads\/2025\/09\/Kolmnock\u00a9Slow-Travel-Resort_34-600x400.jpg 600w, https:\/\/www.kirchleitn.com\/wp-content\/uploads\/2025\/09\/Kolmnock\u00a9Slow-Travel-Resort_34.jpg 667w\" sizes=\"(max-width: 640px) 100vw, 400px\" \/><\/span><\/div><div class=\"fusion-text fusion-text-20\" style=\"--awb-margin-right:1em;--awb-margin-left:1.5em;--awb-text-font-family:&quot;Outfit&quot;;--awb-text-font-style:normal;--awb-text-font-weight:600;\"><p><strong><em><span style=\"color: #cc8800;\">Plenty of space for cozy family time<\/span><br \/><span style=\"color: #333333;\">Approx. 55 m\u00b2 | For 1\u20136 people<\/span><\/em><\/strong><\/p>\n<\/div><div class=\"fusion-text fusion-text-21\" style=\"--awb-margin-right:1em;--awb-margin-left:1.5em;\"><p>Two bedrooms, large living room with tiled stove, kitchen, bathroom and separate toilet.<\/p>\n<p>Ideal for larger families, befriended couples with children or for anyone who simply appreciates a little more space to retreat and relax.<\/p>\n<\/div><div ><a class=\"fusion-button button-flat fusion-button-default-size button-custom fusion-button-default button-7 fusion-button-span-yes fusion-button-default-type\" style=\"--awb-margin-top:1em;--awb-margin-right:1em;--awb-margin-bottom:2em;--awb-margin-left:1em;--button_accent_color:var(--awb-color1);--button_accent_hover_color:var(--awb-color1);--button_border_hover_color:var(--awb-color1);--button-border-radius-top-left:0;--button-border-radius-top-right:0;--button-border-radius-bottom-right:0;--button-border-radius-bottom-left:0;--button_gradient_top_color:var(--awb-custom_color_1);--button_gradient_bottom_color:var(--awb-custom_color_1);--button_gradient_top_color_hover:var(--awb-color5);--button_gradient_bottom_color_hover:var(--awb-color5);\" target=\"_self\" data-hover=\"bg_slide_right\" title=\"Details about the Kolmnock vacation apartment\" aria-label=\"Details about the Kolmnock vacation apartment\" role=\"button\" href=\"https:\/\/www.kirchleitn.com\/en\/apartment-kolmnock\/\"><span class=\"fusion-button-text awb-button__text awb-button__text--default fusion-button-text-right\">Details for Apartment Kolmnock<\/span><span class=\"fusion-button-icon-divider button-icon-divider-right\"><i class=\"fa-info-circle fas awb-button__icon awb-button__icon--default\" aria-hidden=\"true\"><\/i><\/span><\/a><\/div><\/div><\/div><\/div><\/div><div class=\"fusion-fullwidth fullwidth-box fusion-builder-row-10 fusion-flex-container has-pattern-background has-mask-background fusion-parallax-none hundred-percent-fullwidth non-hundred-percent-height-scrolling\" style=\"--awb-background-position:center bottom;--awb-border-radius-top-left:0px;--awb-border-radius-top-right:0px;--awb-border-radius-bottom-right:0px;--awb-border-radius-bottom-left:0px;--awb-padding-top:2em;--awb-padding-right:6em;--awb-padding-bottom:2em;--awb-padding-left:6em;--awb-padding-top-small:2em;--awb-padding-right-small:2em;--awb-padding-bottom-small:2em;--awb-padding-left-small:2em;--awb-background-image:linear-gradient(180deg, rgba(74,118,130,0.88) 0%,rgba(20,22,23,0.53) 100%),url(https:\/\/www.kirchleitn.com\/wp-content\/uploads\/2025\/10\/Vogelperspektive\u00a9Slow-Travel-Resort-Kirchleitn_Winter_24.jpg);;--awb-background-size:cover;--awb-flex-wrap:wrap;\" ><div class=\"fusion-builder-row fusion-row fusion-flex-align-items-stretch fusion-flex-content-wrap\" style=\"width:104% !important;max-width:104% !important;margin-left: calc(-4% \/ 2 );margin-right: calc(-4% \/ 2 );\"><div class=\"fusion-layout-column fusion_builder_column fusion-builder-column-20 fusion_builder_column_1_1 1_1 fusion-flex-column\" style=\"--awb-bg-size:cover;--awb-width-large:100%;--awb-margin-top-large:0px;--awb-spacing-right-large:1.92%;--awb-margin-bottom-large:20px;--awb-spacing-left-large:1.92%;--awb-width-medium:100%;--awb-order-medium:0;--awb-spacing-right-medium:1.92%;--awb-spacing-left-medium:1.92%;--awb-width-small:100%;--awb-order-small:0;--awb-spacing-right-small:1.92%;--awb-spacing-left-small:1.92%;\"><div class=\"fusion-column-wrapper fusion-column-has-shadow fusion-flex-justify-content-flex-start fusion-content-layout-column\"><div class=\"fusion-title title fusion-title-22 fusion-sep-none fusion-title-text fusion-title-size-three\" style=\"--awb-text-color:var(--awb-color1);--awb-margin-top-small:10px;--awb-margin-right-small:0px;--awb-margin-bottom-small:10px;--awb-margin-left-small:0px;--awb-font-size:40px;\"><h3 class=\"fusion-title-heading title-heading-left\" style=\"font-family:&quot;HarlowSerifRegluar&quot;;font-style:normal;font-weight:400;margin:0;font-size:1em;\">Best price guarantee for your Carinthia winter holiday with children<\/h3><\/div><div class=\"fusion-title title fusion-title-23 fusion-sep-none fusion-title-text fusion-title-size-four\" style=\"--awb-text-color:var(--awb-color1);--awb-margin-top-small:10px;--awb-margin-right-small:0px;--awb-margin-bottom-small:10px;--awb-margin-left-small:0px;--awb-font-size:20px;\"><h4 class=\"fusion-title-heading title-heading-left\" style=\"margin:0;font-size:1em;\">Book your apartment in Bad Kleinkirchheim directly through our website and secure the guaranteed best price!<\/h4><\/div><div class=\"fusion-text fusion-text-22\" style=\"--awb-line-height:1.4;--awb-text-color:var(--awb-color1);--awb-text-font-family:&quot;Outfit&quot;;--awb-text-font-style:normal;--awb-text-font-weight:400;\"><p><span style=\"letter-spacing: 0.3px; background-color: rgba(0, 0, 0, 0);\">With our Best Price Guarantee+, enjoy your winter holiday in Carinthia carefree, at the lowest rate available for our holiday village.<\/span><\/p>\n<\/div><\/div><\/div><div class=\"fusion-layout-column fusion_builder_column fusion-builder-column-21 fusion_builder_column_1_2 1_2 fusion-flex-column\" style=\"--awb-bg-size:cover;--awb-width-large:50%;--awb-margin-top-large:0px;--awb-spacing-right-large:3.84%;--awb-margin-bottom-large:20px;--awb-spacing-left-large:3.84%;--awb-width-medium:50%;--awb-order-medium:0;--awb-spacing-right-medium:3.84%;--awb-spacing-left-medium:3.84%;--awb-width-small:100%;--awb-order-small:0;--awb-spacing-right-small:1.92%;--awb-spacing-left-small:1.92%;\"><div class=\"fusion-column-wrapper fusion-column-has-shadow fusion-flex-justify-content-flex-start fusion-content-layout-column\"><ul style=\"--awb-size:20px;--awb-textcolor:var(--awb-color1);--awb-line-height:34px;--awb-icon-width:34px;--awb-icon-height:34px;--awb-icon-margin:14px;--awb-content-margin:48px;--awb-circlecolor:rgba(124,159,137,0);--awb-circle-yes-font-size:17.6px;\" class=\"fusion-checklist fusion-checklist-1 fusion-checklist-default type-icons\"><li class=\"fusion-li-item\" style=\"\"><span class=\"icon-wrapper circle-yes\"><i class=\"fusion-li-icon fa-angle-double-right fas\" aria-hidden=\"true\"><\/i><\/span><div class=\"fusion-li-item-content\">\n<p><span style=\"color: #ffffff;\"><b>Step 1: <\/b><\/span><strong><b>Send Screenshot<\/b><br \/>Send us a screenshot of the better offer (same category, travel period, and price) via chat, <a style=\"color: var(--awb-color5);\" href=\"mailto:booknow@slowtravelling.com\"><u>email<\/u><\/a>, or WhatsApp.<\/strong><\/p>\n<\/div><\/li><\/ul><\/div><\/div><div class=\"fusion-layout-column fusion_builder_column fusion-builder-column-22 fusion_builder_column_1_2 1_2 fusion-flex-column\" style=\"--awb-bg-size:cover;--awb-width-large:50%;--awb-margin-top-large:0px;--awb-spacing-right-large:3.84%;--awb-margin-bottom-large:20px;--awb-spacing-left-large:3.84%;--awb-width-medium:50%;--awb-order-medium:0;--awb-spacing-right-medium:3.84%;--awb-spacing-left-medium:3.84%;--awb-width-small:100%;--awb-order-small:0;--awb-spacing-right-small:1.92%;--awb-spacing-left-small:1.92%;\"><div class=\"fusion-column-wrapper fusion-column-has-shadow fusion-flex-justify-content-flex-start fusion-content-layout-column\"><ul style=\"--awb-size:20px;--awb-textcolor:var(--awb-color1);--awb-line-height:34px;--awb-icon-width:34px;--awb-icon-height:34px;--awb-icon-margin:14px;--awb-content-margin:48px;--awb-circlecolor:rgba(124,159,137,0);--awb-circle-yes-font-size:17.6px;\" class=\"fusion-checklist fusion-checklist-2 fusion-checklist-default type-icons\"><li class=\"fusion-li-item\" style=\"\"><span class=\"icon-wrapper circle-yes\"><i class=\"fusion-li-icon fa-angle-double-right fas\" aria-hidden=\"true\"><\/i><\/span><div class=\"fusion-li-item-content\">\n<p><b>Step 2: <\/b><strong><b>Get best price plus advantage\u2028<\/b><br \/>You are guaranteed to get the best price \u2013 plus an additional 5% discount on your apartment booking!<\/strong><\/p>\n<\/div><\/li><\/ul><\/div><\/div><\/div><\/div><div class=\"fusion-fullwidth fullwidth-box fusion-builder-row-11 fusion-flex-container has-pattern-background has-mask-background hundred-percent-fullwidth non-hundred-percent-height-scrolling\" style=\"--awb-border-radius-top-left:0px;--awb-border-radius-top-right:0px;--awb-border-radius-bottom-right:0px;--awb-border-radius-bottom-left:0px;--awb-padding-left:0px;--awb-padding-right-small:0px;--awb-flex-wrap:wrap;\" ><div class=\"fusion-builder-row fusion-row fusion-flex-align-items-stretch fusion-flex-justify-content-space-between fusion-flex-content-wrap\" style=\"width:104% !important;max-width:104% !important;margin-left: calc(-4% \/ 2 );margin-right: calc(-4% \/ 2 );\"><div class=\"fusion-layout-column fusion_builder_column fusion-builder-column-23 fusion_builder_column_1_2 1_2 fusion-flex-column fusion-flex-align-self-stretch\" style=\"--awb-padding-top:2em;--awb-padding-right:6em;--awb-padding-bottom:2em;--awb-padding-left:6em;--awb-padding-top-small:2em;--awb-padding-right-small:2em;--awb-padding-bottom-small:2em;--awb-padding-left-small:2em;--awb-bg-color:var(--awb-color2);--awb-bg-color-hover:var(--awb-color2);--awb-bg-size:cover;--awb-width-large:50%;--awb-margin-top-large:0px;--awb-spacing-right-large:0%;--awb-margin-bottom-large:0px;--awb-spacing-left-large:0%;--awb-width-medium:50%;--awb-order-medium:0;--awb-spacing-right-medium:0%;--awb-spacing-left-medium:0%;--awb-width-small:100%;--awb-order-small:0;--awb-spacing-right-small:1.92%;--awb-spacing-left-small:1.92%;\"><div class=\"fusion-column-wrapper fusion-column-has-shadow fusion-flex-justify-content-space-between fusion-content-layout-column\"><div class=\"fusion-title title fusion-title-24 fusion-sep-none fusion-title-text fusion-title-size-two\" style=\"--awb-text-color:var(--awb-custom_color_6);--awb-margin-top-small:10px;--awb-margin-right-small:0px;--awb-margin-bottom-small:10px;--awb-margin-left-small:0px;--awb-font-size:40px;\"><h2 class=\"fusion-title-heading title-heading-left\" style=\"font-family:&quot;HarlowSerifRegluar&quot;;font-style:normal;font-weight:400;margin:0;font-size:1em;\">Wintry traditions &amp; special moments in Carinthia<\/h2><\/div><div class=\"fusion-title title fusion-title-25 fusion-sep-none fusion-title-text fusion-title-size-three\" style=\"--awb-text-color:var(--awb-color4);--awb-margin-top-small:10px;--awb-margin-right-small:0px;--awb-margin-bottom-small:10px;--awb-margin-left-small:0px;--awb-font-size:25px;\"><h3 class=\"fusion-title-heading title-heading-left\" style=\"font-family:&quot;Outfit&quot;;font-style:normal;font-weight:600;margin:0;font-size:1em;\">Krampus run, Christmas markets, and snowy villages in the south of Austria<\/h3><\/div><div class=\"fusion-text fusion-text-23\"><p>The region also has a lot to offer culturally. Discover <b>traditional Carinthian customs<\/b> such as the Krampus run or festive winter markets, which are a highlight for young and old. <\/p>\n<p>The <b>snowy villages around Bad Kleinkirchheim<\/b> radiate a special charm in the cold season that transports you into a true winter wonderland.<\/p>\n<\/div><\/div><\/div><div class=\"fusion-layout-column fusion_builder_column fusion-builder-column-24 fusion_builder_column_1_2 1_2 fusion-flex-column fusion-flex-align-self-stretch\" style=\"--awb-bg-image:url(&#039;https:\/\/www.kirchleitn.com\/wp-content\/uploads\/2025\/11\/lebkuchen_nuesse-Kopie.webp&#039;);--awb-bg-position:center center;--awb-bg-size:cover;--awb-width-large:50%;--awb-margin-top-large:0px;--awb-spacing-right-large:0%;--awb-margin-bottom-large:0px;--awb-spacing-left-large:0%;--awb-width-medium:50%;--awb-order-medium:0;--awb-spacing-right-medium:0%;--awb-spacing-left-medium:0%;--awb-width-small:100%;--awb-order-small:0;--awb-spacing-right-small:1.92%;--awb-spacing-left-small:1.92%;\"><div class=\"fusion-column-wrapper fusion-column-has-shadow fusion-flex-justify-content-space-between fusion-content-layout-block fusion-empty-column-bg-image fusion-column-has-bg-image\" data-bg-url=\"https:\/\/www.kirchleitn.com\/wp-content\/uploads\/2025\/11\/lebkuchen_nuesse-Kopie.webp\"><img decoding=\"async\" class=\"fusion-empty-dims-img-placeholder fusion-no-large-visibility fusion-no-medium-visibility\" alt=\"Stimmungsvolle Aufnahme vom Weihnachtsmarkt in K\u00e4rnten mit Lebkuchen, Lichtern und winterlicher Dekoration.\" aria-label=\"Weihnachtsmarkt K\u00e4rnten\" src=\"data:image\/svg+xml,%3Csvg%20xmlns%3D%27http%3A%2F%2Fwww.w3.org%2F2000%2Fsvg%27%20width%3D%271920%27%20height%3D%271280%27%20viewBox%3D%270%200%201920%201280%27%3E%3Crect%20width%3D%271920%27%20height%3D%271280%27%20fill-opacity%3D%220%22%2F%3E%3C%2Fsvg%3E\"><\/div><\/div><\/div><\/div><div class=\"fusion-fullwidth fullwidth-box fusion-builder-row-12 fusion-flex-container has-pattern-background has-mask-background hundred-percent-fullwidth non-hundred-percent-height-scrolling\" style=\"--awb-border-radius-top-left:0px;--awb-border-radius-top-right:0px;--awb-border-radius-bottom-right:0px;--awb-border-radius-bottom-left:0px;--awb-padding-left:0px;--awb-padding-right-small:0px;--awb-flex-wrap:wrap;\" ><div class=\"fusion-builder-row fusion-row fusion-flex-align-items-stretch fusion-flex-justify-content-space-between fusion-flex-content-wrap\" style=\"width:104% !important;max-width:104% !important;margin-left: calc(-4% \/ 2 );margin-right: calc(-4% \/ 2 );\"><div class=\"fusion-layout-column fusion_builder_column fusion-builder-column-25 fusion_builder_column_1_2 1_2 fusion-flex-column fusion-flex-align-self-stretch\" style=\"--awb-bg-image:url(&#039;https:\/\/www.kirchleitn.com\/wp-content\/uploads\/2025\/11\/Paar_im_schnee.jpg&#039;);--awb-bg-position:center center;--awb-bg-size:cover;--awb-width-large:50%;--awb-margin-top-large:0px;--awb-spacing-right-large:0%;--awb-margin-bottom-large:0px;--awb-spacing-left-large:0%;--awb-width-medium:50%;--awb-order-medium:0;--awb-spacing-right-medium:0%;--awb-spacing-left-medium:0%;--awb-width-small:100%;--awb-order-small:1;--awb-spacing-right-small:1.92%;--awb-spacing-left-small:1.92%;\"><div class=\"fusion-column-wrapper fusion-column-has-shadow fusion-flex-justify-content-space-between fusion-content-layout-block fusion-empty-column-bg-image fusion-column-has-bg-image\" data-bg-url=\"https:\/\/www.kirchleitn.com\/wp-content\/uploads\/2025\/11\/Paar_im_schnee.jpg\"><img decoding=\"async\" class=\"fusion-empty-dims-img-placeholder fusion-no-large-visibility fusion-no-medium-visibility\" alt=\"Paar mit Wollm\u00fctzen genie\u00dft den Winterurlaub in K\u00e4rnten, umgeben von verschneiten B\u00e4umen und romantischer Atmosph\u00e4re.\" aria-label=\"Verliebtes Paar im Winterurlaub\" src=\"data:image\/svg+xml,%3Csvg%20xmlns%3D%27http%3A%2F%2Fwww.w3.org%2F2000%2Fsvg%27%20width%3D%271920%27%20height%3D%271306%27%20viewBox%3D%270%200%201920%201306%27%3E%3Crect%20width%3D%271920%27%20height%3D%271306%27%20fill-opacity%3D%220%22%2F%3E%3C%2Fsvg%3E\"><\/div><\/div><div class=\"fusion-layout-column fusion_builder_column fusion-builder-column-26 fusion_builder_column_1_2 1_2 fusion-flex-column fusion-flex-align-self-stretch\" style=\"--awb-padding-top:2em;--awb-padding-right:6em;--awb-padding-bottom:2em;--awb-padding-left:6em;--awb-padding-top-small:2em;--awb-padding-right-small:2em;--awb-padding-bottom-small:2em;--awb-padding-left-small:2em;--awb-bg-color:rgba(111,149,113,0.16);--awb-bg-color-hover:rgba(111,149,113,0.16);--awb-bg-size:cover;--awb-width-large:50%;--awb-margin-top-large:0px;--awb-spacing-right-large:0%;--awb-margin-bottom-large:0px;--awb-spacing-left-large:0%;--awb-width-medium:50%;--awb-order-medium:0;--awb-spacing-right-medium:0%;--awb-spacing-left-medium:0%;--awb-width-small:100%;--awb-order-small:0;--awb-spacing-right-small:1.92%;--awb-spacing-left-small:1.92%;\"><div class=\"fusion-column-wrapper fusion-column-has-shadow fusion-flex-justify-content-space-between fusion-content-layout-column\"><div class=\"fusion-title title fusion-title-26 fusion-sep-none fusion-title-text fusion-title-size-two\" style=\"--awb-text-color:var(--awb-custom_color_5);--awb-margin-top-small:10px;--awb-margin-right-small:0px;--awb-margin-bottom-small:10px;--awb-margin-left-small:0px;--awb-font-size:40px;\"><h2 class=\"fusion-title-heading title-heading-left\" style=\"font-family:&quot;HarlowSerifRegluar&quot;;font-style:normal;font-weight:400;margin:0;font-size:1em;\">Pure romance on a winter holiday in the Nockberge mountains<\/h2><\/div><div class=\"fusion-title title fusion-title-27 fusion-sep-none fusion-title-text fusion-title-size-four\" style=\"--awb-text-color:var(--awb-color6);--awb-margin-top-small:10px;--awb-margin-right-small:0px;--awb-margin-bottom-small:10px;--awb-margin-left-small:0px;--awb-font-size:25px;\"><h4 class=\"fusion-title-heading title-heading-left\" style=\"font-family:&quot;Outfit&quot;;font-style:normal;font-weight:600;margin:0;font-size:1em;\">Experience carriage rides, sunsets, and snowy valleys<\/h4><\/div><div class=\"fusion-text fusion-text-24\"><p>For romantics, a carriage ride through the idyllic valleys of the Nockberge mountains is ideal, snuggled in warm blankets, accompanied by the sound of bells and the silence of the snowy landscape.<\/p>\n<p>Or enjoy unforgettable sunsets on the alpine pastures, where the golden rays bathe the white snow cover in a magical light.<\/p>\n<p>And if you prefer an even quieter holiday, you&#8217;ll find the right apartment for a <span style=\"color: #4f4a4a;\">winter holiday in our relaxed holiday village at Oswald.<\/span><\/p>\n<\/div><div ><a class=\"fusion-button button-flat fusion-button-default-size button-custom fusion-button-default button-8 fusion-button-default-span fusion-button-default-type\" style=\"--button_accent_color:var(--awb-color1);--button_accent_hover_color:var(--awb-color1);--button_border_hover_color:var(--awb-color1);--button-border-radius-top-left:0;--button-border-radius-top-right:0;--button-border-radius-bottom-right:0;--button-border-radius-bottom-left:0;--button_gradient_top_color:var(--awb-custom_color_4);--button_gradient_bottom_color:var(--awb-custom_color_4);--button_gradient_top_color_hover:var(--awb-color5);--button_gradient_bottom_color_hover:var(--awb-color5);\" target=\"_self\" data-hover=\"bg_slide_right\" href=\"https:\/\/www.beimoswald.com\/winterurlaub-bad-kleinkirchheim\/\" rel=\"noopener\"><span class=\"fusion-button-text awb-button__text awb-button__text--default fusion-button-text-right\">To the quiet holiday village At Oswald<\/span><span class=\"fusion-button-icon-divider button-icon-divider-right\"><i class=\"fa-angle-double-right fas awb-button__icon awb-button__icon--default\" aria-hidden=\"true\"><\/i><\/span><\/a><\/div><\/div><\/div><\/div><\/div><div class=\"fusion-fullwidth fullwidth-box fusion-builder-row-13 fusion-flex-container has-pattern-background has-mask-background fusion-parallax-fixed hundred-percent-fullwidth non-hundred-percent-height-scrolling\" style=\"--awb-background-position:center bottom;--awb-border-radius-top-left:0px;--awb-border-radius-top-right:0px;--awb-border-radius-bottom-right:0px;--awb-border-radius-bottom-left:0px;--awb-padding-top:4em;--awb-padding-right:6em;--awb-padding-bottom:4em;--awb-padding-left:6em;--awb-padding-top-small:2em;--awb-padding-right-small:2em;--awb-padding-bottom-small:2em;--awb-padding-left-small:2em;--awb-background-image:linear-gradient(180deg, rgba(243,242,239,0.93) 0%,rgba(243,242,239,0.76) 100%),url(https:\/\/www.kirchleitn.com\/wp-content\/uploads\/2025\/10\/329-0013-2880_kirchleitn_by_gert_perauer-Kopie.webp);;--awb-background-size:cover;--awb-flex-wrap:wrap;background-attachment:fixed;\" ><div class=\"fusion-builder-row fusion-row fusion-flex-align-items-stretch fusion-flex-content-wrap\" style=\"width:104% !important;max-width:104% !important;margin-left: calc(-4% \/ 2 );margin-right: calc(-4% \/ 2 );\"><div class=\"fusion-layout-column fusion_builder_column fusion-builder-column-27 fusion_builder_column_1_1 1_1 fusion-flex-column\" style=\"--awb-bg-size:cover;--awb-width-large:100%;--awb-margin-top-large:0px;--awb-spacing-right-large:1.92%;--awb-margin-bottom-large:20px;--awb-spacing-left-large:1.92%;--awb-width-medium:100%;--awb-order-medium:0;--awb-spacing-right-medium:1.92%;--awb-spacing-left-medium:1.92%;--awb-width-small:100%;--awb-order-small:0;--awb-spacing-right-small:1.92%;--awb-spacing-left-small:1.92%;\"><div class=\"fusion-column-wrapper fusion-column-has-shadow fusion-flex-justify-content-flex-start fusion-content-layout-column\"><div class=\"fusion-title title fusion-title-28 fusion-sep-none fusion-title-text fusion-title-size-two\" style=\"--awb-text-color:var(--awb-color7);--awb-margin-top-small:10px;--awb-margin-right-small:0px;--awb-margin-bottom-small:10px;--awb-margin-left-small:0px;--awb-font-size:40px;\"><h2 class=\"fusion-title-heading title-heading-left\" style=\"font-family:&quot;HarlowSerifRegluar&quot;;font-style:normal;font-weight:400;margin:0;font-size:1em;\">End your winter holidays in Bad Kleinkirchheim perfectly<\/h2><\/div><div class=\"fusion-title title fusion-title-29 fusion-sep-none fusion-title-text fusion-title-size-three\" style=\"--awb-text-color:var(--awb-color7);--awb-margin-top-small:10px;--awb-margin-right-small:0px;--awb-margin-bottom-small:10px;--awb-margin-left-small:0px;--awb-font-size:25px;\"><h3 class=\"fusion-title-heading title-heading-left\" style=\"font-family:&quot;Outfit&quot;;font-style:normal;font-weight:600;margin:0;font-size:1em;\">Mulled wine, fireplace, and thermal spa enjoyment for the whole family<\/h3><\/div><div class=\"fusion-text fusion-text-25\" style=\"--awb-line-height:1.4;--awb-text-color:var(--awb-color7);--awb-text-font-family:&quot;Outfit&quot;;--awb-text-font-style:normal;--awb-text-font-weight:400;\"><p>End your day in the snowy Carinthian mountains stylishly \u2013 whether with a glass of mulled wine by the fireplace, in a cozy rustic inn, with a relaxed evening in the thermal spa, or in the village&#8217;s own sauna.<\/p>\n<p><i>Here, a mindful winter trip with the family becomes an experience that enriches body, mind, and soul.<\/i><\/p>\n<\/div><\/div><\/div><\/div><\/div><div class=\"fusion-fullwidth fullwidth-box fusion-builder-row-14 fusion-flex-container has-pattern-background has-mask-background hundred-percent-fullwidth non-hundred-percent-height-scrolling\" style=\"--awb-border-radius-top-left:0px;--awb-border-radius-top-right:0px;--awb-border-radius-bottom-right:0px;--awb-border-radius-bottom-left:0px;--awb-padding-left:0px;--awb-padding-right-small:0px;--awb-flex-wrap:wrap;\" ><div class=\"fusion-builder-row fusion-row fusion-flex-align-items-stretch fusion-flex-justify-content-space-between fusion-flex-content-wrap\" style=\"width:104% !important;max-width:104% !important;margin-left: calc(-4% \/ 2 );margin-right: calc(-4% \/ 2 );\"><div class=\"fusion-layout-column fusion_builder_column fusion-builder-column-28 fusion_builder_column_1_2 1_2 fusion-flex-column fusion-flex-align-self-stretch\" style=\"--awb-padding-top:3em;--awb-padding-right:6em;--awb-padding-bottom:4em;--awb-padding-left:6em;--awb-padding-top-small:2em;--awb-padding-right-small:2em;--awb-padding-bottom-small:2em;--awb-padding-left-small:2em;--awb-bg-color:var(--awb-color3);--awb-bg-color-hover:var(--awb-color3);--awb-bg-size:cover;--awb-width-large:50%;--awb-margin-top-large:0px;--awb-spacing-right-large:0%;--awb-margin-bottom-large:0px;--awb-spacing-left-large:0%;--awb-width-medium:50%;--awb-order-medium:0;--awb-spacing-right-medium:0%;--awb-spacing-left-medium:0%;--awb-width-small:100%;--awb-order-small:1;--awb-spacing-right-small:1.92%;--awb-spacing-left-small:1.92%;\" data-scroll-devices=\"small-visibility,medium-visibility,large-visibility\"><div class=\"fusion-column-wrapper fusion-column-has-shadow fusion-flex-justify-content-space-between fusion-content-layout-column\"><div class=\"fusion-title title fusion-title-30 fusion-sep-none fusion-title-text fusion-title-size-three\" style=\"--awb-text-color:var(--awb-color6);--awb-margin-top-small:10px;--awb-margin-right-small:0px;--awb-margin-bottom-small:10px;--awb-margin-left-small:0px;--awb-font-size:40px;\"><h3 class=\"fusion-title-heading title-heading-left\" style=\"font-family:&quot;HarlowSerifRegluar&quot;;font-style:normal;font-weight:400;margin:0;font-size:1em;\">Ready for an unforgettable winter holiday in Carinthia with your children?<\/h3><\/div><div class=\"fusion-text fusion-text-26\"><p>Book now and secure your apartment for your winter getaway at Slow Travel Resort Kirchleitn, where nature, comfort, and family hospitality harmonize perfectly.<\/p>\n<\/div><div ><a class=\"fusion-button button-flat fusion-button-default-size button-custom fusion-button-default button-9 fusion-button-default-span fusion-button-default-type\" style=\"--button_accent_color:var(--awb-color1);--button_accent_hover_color:var(--awb-color1);--button_border_hover_color:var(--awb-color1);--button-border-radius-top-left:0;--button-border-radius-top-right:0;--button-border-radius-bottom-right:0;--button-border-radius-bottom-left:0;--button_gradient_top_color:var(--awb-custom_color_1);--button_gradient_bottom_color:var(--awb-custom_color_1);--button_gradient_top_color_hover:var(--awb-color5);--button_gradient_bottom_color_hover:var(--awb-color5);\" target=\"_self\" data-hover=\"bg_slide_right\" href=\"https:\/\/www.kirchleitn.com\/buchen\"><span class=\"fusion-button-text awb-button__text awb-button__text--default fusion-button-text-right\">Secure your winter getaway in Carinthia now<\/span><span class=\"fusion-button-icon-divider button-icon-divider-right\"><i class=\"fa-bed fas awb-button__icon awb-button__icon--default\" aria-hidden=\"true\"><\/i><\/span><\/a><\/div><\/div><\/div><div class=\"fusion-layout-column fusion_builder_column fusion-builder-column-29 fusion_builder_column_1_2 1_2 fusion-flex-column fusion-flex-align-self-stretch\" style=\"--awb-padding-top:20em;--awb-padding-right:8em;--awb-padding-bottom:1em;--awb-padding-left:8em;--awb-bg-image:url(&#039;https:\/\/www.kirchleitn.com\/wp-content\/uploads\/2025\/10\/Kinder\u00a9Slow-Travel-Resort_55.jpg&#039;);--awb-bg-position:center center;--awb-bg-size:cover;--awb-width-large:50%;--awb-margin-top-large:0px;--awb-spacing-right-large:0%;--awb-margin-bottom-large:0px;--awb-spacing-left-large:0%;--awb-width-medium:50%;--awb-order-medium:0;--awb-spacing-right-medium:0%;--awb-spacing-left-medium:0%;--awb-width-small:100%;--awb-order-small:0;--awb-spacing-right-small:1.92%;--awb-spacing-left-small:1.92%;\" data-scroll-devices=\"small-visibility,medium-visibility,large-visibility\"><div class=\"fusion-column-wrapper fusion-column-has-shadow fusion-flex-justify-content-space-between fusion-content-layout-block fusion-empty-column-bg-image fusion-column-has-bg-image\" data-bg-url=\"https:\/\/www.kirchleitn.com\/wp-content\/uploads\/2025\/10\/Kinder\u00a9Slow-Travel-Resort_55.jpg\"><img decoding=\"async\" class=\"fusion-empty-dims-img-placeholder fusion-no-large-visibility fusion-no-medium-visibility\" alt=\"Children enjoy the comfortable beds at Slow Travel Resort Kirchleitn.\" aria-label=\"Children Stay Overnight in Kirchleitn\" src=\"data:image\/svg+xml,%3Csvg%20xmlns%3D%27http%3A%2F%2Fwww.w3.org%2F2000%2Fsvg%27%20width%3D%271920%27%20height%3D%271280%27%20viewBox%3D%270%200%201920%201280%27%3E%3Crect%20width%3D%271920%27%20height%3D%271280%27%20fill-opacity%3D%220%22%2F%3E%3C%2Fsvg%3E\"><\/div><\/div><\/div><\/div><div class=\"fusion-fullwidth fullwidth-box fusion-builder-row-15 fusion-flex-container has-pattern-background has-mask-background fusion-parallax-none hundred-percent-fullwidth non-hundred-percent-height-scrolling\" style=\"--awb-border-radius-top-left:0px;--awb-border-radius-top-right:0px;--awb-border-radius-bottom-right:0px;--awb-border-radius-bottom-left:0px;--awb-padding-top:3em;--awb-padding-right:6em;--awb-padding-bottom:3em;--awb-padding-left:6em;--awb-padding-top-small:2em;--awb-padding-right-small:2em;--awb-padding-bottom-small:0px;--awb-padding-left-small:2em;--awb-background-color:var(--awb-color2);--awb-background-image:linear-gradient(180deg, rgba(255,255,255,0.76) 0%,rgba(243,242,239,0.91) 100%),url(https:\/\/www.kirchleitn.com\/wp-content\/uploads\/2025\/10\/winterlandschaft.webp);;--awb-background-size:cover;--awb-flex-wrap:wrap;\" ><div class=\"fusion-builder-row fusion-row fusion-flex-align-items-stretch fusion-flex-justify-content-space-between fusion-flex-content-wrap\" style=\"width:104% !important;max-width:104% !important;margin-left: calc(-4% \/ 2 );margin-right: calc(-4% \/ 2 );\"><div class=\"fusion-layout-column fusion_builder_column fusion-builder-column-30 fusion_builder_column_1_1 1_1 fusion-flex-column fusion-flex-align-self-stretch\" style=\"--awb-bg-size:cover;--awb-width-large:100%;--awb-margin-top-large:0px;--awb-spacing-right-large:1.92%;--awb-margin-bottom-large:0px;--awb-spacing-left-large:1.92%;--awb-width-medium:100%;--awb-order-medium:0;--awb-spacing-right-medium:1.92%;--awb-spacing-left-medium:1.92%;--awb-width-small:100%;--awb-order-small:0;--awb-spacing-right-small:1.92%;--awb-spacing-left-small:1.92%;\"><div class=\"fusion-column-wrapper fusion-column-has-shadow fusion-flex-justify-content-center fusion-content-layout-column\"><div class=\"fusion-title title fusion-title-31 fusion-sep-none fusion-title-text fusion-title-size-three\" style=\"--awb-text-color:var(--awb-color7);--awb-margin-top-small:10px;--awb-margin-right-small:0px;--awb-margin-bottom-small:10px;--awb-margin-left-small:0px;--awb-font-size:40px;\"><h3 class=\"fusion-title-heading title-heading-left\" style=\"font-family:&quot;HarlowSerifRegluar&quot;;font-style:normal;font-weight:400;margin:0;font-size:1em;\">Frequently asked questions about winter holidays in Carinthia with children<\/h3><\/div><\/div><\/div><div class=\"fusion-layout-column fusion_builder_column fusion-builder-column-31 fusion_builder_column_1_2 1_2 fusion-flex-column fusion-flex-align-self-flex-start\" style=\"--awb-padding-top:1em;--awb-padding-right:1em;--awb-padding-bottom:1em;--awb-padding-left:1em;--awb-padding-bottom-small:0px;--awb-bg-color:rgba(124,159,137,0);--awb-bg-color-hover:rgba(124,159,137,0);--awb-bg-size:cover;--awb-width-large:50%;--awb-margin-top-large:0px;--awb-spacing-right-large:3.84%;--awb-margin-bottom-large:20px;--awb-spacing-left-large:0%;--awb-width-medium:50%;--awb-order-medium:0;--awb-spacing-right-medium:3.84%;--awb-spacing-left-medium:0%;--awb-width-small:100%;--awb-order-small:0;--awb-spacing-right-small:1.92%;--awb-margin-bottom-small:0px;--awb-spacing-left-small:1.92%;\"><div class=\"fusion-column-wrapper fusion-column-has-shadow fusion-flex-justify-content-center fusion-content-layout-column\"><div class=\"accordian fusion-accordian\" style=\"--awb-border-size:1px;--awb-icon-size:16px;--awb-content-font-size:20px;--awb-icon-alignment:left;--awb-hover-color:var(--awb-color2);--awb-border-color:var(--awb-color3);--awb-background-color:var(--awb-color1);--awb-divider-color:rgba(242,243,245,0);--awb-divider-hover-color:rgba(242,243,245,0);--awb-icon-color:var(--awb-color1);--awb-title-color:var(--awb-color7);--awb-content-color:var(--awb-color7);--awb-icon-box-color:var(--awb-color4);--awb-toggle-hover-accent-color:var(--awb-color5);--awb-toggle-active-accent-color:var(--awb-color7);--awb-title-font-family:var(--awb-typography1-font-family);--awb-title-font-weight:var(--awb-typography1-font-weight);--awb-title-font-style:var(--awb-typography1-font-style);--awb-title-font-size:16px;--awb-content-font-family:&quot;Outfit&quot;;--awb-content-font-style:normal;--awb-content-font-weight:400;\"><div class=\"panel-group fusion-toggle-icon-boxed\" id=\"accordion-2848-1\"><div class=\"fusion-panel panel-default panel-6654e4155ae3f313d fusion-toggle-has-divider\" style=\"--awb-content-font-size:20px;--awb-content-line-height:1.4;--awb-content-font-family:&quot;Outfit&quot;;--awb-content-font-style:normal;--awb-content-font-weight:400;--awb-title-font-size:20px;--awb-title-line-height:1.4;--awb-title-color:var(--awb-color4);--awb-content-color:var(--awb-color7);\"><div class=\"panel-heading\"><h4 class=\"panel-title toggle\" id=\"toggle_6654e4155ae3f313d\"><a aria-expanded=\"false\" aria-controls=\"6654e4155ae3f313d\" role=\"button\" data-toggle=\"collapse\" data-parent=\"#accordion-2848-1\" data-target=\"#6654e4155ae3f313d\" href=\"#6654e4155ae3f313d\"><span class=\"fusion-toggle-icon-wrapper\" aria-hidden=\"true\"><i class=\"fa-fusion-box active-icon awb-icon-minus\" aria-hidden=\"true\"><\/i><i class=\"fa-fusion-box inactive-icon awb-icon-plus\" aria-hidden=\"true\"><\/i><\/span><span class=\"fusion-toggle-heading\">Can I Bring My Dog on a Winter Holiday?<\/span><\/a><\/h4><\/div><div id=\"6654e4155ae3f313d\" class=\"panel-collapse collapse \" aria-labelledby=\"toggle_6654e4155ae3f313d\"><div class=\"panel-body toggle-content fusion-clearfix\">\n<p>Yes, at Slow Travel Resort Kirchleitn in Bad Kleinkirchheim, <strong><a href=\"https:\/\/www.kirchleitn.com\/en\/winter-holiday-with-dog-in-austria\/\" target=\"_blank\" rel=\"noopener noreferrer\">dogs are very welcome on winter holiday<\/a><\/strong>! In our car-free holiday village, your four-legged friend can move safely. Walks through snowy forests and dog-friendly accommodations ensure that your dog also fully enjoys the winter getaway in Carinthia.  <\/p>\n<\/div><\/div><\/div><div class=\"fusion-panel panel-default panel-9f17a656b553addf8 fusion-toggle-has-divider\" style=\"--awb-content-font-size:20px;--awb-content-line-height:1.4;--awb-content-font-family:&quot;Outfit&quot;;--awb-content-font-style:normal;--awb-content-font-weight:400;--awb-title-font-size:20px;--awb-title-line-height:1.4;--awb-title-color:var(--awb-color4);--awb-content-color:var(--awb-color7);\"><div class=\"panel-heading\"><h4 class=\"panel-title toggle\" id=\"toggle_9f17a656b553addf8\"><a aria-expanded=\"false\" aria-controls=\"9f17a656b553addf8\" role=\"button\" data-toggle=\"collapse\" data-parent=\"#accordion-2848-1\" data-target=\"#9f17a656b553addf8\" href=\"#9f17a656b553addf8\"><span class=\"fusion-toggle-icon-wrapper\" aria-hidden=\"true\"><i class=\"fa-fusion-box active-icon awb-icon-minus\" aria-hidden=\"true\"><\/i><i class=\"fa-fusion-box inactive-icon awb-icon-plus\" aria-hidden=\"true\"><\/i><\/span><span class=\"fusion-toggle-heading\">When is the Best Time for a Winter Holiday?<\/span><\/a><\/h4><\/div><div id=\"9f17a656b553addf8\" class=\"panel-collapse collapse \" aria-labelledby=\"toggle_9f17a656b553addf8\"><div class=\"panel-body toggle-content fusion-clearfix\">\n<p>The best time for a winter holiday in Carinthia is from mid-December to the end of March. During these months, the chances are good to experience snowy landscapes and fully enjoy wintry days around Bad Kleinkirchheim. <\/p>\n<\/div><\/div><\/div><div class=\"fusion-panel panel-default panel-25cc4714b18f9e943 fusion-toggle-has-divider\" style=\"--awb-content-font-size:20px;--awb-content-line-height:1.4;--awb-content-font-family:&quot;Outfit&quot;;--awb-content-font-style:normal;--awb-content-font-weight:400;--awb-title-font-size:20px;--awb-title-line-height:1.4;--awb-title-color:var(--awb-color4);--awb-content-color:var(--awb-color7);\"><div class=\"panel-heading\"><h4 class=\"panel-title toggle\" id=\"toggle_25cc4714b18f9e943\"><a aria-expanded=\"false\" aria-controls=\"25cc4714b18f9e943\" role=\"button\" data-toggle=\"collapse\" data-parent=\"#accordion-2848-1\" data-target=\"#25cc4714b18f9e943\" href=\"#25cc4714b18f9e943\"><span class=\"fusion-toggle-icon-wrapper\" aria-hidden=\"true\"><i class=\"fa-fusion-box active-icon awb-icon-minus\" aria-hidden=\"true\"><\/i><i class=\"fa-fusion-box inactive-icon awb-icon-plus\" aria-hidden=\"true\"><\/i><\/span><span class=\"fusion-toggle-heading\">Where Can You Go Cross-Country Skiing in Bad Kleinkirchheim?<\/span><\/a><\/h4><\/div><div id=\"25cc4714b18f9e943\" class=\"panel-collapse collapse \" aria-labelledby=\"toggle_25cc4714b18f9e943\"><div class=\"panel-body toggle-content fusion-clearfix\">In Bad Kleinkirchheim, the R\u00f6merloipe and the Sportloipe run through the snowy winter landscape of the Nockberge mountains. Both are groomed daily. The R\u00f6merloipe is a moderately difficult, varied trail, while the Sportloipe primarily appeals to experienced cross-country skiers.<\/div><\/div><\/div><div class=\"fusion-panel panel-default panel-2fc6cb4ca09f22279 fusion-toggle-has-divider\" style=\"--awb-content-font-size:20px;--awb-content-line-height:1.4;--awb-content-font-family:&quot;Outfit&quot;;--awb-content-font-style:normal;--awb-content-font-weight:400;--awb-title-font-size:20px;--awb-title-line-height:1.4;--awb-title-color:var(--awb-color4);--awb-content-color:var(--awb-color7);\"><div class=\"panel-heading\"><h4 class=\"panel-title toggle\" id=\"toggle_2fc6cb4ca09f22279\"><a aria-expanded=\"false\" aria-controls=\"2fc6cb4ca09f22279\" role=\"button\" data-toggle=\"collapse\" data-parent=\"#accordion-2848-1\" data-target=\"#2fc6cb4ca09f22279\" href=\"#2fc6cb4ca09f22279\"><span class=\"fusion-toggle-icon-wrapper\" aria-hidden=\"true\"><i class=\"fa-fusion-box active-icon awb-icon-minus\" aria-hidden=\"true\"><\/i><i class=\"fa-fusion-box inactive-icon awb-icon-plus\" aria-hidden=\"true\"><\/i><\/span><span class=\"fusion-toggle-heading\">Where is a winter holiday in Carinthia particularly family-friendly?<\/span><\/a><\/h4><\/div><div id=\"2fc6cb4ca09f22279\" class=\"panel-collapse collapse \" aria-labelledby=\"toggle_2fc6cb4ca09f22279\"><div class=\"panel-body toggle-content fusion-clearfix\">\n<p>Family-friendly winter locations are characterized by short distances, safe environments, and versatile offerings. In Bad Kleinkirchheim, the car-free Slow Travel Resort Kirchleitn offers exactly this mix. Children move safely within the holiday village, find space to play, and spend winter days in the heart of the mountains.  <\/p>\n<\/div><\/div><\/div><\/div><\/div><\/div><\/div><div class=\"fusion-layout-column fusion_builder_column fusion-builder-column-32 fusion_builder_column_1_2 1_2 fusion-flex-column fusion-flex-align-self-flex-start\" style=\"--awb-padding-top:1em;--awb-padding-right:1em;--awb-padding-bottom:1em;--awb-padding-left:1em;--awb-bg-color:rgba(124,159,137,0);--awb-bg-color-hover:rgba(124,159,137,0);--awb-bg-size:cover;--awb-width-large:50%;--awb-margin-top-large:0px;--awb-spacing-right-large:3.84%;--awb-margin-bottom-large:20px;--awb-spacing-left-large:0%;--awb-width-medium:50%;--awb-order-medium:0;--awb-spacing-right-medium:3.84%;--awb-spacing-left-medium:0%;--awb-width-small:100%;--awb-order-small:0;--awb-spacing-right-small:1.92%;--awb-spacing-left-small:1.92%;\"><div class=\"fusion-column-wrapper fusion-column-has-shadow fusion-flex-justify-content-center fusion-content-layout-column\"><div class=\"accordian fusion-accordian\" style=\"--awb-border-size:1px;--awb-icon-size:16px;--awb-content-font-size:20px;--awb-icon-alignment:left;--awb-hover-color:var(--awb-color2);--awb-border-color:var(--awb-color3);--awb-background-color:var(--awb-color1);--awb-divider-color:rgba(242,243,245,0);--awb-divider-hover-color:rgba(242,243,245,0);--awb-icon-color:var(--awb-color1);--awb-title-color:var(--awb-color7);--awb-content-color:var(--awb-color7);--awb-icon-box-color:var(--awb-color4);--awb-toggle-hover-accent-color:var(--awb-color5);--awb-toggle-active-accent-color:var(--awb-color7);--awb-title-font-family:var(--awb-typography1-font-family);--awb-title-font-weight:var(--awb-typography1-font-weight);--awb-title-font-style:var(--awb-typography1-font-style);--awb-title-font-size:16px;--awb-content-font-family:&quot;Outfit&quot;;--awb-content-font-style:normal;--awb-content-font-weight:400;\"><div class=\"panel-group fusion-toggle-icon-boxed\" id=\"accordion-2848-2\"><div class=\"fusion-panel panel-default panel-e769dc878f45cdd68 fusion-toggle-has-divider\" style=\"--awb-content-font-size:20px;--awb-content-line-height:1.4;--awb-content-font-family:&quot;Outfit&quot;;--awb-content-font-style:normal;--awb-content-font-weight:400;--awb-title-font-size:20px;--awb-title-line-height:1.4;--awb-title-color:var(--awb-color4);--awb-content-color:var(--awb-color7);\"><div class=\"panel-heading\"><h4 class=\"panel-title toggle\" id=\"toggle_e769dc878f45cdd68\"><a aria-expanded=\"false\" aria-controls=\"e769dc878f45cdd68\" role=\"button\" data-toggle=\"collapse\" data-parent=\"#accordion-2848-2\" data-target=\"#e769dc878f45cdd68\" href=\"#e769dc878f45cdd68\"><span class=\"fusion-toggle-icon-wrapper\" aria-hidden=\"true\"><i class=\"fa-fusion-box active-icon awb-icon-minus\" aria-hidden=\"true\"><\/i><i class=\"fa-fusion-box inactive-icon awb-icon-plus\" aria-hidden=\"true\"><\/i><\/span><span class=\"fusion-toggle-heading\">How Do I Entertain My Children on a Winter Holiday?<\/span><\/a><\/h4><\/div><div id=\"e769dc878f45cdd68\" class=\"panel-collapse collapse \" aria-labelledby=\"toggle_e769dc878f45cdd68\"><div class=\"panel-body toggle-content fusion-clearfix\">\n<p>During a winter holiday in Carinthia, many beautiful moments happen all by themselves. Snowball fights, building snowmen, playing around the holiday village, short winter walks, or time in the indoor playroom ensure that children never get bored, even on cold days. <\/p>\n<\/div><\/div><\/div><div class=\"fusion-panel panel-default panel-c263842689fed71cf fusion-toggle-has-divider\" style=\"--awb-content-font-size:20px;--awb-content-line-height:1.4;--awb-content-font-family:&quot;Outfit&quot;;--awb-content-font-style:normal;--awb-content-font-weight:400;--awb-title-font-size:20px;--awb-title-line-height:1.4;--awb-title-color:var(--awb-color4);--awb-content-color:var(--awb-color7);\"><div class=\"panel-heading\"><h4 class=\"panel-title toggle\" id=\"toggle_c263842689fed71cf\"><a aria-expanded=\"false\" aria-controls=\"c263842689fed71cf\" role=\"button\" data-toggle=\"collapse\" data-parent=\"#accordion-2848-2\" data-target=\"#c263842689fed71cf\" href=\"#c263842689fed71cf\"><span class=\"fusion-toggle-icon-wrapper\" aria-hidden=\"true\"><i class=\"fa-fusion-box active-icon awb-icon-minus\" aria-hidden=\"true\"><\/i><i class=\"fa-fusion-box inactive-icon awb-icon-plus\" aria-hidden=\"true\"><\/i><\/span><span class=\"fusion-toggle-heading\">What to Do with your Family in Winter in Austria?<\/span><\/a><\/h4><\/div><div id=\"c263842689fed71cf\" class=\"panel-collapse collapse \" aria-labelledby=\"toggle_c263842689fed71cf\"><div class=\"panel-body toggle-content fusion-clearfix\">\n<p>In winter, Austria offers many opportunities for shared family time. In Bad Kleinkirchheim, you can experience snow walks, tobogganing fun, snowshoe tours, relaxed hours in the thermal baths, and atmospheric winter markets that make your winter holiday varied and special. <\/p>\n<\/div><\/div><\/div><div class=\"fusion-panel panel-default panel-7f80f171642b80c48 fusion-toggle-has-divider\" style=\"--awb-content-font-size:20px;--awb-content-line-height:1.4;--awb-content-font-family:&quot;Outfit&quot;;--awb-content-font-style:normal;--awb-content-font-weight:400;--awb-title-font-size:20px;--awb-title-line-height:1.4;--awb-title-color:var(--awb-color4);--awb-content-color:var(--awb-color7);\"><div class=\"panel-heading\"><h4 class=\"panel-title toggle\" id=\"toggle_7f80f171642b80c48\"><a aria-expanded=\"false\" aria-controls=\"7f80f171642b80c48\" role=\"button\" data-toggle=\"collapse\" data-parent=\"#accordion-2848-2\" data-target=\"#7f80f171642b80c48\" href=\"#7f80f171642b80c48\"><span class=\"fusion-toggle-icon-wrapper\" aria-hidden=\"true\"><i class=\"fa-fusion-box active-icon awb-icon-minus\" aria-hidden=\"true\"><\/i><i class=\"fa-fusion-box inactive-icon awb-icon-plus\" aria-hidden=\"true\"><\/i><\/span><span class=\"fusion-toggle-heading\">Where to Take the Kids for Winter Holidays in Austria?<\/span><\/a><\/h4><\/div><div id=\"7f80f171642b80c48\" class=\"panel-collapse collapse \" aria-labelledby=\"toggle_7f80f171642b80c48\"><div class=\"panel-body toggle-content fusion-clearfix\">\n<p>Head into the snow and out into nature! In Bad Kleinkirchheim in Carinthia, families can expect snowy alpine pastures, safe toboggan runs, and winter hiking trails with panoramic views. Between snowball fights, exploratory tours through the forest, and relaxed hours by the fireplace, the winter holiday becomes an unforgettable experience for young and old.  <\/p>\n<\/div><\/div><\/div><div class=\"fusion-panel panel-default panel-fccc3607cb04312e5 fusion-toggle-has-divider\" style=\"--awb-content-font-size:20px;--awb-content-line-height:1.4;--awb-content-font-family:&quot;Outfit&quot;;--awb-content-font-style:normal;--awb-content-font-weight:400;--awb-title-font-size:20px;--awb-title-line-height:1.4;--awb-title-color:var(--awb-color4);--awb-content-color:var(--awb-color7);\"><div class=\"panel-heading\"><h4 class=\"panel-title toggle\" id=\"toggle_fccc3607cb04312e5\"><a aria-expanded=\"false\" aria-controls=\"fccc3607cb04312e5\" role=\"button\" data-toggle=\"collapse\" data-parent=\"#accordion-2848-2\" data-target=\"#fccc3607cb04312e5\" href=\"#fccc3607cb04312e5\"><span class=\"fusion-toggle-icon-wrapper\" aria-hidden=\"true\"><i class=\"fa-fusion-box active-icon awb-icon-minus\" aria-hidden=\"true\"><\/i><i class=\"fa-fusion-box inactive-icon awb-icon-plus\" aria-hidden=\"true\"><\/i><\/span><span class=\"fusion-toggle-heading\">What makes a Carinthia winter holiday so special?<\/span><\/a><\/h4><\/div><div id=\"fccc3607cb04312e5\" class=\"panel-collapse collapse \" aria-labelledby=\"toggle_fccc3607cb04312e5\"><div class=\"panel-body toggle-content fusion-clearfix\">\n<ul>\n<li data-start=\"110\" data-end=\"186\">\n<p data-start=\"112\" data-end=\"186\"><strong data-start=\"112\" data-end=\"137\">Perfect conditions:<\/strong> High snow reliability with many hours of sunshine<\/p>\n<\/li>\n<li data-start=\"187\" data-end=\"228\">\n<p data-start=\"189\" data-end=\"228\"><strong data-start=\"189\" data-end=\"202\">Diversity:<\/strong> Mountains, lakes, and thermal baths<\/p>\n<\/li>\n<li data-start=\"229\" data-end=\"384\">\n<p data-start=\"231\" data-end=\"384\"><strong data-start=\"231\" data-end=\"267\">Family-friendly activities:<\/strong> Cross-country skiing, tobogganing, ice skating, snowshoeing, winter hikes, horse-drawn sleigh rides&#8230;<\/p>\n<\/li>\n<li data-start=\"385\" data-end=\"437\" data-is-last-node=\"\">\n<p data-start=\"387\" data-end=\"437\" data-is-last-node=\"\"><strong data-start=\"387\" data-end=\"400\">Experience:<\/strong> Regional culinary delights, local traditions, and winter markets<\/p>\n<\/li>\n<\/ul>\n<\/div><\/div><\/div><\/div><\/div><\/div><\/div><\/div><\/div><\/p>\n","protected":false},"excerpt":{"rendered":"","protected":false},"author":1,"featured_media":2834,"parent":0,"menu_order":0,"comment_status":"closed","ping_status":"closed","template":"100-width.php","meta":{"footnotes":""},"class_list":["post-2848","page","type-page","status-publish","has-post-thumbnail","hentry"],"_links":{"self":[{"href":"https:\/\/www.kirchleitn.com\/en\/wp-json\/wp\/v2\/pages\/2848","targetHints":{"allow":["GET"]}}],"collection":[{"href":"https:\/\/www.kirchleitn.com\/en\/wp-json\/wp\/v2\/pages"}],"about":[{"href":"https:\/\/www.kirchleitn.com\/en\/wp-json\/wp\/v2\/types\/page"}],"author":[{"embeddable":true,"href":"https:\/\/www.kirchleitn.com\/en\/wp-json\/wp\/v2\/users\/1"}],"replies":[{"embeddable":true,"href":"https:\/\/www.kirchleitn.com\/en\/wp-json\/wp\/v2\/comments?post=2848"}],"version-history":[{"count":4,"href":"https:\/\/www.kirchleitn.com\/en\/wp-json\/wp\/v2\/pages\/2848\/revisions"}],"predecessor-version":[{"id":4159,"href":"https:\/\/www.kirchleitn.com\/en\/wp-json\/wp\/v2\/pages\/2848\/revisions\/4159"}],"wp:featuredmedia":[{"embeddable":true,"href":"https:\/\/www.kirchleitn.com\/en\/wp-json\/wp\/v2\/media\/2834"}],"wp:attachment":[{"href":"https:\/\/www.kirchleitn.com\/en\/wp-json\/wp\/v2\/media?parent=2848"}],"curies":[{"name":"wp","href":"https:\/\/api.w.org\/{rel}","templated":true}]}}