{"id":2852,"date":"2025-11-02T18:24:42","date_gmt":"2025-11-02T17:24:42","guid":{"rendered":"https:\/\/www.kirchleitn.com\/family-ski-holiday-in-bad-kleinkirchheim\/"},"modified":"2026-04-20T09:53:58","modified_gmt":"2026-04-20T07:53:58","slug":"family-ski-holiday-in-bad-kleinkirchheim","status":"publish","type":"page","link":"https:\/\/www.kirchleitn.com\/en\/family-ski-holiday-in-bad-kleinkirchheim\/","title":{"rendered":"Family Ski Holiday in Bad Kleinkirchheim"},"content":{"rendered":"<p><div class=\"fusion-fullwidth fullwidth-box fusion-builder-row-1 fusion-flex-container has-pattern-background has-mask-background hundred-percent-fullwidth non-hundred-percent-height-scrolling fusion-no-small-visibility\" style=\"--awb-border-radius-top-left:0px;--awb-border-radius-top-right:0px;--awb-border-radius-bottom-right:0px;--awb-border-radius-bottom-left:0px;--awb-padding-top:10em;--awb-padding-right:8em;--awb-padding-bottom:2em;--awb-padding-left:8em;--awb-min-height:700px;--awb-background-color:rgba(79,74,74,0);--awb-background-image:linear-gradient(180deg, rgba(20,22,23,0.19) 0%,rgba(20,22,23,0.39) 100%);--awb-flex-wrap:wrap;--awb-filter:brightness(96%) contrast(117%);--awb-filter-transition:filter 0.3s ease;--awb-filter-hover:brightness(100%) contrast(100%);\" ><div class=\"awb-background-slider\" data-type=\"container\" data-loop=\"yes\" data-animation=\"fade\" data-slideshow-speed=\"5900\" data-animation-speed=\"800\" data-direction=\"down\" style=\"--awb-image-position:50% 57%;mix-blend-mode:overlay;\"><div class=\"swiper-wrapper\"><div class=\"swiper-slide\"><img decoding=\"async\" width=\"1920\" height=\"1280\" src=\"https:\/\/www.kirchleitn.com\/wp-content\/uploads\/2025\/10\/Schneewerfen_gruppe.jpg\" class=\"awb-background-slider__image\" alt=\"Skiurlaub in Bad Kleinkirchheim, Mutter sitzt mit ihren T\u00f6chtern mitten auf der verschneiten Piste, alle 3 freuen sich \u00fcber den Pulverschnee\" srcset=\"https:\/\/www.kirchleitn.com\/wp-content\/uploads\/2025\/10\/Schneewerfen_gruppe-200x133.jpg 200w, https:\/\/www.kirchleitn.com\/wp-content\/uploads\/2025\/10\/Schneewerfen_gruppe-300x200.jpg 300w, https:\/\/www.kirchleitn.com\/wp-content\/uploads\/2025\/10\/Schneewerfen_gruppe-400x267.jpg 400w, https:\/\/www.kirchleitn.com\/wp-content\/uploads\/2025\/10\/Schneewerfen_gruppe-600x400.jpg 600w, https:\/\/www.kirchleitn.com\/wp-content\/uploads\/2025\/10\/Schneewerfen_gruppe-768x512.jpg 768w, https:\/\/www.kirchleitn.com\/wp-content\/uploads\/2025\/10\/Schneewerfen_gruppe-800x533.jpg 800w, https:\/\/www.kirchleitn.com\/wp-content\/uploads\/2025\/10\/Schneewerfen_gruppe-1024x683.jpg 1024w, https:\/\/www.kirchleitn.com\/wp-content\/uploads\/2025\/10\/Schneewerfen_gruppe-1200x800.jpg 1200w, https:\/\/www.kirchleitn.com\/wp-content\/uploads\/2025\/10\/Schneewerfen_gruppe-1536x1024.jpg 1536w, https:\/\/www.kirchleitn.com\/wp-content\/uploads\/2025\/10\/Schneewerfen_gruppe.jpg 1920w\" sizes=\"(max-width: 1920px) 100vw, 1920px\" \/><\/div><div class=\"swiper-slide\"><img decoding=\"async\" width=\"1920\" height=\"1280\" src=\"https:\/\/www.kirchleitn.com\/wp-content\/uploads\/2025\/10\/Schneeengerl.jpg\" class=\"awb-background-slider__image\" alt=\"Skisportwoche in K\u00e4rnten, M\u00e4dchen formt einen Schneeengel\" srcset=\"https:\/\/www.kirchleitn.com\/wp-content\/uploads\/2025\/10\/Schneeengerl-200x133.jpg 200w, https:\/\/www.kirchleitn.com\/wp-content\/uploads\/2025\/10\/Schneeengerl-300x200.jpg 300w, https:\/\/www.kirchleitn.com\/wp-content\/uploads\/2025\/10\/Schneeengerl-400x267.jpg 400w, https:\/\/www.kirchleitn.com\/wp-content\/uploads\/2025\/10\/Schneeengerl-600x400.jpg 600w, https:\/\/www.kirchleitn.com\/wp-content\/uploads\/2025\/10\/Schneeengerl-768x512.jpg 768w, https:\/\/www.kirchleitn.com\/wp-content\/uploads\/2025\/10\/Schneeengerl-800x533.jpg 800w, https:\/\/www.kirchleitn.com\/wp-content\/uploads\/2025\/10\/Schneeengerl-1024x683.jpg 1024w, https:\/\/www.kirchleitn.com\/wp-content\/uploads\/2025\/10\/Schneeengerl-1200x800.jpg 1200w, https:\/\/www.kirchleitn.com\/wp-content\/uploads\/2025\/10\/Schneeengerl-1536x1024.jpg 1536w, https:\/\/www.kirchleitn.com\/wp-content\/uploads\/2025\/10\/Schneeengerl.jpg 1920w\" sizes=\"(max-width: 1920px) 100vw, 1920px\" \/><\/div><div class=\"swiper-slide\"><img decoding=\"async\" width=\"1920\" height=\"1279\" src=\"https:\/\/www.kirchleitn.com\/wp-content\/uploads\/2025\/10\/Vogelperspektive\u00a9Slow-Travel-Resort-Kirchleitn_Winter_6.jpg\" class=\"awb-background-slider__image\" alt=\"Vogelperspektive St. Oswald in Bad Kleinkirchheim im Winter\" srcset=\"https:\/\/www.kirchleitn.com\/wp-content\/uploads\/2025\/10\/Vogelperspektive\u00a9Slow-Travel-Resort-Kirchleitn_Winter_6-200x133.jpg 200w, https:\/\/www.kirchleitn.com\/wp-content\/uploads\/2025\/10\/Vogelperspektive\u00a9Slow-Travel-Resort-Kirchleitn_Winter_6-300x200.jpg 300w, https:\/\/www.kirchleitn.com\/wp-content\/uploads\/2025\/10\/Vogelperspektive\u00a9Slow-Travel-Resort-Kirchleitn_Winter_6-400x266.jpg 400w, https:\/\/www.kirchleitn.com\/wp-content\/uploads\/2025\/10\/Vogelperspektive\u00a9Slow-Travel-Resort-Kirchleitn_Winter_6-600x400.jpg 600w, https:\/\/www.kirchleitn.com\/wp-content\/uploads\/2025\/10\/Vogelperspektive\u00a9Slow-Travel-Resort-Kirchleitn_Winter_6-768x512.jpg 768w, https:\/\/www.kirchleitn.com\/wp-content\/uploads\/2025\/10\/Vogelperspektive\u00a9Slow-Travel-Resort-Kirchleitn_Winter_6-800x533.jpg 800w, https:\/\/www.kirchleitn.com\/wp-content\/uploads\/2025\/10\/Vogelperspektive\u00a9Slow-Travel-Resort-Kirchleitn_Winter_6-1024x682.jpg 1024w, https:\/\/www.kirchleitn.com\/wp-content\/uploads\/2025\/10\/Vogelperspektive\u00a9Slow-Travel-Resort-Kirchleitn_Winter_6-1200x799.jpg 1200w, https:\/\/www.kirchleitn.com\/wp-content\/uploads\/2025\/10\/Vogelperspektive\u00a9Slow-Travel-Resort-Kirchleitn_Winter_6-1536x1023.jpg 1536w, https:\/\/www.kirchleitn.com\/wp-content\/uploads\/2025\/10\/Vogelperspektive\u00a9Slow-Travel-Resort-Kirchleitn_Winter_6.jpg 1920w\" sizes=\"(max-width: 1920px) 100vw, 1920px\" \/><\/div><div class=\"swiper-slide\"><img decoding=\"async\" width=\"1920\" height=\"1279\" src=\"https:\/\/www.kirchleitn.com\/wp-content\/uploads\/2025\/10\/Vogelperspektive\u00a9Slow-Travel-Resort-Kirchleitn_Winter_24.jpg\" class=\"awb-background-slider__image\" alt=\"Slow Travel Resort Kirchleitn in Bad Kleinkirchheim im Winter, mit Aussicht bis zur St. Oswalder Skipiste\" srcset=\"https:\/\/www.kirchleitn.com\/wp-content\/uploads\/2025\/10\/Vogelperspektive\u00a9Slow-Travel-Resort-Kirchleitn_Winter_24-200x133.jpg 200w, https:\/\/www.kirchleitn.com\/wp-content\/uploads\/2025\/10\/Vogelperspektive\u00a9Slow-Travel-Resort-Kirchleitn_Winter_24-300x200.jpg 300w, https:\/\/www.kirchleitn.com\/wp-content\/uploads\/2025\/10\/Vogelperspektive\u00a9Slow-Travel-Resort-Kirchleitn_Winter_24-400x266.jpg 400w, https:\/\/www.kirchleitn.com\/wp-content\/uploads\/2025\/10\/Vogelperspektive\u00a9Slow-Travel-Resort-Kirchleitn_Winter_24-600x400.jpg 600w, https:\/\/www.kirchleitn.com\/wp-content\/uploads\/2025\/10\/Vogelperspektive\u00a9Slow-Travel-Resort-Kirchleitn_Winter_24-768x512.jpg 768w, https:\/\/www.kirchleitn.com\/wp-content\/uploads\/2025\/10\/Vogelperspektive\u00a9Slow-Travel-Resort-Kirchleitn_Winter_24-800x533.jpg 800w, https:\/\/www.kirchleitn.com\/wp-content\/uploads\/2025\/10\/Vogelperspektive\u00a9Slow-Travel-Resort-Kirchleitn_Winter_24-1024x682.jpg 1024w, https:\/\/www.kirchleitn.com\/wp-content\/uploads\/2025\/10\/Vogelperspektive\u00a9Slow-Travel-Resort-Kirchleitn_Winter_24-1200x799.jpg 1200w, https:\/\/www.kirchleitn.com\/wp-content\/uploads\/2025\/10\/Vogelperspektive\u00a9Slow-Travel-Resort-Kirchleitn_Winter_24-1536x1023.jpg 1536w, https:\/\/www.kirchleitn.com\/wp-content\/uploads\/2025\/10\/Vogelperspektive\u00a9Slow-Travel-Resort-Kirchleitn_Winter_24.jpg 1920w\" sizes=\"(max-width: 1920px) 100vw, 1920px\" \/><\/div><\/div><\/div><div class=\"fusion-builder-row fusion-row fusion-flex-align-items-flex-start fusion-flex-content-wrap\" style=\"width:104% !important;max-width:104% !important;margin-left: calc(-4% \/ 2 );margin-right: calc(-4% \/ 2 );\"><div class=\"fusion-layout-column fusion_builder_column fusion-builder-column-0 fusion_builder_column_1_1 1_1 fusion-flex-column fusion-flex-align-self-stretch\" style=\"--awb-bg-size:cover;--awb-width-large:100%;--awb-margin-top-large:0px;--awb-spacing-right-large:1.92%;--awb-margin-bottom-large:20px;--awb-spacing-left-large:1.92%;--awb-width-medium:100%;--awb-order-medium:0;--awb-spacing-right-medium:1.92%;--awb-spacing-left-medium:1.92%;--awb-width-small:100%;--awb-order-small:0;--awb-spacing-right-small:1.92%;--awb-spacing-left-small:1.92%;\"><div class=\"fusion-column-wrapper fusion-column-has-shadow fusion-flex-justify-content-center fusion-content-layout-column\"><div class=\"fusion-text fusion-text-1\" style=\"--awb-text-color:var(--awb-color1);--awb-text-font-family:&quot;Outfit&quot;;--awb-text-font-style:normal;--awb-text-font-weight:600;\"><p style=\"text-align: center;\">Hitting the slopes together, breathing deeply in the mountains, and experiencing real family time \u27a4 that&#8217;s what a ski holiday with children in Bad Kleinkirchheim feels like.<\/p>\n<\/div><div class=\"fusion-title title fusion-title-1 fusion-sep-none fusion-title-center fusion-title-highlight fusion-animate-once fusion-highlight-underline fusion-title-size-one\" style=\"--awb-text-color:var(--awb-color2);--awb-highlight-color:var(--awb-color5);--awb-margin-top-small:10px;--awb-margin-right-small:0px;--awb-margin-bottom-small:10px;--awb-margin-left-small:0px;--awb-font-size:60px;\" data-highlight=\"underline\"><h1 class=\"fusion-title-heading title-heading-center\" style=\"font-family:&quot;HarlowSerifplane&quot;;font-style:normal;font-weight:400;margin:0;font-size:1em;text-shadow:4px 4px 5px var(--awb-color8);\"><span class=\"fusion-highlighted-text-prefix\"><\/span> <span class=\"fusion-highlighted-text-wrapper\"><span class=\"fusion-highlighted-text\">Family ski holiday<\/span><svg xmlns=\"http:\/\/www.w3.org\/2000\/svg\" viewBox=\"0 0 500 150\" preserveAspectRatio=\"none\"><path d=\"M8.1,146.2c0,0,240.6-55.6,479-13.8\"><\/path><\/svg><\/span> <span class=\"fusion-highlighted-text-postfix\">  in Bad Kleinkirchheim - Carinthia<\/span><\/h1><\/div><\/div><\/div><\/div><\/div><div class=\"fusion-fullwidth fullwidth-box fusion-builder-row-2 fusion-flex-container has-pattern-background has-mask-background hundred-percent-fullwidth non-hundred-percent-height-scrolling fusion-no-medium-visibility fusion-no-large-visibility\" style=\"--awb-border-radius-top-left:0px;--awb-border-radius-top-right:0px;--awb-border-radius-bottom-right:0px;--awb-border-radius-bottom-left:0px;--awb-padding-top:10em;--awb-padding-right:8em;--awb-padding-bottom:2em;--awb-padding-left:8em;--awb-padding-right-small:2em;--awb-padding-left-small:3em;--awb-min-height:700px;--awb-min-height-small:450px;--awb-background-color:var(--awb-color7);--awb-background-color-small:rgba(255,255,255,0);--awb-background-image:linear-gradient(180deg, rgba(20,22,23,0.6) 0%,rgba(79,74,74,0.44) 100%);--awb-flex-wrap:wrap;--awb-filter:brightness(96%) contrast(117%);--awb-filter-transition:filter 0.3s ease;--awb-filter-hover:brightness(100%) contrast(100%);\" ><div class=\"awb-background-slider\" data-type=\"container\" data-loop=\"yes\" data-animation=\"fade\" data-slideshow-speed=\"5900\" data-animation-speed=\"800\" data-direction=\"down\" style=\"--awb-image-position:50% 57%;mix-blend-mode:overlay;\"><div class=\"swiper-wrapper\"><div class=\"swiper-slide\"><img decoding=\"async\" width=\"1920\" height=\"1280\" src=\"https:\/\/www.kirchleitn.com\/wp-content\/uploads\/2025\/10\/Schneewerfen_gruppe.jpg\" class=\"awb-background-slider__image\" alt=\"Skiurlaub in Bad Kleinkirchheim, Mutter sitzt mit ihren T\u00f6chtern mitten auf der verschneiten Piste, alle 3 freuen sich \u00fcber den Pulverschnee\" srcset=\"https:\/\/www.kirchleitn.com\/wp-content\/uploads\/2025\/10\/Schneewerfen_gruppe-200x133.jpg 200w, https:\/\/www.kirchleitn.com\/wp-content\/uploads\/2025\/10\/Schneewerfen_gruppe-300x200.jpg 300w, https:\/\/www.kirchleitn.com\/wp-content\/uploads\/2025\/10\/Schneewerfen_gruppe-400x267.jpg 400w, https:\/\/www.kirchleitn.com\/wp-content\/uploads\/2025\/10\/Schneewerfen_gruppe-600x400.jpg 600w, https:\/\/www.kirchleitn.com\/wp-content\/uploads\/2025\/10\/Schneewerfen_gruppe-768x512.jpg 768w, https:\/\/www.kirchleitn.com\/wp-content\/uploads\/2025\/10\/Schneewerfen_gruppe-800x533.jpg 800w, https:\/\/www.kirchleitn.com\/wp-content\/uploads\/2025\/10\/Schneewerfen_gruppe-1024x683.jpg 1024w, https:\/\/www.kirchleitn.com\/wp-content\/uploads\/2025\/10\/Schneewerfen_gruppe-1200x800.jpg 1200w, https:\/\/www.kirchleitn.com\/wp-content\/uploads\/2025\/10\/Schneewerfen_gruppe-1536x1024.jpg 1536w, https:\/\/www.kirchleitn.com\/wp-content\/uploads\/2025\/10\/Schneewerfen_gruppe.jpg 1920w\" sizes=\"(max-width: 1920px) 100vw, 1920px\" \/><\/div><div class=\"swiper-slide\"><img decoding=\"async\" width=\"1920\" height=\"1278\" src=\"https:\/\/www.kirchleitn.com\/wp-content\/uploads\/2025\/10\/Ski_gruppe.jpg\" class=\"awb-background-slider__image\" alt=\"Februar Familien Skiurlaub in K\u00e4rnten, Drei Personen mit Skiern, Helm und Skibrille im Schnee mitten auf der St. Oswalder Skipiste in Bad Kleinkirchheim\" srcset=\"https:\/\/www.kirchleitn.com\/wp-content\/uploads\/2025\/10\/Ski_gruppe-200x133.jpg 200w, https:\/\/www.kirchleitn.com\/wp-content\/uploads\/2025\/10\/Ski_gruppe-300x200.jpg 300w, https:\/\/www.kirchleitn.com\/wp-content\/uploads\/2025\/10\/Ski_gruppe-400x266.jpg 400w, https:\/\/www.kirchleitn.com\/wp-content\/uploads\/2025\/10\/Ski_gruppe-600x399.jpg 600w, https:\/\/www.kirchleitn.com\/wp-content\/uploads\/2025\/10\/Ski_gruppe-768x511.jpg 768w, https:\/\/www.kirchleitn.com\/wp-content\/uploads\/2025\/10\/Ski_gruppe-800x533.jpg 800w, https:\/\/www.kirchleitn.com\/wp-content\/uploads\/2025\/10\/Ski_gruppe-1024x682.jpg 1024w, https:\/\/www.kirchleitn.com\/wp-content\/uploads\/2025\/10\/Ski_gruppe-1200x799.jpg 1200w, https:\/\/www.kirchleitn.com\/wp-content\/uploads\/2025\/10\/Ski_gruppe-1536x1022.jpg 1536w, https:\/\/www.kirchleitn.com\/wp-content\/uploads\/2025\/10\/Ski_gruppe.jpg 1920w\" sizes=\"(max-width: 1920px) 100vw, 1920px\" \/><\/div><div class=\"swiper-slide\"><img decoding=\"async\" width=\"1920\" height=\"1280\" src=\"https:\/\/www.kirchleitn.com\/wp-content\/uploads\/2025\/10\/Schneeengerl.jpg\" class=\"awb-background-slider__image\" alt=\"Skisportwoche in K\u00e4rnten, M\u00e4dchen formt einen Schneeengel\" srcset=\"https:\/\/www.kirchleitn.com\/wp-content\/uploads\/2025\/10\/Schneeengerl-200x133.jpg 200w, https:\/\/www.kirchleitn.com\/wp-content\/uploads\/2025\/10\/Schneeengerl-300x200.jpg 300w, https:\/\/www.kirchleitn.com\/wp-content\/uploads\/2025\/10\/Schneeengerl-400x267.jpg 400w, https:\/\/www.kirchleitn.com\/wp-content\/uploads\/2025\/10\/Schneeengerl-600x400.jpg 600w, https:\/\/www.kirchleitn.com\/wp-content\/uploads\/2025\/10\/Schneeengerl-768x512.jpg 768w, https:\/\/www.kirchleitn.com\/wp-content\/uploads\/2025\/10\/Schneeengerl-800x533.jpg 800w, https:\/\/www.kirchleitn.com\/wp-content\/uploads\/2025\/10\/Schneeengerl-1024x683.jpg 1024w, https:\/\/www.kirchleitn.com\/wp-content\/uploads\/2025\/10\/Schneeengerl-1200x800.jpg 1200w, https:\/\/www.kirchleitn.com\/wp-content\/uploads\/2025\/10\/Schneeengerl-1536x1024.jpg 1536w, https:\/\/www.kirchleitn.com\/wp-content\/uploads\/2025\/10\/Schneeengerl.jpg 1920w\" sizes=\"(max-width: 1920px) 100vw, 1920px\" \/><\/div><div class=\"swiper-slide\"><img decoding=\"async\" width=\"1920\" height=\"1279\" src=\"https:\/\/www.kirchleitn.com\/wp-content\/uploads\/2025\/10\/Vogelperspektive\u00a9Slow-Travel-Resort-Kirchleitn_Winter_6.jpg\" class=\"awb-background-slider__image\" alt=\"Vogelperspektive St. Oswald in Bad Kleinkirchheim im Winter\" srcset=\"https:\/\/www.kirchleitn.com\/wp-content\/uploads\/2025\/10\/Vogelperspektive\u00a9Slow-Travel-Resort-Kirchleitn_Winter_6-200x133.jpg 200w, https:\/\/www.kirchleitn.com\/wp-content\/uploads\/2025\/10\/Vogelperspektive\u00a9Slow-Travel-Resort-Kirchleitn_Winter_6-300x200.jpg 300w, https:\/\/www.kirchleitn.com\/wp-content\/uploads\/2025\/10\/Vogelperspektive\u00a9Slow-Travel-Resort-Kirchleitn_Winter_6-400x266.jpg 400w, https:\/\/www.kirchleitn.com\/wp-content\/uploads\/2025\/10\/Vogelperspektive\u00a9Slow-Travel-Resort-Kirchleitn_Winter_6-600x400.jpg 600w, https:\/\/www.kirchleitn.com\/wp-content\/uploads\/2025\/10\/Vogelperspektive\u00a9Slow-Travel-Resort-Kirchleitn_Winter_6-768x512.jpg 768w, https:\/\/www.kirchleitn.com\/wp-content\/uploads\/2025\/10\/Vogelperspektive\u00a9Slow-Travel-Resort-Kirchleitn_Winter_6-800x533.jpg 800w, https:\/\/www.kirchleitn.com\/wp-content\/uploads\/2025\/10\/Vogelperspektive\u00a9Slow-Travel-Resort-Kirchleitn_Winter_6-1024x682.jpg 1024w, https:\/\/www.kirchleitn.com\/wp-content\/uploads\/2025\/10\/Vogelperspektive\u00a9Slow-Travel-Resort-Kirchleitn_Winter_6-1200x799.jpg 1200w, https:\/\/www.kirchleitn.com\/wp-content\/uploads\/2025\/10\/Vogelperspektive\u00a9Slow-Travel-Resort-Kirchleitn_Winter_6-1536x1023.jpg 1536w, https:\/\/www.kirchleitn.com\/wp-content\/uploads\/2025\/10\/Vogelperspektive\u00a9Slow-Travel-Resort-Kirchleitn_Winter_6.jpg 1920w\" sizes=\"(max-width: 1920px) 100vw, 1920px\" \/><\/div><\/div><\/div><div class=\"fusion-builder-row fusion-row fusion-flex-align-items-flex-start fusion-flex-content-wrap\" style=\"width:104% !important;max-width:104% !important;margin-left: calc(-4% \/ 2 );margin-right: calc(-4% \/ 2 );\"><div class=\"fusion-layout-column fusion_builder_column fusion-builder-column-1 fusion_builder_column_1_1 1_1 fusion-flex-column fusion-flex-align-self-stretch\" style=\"--awb-bg-size:cover;--awb-width-large:100%;--awb-margin-top-large:0px;--awb-spacing-right-large:1.92%;--awb-margin-bottom-large:20px;--awb-spacing-left-large:1.92%;--awb-width-medium:100%;--awb-order-medium:0;--awb-spacing-right-medium:1.92%;--awb-spacing-left-medium:1.92%;--awb-width-small:100%;--awb-order-small:0;--awb-spacing-right-small:1.92%;--awb-spacing-left-small:1.92%;\"><div class=\"fusion-column-wrapper fusion-column-has-shadow fusion-flex-justify-content-center fusion-content-layout-column\"><div class=\"fusion-text fusion-text-2\" style=\"--awb-text-color:var(--awb-color1);--awb-text-font-family:&quot;Outfit&quot;;--awb-text-font-style:normal;--awb-text-font-weight:600;\"><p style=\"text-align: center;\">Hitting the slopes together, breathing deeply in the mountains, and experiencing real family time \u27a4 that&#8217;s what a ski holiday with children in Bad Kleinkirchheim feels like<\/p>\n<\/div><div class=\"fusion-title title fusion-title-2 fusion-sep-none fusion-title-center fusion-title-highlight fusion-animate-once fusion-highlight-underline fusion-title-size-paragraph\" style=\"--awb-text-color:var(--awb-color2);--awb-highlight-color:var(--awb-color5);--awb-margin-top-small:10px;--awb-margin-right-small:0px;--awb-margin-bottom-small:10px;--awb-margin-left-small:0px;--awb-font-size:30px;\" data-highlight=\"underline\"><p class=\"fusion-title-heading title-heading-center title-heading-tag\" style=\"font-family:&quot;HarlowSerifplane&quot;;font-style:normal;font-weight:400;margin:0;font-size:1em;text-shadow:4px 4px 5px var(--awb-color8);\"><span class=\"fusion-highlighted-text-prefix\"><\/span> <span class=\"fusion-highlighted-text-wrapper\"><span class=\"fusion-highlighted-text\">Family ski holiday<\/span><svg xmlns=\"http:\/\/www.w3.org\/2000\/svg\" viewBox=\"0 0 500 150\" preserveAspectRatio=\"none\"><path d=\"M8.1,146.2c0,0,240.6-55.6,479-13.8\"><\/path><\/svg><\/span> <span class=\"fusion-highlighted-text-postfix\">  in Bad Kleinkirchheim - Carinthia<\/span><\/p><\/div><\/div><\/div><\/div><\/div><div class=\"fusion-fullwidth fullwidth-box fusion-builder-row-3 fusion-flex-container has-pattern-background has-mask-background hundred-percent-fullwidth non-hundred-percent-height-scrolling\" style=\"--awb-border-radius-top-left:0px;--awb-border-radius-top-right:0px;--awb-border-radius-bottom-right:0px;--awb-border-radius-bottom-left:0px;--awb-padding-left:0px;--awb-padding-right-small:0px;--awb-flex-wrap:wrap;\" ><div class=\"fusion-builder-row fusion-row fusion-flex-align-items-stretch fusion-flex-justify-content-space-between fusion-flex-content-wrap\" style=\"width:104% !important;max-width:104% !important;margin-left: calc(-4% \/ 2 );margin-right: calc(-4% \/ 2 );\"><div class=\"fusion-layout-column fusion_builder_column fusion-builder-column-2 fusion_builder_column_1_2 1_2 fusion-flex-column fusion-flex-align-self-stretch\" style=\"--awb-padding-top:2em;--awb-padding-right:6em;--awb-padding-bottom:2em;--awb-padding-left:6em;--awb-padding-top-small:2em;--awb-padding-right-small:2em;--awb-padding-bottom-small:2em;--awb-padding-left-small:2em;--awb-bg-color:var(--awb-color2);--awb-bg-color-hover:var(--awb-color2);--awb-bg-size:cover;--awb-width-large:50%;--awb-margin-top-large:0px;--awb-spacing-right-large:0%;--awb-margin-bottom-large:0px;--awb-spacing-left-large:0%;--awb-width-medium:50%;--awb-order-medium:0;--awb-spacing-right-medium:0%;--awb-spacing-left-medium:0%;--awb-width-small:100%;--awb-order-small:0;--awb-spacing-right-small:1.92%;--awb-spacing-left-small:1.92%;\"><div class=\"fusion-column-wrapper fusion-column-has-shadow fusion-flex-justify-content-space-between fusion-content-layout-column\"><div class=\"fusion-title title fusion-title-3 fusion-sep-none fusion-title-text fusion-title-size-two\" style=\"--awb-text-color:var(--awb-color6);--awb-margin-top-small:10px;--awb-margin-right-small:0px;--awb-margin-bottom-small:10px;--awb-margin-left-small:0px;--awb-font-size:40px;\"><h2 class=\"fusion-title-heading title-heading-left\" style=\"font-family:&quot;HarlowSerifRegluar&quot;;font-style:normal;font-weight:400;margin:0;font-size:1em;\">Varied ski holiday with the family in St. Oswald &#8211; Bad Kleinkirchheim<\/h2><\/div><div class=\"fusion-title title fusion-title-4 fusion-sep-none fusion-title-text fusion-title-size-three\" style=\"--awb-text-color:var(--awb-custom_color_5);--awb-margin-top-small:10px;--awb-margin-right-small:0px;--awb-margin-bottom-small:10px;--awb-margin-left-small:0px;--awb-font-size:25px;\"><h3 class=\"fusion-title-heading title-heading-left\" style=\"font-family:&quot;Outfit&quot;;font-style:normal;font-weight:600;margin:0;font-size:1em;\">Ready for an unforgettable ski holiday with your children?<\/h3><\/div><div class=\"fusion-text fusion-text-3\"><p><b>Simply let go and immerse yourself in the white winter wonderland of the UNESCO Nockberge Biosphere Park!<\/b><\/p>\n<p>When the first fresh snow crunches under your shoes, children happily form snowballs, and parents take a deep breath, the active holiday that truly does good begins.<\/p>\n<p><i>In Bad Kleinkirchheim, you&#8217;ll experience a ski holiday that brings the family together.<\/i><\/p>\n<p>Sun on your face, sparkling <b>slopes right on your doorstep<\/b> and a holiday village where children can safely romp and play make a ski holiday in Bad Kleinkirchheim perfect.<\/p>\n<p>In the car-free Slow Travel Resort, you and your family stay directly by the ski lifts. Ideal for starting your ski day stress-free in the morning and returning relaxed to your apartment in the evening. <\/p>\n<\/div><div ><a class=\"fusion-button button-flat fusion-button-default-size button-custom fusion-button-default button-1 fusion-button-default-span fusion-button-default-type\" style=\"--awb-margin-bottom:1em;--button_accent_color:var(--awb-color1);--button_accent_hover_color:var(--awb-color1);--button_border_hover_color:var(--awb-color1);--button-border-radius-top-left:0;--button-border-radius-top-right:0;--button-border-radius-bottom-right:0;--button-border-radius-bottom-left:0;--button_gradient_top_color:var(--awb-custom_color_1);--button_gradient_bottom_color:var(--awb-custom_color_1);--button_gradient_top_color_hover:var(--awb-color5);--button_gradient_bottom_color_hover:var(--awb-color5);\" target=\"_self\" data-hover=\"bg_slide_right\" href=\"https:\/\/www.kirchleitn.com\/en\/quick-inquiry\/\"><span class=\"fusion-button-text awb-button__text awb-button__text--default fusion-button-text-right\">Inquire about your preferred date for a ski holiday<\/span><span class=\"fusion-button-icon-divider button-icon-divider-right\"><i class=\"fa-calendar-check fas awb-button__icon awb-button__icon--default\" aria-hidden=\"true\"><\/i><\/span><\/a><\/div><\/div><\/div><div class=\"fusion-layout-column fusion_builder_column fusion-builder-column-3 fusion_builder_column_1_2 1_2 fusion-flex-column fusion-flex-align-self-stretch\" style=\"--awb-bg-image:url(&#039;https:\/\/www.kirchleitn.com\/wp-content\/uploads\/2025\/11\/familien_skiurlaub.jpg&#039;);--awb-bg-position:center center;--awb-bg-size:cover;--awb-width-large:50%;--awb-margin-top-large:0px;--awb-spacing-right-large:0%;--awb-margin-bottom-large:0px;--awb-spacing-left-large:0%;--awb-width-medium:50%;--awb-order-medium:0;--awb-spacing-right-medium:0%;--awb-spacing-left-medium:0%;--awb-width-small:100%;--awb-order-small:0;--awb-spacing-right-small:1.92%;--awb-spacing-left-small:1.92%;\"><div class=\"fusion-column-wrapper fusion-column-has-shadow fusion-flex-justify-content-space-between fusion-content-layout-block fusion-empty-column-bg-image fusion-column-has-bg-image\" data-bg-url=\"https:\/\/www.kirchleitn.com\/wp-content\/uploads\/2025\/11\/familien_skiurlaub.jpg\"><img decoding=\"async\" class=\"fusion-empty-dims-img-placeholder fusion-no-large-visibility fusion-no-medium-visibility\" alt=\"Familie im Skiurlaub in K\u00e4rnten steht vor der verschneiten Bergkulisse der Nockberge.\" aria-label=\"Familien Skiurlaub K\u00e4rnten\" src=\"data:image\/svg+xml,%3Csvg%20xmlns%3D%27http%3A%2F%2Fwww.w3.org%2F2000%2Fsvg%27%20width%3D%271920%27%20height%3D%271280%27%20viewBox%3D%270%200%201920%201280%27%3E%3Crect%20width%3D%271920%27%20height%3D%271280%27%20fill-opacity%3D%220%22%2F%3E%3C%2Fsvg%3E\"><\/div><\/div><\/div><\/div><div class=\"fusion-fullwidth fullwidth-box fusion-builder-row-4 fusion-flex-container has-pattern-background has-mask-background hundred-percent-fullwidth non-hundred-percent-height-scrolling\" style=\"--awb-border-radius-top-left:0px;--awb-border-radius-top-right:0px;--awb-border-radius-bottom-right:0px;--awb-border-radius-bottom-left:0px;--awb-padding-left:0px;--awb-padding-right-small:0px;--awb-flex-wrap:wrap;\" ><div class=\"fusion-builder-row fusion-row fusion-flex-align-items-stretch fusion-flex-justify-content-space-between fusion-flex-content-wrap\" style=\"width:104% !important;max-width:104% !important;margin-left: calc(-4% \/ 2 );margin-right: calc(-4% \/ 2 );\"><div class=\"fusion-layout-column fusion_builder_column fusion-builder-column-4 fusion_builder_column_1_2 1_2 fusion-flex-column fusion-flex-align-self-stretch\" style=\"--awb-padding-top:20em;--awb-padding-right:8em;--awb-padding-bottom:1em;--awb-padding-left:8em;--awb-bg-image:url(&#039;https:\/\/www.kirchleitn.com\/wp-content\/uploads\/2025\/11\/Ski_urlaub_Bad_Kleinkirchheim.webp&#039;);--awb-bg-position:center center;--awb-bg-size:cover;--awb-width-large:50%;--awb-margin-top-large:0px;--awb-spacing-right-large:0%;--awb-margin-bottom-large:0px;--awb-spacing-left-large:0%;--awb-width-medium:50%;--awb-order-medium:0;--awb-spacing-right-medium:0%;--awb-spacing-left-medium:0%;--awb-width-small:100%;--awb-order-small:1;--awb-spacing-right-small:1.92%;--awb-spacing-left-small:1.92%;\" data-scroll-devices=\"small-visibility,medium-visibility,large-visibility\"><div class=\"fusion-column-wrapper fusion-column-has-shadow fusion-flex-justify-content-space-between fusion-content-layout-block fusion-empty-column-bg-image fusion-column-has-bg-image\" data-bg-url=\"https:\/\/www.kirchleitn.com\/wp-content\/uploads\/2025\/11\/Ski_urlaub_Bad_Kleinkirchheim.webp\"><img decoding=\"async\" class=\"fusion-empty-dims-img-placeholder fusion-no-large-visibility fusion-no-medium-visibility\" alt=\"Family ski holiday in Bad Kleinkirchheim | Family at the ski lift in the Nockberge mountains\" aria-label=\"Family Ski Holiday in Bad Kleinkirchheim\" src=\"data:image\/svg+xml,%3Csvg%20xmlns%3D%27http%3A%2F%2Fwww.w3.org%2F2000%2Fsvg%27%20width%3D%271920%27%20height%3D%271440%27%20viewBox%3D%270%200%201920%201440%27%3E%3Crect%20width%3D%271920%27%20height%3D%271440%27%20fill-opacity%3D%220%22%2F%3E%3C%2Fsvg%3E\"><\/div><\/div><div class=\"fusion-layout-column fusion_builder_column fusion-builder-column-5 fusion_builder_column_1_2 1_2 fusion-flex-column fusion-flex-align-self-stretch\" style=\"--awb-padding-top:3em;--awb-padding-right:6em;--awb-padding-bottom:4em;--awb-padding-left:6em;--awb-padding-top-small:4em;--awb-padding-right-small:2em;--awb-padding-bottom-small:4em;--awb-padding-left-small:2em;--awb-bg-color:var(--awb-color3);--awb-bg-color-hover:var(--awb-color3);--awb-bg-size:cover;--awb-width-large:50%;--awb-margin-top-large:0px;--awb-spacing-right-large:0%;--awb-margin-bottom-large:0px;--awb-spacing-left-large:0%;--awb-width-medium:50%;--awb-order-medium:0;--awb-spacing-right-medium:0%;--awb-spacing-left-medium:0%;--awb-width-small:100%;--awb-order-small:0;--awb-spacing-right-small:1.92%;--awb-spacing-left-small:1.92%;\" data-scroll-devices=\"small-visibility,medium-visibility,large-visibility\"><div class=\"fusion-column-wrapper fusion-column-has-shadow fusion-flex-justify-content-space-between fusion-content-layout-column\"><div class=\"fusion-title title fusion-title-5 fusion-sep-none fusion-title-text fusion-title-size-three\" style=\"--awb-text-color:var(--awb-custom_color_5);--awb-margin-top-small:10px;--awb-margin-right-small:0px;--awb-margin-bottom-small:10px;--awb-margin-left-small:0px;--awb-font-size:40px;\"><h3 class=\"fusion-title-heading title-heading-left\" style=\"font-family:&quot;HarlowSerifRegluar&quot;;font-style:normal;font-weight:400;margin:0;font-size:1em;\">What families can experience in the Bad Kleinkirchheim ski resort<\/h3><\/div><div class=\"fusion-title title fusion-title-6 fusion-sep-none fusion-title-text fusion-title-size-four\" style=\"--awb-text-color:var(--awb-color5);--awb-margin-top-small:10px;--awb-margin-right-small:0px;--awb-margin-bottom-small:10px;--awb-margin-left-small:0px;--awb-font-size:25px;\"><h4 class=\"fusion-title-heading title-heading-left\" style=\"font-family:&quot;Outfit&quot;;font-style:normal;font-weight:600;margin:0;font-size:1em;\">Skiing and snowboarding fun for all ages on sunny slopes<\/h4><\/div><div class=\"fusion-text fusion-text-4\"><p>In St. Oswald, Bad Kleinkirchheim, you and your children can expect over <a href=\"https:\/\/www.kirchleitn.com\/en\/winter-holiday\/\">103 kilometers of perfectly groomed slopes<\/a> for your <b>winter holiday<\/b>. With 24 gondolas and lifts, you&#8217;ll quickly and safely reach your runs.<\/p>\n<p><b>Wide, gentle slopes are ideal for beginners and young skiers. <\/b><\/p>\n<p>For experienced skiers, there are also athletic challenges, such as the famous <b>Franz Klammer downhill run<\/b>. A winter experience that delights skiers and snowboarders alike. <\/p>\n<\/div><div ><a class=\"fusion-button button-flat fusion-button-default-size button-custom fusion-button-default button-2 fusion-button-default-span fusion-button-default-type\" style=\"--button_accent_color:var(--awb-color1);--button_accent_hover_color:var(--awb-color1);--button_border_hover_color:var(--awb-color1);--button-border-radius-top-left:0;--button-border-radius-top-right:0;--button-border-radius-bottom-right:0;--button-border-radius-bottom-left:0;--button_gradient_top_color:var(--awb-custom_color_1);--button_gradient_bottom_color:var(--awb-custom_color_1);--button_gradient_top_color_hover:var(--awb-color5);--button_gradient_bottom_color_hover:var(--awb-color5);\" target=\"_self\" data-hover=\"bg_slide_right\" href=\"https:\/\/www.kirchleitn.com\/buchen\"><span class=\"fusion-button-text awb-button__text awb-button__text--default fusion-button-text-right\">Book a ski-in\/ski-out apartment<\/span><span class=\"fusion-button-icon-divider button-icon-divider-right\"><i class=\"fa-skiing fas awb-button__icon awb-button__icon--default\" aria-hidden=\"true\"><\/i><\/span><\/a><\/div><\/div><\/div><\/div><\/div><div class=\"fusion-fullwidth fullwidth-box fusion-builder-row-5 fusion-flex-container has-pattern-background has-mask-background hundred-percent-fullwidth non-hundred-percent-height-scrolling\" style=\"--awb-border-radius-top-left:0px;--awb-border-radius-top-right:0px;--awb-border-radius-bottom-right:0px;--awb-border-radius-bottom-left:0px;--awb-padding-left:0px;--awb-padding-right-small:0px;--awb-flex-wrap:wrap;\" id=\"semesterferien\" ><div class=\"fusion-builder-row fusion-row fusion-flex-align-items-stretch fusion-flex-justify-content-space-between fusion-flex-content-wrap\" style=\"width:104% !important;max-width:104% !important;margin-left: calc(-4% \/ 2 );margin-right: calc(-4% \/ 2 );\"><div class=\"fusion-layout-column fusion_builder_column fusion-builder-column-6 fusion_builder_column_1_2 1_2 fusion-flex-column fusion-flex-align-self-stretch\" style=\"--awb-padding-top:2em;--awb-padding-right:6em;--awb-padding-bottom:2em;--awb-padding-left:6em;--awb-padding-top-small:2em;--awb-padding-right-small:2em;--awb-padding-bottom-small:2em;--awb-padding-left-small:2em;--awb-bg-color:var(--awb-color2);--awb-bg-color-hover:var(--awb-color2);--awb-bg-size:cover;--awb-width-large:50%;--awb-margin-top-large:0px;--awb-spacing-right-large:0%;--awb-margin-bottom-large:0px;--awb-spacing-left-large:0%;--awb-width-medium:50%;--awb-order-medium:0;--awb-spacing-right-medium:0%;--awb-spacing-left-medium:0%;--awb-width-small:100%;--awb-order-small:0;--awb-spacing-right-small:1.92%;--awb-spacing-left-small:1.92%;\"><div class=\"fusion-column-wrapper fusion-column-has-shadow fusion-flex-justify-content-space-between fusion-content-layout-column\"><div class=\"fusion-title title fusion-title-7 fusion-sep-none fusion-title-text fusion-title-size-two\" style=\"--awb-text-color:var(--awb-color6);--awb-margin-top-small:10px;--awb-margin-right-small:0px;--awb-margin-bottom-small:10px;--awb-margin-left-small:0px;--awb-font-size:40px;\"><h2 class=\"fusion-title-heading title-heading-left\" style=\"font-family:&quot;HarlowSerifRegluar&quot;;font-style:normal;font-weight:400;margin:0;font-size:1em;\">Semester break ski holiday for families who love the slopes<\/h2><\/div><div class=\"fusion-title title fusion-title-8 fusion-sep-none fusion-title-text fusion-title-size-three\" style=\"--awb-text-color:var(--awb-custom_color_5);--awb-margin-top-small:10px;--awb-margin-right-small:0px;--awb-margin-bottom-small:10px;--awb-margin-left-small:0px;--awb-font-size:25px;\"><h3 class=\"fusion-title-heading title-heading-left\" style=\"font-family:&quot;Outfit&quot;;font-style:normal;font-weight:600;margin:0;font-size:1em;\">Consciously enjoy a ski holiday in February<\/h3><\/div><div class=\"fusion-text fusion-text-5\"><p>When the children are off school, you can spend time together on the slopes, enjoy those first turns in the snow, laugh, play and simply be together as a family.<\/p>\n<p data-start=\"216\" data-end=\"517\"><em>In February, everything in the family-friendly ski area of Bad Kleinkirchheim is geared towards winter sports.<\/em> The slopes in St. Oswald are carefully groomed.<\/p>\n<p>Rustic huts serving Carinthian specialities invite you to warm up right next to the slopes, and in the evening you can return to your apartment at the Slow Travel Resort Kirchleitn to end the ski day together in the cosy lounge by the tiled stove with a cup of hot chocolate.<\/p>\n<p data-start=\"519\" data-end=\"716\"><strong>From the holiday village, you can easily walk to the Brunnach lifts and gondolas. <\/strong>This way, you can start your ski day without any detours and make the most of your winter holiday with shared adventures in the snow.<\/p>\n<\/div><div ><a class=\"fusion-button button-flat fusion-button-default-size button-custom fusion-button-default button-3 fusion-button-default-span fusion-button-default-type\" style=\"--awb-margin-bottom:1em;--button_accent_color:var(--awb-color1);--button_accent_hover_color:var(--awb-color1);--button_border_hover_color:var(--awb-color1);--button-border-radius-top-left:0;--button-border-radius-top-right:0;--button-border-radius-bottom-right:0;--button-border-radius-bottom-left:0;--button_gradient_top_color:var(--awb-custom_color_1);--button_gradient_bottom_color:var(--awb-custom_color_1);--button_gradient_top_color_hover:var(--awb-color5);--button_gradient_bottom_color_hover:var(--awb-color5);\" target=\"_self\" data-hover=\"bg_slide_right\" href=\"https:\/\/www.kirchleitn.com\/en\/quick-inquiry\/\"><span class=\"fusion-button-text awb-button__text awb-button__text--default fusion-button-text-right\">Request your February ski holiday at the best price now.<\/span><span class=\"fusion-button-icon-divider button-icon-divider-right\"><i class=\"fa-paper-plane fas awb-button__icon awb-button__icon--default\" aria-hidden=\"true\"><\/i><\/span><\/a><\/div><\/div><\/div><div class=\"fusion-layout-column fusion_builder_column fusion-builder-column-7 fusion_builder_column_1_2 1_2 fusion-flex-column fusion-flex-align-self-stretch\" style=\"--awb-bg-image:url(&#039;https:\/\/www.kirchleitn.com\/wp-content\/uploads\/2025\/10\/Ski_gruppe.jpg&#039;);--awb-bg-position:center center;--awb-bg-size:cover;--awb-width-large:50%;--awb-margin-top-large:0px;--awb-spacing-right-large:0%;--awb-margin-bottom-large:0px;--awb-spacing-left-large:0%;--awb-width-medium:50%;--awb-order-medium:0;--awb-spacing-right-medium:0%;--awb-spacing-left-medium:0%;--awb-width-small:100%;--awb-order-small:0;--awb-spacing-right-small:1.92%;--awb-spacing-left-small:1.92%;\" data-scroll-devices=\"small-visibility,medium-visibility,large-visibility\"><div class=\"fusion-column-wrapper fusion-column-has-shadow fusion-flex-justify-content-space-between fusion-content-layout-block fusion-empty-column-bg-image fusion-column-has-bg-image\" data-bg-url=\"https:\/\/www.kirchleitn.com\/wp-content\/uploads\/2025\/10\/Ski_gruppe.jpg\"><img decoding=\"async\" class=\"fusion-empty-dims-img-placeholder fusion-no-large-visibility fusion-no-medium-visibility\" alt=\"February family ski vacation in Carinthia, three people with skis, helmets, and goggles in the snow in the middle of the St. Oswald ski slope in Bad Kleinkirchheim\" aria-label=\"Family on a Ski Vacation\" src=\"data:image\/svg+xml,%3Csvg%20xmlns%3D%27http%3A%2F%2Fwww.w3.org%2F2000%2Fsvg%27%20width%3D%271920%27%20height%3D%271278%27%20viewBox%3D%270%200%201920%201278%27%3E%3Crect%20width%3D%271920%27%20height%3D%271278%27%20fill-opacity%3D%220%22%2F%3E%3C%2Fsvg%3E\"><\/div><\/div><\/div><\/div><div class=\"fusion-fullwidth fullwidth-box fusion-builder-row-6 fusion-flex-container has-pattern-background has-mask-background fusion-parallax-fixed hundred-percent-fullwidth non-hundred-percent-height-scrolling\" style=\"--awb-background-position:center bottom;--awb-border-radius-top-left:0px;--awb-border-radius-top-right:0px;--awb-border-radius-bottom-right:0px;--awb-border-radius-bottom-left:0px;--awb-padding-top:4em;--awb-padding-right:6em;--awb-padding-bottom:4em;--awb-padding-left:6em;--awb-padding-top-small:2em;--awb-padding-right-small:2em;--awb-padding-bottom-small:2em;--awb-padding-left-small:2em;--awb-background-image:linear-gradient(180deg, rgba(74,118,130,0.8) 0%,rgba(74,118,130,0.72) 100%),url(https:\/\/www.kirchleitn.com\/wp-content\/uploads\/2025\/10\/Schnee_kindergruppe3.jpg);;--awb-background-size:cover;--awb-flex-wrap:wrap;background-attachment:fixed;\" ><div class=\"fusion-builder-row fusion-row fusion-flex-align-items-stretch fusion-flex-content-wrap\" style=\"width:104% !important;max-width:104% !important;margin-left: calc(-4% \/ 2 );margin-right: calc(-4% \/ 2 );\"><div class=\"fusion-layout-column fusion_builder_column fusion-builder-column-8 fusion_builder_column_1_1 1_1 fusion-flex-column\" style=\"--awb-bg-size:cover;--awb-width-large:100%;--awb-margin-top-large:0px;--awb-spacing-right-large:0%;--awb-margin-bottom-large:0px;--awb-spacing-left-large:0%;--awb-width-medium:100%;--awb-order-medium:0;--awb-spacing-right-medium:0%;--awb-spacing-left-medium:0%;--awb-width-small:100%;--awb-order-small:0;--awb-spacing-right-small:1.92%;--awb-spacing-left-small:1.92%;\"><div class=\"fusion-column-wrapper fusion-column-has-shadow fusion-flex-justify-content-flex-start fusion-content-layout-column\"><div class=\"fusion-title title fusion-title-9 fusion-sep-none fusion-title-text fusion-title-size-three\" style=\"--awb-text-color:var(--awb-color1);--awb-margin-top-small:10px;--awb-margin-right-small:0px;--awb-margin-bottom-small:10px;--awb-margin-left-small:0px;--awb-font-size:40px;\"><h3 class=\"fusion-title-heading title-heading-left\" style=\"font-family:&quot;HarlowSerifRegluar&quot;;font-style:normal;font-weight:400;margin:0;font-size:1em;\">Ski lessons for children during a family ski holiday in Bad Kleinkirchheim<\/h3><\/div><div class=\"fusion-title title fusion-title-10 fusion-sep-none fusion-title-text fusion-title-size-four\" style=\"--awb-text-color:var(--awb-color1);--awb-margin-top-small:10px;--awb-margin-right-small:0px;--awb-margin-bottom-small:10px;--awb-margin-left-small:0px;--awb-font-size:25px;\"><h4 class=\"fusion-title-heading title-heading-left\" style=\"margin:0;font-size:1em;\">Learning to ski made easy at any age<\/h4><\/div><div class=\"fusion-text fusion-text-6\" style=\"--awb-text-color:var(--awb-color1);--awb-text-font-family:&quot;Outfit&quot;;--awb-text-font-style:normal;--awb-text-font-weight:500;\"><p>Experienced ski instructors from professional ski schools ensure that children&#8217;s first turns become an experience right in the village. Practice slopes start less than 5 minutes from the resort. <\/p>\n<p>In lovingly designed children&#8217;s areas, even the youngest learn to ski playfully, safely, and with lots of fun.<\/p>\n<\/div><div ><a class=\"fusion-button button-flat fusion-button-default-size button-custom fusion-button-default button-4 fusion-button-default-span fusion-button-default-type\" style=\"--button_accent_color:var(--awb-color1);--button_accent_hover_color:var(--awb-color1);--button_border_hover_color:var(--awb-color1);--button-border-radius-top-left:0;--button-border-radius-top-right:0;--button-border-radius-bottom-right:0;--button-border-radius-bottom-left:0;--button_gradient_top_color:var(--awb-custom_color_1);--button_gradient_bottom_color:var(--awb-custom_color_1);--button_gradient_top_color_hover:var(--awb-color5);--button_gradient_bottom_color_hover:var(--awb-color5);\" target=\"_self\" data-hover=\"bg_slide_right\" href=\"https:\/\/www.kirchleitn.com\/buchen\"><span class=\"fusion-button-text awb-button__text awb-button__text--default fusion-button-text-right\">Secure your apartment for your ski holiday now<\/span><span class=\"fusion-button-icon-divider button-icon-divider-right\"><i class=\"fa-skiing fas awb-button__icon awb-button__icon--default\" aria-hidden=\"true\"><\/i><\/span><\/a><\/div><\/div><\/div><\/div><\/div><div class=\"fusion-fullwidth fullwidth-box fusion-builder-row-7 fusion-flex-container has-pattern-background has-mask-background hundred-percent-fullwidth non-hundred-percent-height-scrolling\" style=\"--awb-border-radius-top-left:0px;--awb-border-radius-top-right:0px;--awb-border-radius-bottom-right:0px;--awb-border-radius-bottom-left:0px;--awb-padding-left:0px;--awb-padding-right-small:0px;--awb-flex-wrap:wrap;\" ><div class=\"fusion-builder-row fusion-row fusion-flex-align-items-stretch fusion-flex-justify-content-space-between fusion-flex-content-wrap\" style=\"width:104% !important;max-width:104% !important;margin-left: calc(-4% \/ 2 );margin-right: calc(-4% \/ 2 );\"><div class=\"fusion-layout-column fusion_builder_column fusion-builder-column-9 fusion_builder_column_1_2 1_2 fusion-flex-column fusion-flex-align-self-stretch\" style=\"--awb-padding-top:3em;--awb-padding-right:6em;--awb-padding-bottom:4em;--awb-padding-left:6em;--awb-padding-top-small:4em;--awb-padding-right-small:2em;--awb-padding-bottom-small:4em;--awb-padding-left-small:2em;--awb-bg-color:var(--awb-color2);--awb-bg-color-hover:var(--awb-color2);--awb-bg-size:cover;--awb-width-large:50%;--awb-margin-top-large:0px;--awb-spacing-right-large:0%;--awb-margin-bottom-large:0px;--awb-spacing-left-large:0%;--awb-width-medium:50%;--awb-order-medium:0;--awb-spacing-right-medium:0%;--awb-spacing-left-medium:0%;--awb-width-small:100%;--awb-order-small:1;--awb-spacing-right-small:1.92%;--awb-spacing-left-small:1.92%;\" data-scroll-devices=\"small-visibility,medium-visibility,large-visibility\"><div class=\"fusion-column-wrapper fusion-column-has-shadow fusion-flex-justify-content-space-between fusion-content-layout-column\"><div class=\"fusion-title title fusion-title-11 fusion-sep-none fusion-title-text fusion-title-size-two\" style=\"--awb-text-color:var(--awb-color6);--awb-margin-top-small:10px;--awb-margin-right-small:0px;--awb-margin-bottom-small:10px;--awb-margin-left-small:0px;--awb-font-size:40px;\"><h2 class=\"fusion-title-heading title-heading-left\" style=\"font-family:&quot;HarlowSerifRegluar&quot;;font-style:normal;font-weight:400;margin:0;font-size:1em;\">Your accommodation within walking distance of the slopes in Bad Kleinkirchheim<\/h2><\/div><div class=\"fusion-title title fusion-title-12 fusion-sep-none fusion-title-text fusion-title-size-three\" style=\"--awb-text-color:var(--awb-custom_color_5);--awb-margin-top-small:10px;--awb-margin-right-small:0px;--awb-margin-bottom-small:10px;--awb-margin-left-small:0px;--awb-font-size:24px;\"><h3 class=\"fusion-title-heading title-heading-left\" style=\"margin:0;font-size:1em;\">Family ski holiday at the Slow Travel Resort Kirchleitn<\/h3><\/div><div class=\"fusion-text fusion-text-7\" style=\"--awb-margin-top:1em;\"><p><b>Ski-In \/ Ski-Out: From your apartment in Bad Kleinkirchheim to the ski slope<\/b><\/p>\n<p>Our car-free holiday village is ideally located for winter sports enthusiasts:<\/p>\n<\/div><ul style=\"--awb-size:20px;--awb-iconcolor:var(--awb-custom_color_5);--awb-textcolor:var(--awb-color7);--awb-line-height:34px;--awb-icon-width:34px;--awb-icon-height:34px;--awb-icon-margin:14px;--awb-content-margin:48px;--awb-circlecolor:rgba(255,255,255,0);--awb-circle-yes-font-size:17.6px;\" class=\"fusion-checklist fusion-checklist-1 fusion-checklist-default type-icons\"><li class=\"fusion-li-item\" style=\"\"><span class=\"icon-wrapper circle-yes\"><i class=\"fusion-li-icon fa-check fas\" aria-hidden=\"true\"><\/i><\/span><div class=\"fusion-li-item-content\">\n<p>Quick access to the ski lifts (Brunnachbahn)<\/p>\n<\/div><\/li><li class=\"fusion-li-item\" style=\"\"><span class=\"icon-wrapper circle-yes\"><i class=\"fusion-li-icon fa-check fas\" aria-hidden=\"true\"><\/i><\/span><div class=\"fusion-li-item-content\">\n<p>Baby lift and practice slope less than a 5-minute walk from the resort<\/p>\n<\/div><\/li><li class=\"fusion-li-item\" style=\"\"><span class=\"icon-wrapper circle-yes\"><i class=\"fusion-li-icon fa-check fas\" aria-hidden=\"true\"><\/i><\/span><div class=\"fusion-li-item-content\">\n<p>Ski rental and ski schools nearby<\/p>\n<\/div><\/li><li class=\"fusion-li-item\" style=\"\"><span class=\"icon-wrapper circle-yes\"><i class=\"fusion-li-icon fa-check fas\" aria-hidden=\"true\"><\/i><\/span><div class=\"fusion-li-item-content\">\n<p>Winter hiking trails start directly in front of the <a href=\"https:\/\/www.kirchleitn.com\/en\/vacation-home-in-bad-kleinkirchheim-for-your-group-trip\/\">holiday home<\/a><\/p>\n<\/div><\/li><\/ul><\/div><\/div><div class=\"fusion-layout-column fusion_builder_column fusion-builder-column-10 fusion_builder_column_1_2 1_2 fusion-flex-column fusion-flex-align-self-stretch\" style=\"--awb-padding-top:20em;--awb-padding-right:8em;--awb-padding-bottom:1em;--awb-padding-left:8em;--awb-bg-image:url(&#039;https:\/\/www.kirchleitn.com\/wp-content\/uploads\/2025\/10\/329-0013-2880_kirchleitn_by_gert_perauer-Kopie.webp&#039;);--awb-bg-position:center top;--awb-bg-size:cover;--awb-width-large:50%;--awb-margin-top-large:0px;--awb-spacing-right-large:0%;--awb-margin-bottom-large:0px;--awb-spacing-left-large:0%;--awb-width-medium:50%;--awb-order-medium:0;--awb-spacing-right-medium:0%;--awb-spacing-left-medium:0%;--awb-width-small:100%;--awb-order-small:0;--awb-spacing-right-small:1.92%;--awb-spacing-left-small:1.92%;\"><div class=\"fusion-column-wrapper fusion-column-has-shadow fusion-flex-justify-content-space-between fusion-content-layout-block fusion-empty-column-bg-image fusion-column-has-bg-image\" data-bg-url=\"https:\/\/www.kirchleitn.com\/wp-content\/uploads\/2025\/10\/329-0013-2880_kirchleitn_by_gert_perauer-Kopie.webp\"><img decoding=\"async\" class=\"fusion-empty-dims-img-placeholder fusion-no-large-visibility fusion-no-medium-visibility\" alt=\"Drohnenaufnahme \u00fcber das Slow Travel Resort Kirchleitn mit Aussicht bis zur nahegelegenen Brunnach-Piste \u2013 idealer Ausgangspunkt f\u00fcr den Skiurlaub in K\u00e4rnten.\" aria-label=\"Skiurlaub in Kirchleitn mit Blick auf die Brunnach-Piste\" src=\"data:image\/svg+xml,%3Csvg%20xmlns%3D%27http%3A%2F%2Fwww.w3.org%2F2000%2Fsvg%27%20width%3D%271920%27%20height%3D%271280%27%20viewBox%3D%270%200%201920%201280%27%3E%3Crect%20width%3D%271920%27%20height%3D%271280%27%20fill-opacity%3D%220%22%2F%3E%3C%2Fsvg%3E\"><\/div><\/div><\/div><\/div><div class=\"fusion-fullwidth fullwidth-box fusion-builder-row-8 fusion-flex-container has-pattern-background has-mask-background hundred-percent-fullwidth non-hundred-percent-height-scrolling\" style=\"--awb-border-radius-top-left:0px;--awb-border-radius-top-right:0px;--awb-border-radius-bottom-right:0px;--awb-border-radius-bottom-left:0px;--awb-padding-left:0px;--awb-padding-right-small:0px;--awb-flex-wrap:wrap;\" ><div class=\"fusion-builder-row fusion-row fusion-flex-align-items-stretch fusion-flex-justify-content-space-between fusion-flex-content-wrap\" style=\"width:104% !important;max-width:104% !important;margin-left: calc(-4% \/ 2 );margin-right: calc(-4% \/ 2 );\"><div class=\"fusion-layout-column fusion_builder_column fusion-builder-column-11 fusion_builder_column_1_2 1_2 fusion-flex-column fusion-flex-align-self-stretch\" style=\"--awb-bg-image:url(&#039;https:\/\/www.kirchleitn.com\/wp-content\/uploads\/2025\/10\/Winter_Kinder\u00a9Slow-Travel-Resort_rodeln.jpg&#039;);--awb-bg-position:center center;--awb-bg-size:cover;--awb-width-large:50%;--awb-margin-top-large:0px;--awb-spacing-right-large:0%;--awb-margin-bottom-large:0px;--awb-spacing-left-large:0%;--awb-width-medium:50%;--awb-order-medium:0;--awb-spacing-right-medium:0%;--awb-spacing-left-medium:0%;--awb-width-small:100%;--awb-order-small:0;--awb-spacing-right-small:1.92%;--awb-spacing-left-small:1.92%;\"><div class=\"fusion-column-wrapper fusion-column-has-shadow fusion-flex-justify-content-space-between fusion-content-layout-block fusion-empty-column-bg-image fusion-column-has-bg-image\" data-bg-url=\"https:\/\/www.kirchleitn.com\/wp-content\/uploads\/2025\/10\/Winter_Kinder\u00a9Slow-Travel-Resort_rodeln.jpg\"><img decoding=\"async\" class=\"fusion-empty-dims-img-placeholder fusion-no-large-visibility fusion-no-medium-visibility\" alt=\"Children with sled in winter vacation in the car-free Slow Travel Resort Kirchleitn in Bad Kleinkirchheim, Carinthia\" aria-label=\"Children with Sled in Kirchleitn\" src=\"data:image\/svg+xml,%3Csvg%20xmlns%3D%27http%3A%2F%2Fwww.w3.org%2F2000%2Fsvg%27%20width%3D%271920%27%20height%3D%271280%27%20viewBox%3D%270%200%201920%201280%27%3E%3Crect%20width%3D%271920%27%20height%3D%271280%27%20fill-opacity%3D%220%22%2F%3E%3C%2Fsvg%3E\"><\/div><\/div><div class=\"fusion-layout-column fusion_builder_column fusion-builder-column-12 fusion_builder_column_1_2 1_2 fusion-flex-column fusion-flex-align-self-stretch\" style=\"--awb-padding-top:3em;--awb-padding-right:6em;--awb-padding-bottom:3em;--awb-padding-left:6em;--awb-padding-top-small:2em;--awb-padding-right-small:2em;--awb-padding-bottom-small:2em;--awb-padding-left-small:2em;--awb-bg-color:var(--awb-color2);--awb-bg-color-hover:var(--awb-color2);--awb-bg-size:cover;--awb-width-large:50%;--awb-margin-top-large:0px;--awb-spacing-right-large:0%;--awb-margin-bottom-large:0px;--awb-spacing-left-large:0%;--awb-width-medium:50%;--awb-order-medium:0;--awb-spacing-right-medium:0%;--awb-spacing-left-medium:0%;--awb-width-small:100%;--awb-order-small:0;--awb-spacing-right-small:1.92%;--awb-spacing-left-small:1.92%;\"><div class=\"fusion-column-wrapper fusion-column-has-shadow fusion-flex-justify-content-space-between fusion-content-layout-column\"><div class=\"fusion-title title fusion-title-13 fusion-sep-none fusion-title-text fusion-title-size-two\" style=\"--awb-text-color:var(--awb-custom_color_5);--awb-margin-top-small:10px;--awb-margin-right-small:0px;--awb-margin-bottom-small:10px;--awb-margin-left-small:0px;--awb-font-size:40px;\"><h2 class=\"fusion-title-heading title-heading-left\" style=\"font-family:&quot;HarlowSerifRegluar&quot;;font-style:normal;font-weight:400;margin:0;font-size:1em;\">More winter adventures for families in Carinthia<\/h2><\/div><div class=\"fusion-title title fusion-title-14 fusion-sep-none fusion-title-text fusion-title-size-three\" style=\"--awb-text-color:var(--awb-color6);--awb-margin-top-small:10px;--awb-margin-right-small:0px;--awb-margin-bottom-small:10px;--awb-margin-left-small:0px;--awb-font-size:24px;\"><h3 class=\"fusion-title-heading title-heading-left\" style=\"margin:0;font-size:1em;\">Even off the slopes, there&#8217;s plenty to experience during a ski holiday with children around Bad Kleinkirchheim<\/h3><\/div><div class=\"fusion-text fusion-text-8\"><p><span style=\"letter-spacing: 0.3px;\">Family-friendly toboggan runs, wonderful winter hiking trails, and the <\/span><b style=\"letter-spacing: 0.3px;\">nearby thermal spas<\/b><span style=\"letter-spacing: 0.3px;\"> with extensive wellness and children&#8217;s facilities provide plenty of variety in winter.<\/span><\/p>\n<\/div><div ><a class=\"fusion-button button-flat fusion-button-default-size button-custom fusion-button-default button-5 fusion-button-default-span fusion-button-default-type\" style=\"--button_accent_color:var(--awb-color1);--button_accent_hover_color:var(--awb-color1);--button_border_hover_color:var(--awb-color1);--button-border-radius-top-left:0;--button-border-radius-top-right:0;--button-border-radius-bottom-right:0;--button-border-radius-bottom-left:0;--button_gradient_top_color:var(--awb-custom_color_1);--button_gradient_bottom_color:var(--awb-custom_color_1);--button_gradient_top_color_hover:var(--awb-color5);--button_gradient_bottom_color_hover:var(--awb-color5);\" target=\"_self\" data-hover=\"bg_slide_right\" href=\"https:\/\/www.kirchleitn.com\/en\/winter-vacation-with-the-whole-family-eco-friendly-and-sustainable\/\"><span class=\"fusion-button-text awb-button__text awb-button__text--default fusion-button-text-right\">Tips for activities off the slopes with children<\/span><span class=\"fusion-button-icon-divider button-icon-divider-right\"><i class=\"fa-skiing fas awb-button__icon awb-button__icon--default\" aria-hidden=\"true\"><\/i><\/span><\/a><\/div><\/div><\/div><\/div><\/div><div class=\"fusion-fullwidth fullwidth-box fusion-builder-row-9 fusion-flex-container has-pattern-background has-mask-background hundred-percent-fullwidth non-hundred-percent-height-scrolling\" style=\"--awb-border-radius-top-left:0px;--awb-border-radius-top-right:0px;--awb-border-radius-bottom-right:0px;--awb-border-radius-bottom-left:0px;--awb-padding-top:2em;--awb-padding-right:6em;--awb-padding-bottom:2em;--awb-padding-left:6em;--awb-padding-top-small:2em;--awb-padding-right-small:2em;--awb-padding-bottom-small:2em;--awb-padding-left-small:2em;--awb-margin-bottom-small:0px;--awb-background-color:#4a7682;--awb-background-color-small:var(--awb-custom_color_5);--awb-flex-wrap:wrap;\" ><div class=\"fusion-builder-row fusion-row fusion-flex-align-items-flex-start fusion-flex-content-wrap\" style=\"width:104% !important;max-width:104% !important;margin-left: calc(-4% \/ 2 );margin-right: calc(-4% \/ 2 );\"><div class=\"fusion-layout-column fusion_builder_column fusion-builder-column-13 fusion_builder_column_1_1 1_1 fusion-flex-column\" style=\"--awb-bg-size:cover;--awb-width-large:100%;--awb-margin-top-large:0px;--awb-spacing-right-large:1.92%;--awb-margin-bottom-large:20px;--awb-spacing-left-large:1.92%;--awb-width-medium:100%;--awb-order-medium:0;--awb-spacing-right-medium:1.92%;--awb-spacing-left-medium:1.92%;--awb-width-small:100%;--awb-order-small:0;--awb-spacing-right-small:1.92%;--awb-spacing-left-small:1.92%;\"><div class=\"fusion-column-wrapper fusion-column-has-shadow fusion-flex-justify-content-flex-start fusion-content-layout-column\"><div class=\"fusion-title title fusion-title-15 fusion-sep-none fusion-title-text fusion-title-size-two\" style=\"--awb-text-color:var(--awb-color1);--awb-margin-top-small:10px;--awb-margin-right-small:0px;--awb-margin-bottom-small:10px;--awb-margin-left-small:0px;--awb-font-size:40px;\"><h2 class=\"fusion-title-heading title-heading-left\" style=\"font-family:&quot;HarlowSerifRegluar&quot;;font-style:normal;font-weight:400;margin:0;font-size:1em;\">Holiday apartments for your ski holiday with children in Bad Kleinkirchheim &#8211; Carinthia<\/h2><\/div><\/div><\/div><div class=\"fusion-layout-column fusion_builder_column fusion-builder-column-14 fusion_builder_column_1_3 1_3 fusion-flex-column fusion-flex-align-self-stretch\" style=\"--awb-padding-top:1em;--awb-bg-color:var(--awb-color2);--awb-bg-color-hover:var(--awb-color2);--awb-bg-size:cover;--awb-width-large:33.3333333333%;--awb-margin-top-large:0px;--awb-spacing-right-large:1em;--awb-margin-bottom-large:0px;--awb-spacing-left-large:1em;--awb-width-medium:33.3333333333%;--awb-order-medium:0;--awb-spacing-right-medium:1em;--awb-spacing-left-medium:1em;--awb-width-small:100%;--awb-order-small:1;--awb-margin-top-small:2em;--awb-spacing-right-small:1.92%;--awb-spacing-left-small:1.92%;\"><div class=\"fusion-column-wrapper fusion-column-has-shadow fusion-flex-justify-content-space-between fusion-content-layout-column\"><div class=\"fusion-title title fusion-title-16 fusion-sep-none fusion-title-highlight fusion-animate-once fusion-highlight-underline fusion-title-size-three\" style=\"--awb-text-color:var(--awb-color7);--awb-highlight-color:var(--awb-color5);--awb-margin-top:0px;--awb-margin-right:1em;--awb-margin-bottom:0.5em;--awb-margin-left:1em;--awb-margin-top-small:10px;--awb-margin-right-small:1em;--awb-margin-bottom-small:10px;--awb-margin-left-small:1em;--awb-font-size:30px;\" data-highlight=\"underline\"><h3 class=\"fusion-title-heading title-heading-left\" style=\"font-family:&quot;HarlowSerifplane&quot;;font-style:normal;font-weight:400;margin:0;font-size:1em;line-height:1.4;\"><span class=\"fusion-highlighted-text-prefix\">Vacation apartment<\/span> <span class=\"fusion-highlighted-text-wrapper\"><span class=\"fusion-highlighted-text\" style=\"color:var(--awb-color7);\">Rosennock<\/span><svg xmlns=\"http:\/\/www.w3.org\/2000\/svg\" viewBox=\"0 0 500 150\" preserveAspectRatio=\"none\"><path d=\"M8.1,146.2c0,0,240.6-55.6,479-13.8\"><\/path><\/svg><\/span> <span class=\"fusion-highlighted-text-postfix\">in Bad Kleinkirchheim Carinthia<\/span><\/h3><\/div><div class=\"fusion-image-element \" style=\"--awb-margin-top:0px;--awb-margin-right:0px;--awb-margin-bottom:1em;--awb-margin-left:0px;--awb-caption-title-font-family:var(--h2_typography-font-family);--awb-caption-title-font-weight:var(--h2_typography-font-weight);--awb-caption-title-font-style:var(--h2_typography-font-style);--awb-caption-title-size:var(--h2_typography-font-size);--awb-caption-title-transform:var(--h2_typography-text-transform);--awb-caption-title-line-height:var(--h2_typography-line-height);--awb-caption-title-letter-spacing:var(--h2_typography-letter-spacing);\"><span class=\" fusion-imageframe imageframe-none imageframe-1 hover-type-none\"><img decoding=\"async\" width=\"667\" height=\"445\" alt=\"Rosennock vacation apartments in Bad Kleinkirchheim with sitting area and tiled stove in the Slow Travel Resort Kirchleitn in Bad Kleinkirchheim.\" title=\"Vacation Apartment Rosennock\" src=\"https:\/\/www.kirchleitn.com\/wp-content\/uploads\/2025\/09\/Rosenock_Mallnock\u00a9Slow-Travel-Resort_31.jpg\" class=\"img-responsive wp-image-2577\" srcset=\"https:\/\/www.kirchleitn.com\/wp-content\/uploads\/2025\/09\/Rosenock_Mallnock\u00a9Slow-Travel-Resort_31-200x133.jpg 200w, https:\/\/www.kirchleitn.com\/wp-content\/uploads\/2025\/09\/Rosenock_Mallnock\u00a9Slow-Travel-Resort_31-400x267.jpg 400w, https:\/\/www.kirchleitn.com\/wp-content\/uploads\/2025\/09\/Rosenock_Mallnock\u00a9Slow-Travel-Resort_31-600x400.jpg 600w, https:\/\/www.kirchleitn.com\/wp-content\/uploads\/2025\/09\/Rosenock_Mallnock\u00a9Slow-Travel-Resort_31.jpg 667w\" sizes=\"(max-width: 640px) 100vw, 400px\" \/><\/span><\/div><div class=\"fusion-text fusion-text-9\" style=\"--awb-margin-right:1em;--awb-margin-left:1.5em;--awb-text-font-family:&quot;Outfit&quot;;--awb-text-font-style:normal;--awb-text-font-weight:600;\"><p><strong><em><span style=\"color: var(--awb-color5);\">Comfortable living in a small space<\/span><br \/><span style=\"color: #333333;\">Approx. 35 m\u00b2 | For 1\u20134 people<\/span><\/em><\/strong><\/p>\n<\/div><div class=\"fusion-text fusion-text-10\" style=\"--awb-text-color:var(--awb-color7);--awb-margin-right:1em;--awb-margin-left:1.5em;\"><p>One bedroom, a cozy living room with tiled stove and additional double bed, kitchen, bathroom and separate toilet.<\/p>\n<p>Ideal for families with a baby, schoolchild or teenager and of course also for anyone traveling with a dog.<\/p>\n<\/div><div ><a class=\"fusion-button button-flat fusion-button-default-size button-custom fusion-button-default button-6 fusion-button-span-yes fusion-button-default-type\" style=\"--awb-margin-top:1em;--awb-margin-right:1em;--awb-margin-bottom:2em;--awb-margin-left:1em;--button_accent_color:var(--awb-color1);--button_accent_hover_color:var(--awb-color1);--button_border_hover_color:var(--awb-color1);--button-border-radius-top-left:0;--button-border-radius-top-right:0;--button-border-radius-bottom-right:0;--button-border-radius-bottom-left:0;--button_gradient_top_color:var(--awb-custom_color_1);--button_gradient_bottom_color:var(--awb-custom_color_1);--button_gradient_top_color_hover:var(--awb-color5);--button_gradient_bottom_color_hover:var(--awb-color5);\" target=\"_self\" data-hover=\"bg_slide_right\" title=\"Details about the Rosennock vacation apartment\" aria-label=\"Details about the Rosennock vacation apartment\" role=\"button\" href=\"https:\/\/www.kirchleitn.com\/en\/apartment-rosennock\/\"><span class=\"fusion-button-text awb-button__text awb-button__text--default fusion-button-text-right\">Details about the Rosennock vacation apartment<\/span><span class=\"fusion-button-icon-divider button-icon-divider-right\"><i class=\"fa-info-circle fas awb-button__icon awb-button__icon--default\" aria-hidden=\"true\"><\/i><\/span><\/a><\/div><\/div><\/div><div class=\"fusion-layout-column fusion_builder_column fusion-builder-column-15 fusion_builder_column_1_3 1_3 fusion-flex-column fusion-flex-align-self-stretch\" style=\"--awb-padding-top:1em;--awb-bg-color:var(--awb-color2);--awb-bg-color-hover:var(--awb-color2);--awb-bg-size:cover;--awb-width-large:33.3333333333%;--awb-margin-top-large:0px;--awb-spacing-right-large:1em;--awb-margin-bottom-large:0px;--awb-spacing-left-large:1em;--awb-width-medium:33.3333333333%;--awb-order-medium:0;--awb-spacing-right-medium:1em;--awb-spacing-left-medium:1em;--awb-width-small:100%;--awb-order-small:0;--awb-spacing-right-small:1.92%;--awb-spacing-left-small:1.92%;\"><div class=\"fusion-column-wrapper fusion-column-has-shadow fusion-flex-justify-content-space-between fusion-content-layout-column\"><div class=\"fusion-title title fusion-title-17 fusion-sep-none fusion-title-highlight fusion-animate-once fusion-highlight-underline fusion-title-size-three\" style=\"--awb-text-color:var(--awb-color7);--awb-margin-top:0px;--awb-margin-right:1em;--awb-margin-bottom:1.1em;--awb-margin-left:1em;--awb-margin-top-small:10px;--awb-margin-right-small:1em;--awb-margin-bottom-small:10px;--awb-margin-left-small:1em;--awb-font-size:30px;\" data-highlight=\"underline\"><h3 class=\"fusion-title-heading title-heading-left\" style=\"font-family:&quot;HarlowSerifplane&quot;;font-style:normal;font-weight:400;margin:0;font-size:1em;line-height:1.4;\"><span class=\"fusion-highlighted-text-prefix\">Vacation apartment<\/span> <span class=\"fusion-highlighted-text-wrapper\"><span class=\"fusion-highlighted-text\" style=\"color:var(--awb-color7);\">Mirnock<\/span><svg xmlns=\"http:\/\/www.w3.org\/2000\/svg\" viewBox=\"0 0 500 150\" preserveAspectRatio=\"none\"><path d=\"M8.1,146.2c0,0,240.6-55.6,479-13.8\"><\/path><\/svg><\/span> <span class=\"fusion-highlighted-text-postfix\">in Bad Kleinkirchheim Carinthia<\/span><\/h3><\/div><div class=\"fusion-image-element \" style=\"--awb-margin-top:0px;--awb-margin-right:0px;--awb-margin-bottom:1em;--awb-margin-left:0px;--awb-caption-title-font-family:var(--h2_typography-font-family);--awb-caption-title-font-weight:var(--h2_typography-font-weight);--awb-caption-title-font-style:var(--h2_typography-font-style);--awb-caption-title-size:var(--h2_typography-font-size);--awb-caption-title-transform:var(--h2_typography-text-transform);--awb-caption-title-line-height:var(--h2_typography-line-height);--awb-caption-title-letter-spacing:var(--h2_typography-letter-spacing);\"><span class=\" fusion-imageframe imageframe-none imageframe-2 hover-type-none\"><img decoding=\"async\" width=\"667\" height=\"445\" alt=\"Cozy vacation apartments in Bad Kleinkirchheim &quot;Mirnock&quot; with tiled stove and dining area in the Slow Travel Resort Kirchleitn in Bad Kleinkirchheim.\" title=\"Vacation Apartment Mirnock\" src=\"https:\/\/www.kirchleitn.com\/wp-content\/uploads\/2025\/09\/Appartment_Mirnock.jpg\" class=\"img-responsive wp-image-2578\" srcset=\"https:\/\/www.kirchleitn.com\/wp-content\/uploads\/2025\/09\/Appartment_Mirnock-200x133.jpg 200w, https:\/\/www.kirchleitn.com\/wp-content\/uploads\/2025\/09\/Appartment_Mirnock-400x267.jpg 400w, https:\/\/www.kirchleitn.com\/wp-content\/uploads\/2025\/09\/Appartment_Mirnock-600x400.jpg 600w, https:\/\/www.kirchleitn.com\/wp-content\/uploads\/2025\/09\/Appartment_Mirnock.jpg 667w\" sizes=\"(max-width: 640px) 100vw, 400px\" \/><\/span><\/div><div class=\"fusion-text fusion-text-11\" style=\"--awb-margin-right:1em;--awb-margin-left:1.5em;--awb-text-font-family:&quot;Outfit&quot;;--awb-text-font-style:normal;--awb-text-font-weight:600;\"><p><strong><em><span style=\"color: var(--awb-color5);\">With balcony and view of the mountains<\/span><br \/><span style=\"color: #333333;\">Approx. 35 m\u00b2 | For 1\u20134 people<\/span><\/em><\/strong><\/p>\n<\/div><div class=\"fusion-text fusion-text-12\" style=\"--awb-margin-right:1em;--awb-margin-left:1.5em;\"><p data-start=\"0\" data-end=\"175\">Located on the first floor with a balcony, one bedroom (with a double bed), kitchen, cozy living room with a pull-out sofa bed and tiled stove, as well as a bathroom with a separate toilet. Suitable for couples with children, small families or grandparents with grandchildren who like to live in the mountains and do not want to forego comfort. <\/p>\n<\/div><div ><a class=\"fusion-button button-flat fusion-button-default-size button-custom fusion-button-default button-7 fusion-button-span-yes fusion-button-default-type\" style=\"--awb-margin-top:1em;--awb-margin-right:1em;--awb-margin-bottom:2em;--awb-margin-left:1em;--button_accent_color:var(--awb-color1);--button_accent_hover_color:var(--awb-color1);--button_border_hover_color:var(--awb-color1);--button-border-radius-top-left:0;--button-border-radius-top-right:0;--button-border-radius-bottom-right:0;--button-border-radius-bottom-left:0;--button_gradient_top_color:var(--awb-custom_color_1);--button_gradient_bottom_color:var(--awb-custom_color_1);--button_gradient_top_color_hover:var(--awb-color5);--button_gradient_bottom_color_hover:var(--awb-color5);\" target=\"_self\" data-hover=\"bg_slide_right\" title=\"Details about the Mirnock vacation apartment\" aria-label=\"Details about the Mirnock vacation apartment\" role=\"button\" href=\"https:\/\/www.kirchleitn.com\/en\/appartement-mirnock\/\"><span class=\"fusion-button-text awb-button__text awb-button__text--default fusion-button-text-right\">Details about the Mirnock vacation apartment<\/span><span class=\"fusion-button-icon-divider button-icon-divider-right\"><i class=\"fa-info-circle fas awb-button__icon awb-button__icon--default\" aria-hidden=\"true\"><\/i><\/span><\/a><\/div><\/div><\/div><div class=\"fusion-layout-column fusion_builder_column fusion-builder-column-16 fusion_builder_column_1_3 1_3 fusion-flex-column fusion-flex-align-self-stretch\" style=\"--awb-padding-top:1em;--awb-bg-color:var(--awb-color2);--awb-bg-color-hover:var(--awb-color2);--awb-bg-size:cover;--awb-width-large:33.3333333333%;--awb-margin-top-large:0px;--awb-spacing-right-large:1em;--awb-margin-bottom-large:0px;--awb-spacing-left-large:1em;--awb-width-medium:33.3333333333%;--awb-order-medium:0;--awb-spacing-right-medium:1em;--awb-spacing-left-medium:1em;--awb-width-small:100%;--awb-order-small:2;--awb-margin-top-small:2em;--awb-spacing-right-small:1.92%;--awb-spacing-left-small:1.92%;\"><div class=\"fusion-column-wrapper fusion-column-has-shadow fusion-flex-justify-content-space-between fusion-content-layout-column\"><div class=\"fusion-title title fusion-title-18 fusion-sep-none fusion-title-highlight fusion-animate-once fusion-highlight-underline fusion-title-size-three\" style=\"--awb-text-color:var(--awb-color7);--awb-highlight-color:var(--awb-color5);--awb-margin-top:0px;--awb-margin-right:1em;--awb-margin-bottom:1.05em;--awb-margin-left:1em;--awb-margin-top-small:10px;--awb-margin-right-small:1em;--awb-margin-bottom-small:10px;--awb-margin-left-small:1em;--awb-font-size:30px;\" data-highlight=\"underline\"><h3 class=\"fusion-title-heading title-heading-left\" style=\"font-family:&quot;HarlowSerifplane&quot;;font-style:normal;font-weight:400;margin:0;font-size:1em;line-height:1.4;\"><span class=\"fusion-highlighted-text-prefix\">Vacation apartment<\/span> <span class=\"fusion-highlighted-text-wrapper\"><span class=\"fusion-highlighted-text\" style=\"color:var(--awb-color7);\">Kolmnock<\/span><svg xmlns=\"http:\/\/www.w3.org\/2000\/svg\" viewBox=\"0 0 500 150\" preserveAspectRatio=\"none\"><path d=\"M8.1,146.2c0,0,240.6-55.6,479-13.8\"><\/path><\/svg><\/span> <span class=\"fusion-highlighted-text-postfix\">in Bad Kleinkirchheim Carinthia<\/span><\/h3><\/div><div class=\"fusion-image-element \" style=\"--awb-margin-top:0px;--awb-margin-right:0px;--awb-margin-bottom:0px;--awb-margin-left:1.em;--awb-caption-title-font-family:var(--h2_typography-font-family);--awb-caption-title-font-weight:var(--h2_typography-font-weight);--awb-caption-title-font-style:var(--h2_typography-font-style);--awb-caption-title-size:var(--h2_typography-font-size);--awb-caption-title-transform:var(--h2_typography-text-transform);--awb-caption-title-line-height:var(--h2_typography-line-height);--awb-caption-title-letter-spacing:var(--h2_typography-letter-spacing);\"><span class=\" fusion-imageframe imageframe-none imageframe-3 hover-type-none\"><img decoding=\"async\" width=\"667\" height=\"445\" alt=\"Vacation apartments for family vacations in Carinthia, view into the cozy parlor of the vacation apartment in the Slow Travel Resort\" title=\"Vacation Apartment Kolmnock\" src=\"https:\/\/www.kirchleitn.com\/wp-content\/uploads\/2025\/09\/Kolmnock\u00a9Slow-Travel-Resort_34.jpg\" class=\"img-responsive wp-image-2579\" srcset=\"https:\/\/www.kirchleitn.com\/wp-content\/uploads\/2025\/09\/Kolmnock\u00a9Slow-Travel-Resort_34-200x133.jpg 200w, https:\/\/www.kirchleitn.com\/wp-content\/uploads\/2025\/09\/Kolmnock\u00a9Slow-Travel-Resort_34-400x267.jpg 400w, https:\/\/www.kirchleitn.com\/wp-content\/uploads\/2025\/09\/Kolmnock\u00a9Slow-Travel-Resort_34-600x400.jpg 600w, https:\/\/www.kirchleitn.com\/wp-content\/uploads\/2025\/09\/Kolmnock\u00a9Slow-Travel-Resort_34.jpg 667w\" sizes=\"(max-width: 640px) 100vw, 400px\" \/><\/span><\/div><div class=\"fusion-text fusion-text-13\" style=\"--awb-margin-right:1em;--awb-margin-left:1.5em;--awb-margin-top-small:1em;--awb-text-font-family:&quot;Outfit&quot;;--awb-text-font-style:normal;--awb-text-font-weight:600;\"><p><strong><em><span style=\"color: #cc8800;\">Plenty of space for cozy family time<\/span><br \/><span style=\"color: #333333;\">Approx. 55 m\u00b2 | For 1\u20136 people<\/span><\/em><\/strong><\/p>\n<\/div><div class=\"fusion-text fusion-text-14\" style=\"--awb-margin-right:1em;--awb-margin-left:1.5em;\"><p>Two bedrooms, large living room with tiled stove, kitchen, bathroom and separate toilet.<\/p>\n<p>Ideal for larger families, befriended couples with children or for anyone who simply appreciates a little more space to retreat and relax.<\/p>\n<\/div><div ><a class=\"fusion-button button-flat fusion-button-default-size button-custom fusion-button-default button-8 fusion-button-span-yes fusion-button-default-type\" style=\"--awb-margin-top:1em;--awb-margin-right:1em;--awb-margin-bottom:2em;--awb-margin-left:1em;--button_accent_color:var(--awb-color1);--button_accent_hover_color:var(--awb-color1);--button_border_hover_color:var(--awb-color1);--button-border-radius-top-left:0;--button-border-radius-top-right:0;--button-border-radius-bottom-right:0;--button-border-radius-bottom-left:0;--button_gradient_top_color:var(--awb-custom_color_1);--button_gradient_bottom_color:var(--awb-custom_color_1);--button_gradient_top_color_hover:var(--awb-color5);--button_gradient_bottom_color_hover:var(--awb-color5);\" target=\"_self\" data-hover=\"bg_slide_right\" title=\"Details about the Kolmnock vacation apartment\" aria-label=\"Details about the Kolmnock vacation apartment\" role=\"button\" href=\"https:\/\/www.kirchleitn.com\/en\/apartment-kolmnock\/\"><span class=\"fusion-button-text awb-button__text awb-button__text--default fusion-button-text-right\">Details about the Kolmnock vacation apartment<\/span><span class=\"fusion-button-icon-divider button-icon-divider-right\"><i class=\"fa-info-circle fas awb-button__icon awb-button__icon--default\" aria-hidden=\"true\"><\/i><\/span><\/a><\/div><\/div><\/div><\/div><\/div><div class=\"fusion-fullwidth fullwidth-box fusion-builder-row-10 fusion-flex-container has-pattern-background has-mask-background hundred-percent-fullwidth non-hundred-percent-height-scrolling\" style=\"--awb-border-radius-top-left:0px;--awb-border-radius-top-right:0px;--awb-border-radius-bottom-right:0px;--awb-border-radius-bottom-left:0px;--awb-padding-left:0px;--awb-padding-right-small:0px;--awb-flex-wrap:wrap;\" ><div class=\"fusion-builder-row fusion-row fusion-flex-align-items-stretch fusion-flex-justify-content-space-between fusion-flex-content-wrap\" style=\"width:104% !important;max-width:104% !important;margin-left: calc(-4% \/ 2 );margin-right: calc(-4% \/ 2 );\"><div class=\"fusion-layout-column fusion_builder_column fusion-builder-column-17 fusion_builder_column_1_2 1_2 fusion-flex-column fusion-flex-align-self-stretch\" style=\"--awb-padding-top:2em;--awb-padding-right:6em;--awb-padding-bottom:2em;--awb-padding-left:6em;--awb-padding-top-small:2em;--awb-padding-right-small:2em;--awb-padding-bottom-small:2em;--awb-padding-left-small:2em;--awb-bg-color:var(--awb-color2);--awb-bg-color-hover:var(--awb-color2);--awb-bg-size:cover;--awb-width-large:50%;--awb-margin-top-large:0px;--awb-spacing-right-large:0%;--awb-margin-bottom-large:0px;--awb-spacing-left-large:0%;--awb-width-medium:50%;--awb-order-medium:0;--awb-spacing-right-medium:0%;--awb-spacing-left-medium:0%;--awb-width-small:100%;--awb-order-small:1;--awb-spacing-right-small:1.92%;--awb-spacing-left-small:1.92%;\"><div class=\"fusion-column-wrapper fusion-column-has-shadow fusion-flex-justify-content-space-between fusion-content-layout-column\"><div class=\"fusion-title title fusion-title-19 fusion-sep-none fusion-title-text fusion-title-size-three\" style=\"--awb-text-color:var(--awb-color6);--awb-margin-top-small:10px;--awb-margin-right-small:0px;--awb-margin-bottom-small:10px;--awb-margin-left-small:0px;--awb-font-size:40px;\"><h3 class=\"fusion-title-heading title-heading-left\" style=\"font-family:&quot;HarlowSerifRegluar&quot;;font-style:normal;font-weight:400;margin:0;font-size:1em;\">Culinary delights in the family-friendly Bad Kleinkirchheim ski resort<\/h3><\/div><div class=\"fusion-title title fusion-title-20 fusion-sep-none fusion-title-text fusion-title-size-four\" style=\"--awb-text-color:var(--awb-custom_color_5);--awb-margin-top-small:10px;--awb-margin-right-small:0px;--awb-margin-bottom-small:10px;--awb-margin-left-small:0px;--awb-font-size:25px;\"><h4 class=\"fusion-title-heading title-heading-left\" style=\"font-family:&quot;Outfit&quot;;font-style:normal;font-weight:600;margin:0;font-size:1em;\">Whether Kaiserschmarrn at the ski hut or hot cocoa on the sun terrace\u2026<\/h4><\/div><div class=\"fusion-text fusion-text-15\"><p>On the slopes, cozy huts with magnificent views invite you to enjoyable breaks.<\/p>\n<p>Around Bad Kleinkirchheim, <b>traditional village inns with regional specialties<\/b> await you.<\/p>\n<p>If you prefer to organize your holiday independently, you&#8217;ll find fresh, regional products at the Mallhof organic farm or at the markets in Carinthia. This way, a delicious meal can be conjured up in no time in the apartment&#8217;s fully equipped kitchen, perfect after an active day in the snow. <\/p>\n<\/div><\/div><\/div><div class=\"fusion-layout-column fusion_builder_column fusion-builder-column-18 fusion_builder_column_1_2 1_2 fusion-flex-column fusion-flex-align-self-stretch\" style=\"--awb-bg-image:url(&#039;https:\/\/www.kirchleitn.com\/wp-content\/uploads\/2025\/11\/Kaiserschmarrn.webp&#039;);--awb-bg-position:center center;--awb-bg-size:cover;--awb-width-large:50%;--awb-margin-top-large:0px;--awb-spacing-right-large:0%;--awb-margin-bottom-large:0px;--awb-spacing-left-large:0%;--awb-width-medium:50%;--awb-order-medium:0;--awb-spacing-right-medium:0%;--awb-spacing-left-medium:0%;--awb-width-small:100%;--awb-order-small:0;--awb-spacing-right-small:1.92%;--awb-spacing-left-small:1.92%;\"><div class=\"fusion-column-wrapper fusion-column-has-shadow fusion-flex-justify-content-space-between fusion-content-layout-block fusion-empty-column-bg-image fusion-column-has-bg-image\" data-bg-url=\"https:\/\/www.kirchleitn.com\/wp-content\/uploads\/2025\/11\/Kaiserschmarrn.webp\"><img decoding=\"async\" class=\"fusion-empty-dims-img-placeholder fusion-no-large-visibility fusion-no-medium-visibility\" alt=\"Frisch zubereiteter Kaiserschmarrn, die \u00f6sterreichische Spezialit\u00e4t, serviert in einer Pfanne in K\u00e4rnten.\" aria-label=\"Kaiserschmarrn in der Pfanne\" src=\"data:image\/svg+xml,%3Csvg%20xmlns%3D%27http%3A%2F%2Fwww.w3.org%2F2000%2Fsvg%27%20width%3D%271920%27%20height%3D%271280%27%20viewBox%3D%270%200%201920%201280%27%3E%3Crect%20width%3D%271920%27%20height%3D%271280%27%20fill-opacity%3D%220%22%2F%3E%3C%2Fsvg%3E\"><\/div><\/div><\/div><\/div><div class=\"fusion-fullwidth fullwidth-box fusion-builder-row-11 fusion-flex-container has-pattern-background has-mask-background fusion-parallax-none hundred-percent-fullwidth non-hundred-percent-height-scrolling\" style=\"--awb-background-position:center bottom;--awb-border-radius-top-left:0px;--awb-border-radius-top-right:0px;--awb-border-radius-bottom-right:0px;--awb-border-radius-bottom-left:0px;--awb-padding-top:2em;--awb-padding-right:6em;--awb-padding-bottom:2em;--awb-padding-left:6em;--awb-padding-top-small:2em;--awb-padding-right-small:2em;--awb-padding-bottom-small:2em;--awb-padding-left-small:2em;--awb-background-image:linear-gradient(180deg, rgba(74,118,130,0.68) 0%,rgba(20,22,23,0.53) 100%),url(https:\/\/www.kirchleitn.com\/wp-content\/uploads\/2025\/10\/Schnee_kindergruppe2.jpg);;--awb-background-size:cover;--awb-flex-wrap:wrap;\" ><div class=\"fusion-builder-row fusion-row fusion-flex-align-items-stretch fusion-flex-content-wrap\" style=\"width:104% !important;max-width:104% !important;margin-left: calc(-4% \/ 2 );margin-right: calc(-4% \/ 2 );\"><div class=\"fusion-layout-column fusion_builder_column fusion-builder-column-19 fusion_builder_column_1_1 1_1 fusion-flex-column\" style=\"--awb-bg-size:cover;--awb-width-large:100%;--awb-margin-top-large:0px;--awb-spacing-right-large:1.92%;--awb-margin-bottom-large:20px;--awb-spacing-left-large:1.92%;--awb-width-medium:100%;--awb-order-medium:0;--awb-spacing-right-medium:1.92%;--awb-spacing-left-medium:1.92%;--awb-width-small:100%;--awb-order-small:0;--awb-spacing-right-small:1.92%;--awb-spacing-left-small:1.92%;\"><div class=\"fusion-column-wrapper fusion-column-has-shadow fusion-flex-justify-content-flex-start fusion-content-layout-column\"><div class=\"fusion-title title fusion-title-21 fusion-sep-none fusion-title-text fusion-title-size-three\" style=\"--awb-text-color:var(--awb-color1);--awb-margin-top-small:10px;--awb-margin-right-small:0px;--awb-margin-bottom-small:10px;--awb-margin-left-small:0px;--awb-font-size:40px;\"><h3 class=\"fusion-title-heading title-heading-left\" style=\"font-family:&quot;HarlowSerifRegluar&quot;;font-style:normal;font-weight:400;margin:0;font-size:1em;\">Best Price Guarantee \u2013 Ready for an unforgettable family ski holiday in Carinthia?<\/h3><\/div><div class=\"fusion-title title fusion-title-22 fusion-sep-none fusion-title-text fusion-title-size-four\" style=\"--awb-text-color:var(--awb-color1);--awb-margin-top-small:10px;--awb-margin-right-small:0px;--awb-margin-bottom-small:10px;--awb-margin-left-small:0px;--awb-font-size:20px;\"><h4 class=\"fusion-title-heading title-heading-left\" style=\"margin:0;font-size:1em;\">Experience winter joy, slope fun, and cozy evenings at the family-friendly Slow Travel Resort Kirchleitn directly on the ski slope.<\/h4><\/div><div class=\"fusion-text fusion-text-16\" style=\"--awb-line-height:1.4;--awb-text-color:var(--awb-color1);--awb-text-font-family:&quot;Outfit&quot;;--awb-text-font-style:normal;--awb-text-font-weight:400;\"><p>Book your apartment in Bad Kleinkirchheim directly via our website and, with our Best Price Guarantee, always secure the lowest available rate for your family holiday in Carinthia.<\/p>\n<\/div><\/div><\/div><div class=\"fusion-layout-column fusion_builder_column fusion-builder-column-20 fusion_builder_column_1_2 1_2 fusion-flex-column\" style=\"--awb-bg-size:cover;--awb-width-large:50%;--awb-margin-top-large:0px;--awb-spacing-right-large:3.84%;--awb-margin-bottom-large:20px;--awb-spacing-left-large:3.84%;--awb-width-medium:50%;--awb-order-medium:0;--awb-spacing-right-medium:3.84%;--awb-spacing-left-medium:3.84%;--awb-width-small:100%;--awb-order-small:0;--awb-spacing-right-small:1.92%;--awb-spacing-left-small:1.92%;\"><div class=\"fusion-column-wrapper fusion-column-has-shadow fusion-flex-justify-content-flex-start fusion-content-layout-column\"><ul style=\"--awb-size:20px;--awb-textcolor:var(--awb-color1);--awb-line-height:34px;--awb-icon-width:34px;--awb-icon-height:34px;--awb-icon-margin:14px;--awb-content-margin:48px;--awb-circlecolor:rgba(124,159,137,0);--awb-circle-yes-font-size:17.6px;\" class=\"fusion-checklist fusion-checklist-2 fusion-checklist-default type-icons\"><li class=\"fusion-li-item\" style=\"\"><span class=\"icon-wrapper circle-yes\"><i class=\"fusion-li-icon fa-angle-double-right fas\" aria-hidden=\"true\"><\/i><\/span><div class=\"fusion-li-item-content\">\n<p><span style=\"color: #ffffff;\"><b>Step 1: <\/b><\/span><strong><b>Send screenshot\u2028<\/b><br \/>Send us a screenshot of the better offer (same category, same travel period and price) via chat, <span style=\"color: #ffffff;\"><a style=\"color: #ffffff;\" href=\"#\"><u>email<\/u><\/a> <\/span>or WhatsApp.<\/strong><\/p>\n<\/div><\/li><\/ul><\/div><\/div><div class=\"fusion-layout-column fusion_builder_column fusion-builder-column-21 fusion_builder_column_1_2 1_2 fusion-flex-column\" style=\"--awb-bg-size:cover;--awb-width-large:50%;--awb-margin-top-large:0px;--awb-spacing-right-large:3.84%;--awb-margin-bottom-large:20px;--awb-spacing-left-large:3.84%;--awb-width-medium:50%;--awb-order-medium:0;--awb-spacing-right-medium:3.84%;--awb-spacing-left-medium:3.84%;--awb-width-small:100%;--awb-order-small:0;--awb-spacing-right-small:1.92%;--awb-spacing-left-small:1.92%;\"><div class=\"fusion-column-wrapper fusion-column-has-shadow fusion-flex-justify-content-flex-start fusion-content-layout-column\"><ul style=\"--awb-size:20px;--awb-textcolor:var(--awb-color1);--awb-line-height:34px;--awb-icon-width:34px;--awb-icon-height:34px;--awb-icon-margin:14px;--awb-content-margin:48px;--awb-circlecolor:rgba(124,159,137,0);--awb-circle-yes-font-size:17.6px;\" class=\"fusion-checklist fusion-checklist-3 fusion-checklist-default type-icons\"><li class=\"fusion-li-item\" style=\"\"><span class=\"icon-wrapper circle-yes\"><i class=\"fusion-li-icon fa-angle-double-right fas\" aria-hidden=\"true\"><\/i><\/span><div class=\"fusion-li-item-content\">\n<p><b>Step 2: <\/b><strong><b>Get best price plus advantage\u2028<\/b><br \/>You are guaranteed to get the best price \u2013 plus an additional 5% discount on your apartment booking!<\/strong><\/p>\n<\/div><\/li><\/ul><\/div><\/div><div class=\"fusion-layout-column fusion_builder_column fusion-builder-column-22 fusion_builder_column_1_1 1_1 fusion-flex-column\" style=\"--awb-bg-size:cover;--awb-width-large:100%;--awb-margin-top-large:0px;--awb-spacing-right-large:1.92%;--awb-margin-bottom-large:20px;--awb-spacing-left-large:1.92%;--awb-width-medium:100%;--awb-order-medium:0;--awb-spacing-right-medium:1.92%;--awb-spacing-left-medium:1.92%;--awb-width-small:100%;--awb-order-small:0;--awb-spacing-right-small:1.92%;--awb-spacing-left-small:1.92%;\"><div class=\"fusion-column-wrapper fusion-column-has-shadow fusion-flex-justify-content-flex-start fusion-content-layout-column\"><div ><a class=\"fusion-button button-flat fusion-button-default-size button-custom fusion-button-default button-9 fusion-button-default-span fusion-button-default-type\" style=\"--button_accent_color:var(--awb-color1);--button_accent_hover_color:var(--awb-color1);--button_border_hover_color:var(--awb-color1);--button-border-radius-top-left:0;--button-border-radius-top-right:0;--button-border-radius-bottom-right:0;--button-border-radius-bottom-left:0;--button_gradient_top_color:var(--awb-custom_color_1);--button_gradient_bottom_color:var(--awb-custom_color_1);--button_gradient_top_color_hover:var(--awb-color5);--button_gradient_bottom_color_hover:var(--awb-color5);\" target=\"_self\" data-hover=\"bg_slide_right\" href=\"https:\/\/www.kirchleitn.com\/buchen\"><span class=\"fusion-button-text awb-button__text awb-button__text--default fusion-button-text-right\">Book your apartment now at the best price<\/span><span class=\"fusion-button-icon-divider button-icon-divider-right\"><i class=\"fa-bed fas awb-button__icon awb-button__icon--default\" aria-hidden=\"true\"><\/i><\/span><\/a><\/div><\/div><\/div><\/div><\/div><div class=\"fusion-fullwidth fullwidth-box fusion-builder-row-12 fusion-flex-container has-pattern-background has-mask-background fusion-parallax-none hundred-percent-fullwidth non-hundred-percent-height-scrolling\" style=\"--awb-border-radius-top-left:0px;--awb-border-radius-top-right:0px;--awb-border-radius-bottom-right:0px;--awb-border-radius-bottom-left:0px;--awb-padding-top:2em;--awb-padding-right:6em;--awb-padding-bottom:2em;--awb-padding-left:6em;--awb-padding-top-small:2em;--awb-padding-right-small:2em;--awb-padding-bottom-small:0px;--awb-padding-left-small:2em;--awb-background-color:var(--awb-color2);--awb-background-image:linear-gradient(180deg, rgba(243,242,239,0.9) 0%,rgba(243,242,239,0.9) 100%),url(https:\/\/www.kirchleitn.com\/wp-content\/uploads\/2025\/10\/Kinder_winter_HG-scaled.webp);;--awb-background-size:cover;--awb-flex-wrap:wrap;\" ><div class=\"fusion-builder-row fusion-row fusion-flex-align-items-stretch fusion-flex-justify-content-space-between fusion-flex-content-wrap\" style=\"width:104% !important;max-width:104% !important;margin-left: calc(-4% \/ 2 );margin-right: calc(-4% \/ 2 );\"><div class=\"fusion-layout-column fusion_builder_column fusion-builder-column-23 fusion_builder_column_1_1 1_1 fusion-flex-column fusion-flex-align-self-stretch\" style=\"--awb-bg-size:cover;--awb-width-large:100%;--awb-margin-top-large:0px;--awb-spacing-right-large:1.92%;--awb-margin-bottom-large:0px;--awb-spacing-left-large:1.92%;--awb-width-medium:100%;--awb-order-medium:0;--awb-spacing-right-medium:1.92%;--awb-spacing-left-medium:1.92%;--awb-width-small:100%;--awb-order-small:0;--awb-spacing-right-small:1.92%;--awb-spacing-left-small:1.92%;\"><div class=\"fusion-column-wrapper fusion-column-has-shadow fusion-flex-justify-content-center fusion-content-layout-column\"><div class=\"fusion-title title fusion-title-23 fusion-sep-none fusion-title-text fusion-title-size-three\" style=\"--awb-text-color:var(--awb-color7);--awb-margin-top-small:10px;--awb-margin-right-small:0px;--awb-margin-bottom-small:10px;--awb-margin-left-small:0px;--awb-font-size:40px;\"><h3 class=\"fusion-title-heading title-heading-left\" style=\"font-family:&quot;HarlowSerifRegluar&quot;;font-style:normal;font-weight:400;margin:0;font-size:1em;\">Frequently asked questions about family ski holidays in Bad Kleinkirchheim &#8211; Carinthia<\/h3><\/div><\/div><\/div><div class=\"fusion-layout-column fusion_builder_column fusion-builder-column-24 fusion_builder_column_1_2 1_2 fusion-flex-column fusion-flex-align-self-flex-start\" style=\"--awb-padding-top:1em;--awb-padding-right:1em;--awb-padding-bottom:1em;--awb-padding-left:1em;--awb-padding-bottom-small:0px;--awb-bg-color:rgba(124,159,137,0);--awb-bg-color-hover:rgba(124,159,137,0);--awb-bg-size:cover;--awb-width-large:50%;--awb-margin-top-large:0px;--awb-spacing-right-large:3.84%;--awb-margin-bottom-large:20px;--awb-spacing-left-large:0%;--awb-width-medium:50%;--awb-order-medium:0;--awb-spacing-right-medium:3.84%;--awb-spacing-left-medium:0%;--awb-width-small:100%;--awb-order-small:0;--awb-spacing-right-small:1.92%;--awb-margin-bottom-small:0px;--awb-spacing-left-small:1.92%;\"><div class=\"fusion-column-wrapper fusion-column-has-shadow fusion-flex-justify-content-center fusion-content-layout-column\"><div class=\"accordian fusion-accordian\" style=\"--awb-border-size:1px;--awb-icon-size:16px;--awb-content-font-size:20px;--awb-icon-alignment:left;--awb-hover-color:var(--awb-color2);--awb-border-color:var(--awb-color3);--awb-background-color:var(--awb-color1);--awb-divider-color:rgba(242,243,245,0);--awb-divider-hover-color:rgba(242,243,245,0);--awb-icon-color:var(--awb-color1);--awb-title-color:var(--awb-color7);--awb-content-color:var(--awb-color7);--awb-icon-box-color:var(--awb-color4);--awb-toggle-hover-accent-color:var(--awb-color5);--awb-toggle-active-accent-color:var(--awb-color7);--awb-title-font-family:var(--awb-typography1-font-family);--awb-title-font-weight:var(--awb-typography1-font-weight);--awb-title-font-style:var(--awb-typography1-font-style);--awb-title-font-size:16px;--awb-content-font-family:&quot;Outfit&quot;;--awb-content-font-style:normal;--awb-content-font-weight:400;\"><div class=\"panel-group fusion-toggle-icon-boxed\" id=\"accordion-2852-1\"><div class=\"fusion-panel panel-default panel-6901b0ea528a9fe07 fusion-toggle-has-divider\" style=\"--awb-content-font-size:20px;--awb-content-line-height:1.4;--awb-content-font-family:&quot;Outfit&quot;;--awb-content-font-style:normal;--awb-content-font-weight:400;--awb-title-font-size:20px;--awb-title-line-height:1.4;--awb-title-color:var(--awb-color4);--awb-content-color:var(--awb-color7);\"><div class=\"panel-heading\"><h4 class=\"panel-title toggle\" id=\"toggle_6901b0ea528a9fe07\"><a aria-expanded=\"false\" aria-controls=\"6901b0ea528a9fe07\" role=\"button\" data-toggle=\"collapse\" data-parent=\"#accordion-2852-1\" data-target=\"#6901b0ea528a9fe07\" href=\"#6901b0ea528a9fe07\"><span class=\"fusion-toggle-icon-wrapper\" aria-hidden=\"true\"><i class=\"fa-fusion-box active-icon awb-icon-minus\" aria-hidden=\"true\"><\/i><i class=\"fa-fusion-box inactive-icon awb-icon-plus\" aria-hidden=\"true\"><\/i><\/span><span class=\"fusion-toggle-heading\">Which Ski Resort in Austria for Children?<\/span><\/a><\/h4><\/div><div id=\"6901b0ea528a9fe07\" class=\"panel-collapse collapse \" aria-labelledby=\"toggle_6901b0ea528a9fe07\"><div class=\"panel-body toggle-content fusion-clearfix\">\n<p>Bad Kleinkirchheim in Carinthia is ideal for ski holidays with children. Beginner-friendly slopes, dedicated children&#8217;s areas, ski schools, and special offers for families make the ski resort particularly attractive. Additionally, toboggan runs, thermal spa visits, and winter hiking trails perfectly complement the program for little and big snow adventurers.  <\/p>\n<\/div><\/div><\/div><div class=\"fusion-panel panel-default panel-467660d680181a51f fusion-toggle-has-divider\" style=\"--awb-content-font-size:20px;--awb-content-line-height:1.4;--awb-content-font-family:&quot;Outfit&quot;;--awb-content-font-style:normal;--awb-content-font-weight:400;--awb-title-font-size:20px;--awb-title-line-height:1.4;--awb-title-color:var(--awb-color4);--awb-content-color:var(--awb-color7);\"><div class=\"panel-heading\"><h4 class=\"panel-title toggle\" id=\"toggle_467660d680181a51f\"><a aria-expanded=\"false\" aria-controls=\"467660d680181a51f\" role=\"button\" data-toggle=\"collapse\" data-parent=\"#accordion-2852-1\" data-target=\"#467660d680181a51f\" href=\"#467660d680181a51f\"><span class=\"fusion-toggle-icon-wrapper\" aria-hidden=\"true\"><i class=\"fa-fusion-box active-icon awb-icon-minus\" aria-hidden=\"true\"><\/i><i class=\"fa-fusion-box inactive-icon awb-icon-plus\" aria-hidden=\"true\"><\/i><\/span><span class=\"fusion-toggle-heading\"> When is the Ideal Time for a Family Ski Holiday?<\/span><\/a><\/h4><\/div><div id=\"467660d680181a51f\" class=\"panel-collapse collapse \" aria-labelledby=\"toggle_467660d680181a51f\"><div class=\"panel-body toggle-content fusion-clearfix\">\n<p>Ski holidays are usually booked between early December and mid-March. For families with children, the weeks after the Christmas holidays until the end of February are particularly ideal: less hustle and bustle on the slopes, good snow conditions, and family-friendly offers. <\/p>\n<\/div><\/div><\/div><div class=\"fusion-panel panel-default panel-fb8ddc694bf6a1f90 fusion-toggle-has-divider\" style=\"--awb-content-font-size:20px;--awb-content-line-height:1.4;--awb-content-font-family:&quot;Outfit&quot;;--awb-content-font-style:normal;--awb-content-font-weight:400;--awb-title-font-size:20px;--awb-title-line-height:1.4;--awb-title-color:var(--awb-color4);--awb-content-color:var(--awb-color7);\"><div class=\"panel-heading\"><h4 class=\"panel-title toggle\" id=\"toggle_fb8ddc694bf6a1f90\"><a aria-expanded=\"false\" aria-controls=\"fb8ddc694bf6a1f90\" role=\"button\" data-toggle=\"collapse\" data-parent=\"#accordion-2852-1\" data-target=\"#fb8ddc694bf6a1f90\" href=\"#fb8ddc694bf6a1f90\"><span class=\"fusion-toggle-icon-wrapper\" aria-hidden=\"true\"><i class=\"fa-fusion-box active-icon awb-icon-minus\" aria-hidden=\"true\"><\/i><i class=\"fa-fusion-box inactive-icon awb-icon-plus\" aria-hidden=\"true\"><\/i><\/span><span class=\"fusion-toggle-heading\">How many Days for a Family Ski Holiday?<\/span><\/a><\/h4><\/div><div id=\"fb8ddc694bf6a1f90\" class=\"panel-collapse collapse \" aria-labelledby=\"toggle_fb8ddc694bf6a1f90\"><div class=\"panel-body toggle-content fusion-clearfix\">\n<p>A family ski holiday should last at least four to five days. This allows enough time to learn to ski, collect shared experiences as a family, and also enjoy quiet moments off the slopes, completely without stress or time pressure. <\/p>\n<\/div><\/div><\/div><div class=\"fusion-panel panel-default panel-7a636b095cbebd891 fusion-toggle-has-divider\" style=\"--awb-content-font-size:20px;--awb-content-line-height:1.4;--awb-content-font-family:&quot;Outfit&quot;;--awb-content-font-style:normal;--awb-content-font-weight:400;--awb-title-font-size:20px;--awb-title-line-height:1.4;--awb-title-color:var(--awb-color4);--awb-content-color:var(--awb-color7);\"><div class=\"panel-heading\"><h4 class=\"panel-title toggle\" id=\"toggle_7a636b095cbebd891\"><a aria-expanded=\"false\" aria-controls=\"7a636b095cbebd891\" role=\"button\" data-toggle=\"collapse\" data-parent=\"#accordion-2852-1\" data-target=\"#7a636b095cbebd891\" href=\"#7a636b095cbebd891\"><span class=\"fusion-toggle-icon-wrapper\" aria-hidden=\"true\"><i class=\"fa-fusion-box active-icon awb-icon-minus\" aria-hidden=\"true\"><\/i><i class=\"fa-fusion-box inactive-icon awb-icon-plus\" aria-hidden=\"true\"><\/i><\/span><span class=\"fusion-toggle-heading\">How Long Does it Take for Children to Learn to Ski?<\/span><\/a><\/h4><\/div><div id=\"7a636b095cbebd891\" class=\"panel-collapse collapse \" aria-labelledby=\"toggle_7a636b095cbebd891\"><div class=\"panel-body toggle-content fusion-clearfix\">\n<p>Most children can manage simple descents after just two to three days of ski lessons. Depending on age, motivation, and supervision at the ski school, getting started is usually playful and with great joy. <\/p>\n<\/div><\/div><\/div><div class=\"fusion-panel panel-default panel-4e029cf99423169f2 fusion-toggle-has-divider\" style=\"--awb-content-font-size:20px;--awb-content-line-height:1.4;--awb-content-font-family:&quot;Outfit&quot;;--awb-content-font-style:normal;--awb-content-font-weight:400;--awb-title-font-size:20px;--awb-title-line-height:1.4;--awb-title-color:var(--awb-color4);--awb-content-color:var(--awb-color7);\"><div class=\"panel-heading\"><h4 class=\"panel-title toggle\" id=\"toggle_4e029cf99423169f2\"><a aria-expanded=\"false\" aria-controls=\"4e029cf99423169f2\" role=\"button\" data-toggle=\"collapse\" data-parent=\"#accordion-2852-1\" data-target=\"#4e029cf99423169f2\" href=\"#4e029cf99423169f2\"><span class=\"fusion-toggle-icon-wrapper\" aria-hidden=\"true\"><i class=\"fa-fusion-box active-icon awb-icon-minus\" aria-hidden=\"true\"><\/i><i class=\"fa-fusion-box inactive-icon awb-icon-plus\" aria-hidden=\"true\"><\/i><\/span><span class=\"fusion-toggle-heading\">When should Children Learn to Ski?<\/span><\/a><\/h4><\/div><div id=\"4e029cf99423169f2\" class=\"panel-collapse collapse \" aria-labelledby=\"toggle_4e029cf99423169f2\"><div class=\"panel-body toggle-content fusion-clearfix\">\n<p>Children can start skiing from about three years old. At this age, many are motorically and socially ready to learn simple movements \u2013 provided that the instruction is playful and child-friendly. <\/p>\n<\/div><\/div><\/div><div class=\"fusion-panel panel-default panel-976f95e2bfc2080df fusion-toggle-has-divider\" style=\"--awb-content-font-size:20px;--awb-content-line-height:1.4;--awb-content-font-family:&quot;Outfit&quot;;--awb-content-font-style:normal;--awb-content-font-weight:400;--awb-title-font-size:20px;--awb-title-line-height:1.4;--awb-title-color:var(--awb-color4);--awb-content-color:var(--awb-color7);\"><div class=\"panel-heading\"><h4 class=\"panel-title toggle\" id=\"toggle_976f95e2bfc2080df\"><a aria-expanded=\"false\" aria-controls=\"976f95e2bfc2080df\" role=\"button\" data-toggle=\"collapse\" data-parent=\"#accordion-2852-1\" data-target=\"#976f95e2bfc2080df\" href=\"#976f95e2bfc2080df\"><span class=\"fusion-toggle-icon-wrapper\" aria-hidden=\"true\"><i class=\"fa-fusion-box active-icon awb-icon-minus\" aria-hidden=\"true\"><\/i><i class=\"fa-fusion-box inactive-icon awb-icon-plus\" aria-hidden=\"true\"><\/i><\/span><span class=\"fusion-toggle-heading\">Which Ski Resort in Austria is Particularly Child-Friendly?<\/span><\/a><\/h4><\/div><div id=\"976f95e2bfc2080df\" class=\"panel-collapse collapse \" aria-labelledby=\"toggle_976f95e2bfc2080df\"><div class=\"panel-body toggle-content fusion-clearfix\">\n<p>The ski resort in Bad Kleinkirchheim and St. Oswald is very family-friendly: There are wide slopes, children&#8217;s ski schools, a &#8220;Kidsslope&#8221; for first turns, and special family offers.<\/p>\n<\/div><\/div><\/div><div class=\"fusion-panel panel-default panel-a3a237b51a93d5508 fusion-toggle-has-divider\" style=\"--awb-content-font-size:20px;--awb-content-line-height:1.4;--awb-content-font-family:&quot;Outfit&quot;;--awb-content-font-style:normal;--awb-content-font-weight:400;--awb-title-font-size:20px;--awb-title-line-height:1.4;--awb-title-color:var(--awb-color4);--awb-content-color:var(--awb-color7);\"><div class=\"panel-heading\"><h4 class=\"panel-title toggle\" id=\"toggle_a3a237b51a93d5508\"><a aria-expanded=\"false\" aria-controls=\"a3a237b51a93d5508\" role=\"button\" data-toggle=\"collapse\" data-parent=\"#accordion-2852-1\" data-target=\"#a3a237b51a93d5508\" href=\"#a3a237b51a93d5508\"><span class=\"fusion-toggle-icon-wrapper\" aria-hidden=\"true\"><i class=\"fa-fusion-box active-icon awb-icon-minus\" aria-hidden=\"true\"><\/i><i class=\"fa-fusion-box inactive-icon awb-icon-plus\" aria-hidden=\"true\"><\/i><\/span><span class=\"fusion-toggle-heading\">Where is ski-in\/ski-out possible for a family ski holiday?<\/span><\/a><\/h4><\/div><div id=\"a3a237b51a93d5508\" class=\"panel-collapse collapse \" aria-labelledby=\"toggle_a3a237b51a93d5508\"><div class=\"panel-body toggle-content fusion-clearfix\">\n<p>At the Slow Travel Resort Kirchleitn, you stay just a few steps from the slopes in St. Oswald, Bad Kleinkirchheim. In the morning, comfortably walk to the gondola, strap on your skis, and start your winter day completely relaxed. <\/p>\n<\/div><\/div><\/div><\/div><\/div><\/div><\/div><div class=\"fusion-layout-column fusion_builder_column fusion-builder-column-25 fusion_builder_column_1_2 1_2 fusion-flex-column fusion-flex-align-self-flex-start\" style=\"--awb-padding-top:1em;--awb-padding-right:1em;--awb-padding-bottom:1em;--awb-padding-left:1em;--awb-bg-color:rgba(124,159,137,0);--awb-bg-color-hover:rgba(124,159,137,0);--awb-bg-size:cover;--awb-width-large:50%;--awb-margin-top-large:0px;--awb-spacing-right-large:3.84%;--awb-margin-bottom-large:20px;--awb-spacing-left-large:0%;--awb-width-medium:50%;--awb-order-medium:0;--awb-spacing-right-medium:3.84%;--awb-spacing-left-medium:0%;--awb-width-small:100%;--awb-order-small:0;--awb-spacing-right-small:1.92%;--awb-spacing-left-small:1.92%;\"><div class=\"fusion-column-wrapper fusion-column-has-shadow fusion-flex-justify-content-center fusion-content-layout-column\"><div class=\"accordian fusion-accordian\" style=\"--awb-border-size:1px;--awb-icon-size:16px;--awb-content-font-size:20px;--awb-icon-alignment:left;--awb-hover-color:var(--awb-color2);--awb-border-color:var(--awb-color3);--awb-background-color:var(--awb-color1);--awb-divider-color:rgba(242,243,245,0);--awb-divider-hover-color:rgba(242,243,245,0);--awb-icon-color:var(--awb-color1);--awb-title-color:var(--awb-color7);--awb-content-color:var(--awb-color7);--awb-icon-box-color:var(--awb-color4);--awb-toggle-hover-accent-color:var(--awb-color5);--awb-toggle-active-accent-color:var(--awb-color7);--awb-title-font-family:var(--awb-typography1-font-family);--awb-title-font-weight:var(--awb-typography1-font-weight);--awb-title-font-style:var(--awb-typography1-font-style);--awb-title-font-size:16px;--awb-content-font-family:&quot;Outfit&quot;;--awb-content-font-style:normal;--awb-content-font-weight:400;\"><div class=\"panel-group fusion-toggle-icon-boxed\" id=\"accordion-2852-2\"><div class=\"fusion-panel panel-default panel-f0b91e9424baaa569 fusion-toggle-has-divider\" style=\"--awb-content-font-size:20px;--awb-content-line-height:1.4;--awb-content-font-family:&quot;Outfit&quot;;--awb-content-font-style:normal;--awb-content-font-weight:400;--awb-title-font-size:20px;--awb-title-line-height:1.4;--awb-title-color:var(--awb-color4);--awb-content-color:var(--awb-color7);\"><div class=\"panel-heading\"><h4 class=\"panel-title toggle\" id=\"toggle_f0b91e9424baaa569\"><a aria-expanded=\"false\" aria-controls=\"f0b91e9424baaa569\" role=\"button\" data-toggle=\"collapse\" data-parent=\"#accordion-2852-2\" data-target=\"#f0b91e9424baaa569\" href=\"#f0b91e9424baaa569\"><span class=\"fusion-toggle-icon-wrapper\" aria-hidden=\"true\"><i class=\"fa-fusion-box active-icon awb-icon-minus\" aria-hidden=\"true\"><\/i><i class=\"fa-fusion-box inactive-icon awb-icon-plus\" aria-hidden=\"true\"><\/i><\/span><span class=\"fusion-toggle-heading\">Are there Ski Schools in Bad Kleinkirchheim?<\/span><\/a><\/h4><\/div><div id=\"f0b91e9424baaa569\" class=\"panel-collapse collapse \" aria-labelledby=\"toggle_f0b91e9424baaa569\"><div class=\"panel-body toggle-content fusion-clearfix\">\n<p>Yes, several ski schools in the village offer courses for all ages. Especially for children, there are lovingly designed areas with experienced ski instructors. For holiday periods, it is advisable to inquire about a spot in the ski school early.  <\/p>\n<\/div><\/div><\/div><div class=\"fusion-panel panel-default panel-dbf32bfb266a8313e fusion-toggle-has-divider\" style=\"--awb-content-font-size:20px;--awb-content-line-height:1.4;--awb-content-font-family:&quot;Outfit&quot;;--awb-content-font-style:normal;--awb-content-font-weight:400;--awb-title-font-size:20px;--awb-title-line-height:1.4;--awb-title-color:var(--awb-color4);--awb-content-color:var(--awb-color7);\"><div class=\"panel-heading\"><h4 class=\"panel-title toggle\" id=\"toggle_dbf32bfb266a8313e\"><a aria-expanded=\"false\" aria-controls=\"dbf32bfb266a8313e\" role=\"button\" data-toggle=\"collapse\" data-parent=\"#accordion-2852-2\" data-target=\"#dbf32bfb266a8313e\" href=\"#dbf32bfb266a8313e\"><span class=\"fusion-toggle-icon-wrapper\" aria-hidden=\"true\"><i class=\"fa-fusion-box active-icon awb-icon-minus\" aria-hidden=\"true\"><\/i><i class=\"fa-fusion-box inactive-icon awb-icon-plus\" aria-hidden=\"true\"><\/i><\/span><span class=\"fusion-toggle-heading\">Does Skiing Make You Tired?<\/span><\/a><\/h4><\/div><div id=\"dbf32bfb266a8313e\" class=\"panel-collapse collapse \" aria-labelledby=\"toggle_dbf32bfb266a8313e\"><div class=\"panel-body toggle-content fusion-clearfix\">\n<p>Skiing challenges the whole body and can certainly make children tired. The mix of exercise, fresh air, and concentration is demanding, but at the same time, it ensures healthy sleep, a balanced mood, and restful nights on holiday. <\/p>\n<\/div><\/div><\/div><div class=\"fusion-panel panel-default panel-e8dfbe1d8ecb5a08e fusion-toggle-has-divider\" style=\"--awb-content-font-size:20px;--awb-content-line-height:1.4;--awb-content-font-family:&quot;Outfit&quot;;--awb-content-font-style:normal;--awb-content-font-weight:400;--awb-title-font-size:20px;--awb-title-line-height:1.4;--awb-title-color:var(--awb-color4);--awb-content-color:var(--awb-color7);\"><div class=\"panel-heading\"><h4 class=\"panel-title toggle\" id=\"toggle_e8dfbe1d8ecb5a08e\"><a aria-expanded=\"false\" aria-controls=\"e8dfbe1d8ecb5a08e\" role=\"button\" data-toggle=\"collapse\" data-parent=\"#accordion-2852-2\" data-target=\"#e8dfbe1d8ecb5a08e\" href=\"#e8dfbe1d8ecb5a08e\"><span class=\"fusion-toggle-icon-wrapper\" aria-hidden=\"true\"><i class=\"fa-fusion-box active-icon awb-icon-minus\" aria-hidden=\"true\"><\/i><i class=\"fa-fusion-box inactive-icon awb-icon-plus\" aria-hidden=\"true\"><\/i><\/span><span class=\"fusion-toggle-heading\">Is Skiing Good for Children?<\/span><\/a><\/h4><\/div><div id=\"e8dfbe1d8ecb5a08e\" class=\"panel-collapse collapse \" aria-labelledby=\"toggle_e8dfbe1d8ecb5a08e\"><div class=\"panel-body toggle-content fusion-clearfix\">\n<p>Skiing strengthens coordination, balance, concentration, and self-confidence. Children learn to move, develop stamina, and take on new challenges, which is optimal for physical and mental development at an early age. <\/p>\n<\/div><\/div><\/div><div class=\"fusion-panel panel-default panel-6bbd6b6217a8f54af fusion-toggle-has-divider\" style=\"--awb-content-font-size:20px;--awb-content-line-height:1.4;--awb-content-font-family:&quot;Outfit&quot;;--awb-content-font-style:normal;--awb-content-font-weight:400;--awb-title-font-size:20px;--awb-title-line-height:1.4;--awb-title-color:var(--awb-color4);--awb-content-color:var(--awb-color7);\"><div class=\"panel-heading\"><h4 class=\"panel-title toggle\" id=\"toggle_6bbd6b6217a8f54af\"><a aria-expanded=\"false\" aria-controls=\"6bbd6b6217a8f54af\" role=\"button\" data-toggle=\"collapse\" data-parent=\"#accordion-2852-2\" data-target=\"#6bbd6b6217a8f54af\" href=\"#6bbd6b6217a8f54af\"><span class=\"fusion-toggle-icon-wrapper\" aria-hidden=\"true\"><i class=\"fa-fusion-box active-icon awb-icon-minus\" aria-hidden=\"true\"><\/i><i class=\"fa-fusion-box inactive-icon awb-icon-plus\" aria-hidden=\"true\"><\/i><\/span><span class=\"fusion-toggle-heading\">Is there Snow Reliability on the Bad Kleinkirchheim Ski Slopes?<\/span><\/a><\/h4><\/div><div id=\"6bbd6b6217a8f54af\" class=\"panel-collapse collapse \" aria-labelledby=\"toggle_6bbd6b6217a8f54af\"><div class=\"panel-body toggle-content fusion-clearfix\">\n<p>Bad Kleinkirchheim offers excellent snow reliability thanks to modern snowmaking facilities and its altitude of up to 2,055 meters. Around 97% of the slopes can be artificially snowed \u2013 which guarantees skiing fun even in milder temperatures. <\/p>\n<\/div><\/div><\/div><div class=\"fusion-panel panel-default panel-fdc63fde596266874 fusion-toggle-has-divider\" style=\"--awb-content-font-size:20px;--awb-content-line-height:1.4;--awb-content-font-family:&quot;Outfit&quot;;--awb-content-font-style:normal;--awb-content-font-weight:400;--awb-title-font-size:20px;--awb-title-line-height:1.4;--awb-title-color:var(--awb-color4);--awb-content-color:var(--awb-color7);\"><div class=\"panel-heading\"><h4 class=\"panel-title toggle\" id=\"toggle_fdc63fde596266874\"><a aria-expanded=\"false\" aria-controls=\"fdc63fde596266874\" role=\"button\" data-toggle=\"collapse\" data-parent=\"#accordion-2852-2\" data-target=\"#fdc63fde596266874\" href=\"#fdc63fde596266874\"><span class=\"fusion-toggle-icon-wrapper\" aria-hidden=\"true\"><i class=\"fa-fusion-box active-icon awb-icon-minus\" aria-hidden=\"true\"><\/i><i class=\"fa-fusion-box inactive-icon awb-icon-plus\" aria-hidden=\"true\"><\/i><\/span><span class=\"fusion-toggle-heading\">Where in Austria Can I Take My Dog on a Ski Holiday?<\/span><\/a><\/h4><\/div><div id=\"fdc63fde596266874\" class=\"panel-collapse collapse \" aria-labelledby=\"toggle_fdc63fde596266874\"><div class=\"panel-body toggle-content fusion-clearfix\">\n<p>Of course, the family dog is part of the holiday. At the Slow Travel Resort Kirchleitn in Bad Kleinkirchheim, dogs are very welcome. To make your <a href=\"https:\/\/www.kirchleitn.com\/en\/winter-holiday-with-dog-in-austria\/\">winter holiday with a dog<\/a> special, you can explore snowy winter hiking trails in the Nockberge mountains together, play in fresh snow, or take a leisurely stroll through the village. Dogs are also allowed in the gondola; a muzzle is only mandatory   <\/p>\n<\/div><\/div><\/div><div class=\"fusion-panel panel-default panel-b636722b5824bd2ea fusion-toggle-has-divider\" style=\"--awb-content-font-size:20px;--awb-content-line-height:1.4;--awb-content-font-family:&quot;Outfit&quot;;--awb-content-font-style:normal;--awb-content-font-weight:400;--awb-title-font-size:20px;--awb-title-line-height:1.4;--awb-title-color:var(--awb-color4);--awb-content-color:var(--awb-color7);\"><div class=\"panel-heading\"><h4 class=\"panel-title toggle\" id=\"toggle_b636722b5824bd2ea\"><a aria-expanded=\"false\" aria-controls=\"b636722b5824bd2ea\" role=\"button\" data-toggle=\"collapse\" data-parent=\"#accordion-2852-2\" data-target=\"#b636722b5824bd2ea\" href=\"#b636722b5824bd2ea\"><span class=\"fusion-toggle-icon-wrapper\" aria-hidden=\"true\"><i class=\"fa-fusion-box active-icon awb-icon-minus\" aria-hidden=\"true\"><\/i><i class=\"fa-fusion-box inactive-icon awb-icon-plus\" aria-hidden=\"true\"><\/i><\/span><span class=\"fusion-toggle-heading\">Which Holiday Village is Suitable for a Ski Holiday with Children in Austria?<\/span><\/a><\/h4><\/div><div id=\"b636722b5824bd2ea\" class=\"panel-collapse collapse \" aria-labelledby=\"toggle_b636722b5824bd2ea\"><div class=\"panel-body toggle-content fusion-clearfix\">\n<p data-start=\"664\" data-end=\"819\">At the <strong data-start=\"3\" data-end=\"36\">Slow Travel Resort Kirchleitn<\/strong> in St. Oswald, Bad Kleinkirchheim, families will find everything for a successful ski holiday. The car-free holiday village is within walking distance of the slopes, offers a large <a href=\"https:\/\/www.kirchleitn.com\/en\/family-vacation-in-bad-kleinkirchheim-carinthia\/\">indoor play area<\/a> for bad weather days, and plenty of space where children can safely play and romp. <\/p>\n<\/div><\/div><\/div><div class=\"fusion-panel panel-default panel-7ecf4a378e119c2fb fusion-toggle-has-divider\" style=\"--awb-content-font-size:20px;--awb-content-line-height:1.4;--awb-content-font-family:&quot;Outfit&quot;;--awb-content-font-style:normal;--awb-content-font-weight:400;--awb-title-font-size:20px;--awb-title-line-height:1.4;--awb-title-color:var(--awb-color4);--awb-content-color:var(--awb-color7);\"><div class=\"panel-heading\"><h4 class=\"panel-title toggle\" id=\"toggle_7ecf4a378e119c2fb\"><a aria-expanded=\"false\" aria-controls=\"7ecf4a378e119c2fb\" role=\"button\" data-toggle=\"collapse\" data-parent=\"#accordion-2852-2\" data-target=\"#7ecf4a378e119c2fb\" href=\"#7ecf4a378e119c2fb\"><span class=\"fusion-toggle-icon-wrapper\" aria-hidden=\"true\"><i class=\"fa-fusion-box active-icon awb-icon-minus\" aria-hidden=\"true\"><\/i><i class=\"fa-fusion-box inactive-icon awb-icon-plus\" aria-hidden=\"true\"><\/i><\/span><span class=\"fusion-toggle-heading\">Where Can I Still Learn to Ski as an Adult?<\/span><\/a><\/h4><\/div><div id=\"7ecf4a378e119c2fb\" class=\"panel-collapse collapse \" aria-labelledby=\"toggle_7ecf4a378e119c2fb\"><div class=\"panel-body toggle-content fusion-clearfix\">\n<p>In Bad Kleinkirchheim, experienced ski instructors also offer professional ski lessons for adults \u2013 ideal for beginners or those returning to skiing.<\/p>\n<p>On the wide, sunny slopes in St. Oswald \u2013 Bad Kleinkirchheim, you&#8217;ll learn to ski at a comfortable pace, safely and with joy. The ski schools directly by the lifts cater individually to your needs and help you find the right technique step by step. <\/p>\n<\/div><\/div><\/div><\/div><\/div><\/div><\/div><div class=\"fusion-layout-column fusion_builder_column fusion-builder-column-26 fusion_builder_column_1_3 1_3 fusion-flex-column\" style=\"--awb-bg-size:cover;--awb-width-large:33.3333333333%;--awb-margin-top-large:0px;--awb-spacing-right-large:5.76%;--awb-margin-bottom-large:20px;--awb-spacing-left-large:5.76%;--awb-width-medium:33.3333333333%;--awb-order-medium:0;--awb-spacing-right-medium:5.76%;--awb-spacing-left-medium:5.76%;--awb-width-small:100%;--awb-order-small:0;--awb-spacing-right-small:1.92%;--awb-spacing-left-small:1.92%;\"><div class=\"fusion-column-wrapper fusion-column-has-shadow fusion-flex-justify-content-flex-start fusion-content-layout-column\"><div ><a class=\"fusion-button button-flat fusion-button-default-size button-custom fusion-button-default button-10 fusion-button-default-span fusion-button-default-type\" style=\"--button_accent_color:var(--awb-color1);--button_accent_hover_color:var(--awb-color1);--button_border_hover_color:var(--awb-color1);--button-border-radius-top-left:0;--button-border-radius-top-right:0;--button-border-radius-bottom-right:0;--button-border-radius-bottom-left:0;--button_gradient_top_color:var(--awb-custom_color_1);--button_gradient_bottom_color:var(--awb-custom_color_1);--button_gradient_top_color_hover:var(--awb-color5);--button_gradient_bottom_color_hover:var(--awb-color5);\" target=\"_self\" data-hover=\"bg_slide_right\" href=\"https:\/\/www.badkleinkirchheim.com\/bergbahnen-skigebiet\/skigebiet\/\" rel=\"noopener\"><span class=\"fusion-button-text awb-button__text awb-button__text--default fusion-button-text-right\">BUY SKI PASS<\/span><span class=\"fusion-button-icon-divider button-icon-divider-right\"><i class=\"fa-skiing fas awb-button__icon awb-button__icon--default\" aria-hidden=\"true\"><\/i><\/span><\/a><\/div><\/div><\/div><div class=\"fusion-layout-column fusion_builder_column fusion-builder-column-27 fusion_builder_column_1_3 1_3 fusion-flex-column\" style=\"--awb-bg-size:cover;--awb-width-large:33.3333333333%;--awb-margin-top-large:0px;--awb-spacing-right-large:5.76%;--awb-margin-bottom-large:20px;--awb-spacing-left-large:5.76%;--awb-width-medium:33.3333333333%;--awb-order-medium:0;--awb-spacing-right-medium:5.76%;--awb-spacing-left-medium:5.76%;--awb-width-small:100%;--awb-order-small:0;--awb-spacing-right-small:1.92%;--awb-spacing-left-small:1.92%;\"><div class=\"fusion-column-wrapper fusion-column-has-shadow fusion-flex-justify-content-flex-start fusion-content-layout-column\"><div ><a class=\"fusion-button button-flat fusion-button-default-size button-custom fusion-button-default button-11 fusion-button-default-span fusion-button-default-type\" style=\"--button_accent_color:var(--awb-color1);--button_accent_hover_color:var(--awb-color1);--button_border_hover_color:var(--awb-color1);--button-border-radius-top-left:0;--button-border-radius-top-right:0;--button-border-radius-bottom-right:0;--button-border-radius-bottom-left:0;--button_gradient_top_color:var(--awb-custom_color_1);--button_gradient_bottom_color:var(--awb-custom_color_1);--button_gradient_top_color_hover:var(--awb-color5);--button_gradient_bottom_color_hover:var(--awb-color5);\" target=\"_self\" data-hover=\"bg_slide_right\" href=\"https:\/\/www.skischule-badkleinkirchheim.at\/\" rel=\"noopener\"><span class=\"fusion-button-text awb-button__text awb-button__text--default fusion-button-text-right\">SKI RENTAL &amp; SCHOOL<\/span><span class=\"fusion-button-icon-divider button-icon-divider-right\"><i class=\"fa-mitten fas awb-button__icon awb-button__icon--default\" aria-hidden=\"true\"><\/i><\/span><\/a><\/div><\/div><\/div><div class=\"fusion-layout-column fusion_builder_column fusion-builder-column-28 fusion_builder_column_1_3 1_3 fusion-flex-column\" style=\"--awb-bg-size:cover;--awb-width-large:33.3333333333%;--awb-margin-top-large:0px;--awb-spacing-right-large:5.76%;--awb-margin-bottom-large:20px;--awb-spacing-left-large:13.248%;--awb-width-medium:33.3333333333%;--awb-order-medium:0;--awb-spacing-right-medium:5.76%;--awb-spacing-left-medium:13.248%;--awb-width-small:100%;--awb-order-small:0;--awb-spacing-right-small:1.92%;--awb-spacing-left-small:1.92%;\"><div class=\"fusion-column-wrapper fusion-column-has-shadow fusion-flex-justify-content-flex-start fusion-content-layout-column\"><div ><a class=\"fusion-button button-flat fusion-button-default-size button-custom fusion-button-default button-12 fusion-button-default-span fusion-button-default-type\" style=\"--button_accent_color:var(--awb-color1);--button_accent_hover_color:var(--awb-color1);--button_border_hover_color:var(--awb-color1);--button-border-radius-top-left:0;--button-border-radius-top-right:0;--button-border-radius-bottom-right:0;--button-border-radius-bottom-left:0;--button_gradient_top_color:var(--awb-custom_color_1);--button_gradient_bottom_color:var(--awb-custom_color_1);--button_gradient_top_color_hover:var(--awb-color5);--button_gradient_bottom_color_hover:var(--awb-color5);\" target=\"_self\" data-hover=\"bg_slide_right\" href=\"https:\/\/winter.intermaps.com\/bad_kleinkirchheim?lang=de\" rel=\"noopener\"><span class=\"fusion-button-text awb-button__text awb-button__text--default fusion-button-text-right\">INTERACTIVE LIFT MAP BAD KLEINKIRCHHEIM<\/span><span class=\"fusion-button-icon-divider button-icon-divider-right\"><i class=\"fa-tram fas awb-button__icon awb-button__icon--default\" aria-hidden=\"true\"><\/i><\/span><\/a><\/div><\/div><\/div><\/div><\/div><\/p>\n","protected":false},"excerpt":{"rendered":"","protected":false},"author":1,"featured_media":2856,"parent":0,"menu_order":0,"comment_status":"closed","ping_status":"closed","template":"100-width.php","meta":{"footnotes":""},"class_list":["post-2852","page","type-page","status-publish","has-post-thumbnail","hentry"],"_links":{"self":[{"href":"https:\/\/www.kirchleitn.com\/en\/wp-json\/wp\/v2\/pages\/2852","targetHints":{"allow":["GET"]}}],"collection":[{"href":"https:\/\/www.kirchleitn.com\/en\/wp-json\/wp\/v2\/pages"}],"about":[{"href":"https:\/\/www.kirchleitn.com\/en\/wp-json\/wp\/v2\/types\/page"}],"author":[{"embeddable":true,"href":"https:\/\/www.kirchleitn.com\/en\/wp-json\/wp\/v2\/users\/1"}],"replies":[{"embeddable":true,"href":"https:\/\/www.kirchleitn.com\/en\/wp-json\/wp\/v2\/comments?post=2852"}],"version-history":[{"count":10,"href":"https:\/\/www.kirchleitn.com\/en\/wp-json\/wp\/v2\/pages\/2852\/revisions"}],"predecessor-version":[{"id":4111,"href":"https:\/\/www.kirchleitn.com\/en\/wp-json\/wp\/v2\/pages\/2852\/revisions\/4111"}],"wp:featuredmedia":[{"embeddable":true,"href":"https:\/\/www.kirchleitn.com\/en\/wp-json\/wp\/v2\/media\/2856"}],"wp:attachment":[{"href":"https:\/\/www.kirchleitn.com\/en\/wp-json\/wp\/v2\/media?parent=2852"}],"curies":[{"name":"wp","href":"https:\/\/api.w.org\/{rel}","templated":true}]}}