{"id":2525,"date":"2025-10-12T11:07:41","date_gmt":"2025-10-12T09:07:41","guid":{"rendered":"https:\/\/www.kirchleitn.com\/blog-viaggi-consapevoli-e-sostenibili\/"},"modified":"2026-03-09T08:31:15","modified_gmt":"2026-03-09T07:31:15","slug":"blog-viaggi-consapevoli-e-sostenibili","status":"publish","type":"page","link":"https:\/\/www.kirchleitn.com\/it\/blog-viaggi-consapevoli-e-sostenibili\/","title":{"rendered":"Blog \u2013 Viaggi consapevoli e sostenibili"},"content":{"rendered":"<p><div class=\"fusion-fullwidth fullwidth-box fusion-builder-row-1 fusion-flex-container has-pattern-background has-mask-background hundred-percent-fullwidth non-hundred-percent-height-scrolling fusion-no-small-visibility\" style=\"--awb-border-radius-top-left:0px;--awb-border-radius-top-right:0px;--awb-border-radius-bottom-right:0px;--awb-border-radius-bottom-left:0px;--awb-padding-top:10em;--awb-padding-right:8em;--awb-padding-bottom:2em;--awb-padding-left:8em;--awb-min-height:700px;--awb-background-color:rgba(79,74,74,0.56);--awb-background-image:linear-gradient(180deg, rgba(79,74,74,0.38) 0%,rgba(79,74,74,0.22) 100%);--awb-flex-wrap:wrap;--awb-filter:brightness(99%) contrast(111%);--awb-filter-transition:filter 0.3s ease;--awb-filter-hover:brightness(100%) contrast(118%);\" ><div class=\"awb-background-slider\" data-type=\"container\" data-loop=\"yes\" data-animation=\"fade\" data-slideshow-speed=\"5900\" data-animation-speed=\"800\" data-direction=\"down\" style=\"--awb-image-position:50% 57%;mix-blend-mode:overlay;\"><div class=\"swiper-wrapper\"><div class=\"swiper-slide\"><img decoding=\"async\" width=\"1920\" height=\"1280\" src=\"https:\/\/www.kirchleitn.com\/wp-content\/uploads\/2026\/01\/kaiserburg-kaernten-card-ausflugsziel.webp\" class=\"awb-background-slider__image\" alt=\"Erlebnis mit K\u00e4rnten Card bei einem Ausflug von der Ferienwohnung K\u00e4rnten mit der Kaiserburgbahn. Zu sehen sind die Bergstation und die Nockberge im Hintergrund.\" srcset=\"https:\/\/www.kirchleitn.com\/wp-content\/uploads\/2026\/01\/kaiserburg-kaernten-card-ausflugsziel-200x133.webp 200w, https:\/\/www.kirchleitn.com\/wp-content\/uploads\/2026\/01\/kaiserburg-kaernten-card-ausflugsziel-300x200.webp 300w, https:\/\/www.kirchleitn.com\/wp-content\/uploads\/2026\/01\/kaiserburg-kaernten-card-ausflugsziel-400x267.webp 400w, https:\/\/www.kirchleitn.com\/wp-content\/uploads\/2026\/01\/kaiserburg-kaernten-card-ausflugsziel-600x400.webp 600w, https:\/\/www.kirchleitn.com\/wp-content\/uploads\/2026\/01\/kaiserburg-kaernten-card-ausflugsziel-768x512.webp 768w, https:\/\/www.kirchleitn.com\/wp-content\/uploads\/2026\/01\/kaiserburg-kaernten-card-ausflugsziel-800x533.webp 800w, https:\/\/www.kirchleitn.com\/wp-content\/uploads\/2026\/01\/kaiserburg-kaernten-card-ausflugsziel-1024x683.webp 1024w, https:\/\/www.kirchleitn.com\/wp-content\/uploads\/2026\/01\/kaiserburg-kaernten-card-ausflugsziel-1200x800.webp 1200w, https:\/\/www.kirchleitn.com\/wp-content\/uploads\/2026\/01\/kaiserburg-kaernten-card-ausflugsziel-1536x1024.webp 1536w, https:\/\/www.kirchleitn.com\/wp-content\/uploads\/2026\/01\/kaiserburg-kaernten-card-ausflugsziel.webp 1920w\" sizes=\"(max-width: 1920px) 100vw, 1920px\" \/><\/div><div class=\"swiper-slide\"><img decoding=\"async\" width=\"1920\" height=\"1280\" src=\"https:\/\/www.kirchleitn.com\/wp-content\/uploads\/2025\/10\/Sommerurlaub-Geheimtipp-fuer-Familien-in-oesterreich-kletterturm.webp\" class=\"awb-background-slider__image\" alt=\"Sommerurlaub Geheimtipp in \u00d6sterreich f\u00fcr Familien Junge spielt beim Kletterturm im Feriendorf\" srcset=\"https:\/\/www.kirchleitn.com\/wp-content\/uploads\/2025\/10\/Sommerurlaub-Geheimtipp-fuer-Familien-in-oesterreich-kletterturm-200x133.webp 200w, https:\/\/www.kirchleitn.com\/wp-content\/uploads\/2025\/10\/Sommerurlaub-Geheimtipp-fuer-Familien-in-oesterreich-kletterturm-300x200.webp 300w, https:\/\/www.kirchleitn.com\/wp-content\/uploads\/2025\/10\/Sommerurlaub-Geheimtipp-fuer-Familien-in-oesterreich-kletterturm-400x267.webp 400w, https:\/\/www.kirchleitn.com\/wp-content\/uploads\/2025\/10\/Sommerurlaub-Geheimtipp-fuer-Familien-in-oesterreich-kletterturm-600x400.webp 600w, https:\/\/www.kirchleitn.com\/wp-content\/uploads\/2025\/10\/Sommerurlaub-Geheimtipp-fuer-Familien-in-oesterreich-kletterturm-768x512.webp 768w, https:\/\/www.kirchleitn.com\/wp-content\/uploads\/2025\/10\/Sommerurlaub-Geheimtipp-fuer-Familien-in-oesterreich-kletterturm-800x533.webp 800w, https:\/\/www.kirchleitn.com\/wp-content\/uploads\/2025\/10\/Sommerurlaub-Geheimtipp-fuer-Familien-in-oesterreich-kletterturm-1024x683.webp 1024w, https:\/\/www.kirchleitn.com\/wp-content\/uploads\/2025\/10\/Sommerurlaub-Geheimtipp-fuer-Familien-in-oesterreich-kletterturm-1200x800.webp 1200w, https:\/\/www.kirchleitn.com\/wp-content\/uploads\/2025\/10\/Sommerurlaub-Geheimtipp-fuer-Familien-in-oesterreich-kletterturm-1536x1024.webp 1536w, https:\/\/www.kirchleitn.com\/wp-content\/uploads\/2025\/10\/Sommerurlaub-Geheimtipp-fuer-Familien-in-oesterreich-kletterturm.webp 1920w\" sizes=\"(max-width: 1920px) 100vw, 1920px\" \/><\/div><div class=\"swiper-slide\"><img decoding=\"async\" width=\"1920\" height=\"1280\" src=\"https:\/\/www.kirchleitn.com\/wp-content\/uploads\/2026\/01\/familie-brunnach-kaernten-card-sommer.webp\" class=\"awb-background-slider__image\" alt=\"Tagesausflug von der Ferienwohnung K\u00e4rnten mit inkludierter K\u00e4rnten Card auf die Brunnach. Eine Familie mit Hund genie\u00dft die Natur und die Berglandschaft.\" srcset=\"https:\/\/www.kirchleitn.com\/wp-content\/uploads\/2026\/01\/familie-brunnach-kaernten-card-sommer-200x133.webp 200w, https:\/\/www.kirchleitn.com\/wp-content\/uploads\/2026\/01\/familie-brunnach-kaernten-card-sommer-300x200.webp 300w, https:\/\/www.kirchleitn.com\/wp-content\/uploads\/2026\/01\/familie-brunnach-kaernten-card-sommer-400x267.webp 400w, https:\/\/www.kirchleitn.com\/wp-content\/uploads\/2026\/01\/familie-brunnach-kaernten-card-sommer-600x400.webp 600w, https:\/\/www.kirchleitn.com\/wp-content\/uploads\/2026\/01\/familie-brunnach-kaernten-card-sommer-768x512.webp 768w, https:\/\/www.kirchleitn.com\/wp-content\/uploads\/2026\/01\/familie-brunnach-kaernten-card-sommer-800x533.webp 800w, https:\/\/www.kirchleitn.com\/wp-content\/uploads\/2026\/01\/familie-brunnach-kaernten-card-sommer-1024x683.webp 1024w, https:\/\/www.kirchleitn.com\/wp-content\/uploads\/2026\/01\/familie-brunnach-kaernten-card-sommer-1200x800.webp 1200w, https:\/\/www.kirchleitn.com\/wp-content\/uploads\/2026\/01\/familie-brunnach-kaernten-card-sommer-1536x1024.webp 1536w, https:\/\/www.kirchleitn.com\/wp-content\/uploads\/2026\/01\/familie-brunnach-kaernten-card-sommer.webp 1920w\" sizes=\"(max-width: 1920px) 100vw, 1920px\" \/><\/div><\/div><\/div><div class=\"fusion-builder-row fusion-row fusion-flex-align-items-flex-start fusion-flex-content-wrap\" style=\"width:104% !important;max-width:104% !important;margin-left: calc(-4% \/ 2 );margin-right: calc(-4% \/ 2 );\"><div class=\"fusion-layout-column fusion_builder_column fusion-builder-column-0 fusion_builder_column_1_1 1_1 fusion-flex-column fusion-flex-align-self-stretch\" style=\"--awb-bg-size:cover;--awb-width-large:100%;--awb-margin-top-large:0px;--awb-spacing-right-large:1.92%;--awb-margin-bottom-large:20px;--awb-spacing-left-large:1.92%;--awb-width-medium:100%;--awb-order-medium:0;--awb-spacing-right-medium:1.92%;--awb-spacing-left-medium:1.92%;--awb-width-small:100%;--awb-order-small:0;--awb-spacing-right-small:1.92%;--awb-spacing-left-small:1.92%;\"><div class=\"fusion-column-wrapper fusion-column-has-shadow fusion-flex-justify-content-center fusion-content-layout-column\"><div class=\"fusion-title title fusion-title-1 fusion-sep-none fusion-title-center fusion-title-highlight fusion-animate-once fusion-highlight-underline fusion-title-size-one\" style=\"--awb-text-color:var(--awb-color2);--awb-highlight-color:var(--awb-color5);--awb-margin-top-small:10px;--awb-margin-right-small:0px;--awb-margin-bottom-small:10px;--awb-margin-left-small:0px;--awb-font-size:60px;\" data-highlight=\"underline\"><h1 class=\"fusion-title-heading title-heading-center\" style=\"font-family:&quot;HarlowSerifplane&quot;;font-style:normal;font-weight:400;margin:0;font-size:1em;text-shadow:4px 4px 5px var(--awb-color8);\"><span class=\"fusion-highlighted-text-prefix\"><\/span> <span class=\"fusion-highlighted-text-wrapper\"><span class=\"fusion-highlighted-text\">BLOG<\/span><svg xmlns=\"http:\/\/www.w3.org\/2000\/svg\" viewBox=\"0 0 500 150\" preserveAspectRatio=\"none\"><path d=\"M8.1,146.2c0,0,240.6-55.6,479-13.8\"><\/path><\/svg><\/span> <span class=\"fusion-highlighted-text-postfix\"> \u2013 Viaggi consapevoli e sostenibili<\/span><\/h1><\/div><\/div><\/div><\/div><\/div><div class=\"fusion-fullwidth fullwidth-box fusion-builder-row-2 fusion-flex-container has-pattern-background has-mask-background hundred-percent-fullwidth non-hundred-percent-height-scrolling fusion-no-medium-visibility fusion-no-large-visibility\" style=\"--awb-border-radius-top-left:0px;--awb-border-radius-top-right:0px;--awb-border-radius-bottom-right:0px;--awb-border-radius-bottom-left:0px;--awb-padding-top:10em;--awb-padding-right:8em;--awb-padding-bottom:2em;--awb-padding-left:8em;--awb-padding-top-small:2em;--awb-padding-right-small:2em;--awb-padding-bottom-small:2em;--awb-padding-left-small:2em;--awb-min-height:700px;--awb-min-height-small:400px;--awb-background-color:rgba(79,74,74,0.66);--awb-background-image-small:linear-gradient(180deg, rgba(79,74,74,0.47) 0%,rgba(79,74,74,0.42) 100%),url(https:\/\/www.kirchleitn.com\/wp-content\/uploads\/2025\/10\/familienurlaub-im-herbst-bad-kleinkirchheim.webp);;--awb-background-image:linear-gradient(180deg, rgba(79,74,74,0.47) 0%,rgba(79,74,74,0.42) 100%);--awb-flex-wrap:wrap;--awb-filter:brightness(99%) contrast(111%);--awb-filter-transition:filter 0.3s ease;--awb-filter-hover:brightness(100%) contrast(118%);\" ><div class=\"awb-background-slider\" data-type=\"container\" data-loop=\"yes\" data-animation=\"fade\" data-slideshow-speed=\"5900\" data-animation-speed=\"800\" data-direction=\"down\" style=\"--awb-image-position:50% 57%;mix-blend-mode:overlay;\"><div class=\"swiper-wrapper\"><div class=\"swiper-slide\"><\/div><\/div><\/div><div class=\"fusion-builder-row fusion-row fusion-flex-align-items-flex-start fusion-flex-content-wrap\" style=\"width:104% !important;max-width:104% !important;margin-left: calc(-4% \/ 2 );margin-right: calc(-4% \/ 2 );\"><div class=\"fusion-layout-column fusion_builder_column fusion-builder-column-1 fusion_builder_column_1_1 1_1 fusion-flex-column fusion-flex-align-self-stretch\" style=\"--awb-bg-size:cover;--awb-width-large:100%;--awb-margin-top-large:0px;--awb-spacing-right-large:1.92%;--awb-margin-bottom-large:20px;--awb-spacing-left-large:1.92%;--awb-width-medium:100%;--awb-order-medium:0;--awb-spacing-right-medium:1.92%;--awb-spacing-left-medium:1.92%;--awb-width-small:100%;--awb-order-small:0;--awb-spacing-right-small:1.92%;--awb-spacing-left-small:1.92%;\"><div class=\"fusion-column-wrapper fusion-column-has-shadow fusion-flex-justify-content-center fusion-content-layout-column\"><div class=\"fusion-title title fusion-title-2 fusion-sep-none fusion-title-center fusion-title-highlight fusion-animate-once fusion-highlight-underline fusion-title-size-paragraph\" style=\"--awb-text-color:var(--awb-color2);--awb-highlight-color:var(--awb-color5);--awb-margin-top-small:2em;--awb-margin-right-small:0px;--awb-margin-bottom-small:10px;--awb-margin-left-small:0px;--awb-font-size:40px;\" data-highlight=\"underline\"><p class=\"fusion-title-heading title-heading-center title-heading-tag\" style=\"font-family:&quot;HarlowSerifplane&quot;;font-style:normal;font-weight:400;margin:0;font-size:1em;text-shadow:4px 4px 5px var(--awb-color8);\"><span class=\"fusion-highlighted-text-prefix\"><\/span> <span class=\"fusion-highlighted-text-wrapper\"><span class=\"fusion-highlighted-text\">BLOG<\/span><svg xmlns=\"http:\/\/www.w3.org\/2000\/svg\" viewBox=\"0 0 500 150\" preserveAspectRatio=\"none\"><path d=\"M8.1,146.2c0,0,240.6-55.6,479-13.8\"><\/path><\/svg><\/span> <span class=\"fusion-highlighted-text-postfix\"> \u2013 Viaggi consapevoli e sostenibili<\/span><\/p><\/div><\/div><\/div><\/div><\/div><div class=\"fusion-fullwidth fullwidth-box fusion-builder-row-3 fusion-flex-container has-pattern-background has-mask-background hundred-percent-fullwidth non-hundred-percent-height-scrolling\" style=\"--awb-border-radius-top-left:0px;--awb-border-radius-top-right:0px;--awb-border-radius-bottom-right:0px;--awb-border-radius-bottom-left:0px;--awb-padding-right:0px;--awb-padding-left:0px;--awb-padding-right-small:0px;--awb-flex-wrap:wrap;\" ><div class=\"fusion-builder-row fusion-row fusion-flex-align-items-stretch fusion-flex-justify-content-space-between fusion-flex-content-wrap\" style=\"width:104% !important;max-width:104% !important;margin-left: calc(-4% \/ 2 );margin-right: calc(-4% \/ 2 );\"><div class=\"fusion-layout-column fusion_builder_column fusion-builder-column-2 fusion_builder_column_1_1 1_1 fusion-flex-column fusion-flex-align-self-stretch\" style=\"--awb-padding-top:2em;--awb-padding-right:6em;--awb-padding-bottom:2em;--awb-padding-left:6em;--awb-padding-top-small:2em;--awb-padding-right-small:2em;--awb-padding-bottom-small:0px;--awb-padding-left-small:2em;--awb-bg-color:var(--awb-color2);--awb-bg-color-hover:var(--awb-color2);--awb-bg-size:cover;--awb-width-large:100%;--awb-margin-top-large:0px;--awb-spacing-right-large:0%;--awb-margin-bottom-large:0px;--awb-spacing-left-large:0%;--awb-width-medium:100%;--awb-order-medium:0;--awb-spacing-right-medium:0%;--awb-spacing-left-medium:0%;--awb-width-small:100%;--awb-order-small:0;--awb-spacing-right-small:1.92%;--awb-spacing-left-small:1.92%;\"><div class=\"fusion-column-wrapper fusion-column-has-shadow fusion-flex-justify-content-flex-start fusion-content-layout-column\"><div class=\"fusion-title title fusion-title-3 fusion-sep-none fusion-title-text fusion-title-size-two\" style=\"--awb-text-color:var(--awb-color6);--awb-margin-top-small:10px;--awb-margin-right-small:0px;--awb-margin-bottom-small:10px;--awb-margin-left-small:0px;--awb-font-size:30px;\"><h2 class=\"fusion-title-heading title-heading-left\" style=\"font-family:&quot;HarlowSerifRegluar&quot;;font-style:normal;font-weight:400;margin:0;font-size:1em;\"><p class=\"p1\">Ispirazioni e consigli per una vacanza consapevole e sostenibile nel nostro Slow Travel Resort!<\/p><\/h2><\/div><div class=\"fusion-title title fusion-title-4 fusion-sep-none fusion-title-text fusion-title-size-three\" style=\"--awb-text-color:var(--awb-color5);--awb-margin-top-small:10px;--awb-margin-right-small:0px;--awb-margin-bottom-small:10px;--awb-margin-left-small:0px;--awb-font-size:25px;\"><h3 class=\"fusion-title-heading title-heading-left\" style=\"font-family:&quot;Outfit&quot;;font-style:normal;font-weight:400;margin:0;font-size:1em;\">Vivi, scopri, rilassati<\/h3><\/div><div class=\"fusion-text fusion-text-1\"><p>Nel nostro Slow Travel Resort Kirchleitn, tutto ruota attorno alla consapevolezza, al legame con la natura e alle vacanze sostenibili.<\/p>\n<p>Lasciati ispirare, che si tratti di una pausa rilassante con la famiglia, un viaggio rigenerante con il tuo cane o un tour di scoperta consapevole attraverso la natura mozzafiato della Carinzia.<\/p>\n<p>Nel nostro blog troverai preziosi consigli per una pausa rilassante, scoprirai di pi\u00f9 sulla <a href=\"https:\/\/www.slowtravelling.com\/slow-travel-urlaub\/\" target=\"_blank\" rel=\"noopener\">filosofia Slow Travel<\/a> e scoprirai storie affascinanti dal Parco della Biosfera Nockberge in Carinzia. Che si tratti di esperienze sostenibili, specialit\u00e0 culinarie regionali o dei luoghi pi\u00f9 belli per la tua vacanza consapevole, il nostro blog ti offre spunti interessanti. <\/p>\n<\/div><\/div><\/div><\/div><\/div><div class=\"fusion-fullwidth fullwidth-box fusion-builder-row-4 fusion-flex-container has-pattern-background has-mask-background hundred-percent-fullwidth non-hundred-percent-height-scrolling\" style=\"--awb-border-radius-top-left:0px;--awb-border-radius-top-right:0px;--awb-border-radius-bottom-right:0px;--awb-border-radius-bottom-left:0px;--awb-padding-right:0px;--awb-padding-left:0px;--awb-padding-right-small:0px;--awb-flex-wrap:wrap;\" ><div class=\"fusion-builder-row fusion-row fusion-flex-align-items-stretch fusion-flex-justify-content-space-between fusion-flex-content-wrap\" style=\"width:104% !important;max-width:104% !important;margin-left: calc(-4% \/ 2 );margin-right: calc(-4% \/ 2 );\"><div class=\"fusion-layout-column fusion_builder_column fusion-builder-column-3 fusion_builder_column_1_1 1_1 fusion-flex-column fusion-flex-align-self-stretch\" style=\"--awb-padding-top:2em;--awb-padding-right:6em;--awb-padding-bottom:2em;--awb-padding-left:6em;--awb-padding-top-small:2em;--awb-padding-right-small:2em;--awb-padding-bottom-small:0px;--awb-padding-left-small:2em;--awb-bg-color:var(--awb-color2);--awb-bg-color-hover:var(--awb-color2);--awb-bg-size:cover;--awb-width-large:100%;--awb-margin-top-large:0px;--awb-spacing-right-large:0%;--awb-margin-bottom-large:0px;--awb-spacing-left-large:0%;--awb-width-medium:100%;--awb-order-medium:0;--awb-spacing-right-medium:0%;--awb-spacing-left-medium:0%;--awb-width-small:100%;--awb-order-small:0;--awb-spacing-right-small:1.92%;--awb-spacing-left-small:1.92%;\"><div class=\"fusion-column-wrapper fusion-column-has-shadow fusion-flex-justify-content-flex-start fusion-content-layout-column\"><div class=\"fusion-blog-shortcode fusion-blog-shortcode-1 fusion-blog-archive fusion-blog-layout-grid-wrapper fusion-blog-no\" style=\"--awb-title-font-size:24px;\"><style type=\"text\/css\">.fusion-blog-shortcode-1 .fusion-blog-layout-grid .fusion-post-grid{padding:10px;}.fusion-blog-shortcode-1 .fusion-posts-container{margin-left: -10px !important; margin-right:-10px !important;}<\/style><div class=\"fusion-posts-container fusion-posts-container-no fusion-no-meta-info fusion-blog-rollover fusion-blog-layout-grid fusion-blog-layout-grid-3 isotope fusion-blog-equal-heights\" data-pages=\"1\" data-grid-col-space=\"20\" style=\"margin: -10px -10px 0;min-height:500px;\"><article id=\"blog-1-post-3808\" class=\"fusion-post-grid post-3808 post type-post status-publish format-standard has-post-thumbnail hentry category-vacanze-con-bambini-in-carinzia\">\n<div class=\"fusion-post-wrapper\" style=\"background-color:rgba(255,255,255,0);border:1px solid var(--awb-color2);border-bottom-width:3px;\">\n\n\t\t\t<div class=\"fusion-flexslider flexslider fusion-flexslider-loading fusion-post-slideshow\" style=\"border-color:var(--awb-color2);\">\n\t\t<ul class=\"slides\">\n\t\t\t\n\t\t\t\t\t\t\t\t\t\t\t\t\t\t<li><div  class=\"fusion-image-wrapper\" aria-haspopup=\"true\">\n\t\t\t\t<img decoding=\"async\" width=\"1920\" height=\"1280\" src=\"https:\/\/www.kirchleitn.com\/wp-content\/uploads\/2025\/12\/kaernten-osterurlaub.webp\" class=\"attachment-full size-full wp-post-image\" alt=\"Vacanza di Pasqua in Carinzia - Due ragazze danno da mangiare al coniglietto pasquale nel Slow Travel Resort Kirchleitn\" srcset=\"https:\/\/www.kirchleitn.com\/wp-content\/uploads\/2025\/12\/kaernten-osterurlaub-200x133.webp 200w, https:\/\/www.kirchleitn.com\/wp-content\/uploads\/2025\/12\/kaernten-osterurlaub-400x267.webp 400w, https:\/\/www.kirchleitn.com\/wp-content\/uploads\/2025\/12\/kaernten-osterurlaub-600x400.webp 600w, https:\/\/www.kirchleitn.com\/wp-content\/uploads\/2025\/12\/kaernten-osterurlaub-800x533.webp 800w, https:\/\/www.kirchleitn.com\/wp-content\/uploads\/2025\/12\/kaernten-osterurlaub-1200x800.webp 1200w, https:\/\/www.kirchleitn.com\/wp-content\/uploads\/2025\/12\/kaernten-osterurlaub.webp 1920w\" sizes=\"(min-width: 2200px) 100vw, (min-width: 784px) 387px, (min-width: 712px) 580px, (min-width: 640px) 712px, \" \/><div class=\"fusion-rollover\">\n\t<div class=\"fusion-rollover-content\">\n\n\t\t\t\t\t\t\t\t\t\t\t\t\t\t<a class=\"fusion-rollover-link\" href=\"https:\/\/www.kirchleitn.com\/it\/vacanza-di-pasqua-in-carinzia\/\">Vacanza di Pasqua in Carinzia<\/a>\n\t\t\t\n\t\t\t\t\t\t\t\t\t\t\t\t\t\t\n\t\t\t\t\t\t\t\t\n\t\t\t\t\t\t\t\t\t\t\t\t\t<div class=\"fusion-rollover-sep\"><\/div>\n\t\t\t\t\n\t\t\t\t\t\t\t\t\t\t\t\t\t\t\t\t\t\t<a class=\"fusion-rollover-gallery\" href=\"https:\/\/www.kirchleitn.com\/wp-content\/uploads\/2025\/12\/kaernten-osterurlaub.webp\" data-options=\"\" data-id=\"3808\" data-rel=\"iLightbox[gallery]\" data-title=\"vacanza-di-pasqua-carinzia\" data-caption=\"\">\n\t\t\t\t\t\tGallery\t\t\t\t\t<\/a>\n\t\t\t\t\t\t\t\t\t\t\t\t\t\t\n\t\t\n\t\t\t\t\t\t\t\t\t\t\t\t<h4 class=\"fusion-rollover-title\">\n\t\t\t\t\t<a class=\"fusion-rollover-title-link\" href=\"https:\/\/www.kirchleitn.com\/it\/vacanza-di-pasqua-in-carinzia\/\">\n\t\t\t\t\t\tVacanza di Pasqua in Carinzia\t\t\t\t\t<\/a>\n\t\t\t\t<\/h4>\n\t\t\t\n\t\t\t\t\t\t\t\t\t\t<div class=\"fusion-rollover-categories\"><a href=\"https:\/\/www.kirchleitn.com\/it\/category\/vacanze-con-bambini-in-carinzia\/\" rel=\"tag\">Vacanze con bambini in Carinzia<\/a><\/div>\t\t\t\t\t\n\t\t\n\t\t\t\t\t\t<a class=\"fusion-link-wrapper\" href=\"https:\/\/www.kirchleitn.com\/it\/vacanza-di-pasqua-in-carinzia\/\" aria-label=\"Vacanza di Pasqua in Carinzia\"><\/a>\n\t<\/div>\n<\/div>\n<\/div>\n<\/li>\n\t\t\t\n\t\t\t\n\t\t\t\t\t\t\t\t\t\t\t\t\t\t\t\t\t\t\t\t\t\t\t\t\t\t\t\t\t\t\t\t\t\t\t\t\t\t\t\t\t\t\t\t\t\t\t\t\t\t\t\t\t\t\t\t\t\t\t\t\t\t\t\t\t\t\t\t<\/ul>\n\t<\/div>\n\t<div class=\"fusion-post-content-wrapper\" style=\"padding:30px 25px 25px 25px;\"><div class=\"fusion-post-content post-content\"><h3 class=\"blog-shortcode-post-title entry-title\">Vacanza di Pasqua in Carinzia<\/h3><\/div><\/div><div class=\"fusion-clearfix\"><\/div><\/div>\n<\/article>\n<article id=\"blog-1-post-3198\" class=\"fusion-post-grid post-3198 post type-post status-publish format-standard has-post-thumbnail hentry category-vacanze-invernali-con-il-cane category-vacanza-invernale\">\n<div class=\"fusion-post-wrapper\" style=\"background-color:rgba(255,255,255,0);border:1px solid var(--awb-color2);border-bottom-width:3px;\">\n\n\t\t\t<div class=\"fusion-flexslider flexslider fusion-flexslider-loading fusion-post-slideshow\" style=\"border-color:var(--awb-color2);\">\n\t\t<ul class=\"slides\">\n\t\t\t\n\t\t\t\t\t\t\t\t\t\t\t\t\t\t<li><div  class=\"fusion-image-wrapper\" aria-haspopup=\"true\">\n\t\t\t\t<img decoding=\"async\" width=\"1920\" height=\"1275\" src=\"https:\/\/www.kirchleitn.com\/wp-content\/uploads\/2025\/10\/AdobeStock_38289765-Kopie.webp\" class=\"attachment-full size-full wp-post-image\" alt=\"Vacanze invernali con il cane in Austria Cane rilassato nella neve\" srcset=\"https:\/\/www.kirchleitn.com\/wp-content\/uploads\/2025\/10\/AdobeStock_38289765-Kopie-200x133.webp 200w, https:\/\/www.kirchleitn.com\/wp-content\/uploads\/2025\/10\/AdobeStock_38289765-Kopie-400x266.webp 400w, https:\/\/www.kirchleitn.com\/wp-content\/uploads\/2025\/10\/AdobeStock_38289765-Kopie-600x398.webp 600w, https:\/\/www.kirchleitn.com\/wp-content\/uploads\/2025\/10\/AdobeStock_38289765-Kopie-800x531.webp 800w, https:\/\/www.kirchleitn.com\/wp-content\/uploads\/2025\/10\/AdobeStock_38289765-Kopie-1200x797.webp 1200w, https:\/\/www.kirchleitn.com\/wp-content\/uploads\/2025\/10\/AdobeStock_38289765-Kopie.webp 1920w\" sizes=\"(min-width: 2200px) 100vw, (min-width: 784px) 387px, (min-width: 712px) 580px, (min-width: 640px) 712px, \" \/><div class=\"fusion-rollover\">\n\t<div class=\"fusion-rollover-content\">\n\n\t\t\t\t\t\t\t\t\t\t\t\t\t\t<a class=\"fusion-rollover-link\" href=\"https:\/\/www.kirchleitn.com\/it\/vacanze-invernali-con-il-cane-in-austria\/\">Vacanze invernali con il cane in Austria<\/a>\n\t\t\t\n\t\t\t\t\t\t\t\t\t\t\t\t\t\t\n\t\t\t\t\t\t\t\t\n\t\t\t\t\t\t\t\t\t\t\t\t\t<div class=\"fusion-rollover-sep\"><\/div>\n\t\t\t\t\n\t\t\t\t\t\t\t\t\t\t\t\t\t\t\t\t\t\t<a class=\"fusion-rollover-gallery\" href=\"https:\/\/www.kirchleitn.com\/wp-content\/uploads\/2025\/10\/AdobeStock_38289765-Kopie.webp\" data-options=\"\" data-id=\"3198\" data-rel=\"iLightbox[gallery]\" data-title=\"Cane in vacanza invernale\" data-caption=\"\">\n\t\t\t\t\t\tGallery\t\t\t\t\t<\/a>\n\t\t\t\t\t\t\t\t\t\t\t\t\t\t\n\t\t\n\t\t\t\t\t\t\t\t\t\t\t\t<h4 class=\"fusion-rollover-title\">\n\t\t\t\t\t<a class=\"fusion-rollover-title-link\" href=\"https:\/\/www.kirchleitn.com\/it\/vacanze-invernali-con-il-cane-in-austria\/\">\n\t\t\t\t\t\tVacanze invernali con il cane in Austria\t\t\t\t\t<\/a>\n\t\t\t\t<\/h4>\n\t\t\t\n\t\t\t\t\t\t\t\t\t\t<div class=\"fusion-rollover-categories\"><a href=\"https:\/\/www.kirchleitn.com\/it\/category\/vacanze-invernali-con-il-cane\/\" rel=\"tag\">Vacanze invernali con il cane<\/a>, <a href=\"https:\/\/www.kirchleitn.com\/it\/category\/vacanza-invernale\/\" rel=\"tag\">Vacanza invernale<\/a><\/div>\t\t\t\t\t\n\t\t\n\t\t\t\t\t\t<a class=\"fusion-link-wrapper\" href=\"https:\/\/www.kirchleitn.com\/it\/vacanze-invernali-con-il-cane-in-austria\/\" aria-label=\"Vacanze invernali con il cane in Austria\"><\/a>\n\t<\/div>\n<\/div>\n<\/div>\n<\/li>\n\t\t\t\n\t\t\t\n\t\t\t\t\t\t\t\t\t\t\t\t\t\t\t\t\t\t\t\t\t\t\t\t\t\t\t\t\t\t\t\t\t\t\t\t\t\t\t\t\t\t\t\t\t\t\t\t\t\t\t\t\t\t\t\t\t\t\t\t\t\t\t\t\t\t\t\t<\/ul>\n\t<\/div>\n\t<div class=\"fusion-post-content-wrapper\" style=\"padding:30px 25px 25px 25px;\"><div class=\"fusion-post-content post-content\"><h3 class=\"blog-shortcode-post-title entry-title\">Vacanze invernali con il cane in Austria<\/h3><\/div><\/div><div class=\"fusion-clearfix\"><\/div><\/div>\n<\/article>\n<article id=\"blog-1-post-3207\" class=\"fusion-post-grid post-3207 post type-post status-publish format-standard has-post-thumbnail hentry category-vacanza-estiva\">\n<div class=\"fusion-post-wrapper\" style=\"background-color:rgba(255,255,255,0);border:1px solid var(--awb-color2);border-bottom-width:3px;\">\n\n\t\t\t<div class=\"fusion-flexslider flexslider fusion-flexslider-loading fusion-post-slideshow\" style=\"border-color:var(--awb-color2);\">\n\t\t<ul class=\"slides\">\n\t\t\t\n\t\t\t\t\t\t\t\t\t\t\t\t\t\t<li><div  class=\"fusion-image-wrapper\" aria-haspopup=\"true\">\n\t\t\t\t<img decoding=\"async\" width=\"1920\" height=\"1280\" src=\"https:\/\/www.kirchleitn.com\/wp-content\/uploads\/2025\/10\/Sommerurlaub-Geheimtipp-fuer-Familien-in-oesterreich-wasserspielplatz.webp\" class=\"attachment-full size-full wp-post-image\" alt=\"Vacanze estive, consiglio segreto per famiglie in Austria, parco giochi acquatico nel Slow Travel Resort Kirchleitn a Bad Kleinkirchheim\" srcset=\"https:\/\/www.kirchleitn.com\/wp-content\/uploads\/2025\/10\/Sommerurlaub-Geheimtipp-fuer-Familien-in-oesterreich-wasserspielplatz-200x133.webp 200w, https:\/\/www.kirchleitn.com\/wp-content\/uploads\/2025\/10\/Sommerurlaub-Geheimtipp-fuer-Familien-in-oesterreich-wasserspielplatz-400x267.webp 400w, https:\/\/www.kirchleitn.com\/wp-content\/uploads\/2025\/10\/Sommerurlaub-Geheimtipp-fuer-Familien-in-oesterreich-wasserspielplatz-600x400.webp 600w, https:\/\/www.kirchleitn.com\/wp-content\/uploads\/2025\/10\/Sommerurlaub-Geheimtipp-fuer-Familien-in-oesterreich-wasserspielplatz-800x533.webp 800w, https:\/\/www.kirchleitn.com\/wp-content\/uploads\/2025\/10\/Sommerurlaub-Geheimtipp-fuer-Familien-in-oesterreich-wasserspielplatz-1200x800.webp 1200w, https:\/\/www.kirchleitn.com\/wp-content\/uploads\/2025\/10\/Sommerurlaub-Geheimtipp-fuer-Familien-in-oesterreich-wasserspielplatz.webp 1920w\" sizes=\"(min-width: 2200px) 100vw, (min-width: 784px) 387px, (min-width: 712px) 580px, (min-width: 640px) 712px, \" \/><div class=\"fusion-rollover\">\n\t<div class=\"fusion-rollover-content\">\n\n\t\t\t\t\t\t\t\t\t\t\t\t\t\t<a class=\"fusion-rollover-link\" href=\"https:\/\/www.kirchleitn.com\/it\/vacanza-estiva-la-dritta-per-famiglie-in-austria\/\">Vacanza estiva: la dritta per famiglie in Austria<\/a>\n\t\t\t\n\t\t\t\t\t\t\t\t\t\t\t\t\t\t\n\t\t\t\t\t\t\t\t\n\t\t\t\t\t\t\t\t\t\t\t\t\t<div class=\"fusion-rollover-sep\"><\/div>\n\t\t\t\t\n\t\t\t\t\t\t\t\t\t\t\t\t\t\t\t\t\t\t<a class=\"fusion-rollover-gallery\" href=\"https:\/\/www.kirchleitn.com\/wp-content\/uploads\/2025\/10\/Sommerurlaub-Geheimtipp-fuer-Familien-in-oesterreich-wasserspielplatz.webp\" data-options=\"\" data-id=\"3207\" data-rel=\"iLightbox[gallery]\" data-title=\"Bambini nell&#039;area giochi acquatica\" data-caption=\"\">\n\t\t\t\t\t\tGallery\t\t\t\t\t<\/a>\n\t\t\t\t\t\t\t\t\t\t\t\t\t\t\n\t\t\n\t\t\t\t\t\t\t\t\t\t\t\t<h4 class=\"fusion-rollover-title\">\n\t\t\t\t\t<a class=\"fusion-rollover-title-link\" href=\"https:\/\/www.kirchleitn.com\/it\/vacanza-estiva-la-dritta-per-famiglie-in-austria\/\">\n\t\t\t\t\t\tVacanza estiva: la dritta per famiglie in Austria\t\t\t\t\t<\/a>\n\t\t\t\t<\/h4>\n\t\t\t\n\t\t\t\t\t\t\t\t\t\t<div class=\"fusion-rollover-categories\"><a href=\"https:\/\/www.kirchleitn.com\/it\/category\/vacanza-estiva\/\" rel=\"tag\">Vacanza estiva<\/a><\/div>\t\t\t\t\t\n\t\t\n\t\t\t\t\t\t<a class=\"fusion-link-wrapper\" href=\"https:\/\/www.kirchleitn.com\/it\/vacanza-estiva-la-dritta-per-famiglie-in-austria\/\" aria-label=\"Vacanza estiva: la dritta per famiglie in Austria\"><\/a>\n\t<\/div>\n<\/div>\n<\/div>\n<\/li>\n\t\t\t\n\t\t\t\n\t\t\t\t\t\t\t\t\t\t\t\n\t\t\t\t\t\n\t\t\t\t\t\t\t\t\t\t\t<li>\n\t\t\t\t\t\t\t<div class=\"fusion-image-wrapper\">\n\t\t\t\t\t\t\t\t<a href=\"https:\/\/www.kirchleitn.com\/it\/vacanza-estiva-la-dritta-per-famiglie-in-austria\/\" aria-label=\"Vacanza estiva: la dritta per famiglie in Austria\">\n\t\t\t\t\t\t\t\t\t<img decoding=\"async\" width=\"1920\" height=\"1280\" src=\"https:\/\/www.kirchleitn.com\/wp-content\/uploads\/2025\/10\/Sommerurlaub-Geheimtipp-fuer-Familien-in-oesterreich-kletterturm.webp\" alt=\"Vacanze estive: un consiglio segreto in Austria per famiglie. Un bambino gioca alla torre di arrampicata nel villaggio turistico\" class=\"wp-image-2526\" role=\"presentation\" srcset=\"https:\/\/www.kirchleitn.com\/wp-content\/uploads\/2025\/10\/Sommerurlaub-Geheimtipp-fuer-Familien-in-oesterreich-kletterturm-200x133.webp 200w, https:\/\/www.kirchleitn.com\/wp-content\/uploads\/2025\/10\/Sommerurlaub-Geheimtipp-fuer-Familien-in-oesterreich-kletterturm-400x267.webp 400w, https:\/\/www.kirchleitn.com\/wp-content\/uploads\/2025\/10\/Sommerurlaub-Geheimtipp-fuer-Familien-in-oesterreich-kletterturm-600x400.webp 600w, https:\/\/www.kirchleitn.com\/wp-content\/uploads\/2025\/10\/Sommerurlaub-Geheimtipp-fuer-Familien-in-oesterreich-kletterturm-800x533.webp 800w, https:\/\/www.kirchleitn.com\/wp-content\/uploads\/2025\/10\/Sommerurlaub-Geheimtipp-fuer-Familien-in-oesterreich-kletterturm-1200x800.webp 1200w, https:\/\/www.kirchleitn.com\/wp-content\/uploads\/2025\/10\/Sommerurlaub-Geheimtipp-fuer-Familien-in-oesterreich-kletterturm.webp 1920w\" sizes=\"(min-width: 2200px) 100vw, (min-width: 784px) 387px, (min-width: 712px) 580px, (min-width: 640px) 712px, \" \/>\t\t\t\t\t\t\t\t<\/a>\n\t\t\t\t\t\t\t\t<a style=\"display:none;\" href=\"https:\/\/www.kirchleitn.com\/wp-content\/uploads\/2025\/10\/Sommerurlaub-Geheimtipp-fuer-Familien-in-oesterreich-kletterturm.webp\" data-rel=\"iLightbox[gallery3207]\" title=\"\" data-title=\"Ragazzo alla torre di arrampicata\" data-caption=\"\">\n\t\t\t\t\t\t\t\t\t\t\t\t\t\t\t\t\t\t\t<img style=\"display:none;\" alt=\"Vacanze estive: un consiglio segreto in Austria per famiglie. Un bambino gioca alla torre di arrampicata nel villaggio turistico\" role=\"presentation\" \/>\n\t\t\t\t\t\t\t\t\t\t\t\t\t\t\t\t\t<\/a>\n\t\t\t\t\t\t\t<\/div>\n\t\t\t\t\t\t<\/li>\n\t\t\t\t\t\t\t\t\t\t\t\t\t\t\t\t\t\t\t\t\t\t\t\t\n\t\t\t\t\t\n\t\t\t\t\t\t\t\t\t\t\t<li>\n\t\t\t\t\t\t\t<div class=\"fusion-image-wrapper\">\n\t\t\t\t\t\t\t\t<a href=\"https:\/\/www.kirchleitn.com\/it\/vacanza-estiva-la-dritta-per-famiglie-in-austria\/\" aria-label=\"Vacanza estiva: la dritta per famiglie in Austria\">\n\t\t\t\t\t\t\t\t\t<img decoding=\"async\" width=\"1920\" height=\"1280\" src=\"https:\/\/www.kirchleitn.com\/wp-content\/uploads\/2025\/10\/familienurlaub-herbst-oesterreich-kaernten-3.webp\" alt=\"Vacanze in famiglia in autunno in Austria, Carinzia \u2013 Famiglia con cane e bambino in pausa sulla Brunnach presso il Castello Rosso\" class=\"wp-image-2969\" role=\"presentation\" srcset=\"https:\/\/www.kirchleitn.com\/wp-content\/uploads\/2025\/10\/familienurlaub-herbst-oesterreich-kaernten-3-200x133.webp 200w, https:\/\/www.kirchleitn.com\/wp-content\/uploads\/2025\/10\/familienurlaub-herbst-oesterreich-kaernten-3-400x267.webp 400w, https:\/\/www.kirchleitn.com\/wp-content\/uploads\/2025\/10\/familienurlaub-herbst-oesterreich-kaernten-3-600x400.webp 600w, https:\/\/www.kirchleitn.com\/wp-content\/uploads\/2025\/10\/familienurlaub-herbst-oesterreich-kaernten-3-800x533.webp 800w, https:\/\/www.kirchleitn.com\/wp-content\/uploads\/2025\/10\/familienurlaub-herbst-oesterreich-kaernten-3-1200x800.webp 1200w, https:\/\/www.kirchleitn.com\/wp-content\/uploads\/2025\/10\/familienurlaub-herbst-oesterreich-kaernten-3.webp 1920w\" sizes=\"(min-width: 2200px) 100vw, (min-width: 784px) 387px, (min-width: 712px) 580px, (min-width: 640px) 712px, \" \/>\t\t\t\t\t\t\t\t<\/a>\n\t\t\t\t\t\t\t\t<a style=\"display:none;\" href=\"https:\/\/www.kirchleitn.com\/wp-content\/uploads\/2025\/10\/familienurlaub-herbst-oesterreich-kaernten-3.webp\" data-rel=\"iLightbox[gallery3207]\" title=\"\" data-title=\"Pausa durante l&#8217;escursione sulla Brunnach\" data-caption=\"\">\n\t\t\t\t\t\t\t\t\t\t\t\t\t\t\t\t\t\t\t<img style=\"display:none;\" alt=\"Vacanze in famiglia in autunno in Austria, Carinzia \u2013 Famiglia con cane e bambino in pausa sulla Brunnach presso il Castello Rosso\" role=\"presentation\" \/>\n\t\t\t\t\t\t\t\t\t\t\t\t\t\t\t\t\t<\/a>\n\t\t\t\t\t\t\t<\/div>\n\t\t\t\t\t\t<\/li>\n\t\t\t\t\t\t\t\t\t\t\t\t\t\t\t\t\t\t\t\t\t\t\t\t\t\t\t\t\t\t\t\t\t\t\t\t\t\t\t\t\t\t\t\t\t\t\t\t\t\t\t<\/ul>\n\t<\/div>\n\t<div class=\"fusion-post-content-wrapper\" style=\"padding:30px 25px 25px 25px;\"><div class=\"fusion-post-content post-content\"><h3 class=\"blog-shortcode-post-title entry-title\">Vacanza estiva: la dritta per famiglie in Austria<\/h3><\/div><\/div><div class=\"fusion-clearfix\"><\/div><\/div>\n<\/article>\n<article id=\"blog-1-post-2942\" class=\"fusion-post-grid post-2942 post type-post status-publish format-standard has-post-thumbnail hentry category-vacanza-invernale\">\n<div class=\"fusion-post-wrapper\" style=\"background-color:rgba(255,255,255,0);border:1px solid var(--awb-color2);border-bottom-width:3px;\">\n\n\t\t\t<div class=\"fusion-flexslider flexslider fusion-flexslider-loading fusion-post-slideshow\" style=\"border-color:var(--awb-color2);\">\n\t\t<ul class=\"slides\">\n\t\t\t\n\t\t\t\t\t\t\t\t\t\t\t\t\t\t<li><div  class=\"fusion-image-wrapper\" aria-haspopup=\"true\">\n\t\t\t\t<img decoding=\"async\" width=\"1920\" height=\"1130\" src=\"https:\/\/www.kirchleitn.com\/wp-content\/uploads\/2025\/10\/winterurlaub_mit_der_ganzen_familie.webp\" class=\"attachment-full size-full wp-post-image\" alt=\"Una famiglia con cappelli costruisce un pupazzo di neve vicino allo Slow Travel Resort Kirchleitn \u2013 una gioiosa giornata invernale nella vacanza in famiglia a Bad Kleinkirchheim.\" srcset=\"https:\/\/www.kirchleitn.com\/wp-content\/uploads\/2025\/10\/winterurlaub_mit_der_ganzen_familie-200x118.webp 200w, https:\/\/www.kirchleitn.com\/wp-content\/uploads\/2025\/10\/winterurlaub_mit_der_ganzen_familie-400x235.webp 400w, https:\/\/www.kirchleitn.com\/wp-content\/uploads\/2025\/10\/winterurlaub_mit_der_ganzen_familie-600x353.webp 600w, https:\/\/www.kirchleitn.com\/wp-content\/uploads\/2025\/10\/winterurlaub_mit_der_ganzen_familie-800x471.webp 800w, https:\/\/www.kirchleitn.com\/wp-content\/uploads\/2025\/10\/winterurlaub_mit_der_ganzen_familie-1200x706.webp 1200w, https:\/\/www.kirchleitn.com\/wp-content\/uploads\/2025\/10\/winterurlaub_mit_der_ganzen_familie.webp 1920w\" sizes=\"(min-width: 2200px) 100vw, (min-width: 784px) 387px, (min-width: 712px) 580px, (min-width: 640px) 712px, \" \/><div class=\"fusion-rollover\">\n\t<div class=\"fusion-rollover-content\">\n\n\t\t\t\t\t\t\t\t\t\t\t\t\t\t<a class=\"fusion-rollover-link\" href=\"https:\/\/www.kirchleitn.com\/it\/vacanza-invernale-con-tutta-la-famiglia-ecologica-e-sostenibile\/\">Vacanza invernale con tutta la famiglia \u2013 ecologica e sostenibile<\/a>\n\t\t\t\n\t\t\t\t\t\t\t\t\t\t\t\t\t\t\n\t\t\t\t\t\t\t\t\n\t\t\t\t\t\t\t\t\t\t\t\t\t<div class=\"fusion-rollover-sep\"><\/div>\n\t\t\t\t\n\t\t\t\t\t\t\t\t\t\t\t\t\t\t\t\t\t\t<a class=\"fusion-rollover-gallery\" href=\"https:\/\/www.kirchleitn.com\/wp-content\/uploads\/2025\/10\/winterurlaub_mit_der_ganzen_familie.webp\" data-options=\"\" data-id=\"2942\" data-rel=\"iLightbox[gallery]\" data-title=\"Costruire un pupazzo di neve durante la vacanza invernale in Carinzia\" data-caption=\"\">\n\t\t\t\t\t\tGallery\t\t\t\t\t<\/a>\n\t\t\t\t\t\t\t\t\t\t\t\t\t\t\n\t\t\n\t\t\t\t\t\t\t\t\t\t\t\t<h4 class=\"fusion-rollover-title\">\n\t\t\t\t\t<a class=\"fusion-rollover-title-link\" href=\"https:\/\/www.kirchleitn.com\/it\/vacanza-invernale-con-tutta-la-famiglia-ecologica-e-sostenibile\/\">\n\t\t\t\t\t\tVacanza invernale con tutta la famiglia \u2013 ecologica e sostenibile\t\t\t\t\t<\/a>\n\t\t\t\t<\/h4>\n\t\t\t\n\t\t\t\t\t\t\t\t\t\t<div class=\"fusion-rollover-categories\"><a href=\"https:\/\/www.kirchleitn.com\/it\/category\/vacanza-invernale\/\" rel=\"tag\">Vacanza invernale<\/a><\/div>\t\t\t\t\t\n\t\t\n\t\t\t\t\t\t<a class=\"fusion-link-wrapper\" href=\"https:\/\/www.kirchleitn.com\/it\/vacanza-invernale-con-tutta-la-famiglia-ecologica-e-sostenibile\/\" aria-label=\"Vacanza invernale con tutta la famiglia \u2013 ecologica e sostenibile\"><\/a>\n\t<\/div>\n<\/div>\n<\/div>\n<\/li>\n\t\t\t\n\t\t\t\n\t\t\t\t\t\t\t\t\t\t\t\n\t\t\t\t\t\n\t\t\t\t\t\t\t\t\t\t\t<li>\n\t\t\t\t\t\t\t<div class=\"fusion-image-wrapper\">\n\t\t\t\t\t\t\t\t<a href=\"https:\/\/www.kirchleitn.com\/it\/vacanza-invernale-con-tutta-la-famiglia-ecologica-e-sostenibile\/\" aria-label=\"Vacanza invernale con tutta la famiglia \u2013 ecologica e sostenibile\">\n\t\t\t\t\t\t\t\t\t<img decoding=\"async\" width=\"1711\" height=\"1140\" src=\"https:\/\/www.kirchleitn.com\/wp-content\/uploads\/2025\/10\/327-0009-2880_kirchleitn_by_gert_perauer-Kopie.webp\" alt=\"Winterurlaub mit Familie in K\u00e4rnten Panorama Feriendorf Kirchleitn und Skipiste\" class=\"wp-image-2943\" role=\"presentation\" srcset=\"https:\/\/www.kirchleitn.com\/wp-content\/uploads\/2025\/10\/327-0009-2880_kirchleitn_by_gert_perauer-Kopie-200x133.webp 200w, https:\/\/www.kirchleitn.com\/wp-content\/uploads\/2025\/10\/327-0009-2880_kirchleitn_by_gert_perauer-Kopie-400x267.webp 400w, https:\/\/www.kirchleitn.com\/wp-content\/uploads\/2025\/10\/327-0009-2880_kirchleitn_by_gert_perauer-Kopie-600x400.webp 600w, https:\/\/www.kirchleitn.com\/wp-content\/uploads\/2025\/10\/327-0009-2880_kirchleitn_by_gert_perauer-Kopie-800x533.webp 800w, https:\/\/www.kirchleitn.com\/wp-content\/uploads\/2025\/10\/327-0009-2880_kirchleitn_by_gert_perauer-Kopie-1200x800.webp 1200w, https:\/\/www.kirchleitn.com\/wp-content\/uploads\/2025\/10\/327-0009-2880_kirchleitn_by_gert_perauer-Kopie.webp 1711w\" sizes=\"(min-width: 2200px) 100vw, (min-width: 784px) 387px, (min-width: 712px) 580px, (min-width: 640px) 712px, \" \/>\t\t\t\t\t\t\t\t<\/a>\n\t\t\t\t\t\t\t\t<a style=\"display:none;\" href=\"https:\/\/www.kirchleitn.com\/wp-content\/uploads\/2025\/10\/327-0009-2880_kirchleitn_by_gert_perauer-Kopie.webp\" data-rel=\"iLightbox[gallery2942]\" title=\"\" data-title=\"Winteransicht von St. Oswald mit dem Slow Travel Resort Kirchleitn\" data-caption=\"\">\n\t\t\t\t\t\t\t\t\t\t\t\t\t\t\t\t\t\t\t<img style=\"display:none;\" alt=\"Winterurlaub mit Familie in K\u00e4rnten Panorama Feriendorf Kirchleitn und Skipiste\" role=\"presentation\" \/>\n\t\t\t\t\t\t\t\t\t\t\t\t\t\t\t\t\t<\/a>\n\t\t\t\t\t\t\t<\/div>\n\t\t\t\t\t\t<\/li>\n\t\t\t\t\t\t\t\t\t\t\t\t\t\t\t\t\t\t\t\t\t\t\t\t\n\t\t\t\t\t\n\t\t\t\t\t\t\t\t\t\t\t<li>\n\t\t\t\t\t\t\t<div class=\"fusion-image-wrapper\">\n\t\t\t\t\t\t\t\t<a href=\"https:\/\/www.kirchleitn.com\/it\/vacanza-invernale-con-tutta-la-famiglia-ecologica-e-sostenibile\/\" aria-label=\"Vacanza invernale con tutta la famiglia \u2013 ecologica e sostenibile\">\n\t\t\t\t\t\t\t\t\t<img decoding=\"async\" width=\"1920\" height=\"1280\" src=\"https:\/\/www.kirchleitn.com\/wp-content\/uploads\/2025\/09\/Winter_Kinder\u00a9Slow-Travel-Resort_12-Kopie.webp\" alt=\"Winterfreude pur \u2013 lachend durch den frischen Pulverschnee im autofreien Feriendorf Kirchleitn in Bad Kleinkirchheim, K\u00e4rnten\" class=\"wp-image-253\" role=\"presentation\" srcset=\"https:\/\/www.kirchleitn.com\/wp-content\/uploads\/2025\/09\/Winter_Kinder\u00a9Slow-Travel-Resort_12-Kopie-200x133.webp 200w, https:\/\/www.kirchleitn.com\/wp-content\/uploads\/2025\/09\/Winter_Kinder\u00a9Slow-Travel-Resort_12-Kopie-400x267.webp 400w, https:\/\/www.kirchleitn.com\/wp-content\/uploads\/2025\/09\/Winter_Kinder\u00a9Slow-Travel-Resort_12-Kopie-600x400.webp 600w, https:\/\/www.kirchleitn.com\/wp-content\/uploads\/2025\/09\/Winter_Kinder\u00a9Slow-Travel-Resort_12-Kopie-800x533.webp 800w, https:\/\/www.kirchleitn.com\/wp-content\/uploads\/2025\/09\/Winter_Kinder\u00a9Slow-Travel-Resort_12-Kopie-1200x800.webp 1200w, https:\/\/www.kirchleitn.com\/wp-content\/uploads\/2025\/09\/Winter_Kinder\u00a9Slow-Travel-Resort_12-Kopie.webp 1920w\" sizes=\"(min-width: 2200px) 100vw, (min-width: 784px) 387px, (min-width: 712px) 580px, (min-width: 640px) 712px, \" \/>\t\t\t\t\t\t\t\t<\/a>\n\t\t\t\t\t\t\t\t<a style=\"display:none;\" href=\"https:\/\/www.kirchleitn.com\/wp-content\/uploads\/2025\/09\/Winter_Kinder\u00a9Slow-Travel-Resort_12-Kopie.webp\" data-rel=\"iLightbox[gallery2942]\" title=\"\" data-title=\"Drei M\u00e4dchen rennen mit Schlitten durch den Neuschnee\" data-caption=\"\">\n\t\t\t\t\t\t\t\t\t\t\t\t\t\t\t\t\t\t\t<img style=\"display:none;\" alt=\"Winterfreude pur \u2013 lachend durch den frischen Pulverschnee im autofreien Feriendorf Kirchleitn in Bad Kleinkirchheim, K\u00e4rnten\" role=\"presentation\" \/>\n\t\t\t\t\t\t\t\t\t\t\t\t\t\t\t\t\t<\/a>\n\t\t\t\t\t\t\t<\/div>\n\t\t\t\t\t\t<\/li>\n\t\t\t\t\t\t\t\t\t\t\t\t\t\t\t\t\t\t\t\t\t\t\t\t\t\t\t\t\t\t\t\t\t\t\t\t\t\t\t\t\t\t\t\t\t\t\t\t\t\t\t<\/ul>\n\t<\/div>\n\t<div class=\"fusion-post-content-wrapper\" style=\"padding:30px 25px 25px 25px;\"><div class=\"fusion-post-content post-content\"><h3 class=\"blog-shortcode-post-title entry-title\">Vacanza invernale con tutta la famiglia \u2013 ecologica e sostenibile<\/h3><\/div><\/div><div class=\"fusion-clearfix\"><\/div><\/div>\n<\/article>\n<article id=\"blog-1-post-2966\" class=\"fusion-post-grid post-2966 post type-post status-publish format-standard has-post-thumbnail hentry category-vacanze-autunnali\">\n<div class=\"fusion-post-wrapper\" style=\"background-color:rgba(255,255,255,0);border:1px solid var(--awb-color2);border-bottom-width:3px;\">\n\n\t\t\t<div class=\"fusion-flexslider flexslider fusion-flexslider-loading fusion-post-slideshow\" style=\"border-color:var(--awb-color2);\">\n\t\t<ul class=\"slides\">\n\t\t\t\n\t\t\t\t\t\t\t\t\t\t\t\t\t\t<li><div  class=\"fusion-image-wrapper\" aria-haspopup=\"true\">\n\t\t\t\t<img decoding=\"async\" width=\"1920\" height=\"1280\" src=\"https:\/\/www.kirchleitn.com\/wp-content\/uploads\/2025\/10\/familienurlaub-herbst-oesterreich-kaernten-3.webp\" class=\"attachment-full size-full wp-post-image\" alt=\"Vacanze in famiglia in autunno in Austria, Carinzia \u2013 Famiglia con cane e bambino in pausa sulla Brunnach presso il Castello Rosso\" srcset=\"https:\/\/www.kirchleitn.com\/wp-content\/uploads\/2025\/10\/familienurlaub-herbst-oesterreich-kaernten-3-200x133.webp 200w, https:\/\/www.kirchleitn.com\/wp-content\/uploads\/2025\/10\/familienurlaub-herbst-oesterreich-kaernten-3-400x267.webp 400w, https:\/\/www.kirchleitn.com\/wp-content\/uploads\/2025\/10\/familienurlaub-herbst-oesterreich-kaernten-3-600x400.webp 600w, https:\/\/www.kirchleitn.com\/wp-content\/uploads\/2025\/10\/familienurlaub-herbst-oesterreich-kaernten-3-800x533.webp 800w, https:\/\/www.kirchleitn.com\/wp-content\/uploads\/2025\/10\/familienurlaub-herbst-oesterreich-kaernten-3-1200x800.webp 1200w, https:\/\/www.kirchleitn.com\/wp-content\/uploads\/2025\/10\/familienurlaub-herbst-oesterreich-kaernten-3.webp 1920w\" sizes=\"(min-width: 2200px) 100vw, (min-width: 784px) 387px, (min-width: 712px) 580px, (min-width: 640px) 712px, \" \/><div class=\"fusion-rollover\">\n\t<div class=\"fusion-rollover-content\">\n\n\t\t\t\t\t\t\t\t\t\t\t\t\t\t<a class=\"fusion-rollover-link\" href=\"https:\/\/www.kirchleitn.com\/it\/vacanze-in-famiglia-in-autunno-in-austria-carinzia\/\">Vacanze in famiglia in autunno in Austria, Carinzia<\/a>\n\t\t\t\n\t\t\t\t\t\t\t\t\t\t\t\t\t\t\n\t\t\t\t\t\t\t\t\n\t\t\t\t\t\t\t\t\t\t\t\t\t<div class=\"fusion-rollover-sep\"><\/div>\n\t\t\t\t\n\t\t\t\t\t\t\t\t\t\t\t\t\t\t\t\t\t\t<a class=\"fusion-rollover-gallery\" href=\"https:\/\/www.kirchleitn.com\/wp-content\/uploads\/2025\/10\/familienurlaub-herbst-oesterreich-kaernten-3.webp\" data-options=\"\" data-id=\"2966\" data-rel=\"iLightbox[gallery]\" data-title=\"Pausa durante l&#039;escursione sulla Brunnach\" data-caption=\"\">\n\t\t\t\t\t\tGallery\t\t\t\t\t<\/a>\n\t\t\t\t\t\t\t\t\t\t\t\t\t\t\n\t\t\n\t\t\t\t\t\t\t\t\t\t\t\t<h4 class=\"fusion-rollover-title\">\n\t\t\t\t\t<a class=\"fusion-rollover-title-link\" href=\"https:\/\/www.kirchleitn.com\/it\/vacanze-in-famiglia-in-autunno-in-austria-carinzia\/\">\n\t\t\t\t\t\tVacanze in famiglia in autunno in Austria, Carinzia\t\t\t\t\t<\/a>\n\t\t\t\t<\/h4>\n\t\t\t\n\t\t\t\t\t\t\t\t\t\t<div class=\"fusion-rollover-categories\"><a href=\"https:\/\/www.kirchleitn.com\/it\/category\/vacanze-autunnali\/\" rel=\"tag\">Vacanze autunnali<\/a><\/div>\t\t\t\t\t\n\t\t\n\t\t\t\t\t\t<a class=\"fusion-link-wrapper\" href=\"https:\/\/www.kirchleitn.com\/it\/vacanze-in-famiglia-in-autunno-in-austria-carinzia\/\" aria-label=\"Vacanze in famiglia in autunno in Austria, Carinzia\"><\/a>\n\t<\/div>\n<\/div>\n<\/div>\n<\/li>\n\t\t\t\n\t\t\t\n\t\t\t\t\t\t\t\t\t\t\t\n\t\t\t\t\t\n\t\t\t\t\t\t\t\t\t\t\t<li>\n\t\t\t\t\t\t\t<div class=\"fusion-image-wrapper\">\n\t\t\t\t\t\t\t\t<a href=\"https:\/\/www.kirchleitn.com\/it\/vacanze-in-famiglia-in-autunno-in-austria-carinzia\/\" aria-label=\"Vacanze in famiglia in autunno in Austria, Carinzia\">\n\t\t\t\t\t\t\t\t\t<img decoding=\"async\" width=\"1920\" height=\"1280\" src=\"https:\/\/www.kirchleitn.com\/wp-content\/uploads\/2025\/10\/familienurlaub-herbst-oesterreich-kaernten-baby.webp\" alt=\"Familienurlaub im Herbst in \u00d6sterreich, K\u00e4rnten \u2013 Baby mit gelbem Hut auf der herbstlichen Alm\" class=\"wp-image-2967\" role=\"presentation\" srcset=\"https:\/\/www.kirchleitn.com\/wp-content\/uploads\/2025\/10\/familienurlaub-herbst-oesterreich-kaernten-baby-200x133.webp 200w, https:\/\/www.kirchleitn.com\/wp-content\/uploads\/2025\/10\/familienurlaub-herbst-oesterreich-kaernten-baby-400x267.webp 400w, https:\/\/www.kirchleitn.com\/wp-content\/uploads\/2025\/10\/familienurlaub-herbst-oesterreich-kaernten-baby-600x400.webp 600w, https:\/\/www.kirchleitn.com\/wp-content\/uploads\/2025\/10\/familienurlaub-herbst-oesterreich-kaernten-baby-800x533.webp 800w, https:\/\/www.kirchleitn.com\/wp-content\/uploads\/2025\/10\/familienurlaub-herbst-oesterreich-kaernten-baby-1200x800.webp 1200w, https:\/\/www.kirchleitn.com\/wp-content\/uploads\/2025\/10\/familienurlaub-herbst-oesterreich-kaernten-baby.webp 1920w\" sizes=\"(min-width: 2200px) 100vw, (min-width: 784px) 387px, (min-width: 712px) 580px, (min-width: 640px) 712px, \" \/>\t\t\t\t\t\t\t\t<\/a>\n\t\t\t\t\t\t\t\t<a style=\"display:none;\" href=\"https:\/\/www.kirchleitn.com\/wp-content\/uploads\/2025\/10\/familienurlaub-herbst-oesterreich-kaernten-baby.webp\" data-rel=\"iLightbox[gallery2966]\" title=\"\" data-title=\"Baby in der Natur\" data-caption=\"\">\n\t\t\t\t\t\t\t\t\t\t\t\t\t\t\t\t\t\t\t<img style=\"display:none;\" alt=\"Familienurlaub im Herbst in \u00d6sterreich, K\u00e4rnten \u2013 Baby mit gelbem Hut auf der herbstlichen Alm\" role=\"presentation\" \/>\n\t\t\t\t\t\t\t\t\t\t\t\t\t\t\t\t\t<\/a>\n\t\t\t\t\t\t\t<\/div>\n\t\t\t\t\t\t<\/li>\n\t\t\t\t\t\t\t\t\t\t\t\t\t\t\t\t\t\t\t\t\t\t\t\t\n\t\t\t\t\t\n\t\t\t\t\t\t\t\t\t\t\t<li>\n\t\t\t\t\t\t\t<div class=\"fusion-image-wrapper\">\n\t\t\t\t\t\t\t\t<a href=\"https:\/\/www.kirchleitn.com\/it\/vacanze-in-famiglia-in-autunno-in-austria-carinzia\/\" aria-label=\"Vacanze in famiglia in autunno in Austria, Carinzia\">\n\t\t\t\t\t\t\t\t\t<img decoding=\"async\" width=\"1920\" height=\"1280\" src=\"https:\/\/www.kirchleitn.com\/wp-content\/uploads\/2025\/10\/familienurlaub-herbst-feriendorf-bad-kleinkirchheim-4.webp\" alt=\"Familienurlaub im Herbst in \u00d6sterreich, K\u00e4rnten \u2013 Feriendorf Kirchleitn umgeben von goldgelben W\u00e4ldern und bunten B\u00e4umen\" class=\"wp-image-2970\" role=\"presentation\" srcset=\"https:\/\/www.kirchleitn.com\/wp-content\/uploads\/2025\/10\/familienurlaub-herbst-feriendorf-bad-kleinkirchheim-4-200x133.webp 200w, https:\/\/www.kirchleitn.com\/wp-content\/uploads\/2025\/10\/familienurlaub-herbst-feriendorf-bad-kleinkirchheim-4-400x267.webp 400w, https:\/\/www.kirchleitn.com\/wp-content\/uploads\/2025\/10\/familienurlaub-herbst-feriendorf-bad-kleinkirchheim-4-600x400.webp 600w, https:\/\/www.kirchleitn.com\/wp-content\/uploads\/2025\/10\/familienurlaub-herbst-feriendorf-bad-kleinkirchheim-4-800x533.webp 800w, https:\/\/www.kirchleitn.com\/wp-content\/uploads\/2025\/10\/familienurlaub-herbst-feriendorf-bad-kleinkirchheim-4-1200x800.webp 1200w, https:\/\/www.kirchleitn.com\/wp-content\/uploads\/2025\/10\/familienurlaub-herbst-feriendorf-bad-kleinkirchheim-4.webp 1920w\" sizes=\"(min-width: 2200px) 100vw, (min-width: 784px) 387px, (min-width: 712px) 580px, (min-width: 640px) 712px, \" \/>\t\t\t\t\t\t\t\t<\/a>\n\t\t\t\t\t\t\t\t<a style=\"display:none;\" href=\"https:\/\/www.kirchleitn.com\/wp-content\/uploads\/2025\/10\/familienurlaub-herbst-feriendorf-bad-kleinkirchheim-4.webp\" data-rel=\"iLightbox[gallery2966]\" title=\"\" data-title=\"Feriendorf Kirchleitn im Herbst\" data-caption=\"\">\n\t\t\t\t\t\t\t\t\t\t\t\t\t\t\t\t\t\t\t<img style=\"display:none;\" alt=\"Familienurlaub im Herbst in \u00d6sterreich, K\u00e4rnten \u2013 Feriendorf Kirchleitn umgeben von goldgelben W\u00e4ldern und bunten B\u00e4umen\" role=\"presentation\" \/>\n\t\t\t\t\t\t\t\t\t\t\t\t\t\t\t\t\t<\/a>\n\t\t\t\t\t\t\t<\/div>\n\t\t\t\t\t\t<\/li>\n\t\t\t\t\t\t\t\t\t\t\t\t\t\t\t\t\t\t\t\t\t\t\t\t\t\t\t\t\t\t\t\t\t\t\t\t\t\t\t\t\t\t\t\t\t\t\t\t\t\t\t<\/ul>\n\t<\/div>\n\t<div class=\"fusion-post-content-wrapper\" style=\"padding:30px 25px 25px 25px;\"><div class=\"fusion-post-content post-content\"><h3 class=\"blog-shortcode-post-title entry-title\">Vacanze in famiglia in autunno in Austria, Carinzia<\/h3><\/div><\/div><div class=\"fusion-clearfix\"><\/div><\/div>\n<\/article>\n<article id=\"blog-1-post-3178\" class=\"fusion-post-grid post-3178 post type-post status-publish format-standard has-post-thumbnail hentry category-senza-categoria\">\n<div class=\"fusion-post-wrapper\" style=\"background-color:rgba(255,255,255,0);border:1px solid var(--awb-color2);border-bottom-width:3px;\">\n\n\t\t\t<div class=\"fusion-flexslider flexslider fusion-flexslider-loading fusion-post-slideshow\" style=\"border-color:var(--awb-color2);\">\n\t\t<ul class=\"slides\">\n\t\t\t\n\t\t\t\t\t\t\t\t\t\t\t\t\t\t<li><div  class=\"fusion-image-wrapper\" aria-haspopup=\"true\">\n\t\t\t\t<img decoding=\"async\" width=\"1920\" height=\"1280\" src=\"https:\/\/www.kirchleitn.com\/wp-content\/uploads\/2025\/10\/Erholung-Entschleunigung-und-Achtsamkeit-im-Urlaub-sauna.webp\" class=\"attachment-full size-full wp-post-image\" alt=\"Relax, decelerazione e consapevolezza in vacanza con una tazza di t\u00e8 biologico nel villaggio turistico.\" srcset=\"https:\/\/www.kirchleitn.com\/wp-content\/uploads\/2025\/10\/Erholung-Entschleunigung-und-Achtsamkeit-im-Urlaub-sauna-200x133.webp 200w, https:\/\/www.kirchleitn.com\/wp-content\/uploads\/2025\/10\/Erholung-Entschleunigung-und-Achtsamkeit-im-Urlaub-sauna-400x267.webp 400w, https:\/\/www.kirchleitn.com\/wp-content\/uploads\/2025\/10\/Erholung-Entschleunigung-und-Achtsamkeit-im-Urlaub-sauna-600x400.webp 600w, https:\/\/www.kirchleitn.com\/wp-content\/uploads\/2025\/10\/Erholung-Entschleunigung-und-Achtsamkeit-im-Urlaub-sauna-800x533.webp 800w, https:\/\/www.kirchleitn.com\/wp-content\/uploads\/2025\/10\/Erholung-Entschleunigung-und-Achtsamkeit-im-Urlaub-sauna-1200x800.webp 1200w, https:\/\/www.kirchleitn.com\/wp-content\/uploads\/2025\/10\/Erholung-Entschleunigung-und-Achtsamkeit-im-Urlaub-sauna.webp 1920w\" sizes=\"(min-width: 2200px) 100vw, (min-width: 784px) 387px, (min-width: 712px) 580px, (min-width: 640px) 712px, \" \/><div class=\"fusion-rollover\">\n\t<div class=\"fusion-rollover-content\">\n\n\t\t\t\t\t\t\t\t\t\t\t\t\t\t<a class=\"fusion-rollover-link\" href=\"https:\/\/www.kirchleitn.com\/it\/riposo-rallentamento-e-consapevolezza-in-vacanza\/\">Riposo, rallentamento e consapevolezza in vacanza<\/a>\n\t\t\t\n\t\t\t\t\t\t\t\t\t\t\t\t\t\t\n\t\t\t\t\t\t\t\t\n\t\t\t\t\t\t\t\t\t\t\t\t\t<div class=\"fusion-rollover-sep\"><\/div>\n\t\t\t\t\n\t\t\t\t\t\t\t\t\t\t\t\t\t\t\t\t\t\t<a class=\"fusion-rollover-gallery\" href=\"https:\/\/www.kirchleitn.com\/wp-content\/uploads\/2025\/10\/Erholung-Entschleunigung-und-Achtsamkeit-im-Urlaub-sauna.webp\" data-options=\"\" data-id=\"3178\" data-rel=\"iLightbox[gallery]\" data-title=\"Donna che si rilassa\" data-caption=\"\">\n\t\t\t\t\t\tGallery\t\t\t\t\t<\/a>\n\t\t\t\t\t\t\t\t\t\t\t\t\t\t\n\t\t\n\t\t\t\t\t\t\t\t\t\t\t\t<h4 class=\"fusion-rollover-title\">\n\t\t\t\t\t<a class=\"fusion-rollover-title-link\" href=\"https:\/\/www.kirchleitn.com\/it\/riposo-rallentamento-e-consapevolezza-in-vacanza\/\">\n\t\t\t\t\t\tRiposo, rallentamento e consapevolezza in vacanza\t\t\t\t\t<\/a>\n\t\t\t\t<\/h4>\n\t\t\t\n\t\t\t\t\t\t\t\t\t\t<div class=\"fusion-rollover-categories\"><a href=\"https:\/\/www.kirchleitn.com\/it\/category\/senza-categoria\/\" rel=\"tag\">Senza categoria<\/a><\/div>\t\t\t\t\t\n\t\t\n\t\t\t\t\t\t<a class=\"fusion-link-wrapper\" href=\"https:\/\/www.kirchleitn.com\/it\/riposo-rallentamento-e-consapevolezza-in-vacanza\/\" aria-label=\"Riposo, rallentamento e consapevolezza in vacanza\"><\/a>\n\t<\/div>\n<\/div>\n<\/div>\n<\/li>\n\t\t\t\n\t\t\t\n\t\t\t\t\t\t\t\t\t\t\t\n\t\t\t\t\t\n\t\t\t\t\t\t\t\t\t\t\t<li>\n\t\t\t\t\t\t\t<div class=\"fusion-image-wrapper\">\n\t\t\t\t\t\t\t\t<a href=\"https:\/\/www.kirchleitn.com\/it\/riposo-rallentamento-e-consapevolezza-in-vacanza\/\" aria-label=\"Riposo, rallentamento e consapevolezza in vacanza\">\n\t\t\t\t\t\t\t\t\t<img decoding=\"async\" width=\"1920\" height=\"1280\" src=\"https:\/\/www.kirchleitn.com\/wp-content\/uploads\/2025\/10\/Erholung-Entschleunigung-und-Achtsamkeit-im-Urlaub-wandern.webp\" alt=\"Erholung- Entschleunigung und Achtsamkeit im Urlaub im Biosph\u00e4renpark Nockberge\" class=\"wp-image-3179\" role=\"presentation\" srcset=\"https:\/\/www.kirchleitn.com\/wp-content\/uploads\/2025\/10\/Erholung-Entschleunigung-und-Achtsamkeit-im-Urlaub-wandern-200x133.webp 200w, https:\/\/www.kirchleitn.com\/wp-content\/uploads\/2025\/10\/Erholung-Entschleunigung-und-Achtsamkeit-im-Urlaub-wandern-400x267.webp 400w, https:\/\/www.kirchleitn.com\/wp-content\/uploads\/2025\/10\/Erholung-Entschleunigung-und-Achtsamkeit-im-Urlaub-wandern-600x400.webp 600w, https:\/\/www.kirchleitn.com\/wp-content\/uploads\/2025\/10\/Erholung-Entschleunigung-und-Achtsamkeit-im-Urlaub-wandern-800x533.webp 800w, https:\/\/www.kirchleitn.com\/wp-content\/uploads\/2025\/10\/Erholung-Entschleunigung-und-Achtsamkeit-im-Urlaub-wandern-1200x800.webp 1200w, https:\/\/www.kirchleitn.com\/wp-content\/uploads\/2025\/10\/Erholung-Entschleunigung-und-Achtsamkeit-im-Urlaub-wandern.webp 1920w\" sizes=\"(min-width: 2200px) 100vw, (min-width: 784px) 387px, (min-width: 712px) 580px, (min-width: 640px) 712px, \" \/>\t\t\t\t\t\t\t\t<\/a>\n\t\t\t\t\t\t\t\t<a style=\"display:none;\" href=\"https:\/\/www.kirchleitn.com\/wp-content\/uploads\/2025\/10\/Erholung-Entschleunigung-und-Achtsamkeit-im-Urlaub-wandern.webp\" data-rel=\"iLightbox[gallery3178]\" title=\"\" data-title=\"Frau im Biosph\u00e4renpark Nockberge\" data-caption=\"\">\n\t\t\t\t\t\t\t\t\t\t\t\t\t\t\t\t\t\t\t<img style=\"display:none;\" alt=\"Erholung- Entschleunigung und Achtsamkeit im Urlaub im Biosph\u00e4renpark Nockberge\" role=\"presentation\" \/>\n\t\t\t\t\t\t\t\t\t\t\t\t\t\t\t\t\t<\/a>\n\t\t\t\t\t\t\t<\/div>\n\t\t\t\t\t\t<\/li>\n\t\t\t\t\t\t\t\t\t\t\t\t\t\t\t\t\t\t\t\t\t\t\t\t\t\t\t\t\t\t\t\t\t\t\t\t\t\t\t\t\t\t\t\t\t\t\t\t\t\t\t\t\t\t\t\t\t\t\t\t\t\t\t\t\t\t<\/ul>\n\t<\/div>\n\t<div class=\"fusion-post-content-wrapper\" style=\"padding:30px 25px 25px 25px;\"><div class=\"fusion-post-content post-content\"><h3 class=\"blog-shortcode-post-title entry-title\">Riposo, rallentamento e consapevolezza in vacanza<\/h3><\/div><\/div><div class=\"fusion-clearfix\"><\/div><\/div>\n<\/article>\n<article id=\"blog-1-post-3030\" class=\"fusion-post-grid post-3030 post type-post status-publish format-standard has-post-thumbnail hentry category-vacanze-con-bambini-in-carinzia\">\n<div class=\"fusion-post-wrapper\" style=\"background-color:rgba(255,255,255,0);border:1px solid var(--awb-color2);border-bottom-width:3px;\">\n\n\t\t\t<div class=\"fusion-flexslider flexslider fusion-flexslider-loading fusion-post-slideshow\" style=\"border-color:var(--awb-color2);\">\n\t\t<ul class=\"slides\">\n\t\t\t\n\t\t\t\t\t\t\t\t\t\t\t\t\t\t<li><div  class=\"fusion-image-wrapper\" aria-haspopup=\"true\">\n\t\t\t\t<img decoding=\"async\" width=\"1920\" height=\"1280\" src=\"https:\/\/www.kirchleitn.com\/wp-content\/uploads\/2025\/10\/Kinder\u00a9Slow-Travel-Resort_55.jpg\" class=\"attachment-full size-full wp-post-image\" alt=\"I bambini si godono i comodi letti dello Slow Travel Resort Kirchleitn.\" srcset=\"https:\/\/www.kirchleitn.com\/wp-content\/uploads\/2025\/10\/Kinder\u00a9Slow-Travel-Resort_55-200x133.jpg 200w, https:\/\/www.kirchleitn.com\/wp-content\/uploads\/2025\/10\/Kinder\u00a9Slow-Travel-Resort_55-400x267.jpg 400w, https:\/\/www.kirchleitn.com\/wp-content\/uploads\/2025\/10\/Kinder\u00a9Slow-Travel-Resort_55-600x400.jpg 600w, https:\/\/www.kirchleitn.com\/wp-content\/uploads\/2025\/10\/Kinder\u00a9Slow-Travel-Resort_55-800x533.jpg 800w, https:\/\/www.kirchleitn.com\/wp-content\/uploads\/2025\/10\/Kinder\u00a9Slow-Travel-Resort_55-1200x800.jpg 1200w, https:\/\/www.kirchleitn.com\/wp-content\/uploads\/2025\/10\/Kinder\u00a9Slow-Travel-Resort_55.jpg 1920w\" sizes=\"(min-width: 2200px) 100vw, (min-width: 784px) 387px, (min-width: 712px) 580px, (min-width: 640px) 712px, \" \/><div class=\"fusion-rollover\">\n\t<div class=\"fusion-rollover-content\">\n\n\t\t\t\t\t\t\t\t\t\t\t\t\t\t<a class=\"fusion-rollover-link\" href=\"https:\/\/www.kirchleitn.com\/it\/vacanza-in-famiglia-rilassante-slow-travel-con-bambini\/\">Vacanza in famiglia rilassante &#8211; Slow Travel con bambini<\/a>\n\t\t\t\n\t\t\t\t\t\t\t\t\t\t\t\t\t\t\n\t\t\t\t\t\t\t\t\n\t\t\t\t\t\t\t\t\t\t\t\t\t<div class=\"fusion-rollover-sep\"><\/div>\n\t\t\t\t\n\t\t\t\t\t\t\t\t\t\t\t\t\t\t\t\t\t\t<a class=\"fusion-rollover-gallery\" href=\"https:\/\/www.kirchleitn.com\/wp-content\/uploads\/2025\/10\/Kinder\u00a9Slow-Travel-Resort_55.jpg\" data-options=\"\" data-id=\"3030\" data-rel=\"iLightbox[gallery]\" data-title=\"I bambini pernottano a Kirchleitn\" data-caption=\"\">\n\t\t\t\t\t\tGallery\t\t\t\t\t<\/a>\n\t\t\t\t\t\t\t\t\t\t\t\t\t\t\n\t\t\n\t\t\t\t\t\t\t\t\t\t\t\t<h4 class=\"fusion-rollover-title\">\n\t\t\t\t\t<a class=\"fusion-rollover-title-link\" href=\"https:\/\/www.kirchleitn.com\/it\/vacanza-in-famiglia-rilassante-slow-travel-con-bambini\/\">\n\t\t\t\t\t\tVacanza in famiglia rilassante &#8211; Slow Travel con bambini\t\t\t\t\t<\/a>\n\t\t\t\t<\/h4>\n\t\t\t\n\t\t\t\t\t\t\t\t\t\t<div class=\"fusion-rollover-categories\"><a href=\"https:\/\/www.kirchleitn.com\/it\/category\/vacanze-con-bambini-in-carinzia\/\" rel=\"tag\">Vacanze con bambini in Carinzia<\/a><\/div>\t\t\t\t\t\n\t\t\n\t\t\t\t\t\t<a class=\"fusion-link-wrapper\" href=\"https:\/\/www.kirchleitn.com\/it\/vacanza-in-famiglia-rilassante-slow-travel-con-bambini\/\" aria-label=\"Vacanza in famiglia rilassante &#8211; Slow Travel con bambini\"><\/a>\n\t<\/div>\n<\/div>\n<\/div>\n<\/li>\n\t\t\t\n\t\t\t\n\t\t\t\t\t\t\t\t\t\t\t\n\t\t\t\t\t\n\t\t\t\t\t\t\t\t\t\t\t<li>\n\t\t\t\t\t\t\t<div class=\"fusion-image-wrapper\">\n\t\t\t\t\t\t\t\t<a href=\"https:\/\/www.kirchleitn.com\/it\/vacanza-in-famiglia-rilassante-slow-travel-con-bambini\/\" aria-label=\"Vacanza in famiglia rilassante &#8211; Slow Travel con bambini\">\n\t\t\t\t\t\t\t\t\t<img decoding=\"async\" width=\"1920\" height=\"1280\" src=\"https:\/\/www.kirchleitn.com\/wp-content\/uploads\/2025\/10\/Familie-Brunnach-Nockberge311.jpg\" alt=\"Famiglia con bambino piccolo e cane che fa escursioni sul Brunnach a Bad Kleinkirchheim, Carinzia\" class=\"wp-image-2519\" role=\"presentation\" srcset=\"https:\/\/www.kirchleitn.com\/wp-content\/uploads\/2025\/10\/Familie-Brunnach-Nockberge311-200x133.jpg 200w, https:\/\/www.kirchleitn.com\/wp-content\/uploads\/2025\/10\/Familie-Brunnach-Nockberge311-400x267.jpg 400w, https:\/\/www.kirchleitn.com\/wp-content\/uploads\/2025\/10\/Familie-Brunnach-Nockberge311-600x400.jpg 600w, https:\/\/www.kirchleitn.com\/wp-content\/uploads\/2025\/10\/Familie-Brunnach-Nockberge311-800x533.jpg 800w, https:\/\/www.kirchleitn.com\/wp-content\/uploads\/2025\/10\/Familie-Brunnach-Nockberge311-1200x800.jpg 1200w, https:\/\/www.kirchleitn.com\/wp-content\/uploads\/2025\/10\/Familie-Brunnach-Nockberge311.jpg 1920w\" sizes=\"(min-width: 2200px) 100vw, (min-width: 784px) 387px, (min-width: 712px) 580px, (min-width: 640px) 712px, \" \/>\t\t\t\t\t\t\t\t<\/a>\n\t\t\t\t\t\t\t\t<a style=\"display:none;\" href=\"https:\/\/www.kirchleitn.com\/wp-content\/uploads\/2025\/10\/Familie-Brunnach-Nockberge311.jpg\" data-rel=\"iLightbox[gallery3030]\" title=\"\" data-title=\"Escursioni a Bad Kleinkirchheim\" data-caption=\"\">\n\t\t\t\t\t\t\t\t\t\t\t\t\t\t\t\t\t\t\t<img style=\"display:none;\" alt=\"Famiglia con bambino piccolo e cane che fa escursioni sul Brunnach a Bad Kleinkirchheim, Carinzia\" role=\"presentation\" \/>\n\t\t\t\t\t\t\t\t\t\t\t\t\t\t\t\t\t<\/a>\n\t\t\t\t\t\t\t<\/div>\n\t\t\t\t\t\t<\/li>\n\t\t\t\t\t\t\t\t\t\t\t\t\t\t\t\t\t\t\t\t\t\t\t\t\t\t\t\t\t\t\t\t\t\t\t\t\t\t\t\t\t\t\t\t\t\t\t\t\t\t\t\t\t\t\t\t\t\t\t\t\t\t\t\t\t\t<\/ul>\n\t<\/div>\n\t<div class=\"fusion-post-content-wrapper\" style=\"padding:30px 25px 25px 25px;\"><div class=\"fusion-post-content post-content\"><h3 class=\"blog-shortcode-post-title entry-title\">Vacanza in famiglia rilassante &#8211; Slow Travel con bambini<\/h3><\/div><\/div><div class=\"fusion-clearfix\"><\/div><\/div>\n<\/article>\n<article id=\"blog-1-post-2974\" class=\"fusion-post-grid post-2974 post type-post status-publish format-standard has-post-thumbnail hentry category-vacanze-con-bambini-in-carinzia\">\n<div class=\"fusion-post-wrapper\" style=\"background-color:rgba(255,255,255,0);border:1px solid var(--awb-color2);border-bottom-width:3px;\">\n\n\t\t\t<div class=\"fusion-flexslider flexslider fusion-flexslider-loading fusion-post-slideshow\" style=\"border-color:var(--awb-color2);\">\n\t\t<ul class=\"slides\">\n\t\t\t\n\t\t\t\t\t\t\t\t\t\t\t\t\t\t<li><div  class=\"fusion-image-wrapper\" aria-haspopup=\"true\">\n\t\t\t\t<img decoding=\"async\" width=\"1920\" height=\"1280\" src=\"https:\/\/www.kirchleitn.com\/wp-content\/uploads\/2025\/10\/\u00a9Slow-Travel-Resort_Wasserpark-4.jpg\" class=\"attachment-full size-full wp-post-image\" alt=\"Risvegliare la consapevolezza nei bambini nel torrente di montagna \u2013 vivere la natura in modo giocoso\" srcset=\"https:\/\/www.kirchleitn.com\/wp-content\/uploads\/2025\/10\/\u00a9Slow-Travel-Resort_Wasserpark-4-200x133.jpg 200w, https:\/\/www.kirchleitn.com\/wp-content\/uploads\/2025\/10\/\u00a9Slow-Travel-Resort_Wasserpark-4-400x267.jpg 400w, https:\/\/www.kirchleitn.com\/wp-content\/uploads\/2025\/10\/\u00a9Slow-Travel-Resort_Wasserpark-4-600x400.jpg 600w, https:\/\/www.kirchleitn.com\/wp-content\/uploads\/2025\/10\/\u00a9Slow-Travel-Resort_Wasserpark-4-800x533.jpg 800w, https:\/\/www.kirchleitn.com\/wp-content\/uploads\/2025\/10\/\u00a9Slow-Travel-Resort_Wasserpark-4-1200x800.jpg 1200w, https:\/\/www.kirchleitn.com\/wp-content\/uploads\/2025\/10\/\u00a9Slow-Travel-Resort_Wasserpark-4.jpg 1920w\" sizes=\"(min-width: 2200px) 100vw, (min-width: 784px) 387px, (min-width: 712px) 580px, (min-width: 640px) 712px, \" \/><div class=\"fusion-rollover\">\n\t<div class=\"fusion-rollover-content\">\n\n\t\t\t\t\t\t\t\t\t\t\t\t\t\t<a class=\"fusion-rollover-link\" href=\"https:\/\/www.kirchleitn.com\/it\/risvegliare-la-consapevolezza-nei-bambini\/\">Risvegliare la consapevolezza nei bambini<\/a>\n\t\t\t\n\t\t\t\t\t\t\t\t\t\t\t\t\t\t\n\t\t\t\t\t\t\t\t\n\t\t\t\t\t\t\t\t\t\t\t\t\t<div class=\"fusion-rollover-sep\"><\/div>\n\t\t\t\t\n\t\t\t\t\t\t\t\t\t\t\t\t\t\t\t\t\t\t<a class=\"fusion-rollover-gallery\" href=\"https:\/\/www.kirchleitn.com\/wp-content\/uploads\/2025\/10\/\u00a9Slow-Travel-Resort_Wasserpark-4.jpg\" data-options=\"\" data-id=\"2974\" data-rel=\"iLightbox[gallery]\" data-title=\"vivere la natura in modo giocoso\" data-caption=\"\">\n\t\t\t\t\t\tGallery\t\t\t\t\t<\/a>\n\t\t\t\t\t\t\t\t\t\t\t\t\t\t\n\t\t\n\t\t\t\t\t\t\t\t\t\t\t\t<h4 class=\"fusion-rollover-title\">\n\t\t\t\t\t<a class=\"fusion-rollover-title-link\" href=\"https:\/\/www.kirchleitn.com\/it\/risvegliare-la-consapevolezza-nei-bambini\/\">\n\t\t\t\t\t\tRisvegliare la consapevolezza nei bambini\t\t\t\t\t<\/a>\n\t\t\t\t<\/h4>\n\t\t\t\n\t\t\t\t\t\t\t\t\t\t<div class=\"fusion-rollover-categories\"><a href=\"https:\/\/www.kirchleitn.com\/it\/category\/vacanze-con-bambini-in-carinzia\/\" rel=\"tag\">Vacanze con bambini in Carinzia<\/a><\/div>\t\t\t\t\t\n\t\t\n\t\t\t\t\t\t<a class=\"fusion-link-wrapper\" href=\"https:\/\/www.kirchleitn.com\/it\/risvegliare-la-consapevolezza-nei-bambini\/\" aria-label=\"Risvegliare la consapevolezza nei bambini\"><\/a>\n\t<\/div>\n<\/div>\n<\/div>\n<\/li>\n\t\t\t\n\t\t\t\n\t\t\t\t\t\t\t\t\t\t\t\n\t\t\t\t\t\n\t\t\t\t\t\t\t\t\t\t\t<li>\n\t\t\t\t\t\t\t<div class=\"fusion-image-wrapper\">\n\t\t\t\t\t\t\t\t<a href=\"https:\/\/www.kirchleitn.com\/it\/risvegliare-la-consapevolezza-nei-bambini\/\" aria-label=\"Risvegliare la consapevolezza nei bambini\">\n\t\t\t\t\t\t\t\t\t<img decoding=\"async\" width=\"1000\" height=\"667\" src=\"https:\/\/www.kirchleitn.com\/wp-content\/uploads\/2025\/10\/AdobeStock_631825371-Kopie.webp\" alt=\"Achtsamkeit bei Kindern wecken bedeutet auch, den respektvollen Umgang mit Tieren zu f\u00f6rdern. Der Junge auf dem Bild f\u00fcttert behutsam ein Reh und erlebt, wie nah und sanft Begegnungen in der Natur sein k\u00f6nnen.\" class=\"wp-image-473\" role=\"presentation\" srcset=\"https:\/\/www.kirchleitn.com\/wp-content\/uploads\/2025\/10\/AdobeStock_631825371-Kopie-200x133.webp 200w, https:\/\/www.kirchleitn.com\/wp-content\/uploads\/2025\/10\/AdobeStock_631825371-Kopie-400x267.webp 400w, https:\/\/www.kirchleitn.com\/wp-content\/uploads\/2025\/10\/AdobeStock_631825371-Kopie-600x400.webp 600w, https:\/\/www.kirchleitn.com\/wp-content\/uploads\/2025\/10\/AdobeStock_631825371-Kopie-800x534.webp 800w, https:\/\/www.kirchleitn.com\/wp-content\/uploads\/2025\/10\/AdobeStock_631825371-Kopie.webp 1000w\" sizes=\"(min-width: 2200px) 100vw, (min-width: 784px) 387px, (min-width: 712px) 580px, (min-width: 640px) 712px, \" \/>\t\t\t\t\t\t\t\t<\/a>\n\t\t\t\t\t\t\t\t<a style=\"display:none;\" href=\"https:\/\/www.kirchleitn.com\/wp-content\/uploads\/2025\/10\/AdobeStock_631825371-Kopie.webp\" data-rel=\"iLightbox[gallery2974]\" title=\"\" data-title=\"Achtsamkeit und Naturerlebnisse f\u00fcr Kinder\" data-caption=\"\">\n\t\t\t\t\t\t\t\t\t\t\t\t\t\t\t\t\t\t\t<img style=\"display:none;\" alt=\"Achtsamkeit bei Kindern wecken bedeutet auch, den respektvollen Umgang mit Tieren zu f\u00f6rdern. Der Junge auf dem Bild f\u00fcttert behutsam ein Reh und erlebt, wie nah und sanft Begegnungen in der Natur sein k\u00f6nnen.\" role=\"presentation\" \/>\n\t\t\t\t\t\t\t\t\t\t\t\t\t\t\t\t\t<\/a>\n\t\t\t\t\t\t\t<\/div>\n\t\t\t\t\t\t<\/li>\n\t\t\t\t\t\t\t\t\t\t\t\t\t\t\t\t\t\t\t\t\t\t\t\t\n\t\t\t\t\t\n\t\t\t\t\t\t\t\t\t\t\t<li>\n\t\t\t\t\t\t\t<div class=\"fusion-image-wrapper\">\n\t\t\t\t\t\t\t\t<a href=\"https:\/\/www.kirchleitn.com\/it\/risvegliare-la-consapevolezza-nei-bambini\/\" aria-label=\"Risvegliare la consapevolezza nei bambini\">\n\t\t\t\t\t\t\t\t\t<img decoding=\"async\" width=\"1000\" height=\"667\" src=\"https:\/\/www.kirchleitn.com\/wp-content\/uploads\/2025\/10\/urlaub-kinder-bad-kleinkirchheim-feriendorf.webp\" alt=\"Vacanze in famiglia in autunno in Austria, Carinzia \u2013 i bambini giocano al parco giochi acquatico nel villaggio turistico Kirchleitn\" class=\"wp-image-2623\" role=\"presentation\" srcset=\"https:\/\/www.kirchleitn.com\/wp-content\/uploads\/2025\/10\/urlaub-kinder-bad-kleinkirchheim-feriendorf-200x133.webp 200w, https:\/\/www.kirchleitn.com\/wp-content\/uploads\/2025\/10\/urlaub-kinder-bad-kleinkirchheim-feriendorf-400x267.webp 400w, https:\/\/www.kirchleitn.com\/wp-content\/uploads\/2025\/10\/urlaub-kinder-bad-kleinkirchheim-feriendorf-600x400.webp 600w, https:\/\/www.kirchleitn.com\/wp-content\/uploads\/2025\/10\/urlaub-kinder-bad-kleinkirchheim-feriendorf-800x534.webp 800w, https:\/\/www.kirchleitn.com\/wp-content\/uploads\/2025\/10\/urlaub-kinder-bad-kleinkirchheim-feriendorf.webp 1000w\" sizes=\"(min-width: 2200px) 100vw, (min-width: 784px) 387px, (min-width: 712px) 580px, (min-width: 640px) 712px, \" \/>\t\t\t\t\t\t\t\t<\/a>\n\t\t\t\t\t\t\t\t<a style=\"display:none;\" href=\"https:\/\/www.kirchleitn.com\/wp-content\/uploads\/2025\/10\/urlaub-kinder-bad-kleinkirchheim-feriendorf.webp\" data-rel=\"iLightbox[gallery2974]\" title=\"\" data-title=\"Parco giochi acquatico a Kirchleitn\" data-caption=\"\">\n\t\t\t\t\t\t\t\t\t\t\t\t\t\t\t\t\t\t\t<img style=\"display:none;\" alt=\"Vacanze in famiglia in autunno in Austria, Carinzia \u2013 i bambini giocano al parco giochi acquatico nel villaggio turistico Kirchleitn\" role=\"presentation\" \/>\n\t\t\t\t\t\t\t\t\t\t\t\t\t\t\t\t\t<\/a>\n\t\t\t\t\t\t\t<\/div>\n\t\t\t\t\t\t<\/li>\n\t\t\t\t\t\t\t\t\t\t\t\t\t\t\t\t\t\t\t\t\t\t\t\t\t\t\t\t\t\t\t\t\t\t\t\t\t\t\t\t\t\t\t\t\t\t\t\t\t\t\t<\/ul>\n\t<\/div>\n\t<div class=\"fusion-post-content-wrapper\" style=\"padding:30px 25px 25px 25px;\"><div class=\"fusion-post-content post-content\"><h3 class=\"blog-shortcode-post-title entry-title\">Risvegliare la consapevolezza nei bambini<\/h3><\/div><\/div><div class=\"fusion-clearfix\"><\/div><\/div>\n<\/article>\n<div class=\"fusion-clearfix\"><\/div><\/div><\/div><\/div><\/div><\/div><\/div><div class=\"fusion-fullwidth fullwidth-box fusion-builder-row-5 fusion-flex-container has-pattern-background has-mask-background fusion-parallax-none hundred-percent-fullwidth non-hundred-percent-height-scrolling\" style=\"--awb-background-position:center bottom;--awb-border-radius-top-left:0px;--awb-border-radius-top-right:0px;--awb-border-radius-bottom-right:0px;--awb-border-radius-bottom-left:0px;--awb-padding-top:4em;--awb-padding-right:6em;--awb-padding-bottom:4em;--awb-padding-left:6em;--awb-padding-top-small:2em;--awb-padding-right-small:2em;--awb-padding-bottom-small:2em;--awb-padding-left-small:2em;--awb-background-image:linear-gradient(180deg, rgba(89,120,90,0.8) 0%,rgba(20,22,23,0.71) 100%),url(https:\/\/www.kirchleitn.com\/wp-content\/uploads\/2025\/12\/osterurlaub-kaernten-kirchleitn.webp);;--awb-background-size:cover;--awb-flex-wrap:wrap;\" ><div class=\"fusion-builder-row fusion-row fusion-flex-align-items-stretch fusion-flex-content-wrap\" style=\"width:104% !important;max-width:104% !important;margin-left: calc(-4% \/ 2 );margin-right: calc(-4% \/ 2 );\"><div class=\"fusion-layout-column fusion_builder_column fusion-builder-column-4 fusion_builder_column_1_1 1_1 fusion-flex-column\" style=\"--awb-bg-size:cover;--awb-width-large:100%;--awb-margin-top-large:0px;--awb-spacing-right-large:1.92%;--awb-margin-bottom-large:20px;--awb-spacing-left-large:1.92%;--awb-width-medium:100%;--awb-order-medium:0;--awb-spacing-right-medium:1.92%;--awb-spacing-left-medium:1.92%;--awb-width-small:100%;--awb-order-small:0;--awb-spacing-right-small:1.92%;--awb-spacing-left-small:1.92%;\"><div class=\"fusion-column-wrapper fusion-column-has-shadow fusion-flex-justify-content-flex-start fusion-content-layout-column\"><div class=\"fusion-title title fusion-title-5 fusion-sep-none fusion-title-text fusion-title-size-three\" style=\"--awb-text-color:var(--awb-color1);--awb-margin-top-small:10px;--awb-margin-right-small:0px;--awb-margin-bottom-small:10px;--awb-margin-left-small:0px;--awb-font-size:40px;\"><h3 class=\"fusion-title-heading title-heading-left\" style=\"font-family:&quot;HarlowSerifRegluar&quot;;font-style:normal;font-weight:400;margin:0;font-size:1em;\">Garanzia del miglior prezzo+<\/h3><\/div><div class=\"fusion-title title fusion-title-6 fusion-sep-none fusion-title-text fusion-title-size-three\" style=\"--awb-text-color:var(--awb-color1);--awb-margin-top-small:10px;--awb-margin-right-small:0px;--awb-margin-bottom-small:10px;--awb-margin-left-small:0px;--awb-font-size:20px;\"><h3 class=\"fusion-title-heading title-heading-left\" style=\"margin:0;font-size:1em;\">Come prenotatore diretto, ti assicuri sempre la migliore offerta per le vacanze!<\/h3><\/div><div class=\"fusion-text fusion-text-2\" style=\"--awb-line-height:1.4;--awb-text-color:var(--awb-color1);--awb-text-font-family:&quot;Outfit&quot;;--awb-text-font-style:normal;--awb-text-font-weight:400;\"><p>Hai trovato online un&#8217;offerta pi\u00f9 vantaggiosa per i nostri appartamenti?<\/p>\n<p><strong>Ecco come prenotare il tuo appartamento a Bad Kleinkirchheim al miglior prezzo:<\/strong><\/p>\n<\/div><ul style=\"--awb-size:20px;--awb-textcolor:var(--awb-color1);--awb-line-height:34px;--awb-icon-width:34px;--awb-icon-height:34px;--awb-icon-margin:14px;--awb-content-margin:48px;--awb-circlecolor:rgba(124,159,137,0);--awb-circle-yes-font-size:17.6px;\" class=\"fusion-checklist fusion-checklist-1 fusion-checklist-default type-icons\"><li class=\"fusion-li-item\" style=\"\"><span class=\"icon-wrapper circle-yes\"><i class=\"fusion-li-icon fa-angle-double-right fas\" aria-hidden=\"true\"><\/i><\/span><div class=\"fusion-li-item-content\">\n<p><span style=\"color: #ffffff;\"><strong>Passaggio 1:<\/strong><\/span><br \/><strong>Invia screenshot\u2028Inviaci uno screenshot dell&#8217;offerta migliore (stessa categoria, stesso periodo di viaggio e prezzo) tramite chat, e-mail o WhatsApp.<\/strong><\/p>\n<\/div><\/li><li class=\"fusion-li-item\" style=\"\"><span class=\"icon-wrapper circle-yes\"><i class=\"fusion-li-icon fa-angle-double-right fas\" aria-hidden=\"true\"><\/i><\/span><div class=\"fusion-li-item-content\">\n<p><strong>Passaggio 2:<\/strong><br \/><strong>Ottieni il miglior prezzo pi\u00f9 un vantaggio\u2028Hai la garanzia del miglior prezzo, pi\u00f9 uno sconto extra del 5% sulla prenotazione del tuo appartamento!<\/strong><\/p>\n<\/div><\/li><\/ul><div ><a class=\"fusion-button button-flat fusion-button-default-size button-custom fusion-button-default button-1 fusion-button-default-span fusion-button-default-type\" style=\"--awb-margin-top:1em;--button_accent_color:var(--awb-color1);--button_accent_hover_color:var(--awb-color1);--button_border_hover_color:var(--awb-color1);--button-border-radius-top-left:0;--button-border-radius-top-right:0;--button-border-radius-bottom-right:0;--button-border-radius-bottom-left:0;--button_gradient_top_color:var(--awb-custom_color_1);--button_gradient_bottom_color:var(--awb-custom_color_1);--button_gradient_top_color_hover:var(--awb-color5);--button_gradient_bottom_color_hover:var(--awb-color5);\" target=\"_self\" data-hover=\"bg_slide_right\" href=\"https:\/\/www.kirchleitn.com\/it\/richiesta-rapida\/\"><span class=\"fusion-button-text awb-button__text awb-button__text--default fusion-button-text-right\">Richiedi ora un appartamento per la data desiderata<\/span><span class=\"fusion-button-icon-divider button-icon-divider-right\"><i class=\"fa-paper-plane fas awb-button__icon awb-button__icon--default\" aria-hidden=\"true\"><\/i><\/span><\/a><\/div><\/div><\/div><\/div><\/div><\/p>\n","protected":false},"excerpt":{"rendered":"","protected":false},"author":1,"featured_media":2526,"parent":0,"menu_order":0,"comment_status":"closed","ping_status":"closed","template":"100-width.php","meta":{"footnotes":""},"class_list":["post-2525","page","type-page","status-publish","has-post-thumbnail","hentry"],"_links":{"self":[{"href":"https:\/\/www.kirchleitn.com\/it\/wp-json\/wp\/v2\/pages\/2525","targetHints":{"allow":["GET"]}}],"collection":[{"href":"https:\/\/www.kirchleitn.com\/it\/wp-json\/wp\/v2\/pages"}],"about":[{"href":"https:\/\/www.kirchleitn.com\/it\/wp-json\/wp\/v2\/types\/page"}],"author":[{"embeddable":true,"href":"https:\/\/www.kirchleitn.com\/it\/wp-json\/wp\/v2\/users\/1"}],"replies":[{"embeddable":true,"href":"https:\/\/www.kirchleitn.com\/it\/wp-json\/wp\/v2\/comments?post=2525"}],"version-history":[{"count":3,"href":"https:\/\/www.kirchleitn.com\/it\/wp-json\/wp\/v2\/pages\/2525\/revisions"}],"predecessor-version":[{"id":3999,"href":"https:\/\/www.kirchleitn.com\/it\/wp-json\/wp\/v2\/pages\/2525\/revisions\/3999"}],"wp:featuredmedia":[{"embeddable":true,"href":"https:\/\/www.kirchleitn.com\/it\/wp-json\/wp\/v2\/media\/2526"}],"wp:attachment":[{"href":"https:\/\/www.kirchleitn.com\/it\/wp-json\/wp\/v2\/media?parent=2525"}],"curies":[{"name":"wp","href":"https:\/\/api.w.org\/{rel}","templated":true}]}}